{"id":13764,"date":"2025-09-17T19:28:22","date_gmt":"2025-09-18T02:28:22","guid":{"rendered":"https:\/\/sonomalandtrust.org\/projects\/via-verde-del-sureste-de-santa-rosa\/"},"modified":"2026-03-11T12:49:02","modified_gmt":"2026-03-11T19:49:02","slug":"via-verde-del-sureste-de-santa-rosa","status":"publish","type":"project","link":"https:\/\/sonomalandtrust.org\/es\/projects\/via-verde-del-sureste-de-santa-rosa\/","title":{"rendered":"V\u00eda Verde del Sureste de Santa Rosa"},"content":{"rendered":"\n<div class=\"wp-block-group is-layout-constrained wp-block-group-is-layout-constrained\" style=\"margin-bottom:var(--wp--preset--spacing--50)\">\n<h2 class=\"wp-block-heading has-h-1-font-size\">El Parque Central de Santa Rosa<\/h2>\n\n\n\n<p>La V\u00eda Verde del Sureste est\u00e1 ahora protegida permanentemente como terreno p\u00fablico.<br\/>Mediante una colaboraci\u00f3n hist\u00f3rica, Sonoma Land Trust, la ciudad de Santa Rosa, el Distrito de Preservaci\u00f3n Agr\u00edcola y Espacios Abiertos del Condado de Sonoma y la Campa\u00f1a V\u00eda Verde del Sureste, junto con muchos socios y simpatizantes de la comunidad, completaron con \u00e9xito la adquisici\u00f3n de casi 47 acres de antiguo derecho de paso de Caltrans en el sureste de Santa Rosa. Lo que en su d\u00eda se plane\u00f3 como una ampliaci\u00f3n de la autopista est\u00e1 ahora asegurado para el recreo, la conservaci\u00f3n y la conexi\u00f3n con la comunidad.   <\/p>\n\n\n\n<p>Una vez completada la adquisici\u00f3n, el proyecto entra en su siguiente fase: un proceso de planificaci\u00f3n general exhaustivo e impulsado por la comunidad&#8230;<br\/><br\/>Esta propiedad vac\u00eda y descuidada durante mucho tiempo se convertir\u00e1 en el propio \u00abCentral Park\u00bb de la ciudad, con senderos para ciclistas y peatones y poblado de jardines comunitarios, parques de bolsillo, exposiciones de arte y nuevas oportunidades de juego y educaci\u00f3n al aire libre para las escuelas cercanas desatendidas. La visi\u00f3n de la V\u00eda Verde comenz\u00f3 en 2009, cuando los miembros de la comunidad reconocieron que esta propiedad vac\u00eda a lo largo del corredor de la autopista 12 podr\u00eda, alg\u00fan d\u00eda, transformarse en un parque urbano de clase mundial para Santa Rosa.   <\/p>\n\n\n\n<figure class=\"wp-block-embed is-type-video is-provider-youtube wp-block-embed-youtube wp-embed-aspect-16-9 wp-has-aspect-ratio\"><div class=\"wp-block-embed__wrapper\">\n<iframe title=\"Exploring the Santa Rosa Southeast Greenway\" width=\"500\" height=\"281\" src=\"https:\/\/www.youtube.com\/embed\/Knt2Q4db-G8?start=1&#038;feature=oembed\" frameborder=\"0\" allow=\"accelerometer; autoplay; clipboard-write; encrypted-media; gyroscope; picture-in-picture; web-share\" referrerpolicy=\"strict-origin-when-cross-origin\" allowfullscreen><\/iframe>\n<\/div><\/figure>\n<\/div>\n\n<div class=\"wp-block-group is-layout-constrained wp-block-group-is-layout-constrained\" style=\"margin-bottom:var(--wp--preset--spacing--50)\">\n<h2 class=\"wp-block-heading has-h-1-font-size\">forjar juntos el futuro<\/h2>\n\n\n\n<p>La V\u00eda Verde ofrecer\u00e1 muchos beneficios medioambientales y sociales, proporcionando a miles de residentes de la ciudad acceso a un parque a 10 minutos a pie de sus casas.<\/p>\n\n\n\n<p>Con una extensi\u00f3n aproximada de tres kil\u00f3metros desde Farmers Lane hasta el Parque Regional de Spring Lake, la V\u00eda Verde ofrece una oportunidad \u00fanica en el coraz\u00f3n de Santa Rosa para ampliar el acceso equitativo a la naturaleza, restaurar los arroyos y el h\u00e1bitat aut\u00f3ctono y conectar los barrios mediante v\u00edas seguras y sin coches.<\/p>\n\n\n\n<p>En lugar de reproducir modelos de parques hist\u00f3ricos arraigados en el desplazamiento, la V\u00eda Verde del Sureste est\u00e1 siendo moldeada por las voces locales, las necesidades locales y la administraci\u00f3n medioambiental. El Plan Maestro determinar\u00e1 c\u00f3mo se restaura el terreno, d\u00f3nde se ubican los senderos y los espacios de reuni\u00f3n, qu\u00e9 servicios se prestan a los barrios circundantes y c\u00f3mo se construye el parque con el tiempo. <\/p>\n\n\n\n<p>La V\u00eda Verde tiene el potencial de unir el Parque Regional de Spring Lake, el Parque Howarth, el Parque Estatal Trione-Annadel, la V\u00eda Verde Prince Memorial, el ferrocarril SMART y las redes de senderos regionales. Pondr\u00e1 a miles de residentes, sobre todo de los barrios cercanos de mayor densidad, a poca distancia de espacios abiertos. <\/p>\n\n\n\n<p>Pronto se anunciar\u00e1n las oportunidades de participaci\u00f3n p\u00fablica en el proceso de Planificaci\u00f3n Maestra. La V\u00eda Verde del Sureste existe gracias al liderazgo de la comunidad, y su futuro seguir\u00e1 estando determinado por las personas a las que sirve. <\/p>\n\n\n\n<p>Juntos, Santa Rosa est\u00e1 transformando antiguas infraestructuras en un paisaje duradero para la conexi\u00f3n, la resiliencia y la administraci\u00f3n compartida.<\/p>\n\n\n\n<p>Los documentos del proyecto de la V\u00eda Verde, incluida la propuesta adoptada mediante la Enmienda del Plan General de la Ciudad de Santa Rosa, pueden consultarse <a href=\"https:\/\/www.srcity.org\/3894\/Southeast-Greenway\" type=\"link\" id=\"https:\/\/www.srcity.org\/3894\/Southeast-Greenway\" target=\"_blank\" rel=\"noreferrer noopener\">aqu\u00ed<\/a>.<\/p>\n<\/div>\n\n<div class=\"wp-block-group is-layout-constrained wp-block-group-is-layout-constrained\" style=\"margin-bottom:var(--wp--preset--spacing--50);padding-top:0;padding-bottom:var(--wp--preset--spacing--60)\">\n<h2 class=\"wp-block-heading has-h-1-font-size\">Recursos adicionales<\/h2>\n\n\n\n<p>Para saber m\u00e1s sobre la V\u00eda Verde del Sureste de Santa Rosa o para conocer formas de participar, visita <a href=\"http:\/\/www.southeastgreenway.org\" target=\"_blank\" rel=\"noreferrer noopener\">www.southeastgreenway.org<\/a><\/p>\n<\/div>\n","protected":false},"featured_media":13765,"template":"","meta":{"_acf_changed":false},"what-we-do-category":[106,87,105],"class_list":["post-13764","project","type-project","status-publish","has-post-thumbnail","hentry","what-we-do-category-compromiso-de-la-comunidad","what-we-do-category-conservacion-del-suelo","what-we-do-category-defensa"],"acf":[],"yoast_head":"<!-- This site is optimized with the Yoast SEO plugin v27.3 - https:\/\/yoast.com\/product\/yoast-seo-wordpress\/ -->\n<title>V\u00eda Verde del Sureste de Santa Rosa &#8212; Sonoma Land Trust<\/title>\n<meta name=\"robots\" content=\"index, follow, max-snippet:-1, max-image-preview:large, max-video-preview:-1\" \/>\n<link rel=\"canonical\" href=\"https:\/\/sonomalandtrust.org\/es\/projects\/via-verde-del-sureste-de-santa-rosa\/\" \/>\n<meta property=\"og:locale\" content=\"es_ES\" \/>\n<meta property=\"og:type\" content=\"article\" \/>\n<meta property=\"og:title\" content=\"V\u00eda Verde del Sureste de Santa Rosa &#8212; Sonoma Land Trust\" \/>\n<meta property=\"og:description\" content=\"La V\u00eda Verde del Sureste est\u00e1 ahora protegida permanentemente como terreno p\u00fablico.Mediante una colaboraci\u00f3n hist\u00f3rica, Sonoma Land Trust, la ciudad de Santa Rosa, el Distrito de Preservaci\u00f3n Agr\u00edcola y Espacios Abiertos del Condado de Sonoma y la Campa\u00f1a V\u00eda Verde del Sureste, junto con muchos socios y simpatizantes de la comunidad, completaron con \u00e9xito la [&hellip;]\" \/>\n<meta property=\"og:url\" content=\"https:\/\/sonomalandtrust.org\/es\/projects\/via-verde-del-sureste-de-santa-rosa\/\" \/>\n<meta property=\"og:site_name\" content=\"Sonoma Land Trust\" \/>\n<meta property=\"article:publisher\" content=\"http:\/\/www.facebook.com\/Sonoma-Land-Trust\/\" \/>\n<meta property=\"article:modified_time\" content=\"2026-03-11T19:49:02+00:00\" \/>\n<meta property=\"og:image\" content=\"https:\/\/slt-2026.eclipse-dev.com\/wp-content\/uploads\/2026\/01\/aerial-santa-rosa-southeast-greenway-1-scaled.jpg\" \/>\n\t<meta property=\"og:image:width\" content=\"2560\" \/>\n\t<meta property=\"og:image:height\" content=\"1148\" \/>\n\t<meta property=\"og:image:type\" content=\"image\/jpeg\" \/>\n<meta name=\"twitter:card\" content=\"summary_large_image\" \/>\n<meta name=\"twitter:label1\" content=\"Est. reading time\" \/>\n\t<meta name=\"twitter:data1\" content=\"3 minuto\" \/>\n<script type=\"application\/ld+json\" class=\"yoast-schema-graph\">{\"@context\":\"https:\\\/\\\/schema.org\",\"@graph\":[{\"@type\":\"WebPage\",\"@id\":\"https:\\\/\\\/sonomalandtrust.org\\\/es\\\/projects\\\/via-verde-del-sureste-de-santa-rosa\\\/\",\"url\":\"https:\\\/\\\/sonomalandtrust.org\\\/es\\\/projects\\\/via-verde-del-sureste-de-santa-rosa\\\/\",\"name\":\"V\u00eda Verde del Sureste de Santa Rosa &#8212; Sonoma Land Trust\",\"isPartOf\":{\"@id\":\"https:\\\/\\\/slt-2026.eclipse-dev.com\\\/#website\"},\"primaryImageOfPage\":{\"@id\":\"https:\\\/\\\/sonomalandtrust.org\\\/es\\\/projects\\\/via-verde-del-sureste-de-santa-rosa\\\/#primaryimage\"},\"image\":{\"@id\":\"https:\\\/\\\/sonomalandtrust.org\\\/es\\\/projects\\\/via-verde-del-sureste-de-santa-rosa\\\/#primaryimage\"},\"thumbnailUrl\":\"https:\\\/\\\/sonomalandtrust.org\\\/wp-content\\\/uploads\\\/2026\\\/01\\\/aerial-santa-rosa-southeast-greenway-1-scaled.jpg\",\"datePublished\":\"2025-09-18T02:28:22+00:00\",\"dateModified\":\"2026-03-11T19:49:02+00:00\",\"breadcrumb\":{\"@id\":\"https:\\\/\\\/sonomalandtrust.org\\\/es\\\/projects\\\/via-verde-del-sureste-de-santa-rosa\\\/#breadcrumb\"},\"inLanguage\":\"es\",\"potentialAction\":[{\"@type\":\"ReadAction\",\"target\":[\"https:\\\/\\\/sonomalandtrust.org\\\/es\\\/projects\\\/via-verde-del-sureste-de-santa-rosa\\\/\"]}]},{\"@type\":\"ImageObject\",\"inLanguage\":\"es\",\"@id\":\"https:\\\/\\\/sonomalandtrust.org\\\/es\\\/projects\\\/via-verde-del-sureste-de-santa-rosa\\\/#primaryimage\",\"url\":\"https:\\\/\\\/sonomalandtrust.org\\\/wp-content\\\/uploads\\\/2026\\\/01\\\/aerial-santa-rosa-southeast-greenway-1-scaled.jpg\",\"contentUrl\":\"https:\\\/\\\/sonomalandtrust.org\\\/wp-content\\\/uploads\\\/2026\\\/01\\\/aerial-santa-rosa-southeast-greenway-1-scaled.jpg\",\"width\":2560,\"height\":1148,\"caption\":\"Vista a\u00e9rea de la V\u00eda Verde del Sureste de Santa Rosa\"},{\"@type\":\"BreadcrumbList\",\"@id\":\"https:\\\/\\\/sonomalandtrust.org\\\/es\\\/projects\\\/via-verde-del-sureste-de-santa-rosa\\\/#breadcrumb\",\"itemListElement\":[{\"@type\":\"ListItem\",\"position\":1,\"name\":\"Home\",\"item\":\"https:\\\/\\\/sonomalandtrust.org\\\/es\\\/inicio\\\/\"},{\"@type\":\"ListItem\",\"position\":2,\"name\":\"V\u00eda Verde del Sureste de Santa Rosa\"}]},{\"@type\":\"WebSite\",\"@id\":\"https:\\\/\\\/slt-2026.eclipse-dev.com\\\/#website\",\"url\":\"https:\\\/\\\/slt-2026.eclipse-dev.com\\\/\",\"name\":\"Sonoma Land Trust\",\"description\":\"\",\"publisher\":{\"@id\":\"https:\\\/\\\/slt-2026.eclipse-dev.com\\\/#organization\"},\"potentialAction\":[{\"@type\":\"SearchAction\",\"target\":{\"@type\":\"EntryPoint\",\"urlTemplate\":\"https:\\\/\\\/slt-2026.eclipse-dev.com\\\/?s={search_term_string}\"},\"query-input\":{\"@type\":\"PropertyValueSpecification\",\"valueRequired\":true,\"valueName\":\"search_term_string\"}}],\"inLanguage\":\"es\"},{\"@type\":\"Organization\",\"@id\":\"https:\\\/\\\/slt-2026.eclipse-dev.com\\\/#organization\",\"name\":\"Fondo de Tierras de Sonoma\",\"url\":\"https:\\\/\\\/slt-2026.eclipse-dev.com\\\/\",\"logo\":{\"@type\":\"ImageObject\",\"inLanguage\":\"es\",\"@id\":\"https:\\\/\\\/slt-2026.eclipse-dev.com\\\/#\\\/schema\\\/logo\\\/image\\\/\",\"url\":\"https:\\\/\\\/sonomalandtrust.org\\\/wp-content\\\/uploads\\\/2025\\\/10\\\/slt-logo.png\",\"contentUrl\":\"https:\\\/\\\/sonomalandtrust.org\\\/wp-content\\\/uploads\\\/2025\\\/10\\\/slt-logo.png\",\"width\":549,\"height\":333,\"caption\":\"Fondo de Tierras de Sonoma\"},\"image\":{\"@id\":\"https:\\\/\\\/slt-2026.eclipse-dev.com\\\/#\\\/schema\\\/logo\\\/image\\\/\"},\"sameAs\":[\"http:\\\/\\\/www.facebook.com\\\/Sonoma-Land-Trust\\\/\",\"https:\\\/\\\/www.instagram.com\\\/sonomalandtrust\\\/\",\"https:\\\/\\\/bsky.app\\\/profile\\\/sonomalandtrust.bsky.social\",\"https:\\\/\\\/www.youtube.com\\\/user\\\/SonomaLandTrust\\\/\",\"http:\\\/\\\/www.linkedin.com\\\/company\\\/1090048?trk=tyah\"]}]}<\/script>\n<!-- \/ Yoast SEO plugin. -->","yoast_head_json":{"title":"V\u00eda Verde del Sureste de Santa Rosa &#8212; Sonoma Land Trust","robots":{"index":"index","follow":"follow","max-snippet":"max-snippet:-1","max-image-preview":"max-image-preview:large","max-video-preview":"max-video-preview:-1"},"canonical":"https:\/\/sonomalandtrust.org\/es\/projects\/via-verde-del-sureste-de-santa-rosa\/","og_locale":"es_ES","og_type":"article","og_title":"V\u00eda Verde del Sureste de Santa Rosa &#8212; Sonoma Land Trust","og_description":"La V\u00eda Verde del Sureste est\u00e1 ahora protegida permanentemente como terreno p\u00fablico.Mediante una colaboraci\u00f3n hist\u00f3rica, Sonoma Land Trust, la ciudad de Santa Rosa, el Distrito de Preservaci\u00f3n Agr\u00edcola y Espacios Abiertos del Condado de Sonoma y la Campa\u00f1a V\u00eda Verde del Sureste, junto con muchos socios y simpatizantes de la comunidad, completaron con \u00e9xito la [&hellip;]","og_url":"https:\/\/sonomalandtrust.org\/es\/projects\/via-verde-del-sureste-de-santa-rosa\/","og_site_name":"Sonoma Land Trust","article_publisher":"http:\/\/www.facebook.com\/Sonoma-Land-Trust\/","article_modified_time":"2026-03-11T19:49:02+00:00","og_image":[{"width":2560,"height":1148,"url":"https:\/\/slt-2026.eclipse-dev.com\/wp-content\/uploads\/2026\/01\/aerial-santa-rosa-southeast-greenway-1-scaled.jpg","type":"image\/jpeg"}],"twitter_card":"summary_large_image","twitter_misc":{"Est. reading time":"3 minuto"},"schema":{"@context":"https:\/\/schema.org","@graph":[{"@type":"WebPage","@id":"https:\/\/sonomalandtrust.org\/es\/projects\/via-verde-del-sureste-de-santa-rosa\/","url":"https:\/\/sonomalandtrust.org\/es\/projects\/via-verde-del-sureste-de-santa-rosa\/","name":"V\u00eda Verde del Sureste de Santa Rosa &#8212; Sonoma Land Trust","isPartOf":{"@id":"https:\/\/slt-2026.eclipse-dev.com\/#website"},"primaryImageOfPage":{"@id":"https:\/\/sonomalandtrust.org\/es\/projects\/via-verde-del-sureste-de-santa-rosa\/#primaryimage"},"image":{"@id":"https:\/\/sonomalandtrust.org\/es\/projects\/via-verde-del-sureste-de-santa-rosa\/#primaryimage"},"thumbnailUrl":"https:\/\/sonomalandtrust.org\/wp-content\/uploads\/2026\/01\/aerial-santa-rosa-southeast-greenway-1-scaled.jpg","datePublished":"2025-09-18T02:28:22+00:00","dateModified":"2026-03-11T19:49:02+00:00","breadcrumb":{"@id":"https:\/\/sonomalandtrust.org\/es\/projects\/via-verde-del-sureste-de-santa-rosa\/#breadcrumb"},"inLanguage":"es","potentialAction":[{"@type":"ReadAction","target":["https:\/\/sonomalandtrust.org\/es\/projects\/via-verde-del-sureste-de-santa-rosa\/"]}]},{"@type":"ImageObject","inLanguage":"es","@id":"https:\/\/sonomalandtrust.org\/es\/projects\/via-verde-del-sureste-de-santa-rosa\/#primaryimage","url":"https:\/\/sonomalandtrust.org\/wp-content\/uploads\/2026\/01\/aerial-santa-rosa-southeast-greenway-1-scaled.jpg","contentUrl":"https:\/\/sonomalandtrust.org\/wp-content\/uploads\/2026\/01\/aerial-santa-rosa-southeast-greenway-1-scaled.jpg","width":2560,"height":1148,"caption":"Vista a\u00e9rea de la V\u00eda Verde del Sureste de Santa Rosa"},{"@type":"BreadcrumbList","@id":"https:\/\/sonomalandtrust.org\/es\/projects\/via-verde-del-sureste-de-santa-rosa\/#breadcrumb","itemListElement":[{"@type":"ListItem","position":1,"name":"Home","item":"https:\/\/sonomalandtrust.org\/es\/inicio\/"},{"@type":"ListItem","position":2,"name":"V\u00eda Verde del Sureste de Santa Rosa"}]},{"@type":"WebSite","@id":"https:\/\/slt-2026.eclipse-dev.com\/#website","url":"https:\/\/slt-2026.eclipse-dev.com\/","name":"Sonoma Land Trust","description":"","publisher":{"@id":"https:\/\/slt-2026.eclipse-dev.com\/#organization"},"potentialAction":[{"@type":"SearchAction","target":{"@type":"EntryPoint","urlTemplate":"https:\/\/slt-2026.eclipse-dev.com\/?s={search_term_string}"},"query-input":{"@type":"PropertyValueSpecification","valueRequired":true,"valueName":"search_term_string"}}],"inLanguage":"es"},{"@type":"Organization","@id":"https:\/\/slt-2026.eclipse-dev.com\/#organization","name":"Fondo de Tierras de Sonoma","url":"https:\/\/slt-2026.eclipse-dev.com\/","logo":{"@type":"ImageObject","inLanguage":"es","@id":"https:\/\/slt-2026.eclipse-dev.com\/#\/schema\/logo\/image\/","url":"https:\/\/sonomalandtrust.org\/wp-content\/uploads\/2025\/10\/slt-logo.png","contentUrl":"https:\/\/sonomalandtrust.org\/wp-content\/uploads\/2025\/10\/slt-logo.png","width":549,"height":333,"caption":"Fondo de Tierras de Sonoma"},"image":{"@id":"https:\/\/slt-2026.eclipse-dev.com\/#\/schema\/logo\/image\/"},"sameAs":["http:\/\/www.facebook.com\/Sonoma-Land-Trust\/","https:\/\/www.instagram.com\/sonomalandtrust\/","https:\/\/bsky.app\/profile\/sonomalandtrust.bsky.social","https:\/\/www.youtube.com\/user\/SonomaLandTrust\/","http:\/\/www.linkedin.com\/company\/1090048?trk=tyah"]}]}},"_links":{"self":[{"href":"https:\/\/sonomalandtrust.org\/es\/wp-json\/wp\/v2\/project\/13764","targetHints":{"allow":["GET"]}}],"collection":[{"href":"https:\/\/sonomalandtrust.org\/es\/wp-json\/wp\/v2\/project"}],"about":[{"href":"https:\/\/sonomalandtrust.org\/es\/wp-json\/wp\/v2\/types\/project"}],"wp:featuredmedia":[{"embeddable":true,"href":"https:\/\/sonomalandtrust.org\/es\/wp-json\/wp\/v2\/media\/13765"}],"wp:attachment":[{"href":"https:\/\/sonomalandtrust.org\/es\/wp-json\/wp\/v2\/media?parent=13764"}],"wp:term":[{"taxonomy":"what-we-do-category","embeddable":true,"href":"https:\/\/sonomalandtrust.org\/es\/wp-json\/wp\/v2\/what-we-do-category?post=13764"}],"curies":[{"name":"wp","href":"https:\/\/api.w.org\/{rel}","templated":true}]}}