{"id":6063,"date":"2024-12-05T00:18:23","date_gmt":"2024-12-05T08:18:23","guid":{"rendered":"https:\/\/sonomalandtrust.org\/inicio\/"},"modified":"2026-04-30T14:55:34","modified_gmt":"2026-04-30T21:55:34","slug":"inicio","status":"publish","type":"page","link":"https:\/\/sonomalandtrust.org\/es\/","title":{"rendered":"Fondo de Tierras de Sonoma"},"content":{"rendered":"\n<div class=\"wp-block-group alignfull default-page-header-group is-layout-constrained wp-block-group-is-layout-constrained\">\n<div class=\"home-hero-bg alignwide\"\n  style=\"background-image:url('https:\/\/sonomalandtrust.org\/wp-content\/uploads\/2025\/12\/pole-mtn-full-res-scaled.jpg');\">\n  <div class=\"home-hero-block \">\n          <h2 class=\"home-hero-heading\">Protegiendo la tierra y el agua del condado de Sonoma<\/h2>\n              <div class=\"home-hero-cards-wrapper\">\n                  <div class=\"home-hero-card card-1\">\n                          <button type=\"button\" class=\"title-wrapper\" aria-expanded=\"false\" aria-label=\"50.\u00ba Cumplea\u00f1os\">\n                <span class=\"card-title\">50.\u00ba Cumplea\u00f1os<\/span>\n                <span class=\"expand\"><\/span>\n              <\/button>\n                        <div class=\"hidden-content\">\n                              <div class=\"card-image\">\n                  <img decoding=\"async\" width=\"300\" height=\"139\" src=\"https:\/\/sonomalandtrust.org\/wp-content\/uploads\/2026\/03\/otter-wearing-party-hat-300x139.jpg\" class=\"attachment-medium size-medium\" alt=\"Smiling otter floating on its back wearing a party hat with the anniversary logo above.\" srcset=\"https:\/\/sonomalandtrust.org\/wp-content\/uploads\/2026\/03\/otter-wearing-party-hat-300x139.jpg 300w, https:\/\/sonomalandtrust.org\/wp-content\/uploads\/2026\/03\/otter-wearing-party-hat.jpg 612w\" sizes=\"(max-width: 300px) 100vw, 300px\" \/>                <\/div>\n                                            <p>Join us in reflecting on a half-century of vital conservation work.<\/p>\n                                            <a href=\"https:\/\/sonomalandtrust.org\/es\/preservacion-de-la-fauna-2\/\" class=\"card-link\" aria-label=\"50.\u00ba Cumplea\u00f1os\">\n                  <span class=\"green-arrow-no-text\"><\/span>\n                <\/a>\n                          <\/div>\n                      <\/div>\n                  <div class=\"home-hero-card card-2\">\n                          <button type=\"button\" class=\"title-wrapper\" aria-expanded=\"false\" aria-label=\"La Tierra De La Bah\u00eda\">\n                <span class=\"card-title\">La Tierra De La Bah\u00eda<\/span>\n                <span class=\"expand\"><\/span>\n              <\/button>\n                        <div class=\"hidden-content\">\n                              <div class=\"card-image\">\n                  <img decoding=\"async\" width=\"300\" height=\"201\" src=\"https:\/\/sonomalandtrust.org\/wp-content\/uploads\/2025\/12\/baylands-4-300x201.jpg\" class=\"attachment-medium size-medium\" alt=\"\" srcset=\"https:\/\/sonomalandtrust.org\/wp-content\/uploads\/2025\/12\/baylands-4-300x201.jpg 300w, https:\/\/sonomalandtrust.org\/wp-content\/uploads\/2025\/12\/baylands-4-1024x686.jpg 1024w, https:\/\/sonomalandtrust.org\/wp-content\/uploads\/2025\/12\/baylands-4-768x514.jpg 768w, https:\/\/sonomalandtrust.org\/wp-content\/uploads\/2025\/12\/baylands-4-1536x1028.jpg 1536w, https:\/\/sonomalandtrust.org\/wp-content\/uploads\/2025\/12\/baylands-4-2048x1371.jpg 2048w\" sizes=\"(max-width: 300px) 100vw, 300px\" \/>                <\/div>\n                                            <p>What was nearly lost to history now holds the blueprint for a resilient tomorrow.<\/p>\n                                            <a href=\"https:\/\/sonomalandtrust.org\/es\/baylands\/\" class=\"card-link\" aria-label=\"La Tierra De La Bah\u00eda\">\n                  <span class=\"green-arrow-no-text\"><\/span>\n                <\/a>\n                          <\/div>\n                      <\/div>\n                  <div class=\"home-hero-card card-3\">\n                          <button type=\"button\" class=\"title-wrapper\" aria-expanded=\"false\" aria-label=\"Nuestro impacto\">\n                <span class=\"card-title\">Nuestro impacto<\/span>\n                <span class=\"expand\"><\/span>\n              <\/button>\n                        <div class=\"hidden-content\">\n                              <div class=\"card-image\">\n                  <img decoding=\"async\" width=\"300\" height=\"139\" src=\"https:\/\/sonomalandtrust.org\/wp-content\/uploads\/2026\/03\/2024-2025-impact-report-covers-300x139.jpg\" class=\"attachment-medium size-medium\" alt=\"Cover of the 2024-2025 impact report.\" srcset=\"https:\/\/sonomalandtrust.org\/wp-content\/uploads\/2026\/03\/2024-2025-impact-report-covers-300x139.jpg 300w, https:\/\/sonomalandtrust.org\/wp-content\/uploads\/2026\/03\/2024-2025-impact-report-covers.jpg 612w\" sizes=\"(max-width: 300px) 100vw, 300px\" \/>                <\/div>\n                                            <p>Read our latest Impact Report to see how your support is making a world of difference.\u00a0<\/p>\n                                            <a href=\"https:\/\/sonomalandtrust.org\/es\/nuestro-impacto\/\" class=\"card-link\" aria-label=\"Nuestro impacto\">\n                  <span class=\"green-arrow-no-text\"><\/span>\n                <\/a>\n                          <\/div>\n                      <\/div>\n                  <div class=\"home-hero-card card-4\">\n                          <button type=\"button\" class=\"title-wrapper\" aria-expanded=\"false\" aria-label=\"Campa\u00f1a Costera\">\n                <span class=\"card-title\">Campa\u00f1a Costera<\/span>\n                <span class=\"expand\"><\/span>\n              <\/button>\n                        <div class=\"hidden-content\">\n                              <div class=\"card-image\">\n                  <img decoding=\"async\" width=\"300\" height=\"139\" src=\"https:\/\/sonomalandtrust.org\/wp-content\/uploads\/2026\/01\/sonoma-coastline-300x139.png\" class=\"attachment-medium size-medium\" alt=\"\" srcset=\"https:\/\/sonomalandtrust.org\/wp-content\/uploads\/2026\/01\/sonoma-coastline-300x139.png 300w, https:\/\/sonomalandtrust.org\/wp-content\/uploads\/2026\/01\/sonoma-coastline.png 612w\" sizes=\"(max-width: 300px) 100vw, 300px\" \/>                <\/div>\n                                            <p>Join us in conserving a 365-acre ranch on the coast and help connect a vast coastal landscape.<\/p>\n                                            <a href=\"https:\/\/sonomalandtrust.org\/es\/ayuda-a-proteger-el-rancho-osprey-hill\/\" class=\"card-link\" aria-label=\"Campa\u00f1a Costera\">\n                  <span class=\"green-arrow-no-text\"><\/span>\n                <\/a>\n                          <\/div>\n                      <\/div>\n              <\/div>\n    \n  <\/div>\n<\/div>\n\n\n<h2 class=\"wp-block-heading has-green-color has-text-color has-link-color wp-elements-f716c292afc5ffb9d6b2917be4e02286\">Conservaci\u00f3n mediante la comunidad<\/h2>\n\n\n\n<p class=\"has-text-align-center header-intro-text has-green-color has-text-color has-link-color wp-elements-850dcdb5b77d568bd2cbec2e7ff66871\">Durante 50 a\u00f1os, Sonoma Land Trust se ha asociado con las comunidades locales para proteger las tierras y aguas abiertas, naturales y de labor de una de las regiones m\u00e1s ricas en especies y bellas del mundo.<\/p>\n<\/div>\n\n\t<div style=\"margin-bottom:0;\" class=\"section-heading section-divider-vertical has-text-align-center  align-text-left align-content-top align wp-block-acf-section-divider-vertical\">\n\n\n  <div class=\"acf-innerblocks-container\">\n\n<h3 class=\"wp-block-heading has-text-align-center has-teal-color has-text-color has-h-2-font-size\">Creemos en<\/h3>\n\n<\/div>\n\n<\/div>\n\n\n\n\n<div style=\"margin-top:var(--wp--preset--spacing--40);margin-bottom:var(--wp--preset--spacing--50);\" class=\"home-hover-images align-text-left align wp-block-acf-home-hover-images\">\n            <div class=\"item item-1\">\n                  <div class=\"text\">\n                        Agua limpia          <\/div>\n                          <img decoding=\"async\" width=\"2400\" height=\"1600\" src=\"https:\/\/sonomalandtrust.org\/wp-content\/uploads\/2025\/12\/kayak-sears-point_.jpg\" class=\"attachment-full size-full\" alt=\"\" srcset=\"https:\/\/sonomalandtrust.org\/wp-content\/uploads\/2025\/12\/kayak-sears-point_.jpg 2400w, https:\/\/sonomalandtrust.org\/wp-content\/uploads\/2025\/12\/kayak-sears-point_-300x200.jpg 300w, https:\/\/sonomalandtrust.org\/wp-content\/uploads\/2025\/12\/kayak-sears-point_-1024x683.jpg 1024w, https:\/\/sonomalandtrust.org\/wp-content\/uploads\/2025\/12\/kayak-sears-point_-768x512.jpg 768w, https:\/\/sonomalandtrust.org\/wp-content\/uploads\/2025\/12\/kayak-sears-point_-1536x1024.jpg 1536w, https:\/\/sonomalandtrust.org\/wp-content\/uploads\/2025\/12\/kayak-sears-point_-2048x1365.jpg 2048w\" sizes=\"(max-width: 2400px) 100vw, 2400px\" \/>              <\/div>\n                <div class=\"item item-2\">\n                  <div class=\"text\">\n                        Terrenos abiertos          <\/div>\n                          <img decoding=\"async\" width=\"2400\" height=\"1600\" src=\"https:\/\/sonomalandtrust.org\/wp-content\/uploads\/2025\/12\/sears-point-corby-hines.jpg\" class=\"attachment-full size-full\" alt=\"\" srcset=\"https:\/\/sonomalandtrust.org\/wp-content\/uploads\/2025\/12\/sears-point-corby-hines.jpg 2400w, https:\/\/sonomalandtrust.org\/wp-content\/uploads\/2025\/12\/sears-point-corby-hines-300x200.jpg 300w, https:\/\/sonomalandtrust.org\/wp-content\/uploads\/2025\/12\/sears-point-corby-hines-1024x683.jpg 1024w, https:\/\/sonomalandtrust.org\/wp-content\/uploads\/2025\/12\/sears-point-corby-hines-768x512.jpg 768w, https:\/\/sonomalandtrust.org\/wp-content\/uploads\/2025\/12\/sears-point-corby-hines-1536x1024.jpg 1536w, https:\/\/sonomalandtrust.org\/wp-content\/uploads\/2025\/12\/sears-point-corby-hines-2048x1365.jpg 2048w\" sizes=\"(max-width: 2400px) 100vw, 2400px\" \/>              <\/div>\n                <div class=\"item item-3\">\n                  <div class=\"text\">\n                        H\u00e1bitats saludables          <\/div>\n                          <img decoding=\"async\" width=\"2560\" height=\"1163\" src=\"https:\/\/sonomalandtrust.org\/wp-content\/uploads\/2026\/01\/burrowing-owls-darkened-scaled.jpg\" class=\"attachment-full size-full\" alt=\"\" srcset=\"https:\/\/sonomalandtrust.org\/wp-content\/uploads\/2026\/01\/burrowing-owls-darkened-scaled.jpg 2560w, https:\/\/sonomalandtrust.org\/wp-content\/uploads\/2026\/01\/burrowing-owls-darkened-300x136.jpg 300w, https:\/\/sonomalandtrust.org\/wp-content\/uploads\/2026\/01\/burrowing-owls-darkened-1024x465.jpg 1024w, https:\/\/sonomalandtrust.org\/wp-content\/uploads\/2026\/01\/burrowing-owls-darkened-768x349.jpg 768w, https:\/\/sonomalandtrust.org\/wp-content\/uploads\/2026\/01\/burrowing-owls-darkened-1536x698.jpg 1536w, https:\/\/sonomalandtrust.org\/wp-content\/uploads\/2026\/01\/burrowing-owls-darkened-2048x930.jpg 2048w\" sizes=\"(max-width: 2560px) 100vw, 2560px\" \/>              <\/div>\n                <div class=\"item item-4\">\n                  <div class=\"text\">\n                        Resiliencia clim\u00e1tica          <\/div>\n                          <img decoding=\"async\" width=\"2400\" height=\"1265\" src=\"https:\/\/sonomalandtrust.org\/wp-content\/uploads\/2025\/12\/live-oaks.jpg\" class=\"attachment-full size-full\" alt=\"\" srcset=\"https:\/\/sonomalandtrust.org\/wp-content\/uploads\/2025\/12\/live-oaks.jpg 2400w, https:\/\/sonomalandtrust.org\/wp-content\/uploads\/2025\/12\/live-oaks-300x158.jpg 300w, https:\/\/sonomalandtrust.org\/wp-content\/uploads\/2025\/12\/live-oaks-1024x540.jpg 1024w, https:\/\/sonomalandtrust.org\/wp-content\/uploads\/2025\/12\/live-oaks-768x405.jpg 768w, https:\/\/sonomalandtrust.org\/wp-content\/uploads\/2025\/12\/live-oaks-1536x810.jpg 1536w, https:\/\/sonomalandtrust.org\/wp-content\/uploads\/2025\/12\/live-oaks-2048x1079.jpg 2048w\" sizes=\"(max-width: 2400px) 100vw, 2400px\" \/>              <\/div>\n            <\/div>\n<div class=\"wp-block-group is-layout-constrained wp-container-core-group-is-layout-8a30214c wp-block-group-is-layout-constrained\">\n<h2 class=\"wp-block-heading has-text-align-center has-teal-color has-text-color has-link-color wp-elements-2ff30680f317481e450202b4ec47da00\">La organizaci\u00f3n sin \u00e1nimo de lucro encargada del futuro del condado de Sonoma<\/h2>\n\n\n\n<p class=\"has-text-align-center\">Los fideicomisos de tierras fortalecen las comunidades protegiendo las tierras que proporcionan agua limpia, alimentos locales, h\u00e1bitats de vida salvaje y espacios al aire libre para disfrute de todos. Nos dedicamos a hacer posible que todos los habitantes del condado de Sonoma disfruten de las muchas ventajas de los espacios abiertos protegidos. <\/p>\n\n\n\n<div class=\"wp-block-buttons is-content-justification-center is-layout-flex wp-container-core-buttons-is-layout-a89b3969 wp-block-buttons-is-layout-flex\">\n<div class=\"wp-block-button\"><a class=\"wp-block-button__link wp-element-button\" href=\"https:\/\/sonomalandtrust.org\/es\/acerca-de-sonoma-land-trust\/\">M\u00e1s informaci\u00f3n<\/a><\/div>\n<\/div>\n<\/div>\n\n<div class=\"wp-block-group alignfull has-dark-blue-background-color has-background is-layout-constrained wp-block-group-is-layout-constrained\" style=\"margin-bottom:0;padding-top:var(--wp--preset--spacing--70);padding-bottom:var(--wp--preset--spacing--70)\">\n\t<div class=\"section-heading section-divider-vertical has-text-align-center  align-text-left align-content-top align wp-block-acf-section-divider-vertical\">\n\n\n  <div class=\"acf-innerblocks-container\">\n\n<h2 class=\"wp-block-heading has-text-align-center has-white-color has-text-color\">Donde la naturaleza prospera, nosotros tambi\u00e9n<\/h2>\n\n\n\n<p class=\"has-white-color has-text-color has-link-color wp-elements-69322cb7ce20c9431702acbd00795d8e\">Creado con nuestro socio y amigo, Doug McConnell, este v\u00eddeo muestra importantes proyectos y programas de Sonoma Land Trust.  <\/p>\n\n<\/div>\n\n<\/div>\n\n\n\n\n\n\n\n<figure class=\"wp-block-embed is-type-video is-provider-youtube wp-block-embed-youtube wp-embed-aspect-16-9 wp-has-aspect-ratio\" style=\"margin-top:var(--wp--preset--spacing--50)\"><div class=\"wp-block-embed__wrapper\">\n<iframe title=\"Where Nature Thrives - And So Do We! Sonoma Land Trust with Doug McConnell\" width=\"500\" height=\"281\" src=\"https:\/\/www.youtube.com\/embed\/lN2DVbFxOZk?feature=oembed\" frameborder=\"0\" allow=\"accelerometer; autoplay; clipboard-write; encrypted-media; gyroscope; picture-in-picture; web-share\" referrerpolicy=\"strict-origin-when-cross-origin\" allowfullscreen><\/iframe>\n<\/div><\/figure>\n\n\n\n<div class=\"wp-block-buttons is-content-justification-center is-layout-flex wp-container-core-buttons-is-layout-a89b3969 wp-block-buttons-is-layout-flex\">\n<div class=\"wp-block-button\"><a class=\"wp-block-button__link wp-element-button\" href=\"https:\/\/sonomalandtrust.org\/es\/seminarios-web-y-videos\/\">Ver v\u00eddeos y seminarios web<\/a><\/div>\n<\/div>\n<\/div>\n\n<div class=\"wp-block-group alignfull has-yellow-screened-background-color has-background is-layout-constrained wp-container-core-group-is-layout-4db83a50 wp-block-group-is-layout-constrained\" style=\"margin-top:0;margin-bottom:0;padding-top:var(--wp--preset--spacing--70);padding-bottom:108px\">\n\t<div style=\"padding-bottom:var(--wp--preset--spacing--40);\" class=\"section-heading section-divider-vertical has-text-align-center  align-text-left align-content-top align wp-block-acf-section-divider-vertical\">\n\n\n  <div class=\"acf-innerblocks-container\">\n\n<h2 class=\"wp-block-heading has-text-align-center has-teal-color has-text-color\">Participa<\/h2>\n\n<\/div>\n\n<\/div>\n\n\n\n\n\n\n\n<div class=\"wp-block-group is-layout-grid wp-container-core-group-is-layout-988b637e wp-block-group-is-layout-grid\">  <div class=\"multicolor-card-with-link multicolor-card  is-style-no-yellow-line has-burnt-orange-background-color\" id=\"a_9175022\">\n          <a href=\"\/donate\" target=\"_self\" class=\"card-link-overlay\">\n        <img decoding=\"async\" width=\"766\" height=\"416\" src=\"https:\/\/sonomalandtrust.org\/wp-content\/uploads\/2026\/01\/hikers-sonoma-mountain-vernal-pools-2.jpg\" class=\"attachment-large size-large\" alt=\"\" srcset=\"https:\/\/sonomalandtrust.org\/wp-content\/uploads\/2026\/01\/hikers-sonoma-mountain-vernal-pools-2.jpg 766w, https:\/\/sonomalandtrust.org\/wp-content\/uploads\/2026\/01\/hikers-sonoma-mountain-vernal-pools-2-300x163.jpg 300w\" sizes=\"(max-width: 766px) 100vw, 766px\" \/>    <div class=\"multicolor-card-content wp-block-group has-background\">\n      <h3 class=\"yellow-underline\">Dona<\/h3>\n      <span class=\"green-arrow-no-text\"><\/span>\n    <\/div>\n          <\/a>\n      <\/div>\n\n\n  <div class=\"multicolor-card-with-link multicolor-card  is-style-no-yellow-line has-teal-background-color\" id=\"a_5282765\">\n          <a href=\"https:\/\/sonomalandtrust.org\/es\/practicas-y-voluntariado\/\" target=\"_self\" class=\"card-link-overlay\">\n        <img decoding=\"async\" width=\"768\" height=\"416\" src=\"https:\/\/sonomalandtrust.org\/wp-content\/uploads\/2026\/01\/volunteer-planting-land-conservation.jpg\" class=\"attachment-large size-large\" alt=\"\" srcset=\"https:\/\/sonomalandtrust.org\/wp-content\/uploads\/2026\/01\/volunteer-planting-land-conservation.jpg 768w, https:\/\/sonomalandtrust.org\/wp-content\/uploads\/2026\/01\/volunteer-planting-land-conservation-300x163.jpg 300w\" sizes=\"(max-width: 768px) 100vw, 768px\" \/>    <div class=\"multicolor-card-content wp-block-group has-background\">\n      <h3 class=\"yellow-underline\">Voluntario<\/h3>\n      <span class=\"green-arrow-no-text\"><\/span>\n    <\/div>\n          <\/a>\n      <\/div>\n\n\n  <div class=\"multicolor-card-with-link multicolor-card  is-style-no-yellow-line has-green-background-color\" id=\"a_7644592\">\n          <a href=\"https:\/\/sonomalandtrust.org\/es\/defensa-del-medio-ambiente\/\" target=\"_self\" class=\"card-link-overlay\">\n        <img decoding=\"async\" width=\"768\" height=\"416\" src=\"https:\/\/sonomalandtrust.org\/wp-content\/uploads\/2026\/01\/30-by-30-power-in-nature.jpg\" class=\"attachment-large size-large\" alt=\"\" srcset=\"https:\/\/sonomalandtrust.org\/wp-content\/uploads\/2026\/01\/30-by-30-power-in-nature.jpg 768w, https:\/\/sonomalandtrust.org\/wp-content\/uploads\/2026\/01\/30-by-30-power-in-nature-300x163.jpg 300w\" sizes=\"(max-width: 768px) 100vw, 768px\" \/>    <div class=\"multicolor-card-content wp-block-group has-background\">\n      <h3 class=\"yellow-underline\">Defiende<\/h3>\n      <span class=\"green-arrow-no-text\"><\/span>\n    <\/div>\n          <\/a>\n      <\/div>\n<\/div>\n<\/div>\n\n<div class=\"wp-block-group is-layout-constrained wp-block-group-is-layout-constrained\" style=\"margin-top:0;margin-bottom:0;padding-top:var(--wp--preset--spacing--70);padding-bottom:var(--wp--preset--spacing--70)\">\n\t<div class=\"section-heading section-divider-vertical has-text-align-center  align-text-left align-content-top align wp-block-acf-section-divider-vertical\">\n\n\n  <div class=\"acf-innerblocks-container\">\n\n<h2 class=\"wp-block-heading has-text-align-center has-teal-color has-text-color\">Descubre nuestros eventos gratuitos<\/h2>\n\n<\/div>\n\n<\/div>\n\n\n\n\n\n\n<div class=\"featured-event\">\n<div class=\"teaser-outer\">\n<div class=\"teaser teaser--event teaser-list type-paseos-por-la-naturaleza-y-caminatas-guiadas\" id=\"post-14843\">\n\t<div class=\"teaser--featured_image\">\n\t\t<a href=\"https:\/\/sonomalandtrust.org\/es\/event\/excursion-del-50-aniversario-caudales-de-agua-dulce-arroyo-mark-west\/\" tabindex=\"-1\">\n\t\t\t<p class=\"category torn-paper\">\n\t\t\t\tPaseos por la Naturaleza y Caminatas Guiadas\t\t\t<\/p>\n\t\t\t<img decoding=\"async\" width=\"1024\" height=\"635\" src=\"https:\/\/sonomalandtrust.org\/wp-content\/uploads\/2026\/03\/eventbrite-image-1773805846-1024x635.jpg\" class=\"attachment-large size-large wp-post-image\" alt=\"\" srcset=\"https:\/\/sonomalandtrust.org\/wp-content\/uploads\/2026\/03\/eventbrite-image-1773805846-1024x635.jpg 1024w, https:\/\/sonomalandtrust.org\/wp-content\/uploads\/2026\/03\/eventbrite-image-1773805846-300x186.jpg 300w, https:\/\/sonomalandtrust.org\/wp-content\/uploads\/2026\/03\/eventbrite-image-1773805846-768x476.jpg 768w, https:\/\/sonomalandtrust.org\/wp-content\/uploads\/2026\/03\/eventbrite-image-1773805846-1536x952.jpg 1536w, https:\/\/sonomalandtrust.org\/wp-content\/uploads\/2026\/03\/eventbrite-image-1773805846-2048x1270.jpg 2048w\" sizes=\"(max-width: 1024px) 100vw, 1024px\" \/>\t\t\t<span class=\"sr-only\">Excursi\u00f3n del 50 aniversario &#8211; Caudales de agua dulce: Arroyo Mark West<\/span>\n\t\t\t\t\t\t\t<div class=\"event-date-circle\">\n\t\t\t\t\ts\u00e1bado<br>May 9\t\t\t\t<\/div>\n\t\t\t\t\t<\/a>\n\t<\/div>\n\n\t<div class=\"post_content\">\n\t\t\n\t\t\t<p class=\"teaser--title\">\n\t\t\t\t<a href=\"https:\/\/sonomalandtrust.org\/es\/event\/excursion-del-50-aniversario-caudales-de-agua-dulce-arroyo-mark-west\/\">\n\t\t\t\t\tExcursi\u00f3n del 50 aniversario &#8211; Caudales de agua dulce: Arroyo Mark West\t\t\t\t<\/a>\n\t\t<\/p>\n\t\t\t\t\t\t\t<p class=\"event-location\">\n\t\t\t\t\t\t\t\t\tOficina SLT &#8211; Viaje a Mark West Creek\t\t\t\t\t\t\t<\/p>\n\t\t\t\t\n\t\t\t\t\t<p class=\"event-date\">\n\t\t\t\ts\u00e1bado, mayo 9, 10am-4pm\t\t\t<\/p>\n\t\t\t\t<div class=\"teaser-excerpt\">\n\t\t\tEn esta excursi\u00f3n visitaremos varios lugares especiales a lo largo de la cuenca del arroyo Mark West, un lugar designado como h\u00e1bitat especial del salm\u00f3n Coho, en peligro de extinci\u00f3n. Veremos la Nefertierra de 78&#8230;\t\t<\/div>\n\t\t\t\t\t<div class=\"d-none eventbrite-event-data\" data-eventbrite-id=\"1984846564505\"><\/div>\n\t\t\t\t<div class=\"wp-block-buttons is-layout-flex wp-block-buttons-is-layout-flex\">\n\t\t\t\t\t\t\t<div class=\"wp-block-button\">\n\t\t\t\t\t<button class=\"wp-block-button__link wp-element-button eventbrite-register-trigger\" \n\t\t\t\t\t\t\tdata-event-id=\"1984846564505\" \n\t\t\t\t\t\t\tdata-trigger-id=\"eventbrite-trigger-14843\"\n\t\t\t\t\t\t\tid=\"eventbrite-trigger-14843\"\n\t\t\t\t\t\t\ttype=\"button\">\n\t\t\t\t\t\tReg\u00edstrate en\t\t\t\t\t<\/button>\n\t\t\t\t<\/div>\n\t\t\t\n\t\t\t<div class=\"wp-block-button is-style-secondary\">\n\t\t\t\t\t\t\t\t<a class=\"wp-block-button__link wp-element-button\" tabindex=\"-1\" href=\"https:\/\/sonomalandtrust.org\/es\/event\/excursion-del-50-aniversario-caudales-de-agua-dulce-arroyo-mark-west\/\">M\u00e1s informaci\u00f3n<\/a>\n\t\t\t<\/div>\n\t\t<\/div>\n\t<\/div>\n<\/div>\n<\/div><\/div><\/div>\n\n<div class=\"wp-block-group alignfull has-green-background-color has-background is-layout-constrained wp-block-group-is-layout-constrained\" style=\"margin-top:0;margin-bottom:0;padding-top:var(--wp--preset--spacing--70);padding-bottom:var(--wp--preset--spacing--70)\">\n\t<div class=\"section-heading section-divider-vertical has-text-align-center  align-text-left align-content-top align wp-block-acf-section-divider-vertical\">\n\n\n  <div class=\"acf-innerblocks-container\">\n\n<h2 class=\"wp-block-heading has-text-align-center has-white-color has-text-color\">Nuestra estrategia de conservaci\u00f3n<\/h2>\n\n<\/div>\n\n<\/div>\n\n\n\n\n\n\n<div style=\"padding-bottom:var(--wp--preset--spacing--40);\" class=\"media-carousel-block carousel-block strategies-media-carousel align-text-left align strategies-media-carousel wp-block-acf-media-carousel\">\n      <div class=\"carousel-slides\">\n              <div class=\"carousel-slide\">\n          <div class=\"media-content\">\n            <div class=\"left\">\n                              <div class=\"media-slide-media image\">\n                  <img decoding=\"async\" width=\"1200\" height=\"801\" src=\"https:\/\/sonomalandtrust.org\/wp-content\/uploads\/2025\/10\/LAND.jpg\" class=\"attachment-full size-full\" alt=\"\" srcset=\"https:\/\/sonomalandtrust.org\/wp-content\/uploads\/2025\/10\/LAND.jpg 1200w, https:\/\/sonomalandtrust.org\/wp-content\/uploads\/2025\/10\/LAND-300x200.jpg 300w, https:\/\/sonomalandtrust.org\/wp-content\/uploads\/2025\/10\/LAND-1024x684.jpg 1024w, https:\/\/sonomalandtrust.org\/wp-content\/uploads\/2025\/10\/LAND-768x513.jpg 768w\" sizes=\"(max-width: 1200px) 100vw, 1200px\" \/>                <\/div>\n                                        <\/div>\n            <div class=\"right\">\n                                <div class=\"media-text\"><p class=\"outline-text\">Land<\/p>\n<p><img decoding=\"async\" class=\"alignnone\" src=\"https:\/\/sonomalandtrust.org\/wp-content\/uploads\/2025\/12\/protecting-biodiversity.svg\" alt=\"Protecting biodiversity\" width=\"178\" height=\"178\" \/><\/p>\n<p>Preserving functioning, healthy ecosystems for the thousands of species that underpin the web of life that sustains us.<\/p>\n<p>&nbsp;<\/p>\n<p><img decoding=\"async\" class=\"alignnone mt-4\" src=\"https:\/\/sonomalandtrust.org\/wp-content\/uploads\/2025\/12\/living-with-wildfire.svg\" alt=\"Living with wildfire\" width=\"178\" height=\"178\" \/><\/p>\n<p>Restoring the health of our forests by bringing back time- and science-tested land management practices like prescribed fire.<\/p>\n<\/div>\n                                                      <\/div>\n          <\/div>\n        <\/div>\n              <div class=\"carousel-slide\">\n          <div class=\"media-content\">\n            <div class=\"left\">\n                              <div class=\"media-slide-media image\">\n                  <img decoding=\"async\" width=\"2500\" height=\"1667\" src=\"https:\/\/sonomalandtrust.org\/wp-content\/uploads\/2025\/12\/pole-mtn-blackberries.jpg\" class=\"attachment-full size-full\" alt=\"Two women picking blackberries at Pole Mountain.\" srcset=\"https:\/\/sonomalandtrust.org\/wp-content\/uploads\/2025\/12\/pole-mtn-blackberries.jpg 2500w, https:\/\/sonomalandtrust.org\/wp-content\/uploads\/2025\/12\/pole-mtn-blackberries-300x200.jpg 300w, https:\/\/sonomalandtrust.org\/wp-content\/uploads\/2025\/12\/pole-mtn-blackberries-1024x683.jpg 1024w, https:\/\/sonomalandtrust.org\/wp-content\/uploads\/2025\/12\/pole-mtn-blackberries-768x512.jpg 768w, https:\/\/sonomalandtrust.org\/wp-content\/uploads\/2025\/12\/pole-mtn-blackberries-1536x1024.jpg 1536w, https:\/\/sonomalandtrust.org\/wp-content\/uploads\/2025\/12\/pole-mtn-blackberries-2048x1366.jpg 2048w\" sizes=\"(max-width: 2500px) 100vw, 2500px\" \/>                <\/div>\n                                        <\/div>\n            <div class=\"right\">\n                                <div class=\"media-text\"><p class=\"outline-text\">People<\/p>\n<p><img decoding=\"async\" src=\"https:\/\/sonomalandtrust.org\/wp-content\/uploads\/2025\/12\/empowering-our-communities.svg\" \/><\/p>\n<p>Deepening relationships to ensure equitable access to nature\u2019s benefits.<\/p>\n<p>&nbsp;<\/p>\n<p><img decoding=\"async\" class=\"mt-4\" src=\"https:\/\/sonomalandtrust.org\/wp-content\/uploads\/2025\/12\/preserving-nature-nearby.svg\" alt=\"preserving nature nearby\" \/><\/p>\n<p>Creating new public spaces that improve the health of our communities.<\/p>\n<\/div>\n                                                      <\/div>\n          <\/div>\n        <\/div>\n              <div class=\"carousel-slide\">\n          <div class=\"media-content\">\n            <div class=\"left\">\n                              <div class=\"media-slide-media image\">\n                  <img decoding=\"async\" width=\"2500\" height=\"1711\" src=\"https:\/\/sonomalandtrust.org\/wp-content\/uploads\/2025\/12\/russian-river-kayaking.jpg\" class=\"attachment-full size-full\" alt=\"\" srcset=\"https:\/\/sonomalandtrust.org\/wp-content\/uploads\/2025\/12\/russian-river-kayaking.jpg 2500w, https:\/\/sonomalandtrust.org\/wp-content\/uploads\/2025\/12\/russian-river-kayaking-300x205.jpg 300w, https:\/\/sonomalandtrust.org\/wp-content\/uploads\/2025\/12\/russian-river-kayaking-1024x701.jpg 1024w, https:\/\/sonomalandtrust.org\/wp-content\/uploads\/2025\/12\/russian-river-kayaking-768x526.jpg 768w, https:\/\/sonomalandtrust.org\/wp-content\/uploads\/2025\/12\/russian-river-kayaking-1536x1051.jpg 1536w, https:\/\/sonomalandtrust.org\/wp-content\/uploads\/2025\/12\/russian-river-kayaking-2048x1402.jpg 2048w\" sizes=\"(max-width: 2500px) 100vw, 2500px\" \/>                <\/div>\n                                        <\/div>\n            <div class=\"right\">\n                                <div class=\"media-text\"><p class=\"outline-text\">Water<\/p>\n<p><img decoding=\"async\" src=\"https:\/\/sonomalandtrust.org\/wp-content\/uploads\/2025\/12\/securing-freshwater-flows.svg\" alt=\"securing freshwater flows\" \/><\/p>\n<p>Restoring the health and function of our watersheds and waterways.<\/p>\n<p>&nbsp;<\/p>\n<p><img decoding=\"async\" class=\"mt-4\" src=\"https:\/\/sonomalandtrust.org\/wp-content\/uploads\/2025\/12\/adapting-to-rising-waters.svg\" alt=\"adapting to rising waters\" \/><\/p>\n<p>Rehabilitating our wetlands and coastlines to provide space for rising tides and floodwaters.<\/p>\n<\/div>\n                                                      <\/div>\n          <\/div>\n        <\/div>\n          <\/div>\n    <div class=\"slick-navigation\"><\/div>\n\n  <\/div>\n\n\n<div class=\"wp-block-buttons is-content-justification-center is-layout-flex wp-container-core-buttons-is-layout-a89b3969 wp-block-buttons-is-layout-flex\">\n<div class=\"wp-block-button\"><a class=\"wp-block-button__link wp-element-button\" href=\"https:\/\/sonomalandtrust.org\/es\/plan-estrategico\/\">Lee nuestro Plan Estrat\u00e9gico<\/a><\/div>\n<\/div>\n<\/div>\n<div style=\"padding-top:var(--wp--preset--spacing--70);padding-bottom:var(--wp--preset--spacing--70);margin-top:0;margin-bottom:0;\" class=\"blog-carousel-block carousel-block alignfull has-textured-blue-background-color align-text-left align wp-block-acf-blog-carousel\">\n  <div class=\"container\">\n          <div class=\"section-heading section-divider-vertical has-text-align-center wp-block-acf-section-divider-vertical\">\n        <div class=\"acf-innerblocks-container\">\n          <h2 class=\"wp-block-heading has-text-align-center has-white-color has-text-color\">Despacho desde la tierra<\/h2>\n        <\/div>\n      <\/div>\n          <div class=\"carousel-slides\">\n              <div class=\"teaser-outer\">\n          \n<div class=\"teaser teaser--post teaser-grid\" id=\"post-11351\">\n\t<div class=\"teaser--featured_image\">\n\t\t<a href=\"https:\/\/sonomalandtrust.org\/es\/blog\/avanzar-en-la-conservacion-y-restauracion\/\" tabindex=\"-1\">\n\t\t\t<img decoding=\"async\" width=\"1024\" height=\"670\" src=\"https:\/\/sonomalandtrust.org\/wp-content\/uploads\/2026\/01\/sonoma-land-trust-staff-prescribed-fire-1024x670.jpg\" class=\"attachment-large size-large wp-post-image\" alt=\"\" srcset=\"https:\/\/sonomalandtrust.org\/wp-content\/uploads\/2026\/01\/sonoma-land-trust-staff-prescribed-fire-1024x670.jpg 1024w, https:\/\/sonomalandtrust.org\/wp-content\/uploads\/2026\/01\/sonoma-land-trust-staff-prescribed-fire-300x196.jpg 300w, https:\/\/sonomalandtrust.org\/wp-content\/uploads\/2026\/01\/sonoma-land-trust-staff-prescribed-fire-768x502.jpg 768w, https:\/\/sonomalandtrust.org\/wp-content\/uploads\/2026\/01\/sonoma-land-trust-staff-prescribed-fire.jpg 1180w\" sizes=\"(max-width: 1024px) 100vw, 1024px\" \/>\t\t\t<span class=\"sr-only\">Fomento de la Conservaci\u00f3n y Restauraci\u00f3n-2025 actualizaci\u00f3n de la estrategia territorial<\/span>\n      <div class=\"light-blue-torn-paper\"><\/div>\n\t\t<\/a>\n\t<\/div>\n\n\t<div class=\"post_content\">\n\t\t<div class=\"teaser--post-meta post-meta\">\n\t\t\t\t\t\t\t\t<p class=\"teaser--category\">Corresponsabilidad<\/p>\n\t\t\t\t\t<span class=\"pipe\">&nbsp;|&nbsp;<\/span>\n\t\t\t\t\t\t\t\t<p class=\"post-date\">\n\t\t\t\tabril 30, 2026\t\t\t<\/p>\n\t\t<\/div>\n\t\t<p class=\"teaser--title\">\n\t\t\t<a href=\"https:\/\/sonomalandtrust.org\/es\/blog\/avanzar-en-la-conservacion-y-restauracion\/\">Fomento de la Conservaci\u00f3n y Restauraci\u00f3n-2025 actualizaci\u00f3n de la estrategia territorial<\/a>\n\t\t<\/p>\n\t\t<div class=\"teaser--excerpt\">\n\t\t\t\t\t\t\t2025 no fue un a\u00f1o f\u00e1cil, pero nos record\u00f3 lo mucho que puede ocurrir cuando trabajamos juntos para cuidar de&#8230;\t\t<\/div>\n      <div class=\"light-blue-torn-paper\"><\/div>\n\n\t<\/div>\n<\/div>\n        <\/div>\n              <div class=\"teaser-outer\">\n          \n<div class=\"teaser teaser--post teaser-grid\" id=\"post-11345\">\n\t<div class=\"teaser--featured_image\">\n\t\t<a href=\"https:\/\/sonomalandtrust.org\/es\/blog\/crear-conexiones-comunitarias-en-la-naturaleza\/\" tabindex=\"-1\">\n\t\t\t<img decoding=\"async\" width=\"1024\" height=\"684\" src=\"https:\/\/sonomalandtrust.org\/wp-content\/uploads\/2025\/12\/vernal-pools-hike-1024x684.jpg\" class=\"attachment-large size-large wp-post-image\" alt=\"excursionistas en charcas vernales\" srcset=\"https:\/\/sonomalandtrust.org\/wp-content\/uploads\/2025\/12\/vernal-pools-hike-1024x684.jpg 1024w, https:\/\/sonomalandtrust.org\/wp-content\/uploads\/2025\/12\/vernal-pools-hike-300x200.jpg 300w, https:\/\/sonomalandtrust.org\/wp-content\/uploads\/2025\/12\/vernal-pools-hike-768x513.jpg 768w, https:\/\/sonomalandtrust.org\/wp-content\/uploads\/2025\/12\/vernal-pools-hike-1536x1026.jpg 1536w, https:\/\/sonomalandtrust.org\/wp-content\/uploads\/2025\/12\/vernal-pools-hike-2048x1368.jpg 2048w\" sizes=\"(max-width: 1024px) 100vw, 1024px\" \/>\t\t\t<span class=\"sr-only\">Crear conexiones comunitarias en la naturaleza<\/span>\n      <div class=\"light-blue-torn-paper\"><\/div>\n\t\t<\/a>\n\t<\/div>\n\n\t<div class=\"post_content\">\n\t\t<div class=\"teaser--post-meta post-meta\">\n\t\t\t\t\t\t\t\t<p class=\"teaser--category\">Actualizaciones de la organizaci\u00f3n<\/p>\n\t\t\t\t\t<span class=\"pipe\">&nbsp;|&nbsp;<\/span>\n\t\t\t\t\t\t\t\t<p class=\"post-date\">\n\t\t\t\tabril 30, 2026\t\t\t<\/p>\n\t\t<\/div>\n\t\t<p class=\"teaser--title\">\n\t\t\t<a href=\"https:\/\/sonomalandtrust.org\/es\/blog\/crear-conexiones-comunitarias-en-la-naturaleza\/\">Crear conexiones comunitarias en la naturaleza<\/a>\n\t\t<\/p>\n\t\t<div class=\"teaser--excerpt\">\n\t\t\t\t\t\t\tLo m\u00e1s destacado de dos programas de 2025. El programa de desarrollo juvenil para adolescentes y nuestros esfuerzos de asistencia a parques han hecho que sea un poco m\u00e1s f\u00e1cil conectar con la naturaleza. \t\t<\/div>\n      <div class=\"light-blue-torn-paper\"><\/div>\n\n\t<\/div>\n<\/div>\n        <\/div>\n              <div class=\"teaser-outer\">\n          \n<div class=\"teaser teaser--post teaser-grid\" id=\"post-11348\">\n\t<div class=\"teaser--featured_image\">\n\t\t<a href=\"https:\/\/sonomalandtrust.org\/es\/blog\/avanzar-en-la-seguridad-del-agua-para-todos\/\" tabindex=\"-1\">\n\t\t\t<img decoding=\"async\" width=\"780\" height=\"448\" src=\"https:\/\/sonomalandtrust.org\/wp-content\/uploads\/2026\/01\/monte-rio-redwoods-2.jpg\" class=\"attachment-large size-large wp-post-image\" alt=\"\" srcset=\"https:\/\/sonomalandtrust.org\/wp-content\/uploads\/2026\/01\/monte-rio-redwoods-2.jpg 780w, https:\/\/sonomalandtrust.org\/wp-content\/uploads\/2026\/01\/monte-rio-redwoods-2-300x172.jpg 300w, https:\/\/sonomalandtrust.org\/wp-content\/uploads\/2026\/01\/monte-rio-redwoods-2-768x441.jpg 768w\" sizes=\"(max-width: 780px) 100vw, 780px\" \/>\t\t\t<span class=\"sr-only\">Avanzar en la Seguridad H\u00eddrica para Todos-2025 actualizaci\u00f3n de la estrategia h\u00eddrica<\/span>\n      <div class=\"light-blue-torn-paper\"><\/div>\n\t\t<\/a>\n\t<\/div>\n\n\t<div class=\"post_content\">\n\t\t<div class=\"teaser--post-meta post-meta\">\n\t\t\t\t\t\t\t\t<p class=\"teaser--category\">Actualizaciones de la organizaci\u00f3n<\/p>\n\t\t\t\t\t<span class=\"pipe\">&nbsp;|&nbsp;<\/span>\n\t\t\t\t\t\t\t\t<p class=\"post-date\">\n\t\t\t\tabril 30, 2026\t\t\t<\/p>\n\t\t<\/div>\n\t\t<p class=\"teaser--title\">\n\t\t\t<a href=\"https:\/\/sonomalandtrust.org\/es\/blog\/avanzar-en-la-seguridad-del-agua-para-todos\/\">Avanzar en la Seguridad H\u00eddrica para Todos-2025 actualizaci\u00f3n de la estrategia h\u00eddrica<\/a>\n\t\t<\/p>\n\t\t<div class=\"teaser--excerpt\">\n\t\t\t\t\t\t\t2025 no fue un a\u00f1o f\u00e1cil, pero nos record\u00f3 lo mucho que puede ocurrir cuando trabajamos juntos para cuidar de estas tierras, comunidades y aguas que llamamos hogar.\t\t<\/div>\n      <div class=\"light-blue-torn-paper\"><\/div>\n\n\t<\/div>\n<\/div>\n        <\/div>\n          <\/div>\n    <div class=\"slick-navigation\"><\/div>\n\n  <\/div>\n\n<\/div>\n<div class=\"wp-block-group alignfull has-yellow-screened-background-color has-background is-layout-constrained wp-block-group-is-layout-constrained\" style=\"margin-top:0;padding-top:var(--wp--preset--spacing--70);padding-bottom:var(--wp--preset--spacing--70)\">\n\t<div class=\"section-heading section-divider-vertical has-text-align-center  align-text-left align-content-top align wp-block-acf-section-divider-vertical\">\n\n\n  <div class=\"acf-innerblocks-container\">\n\n<h2 class=\"wp-block-heading has-text-align-center has-teal-color has-text-color\">Color cautivador<\/h2>\n\n\n\n<p>Descarga gratis nuestra gu\u00eda de flores silvestres para saber m\u00e1s sobre las flores aut\u00f3ctonas que colorean nuestro paisaje durante los meses de primavera y verano.  <\/p>\n\n<\/div>\n\n<\/div>\n\n\n\n\n\n\n<div class=\"circle-text-images align-text-left align wp-block-acf-circle-text-images\">\n            <div class=\"item item-1\">\n                  <div class=\"circle-text-images__text\">\n            Bitter root \/ Lewisia rediviva          <\/div>\n                          <img decoding=\"async\" width=\"1024\" height=\"639\" src=\"https:\/\/sonomalandtrust.org\/wp-content\/uploads\/2025\/12\/4c0e07eb11dbdaa8a153f51485e6f9f2bef24442-1024x639.jpg\" class=\"attachment-large size-large\" alt=\"\" srcset=\"https:\/\/sonomalandtrust.org\/wp-content\/uploads\/2025\/12\/4c0e07eb11dbdaa8a153f51485e6f9f2bef24442-1024x639.jpg 1024w, https:\/\/sonomalandtrust.org\/wp-content\/uploads\/2025\/12\/4c0e07eb11dbdaa8a153f51485e6f9f2bef24442-300x187.jpg 300w, https:\/\/sonomalandtrust.org\/wp-content\/uploads\/2025\/12\/4c0e07eb11dbdaa8a153f51485e6f9f2bef24442-768x479.jpg 768w, https:\/\/sonomalandtrust.org\/wp-content\/uploads\/2025\/12\/4c0e07eb11dbdaa8a153f51485e6f9f2bef24442-1536x959.jpg 1536w, https:\/\/sonomalandtrust.org\/wp-content\/uploads\/2025\/12\/4c0e07eb11dbdaa8a153f51485e6f9f2bef24442-2048x1279.jpg 2048w\" sizes=\"(max-width: 1024px) 100vw, 1024px\" \/>              <\/div>\n                <div class=\"item item-2\">\n                  <div class=\"circle-text-images__text\">\n            Butter and eggs \/ Triphysaria eriantha          <\/div>\n                          <img decoding=\"async\" width=\"1024\" height=\"624\" src=\"https:\/\/sonomalandtrust.org\/wp-content\/uploads\/2025\/12\/49e890a394ead1873639d25d49f46f374a36392a-1024x624.jpg\" class=\"attachment-large size-large\" alt=\"\" srcset=\"https:\/\/sonomalandtrust.org\/wp-content\/uploads\/2025\/12\/49e890a394ead1873639d25d49f46f374a36392a-1024x624.jpg 1024w, https:\/\/sonomalandtrust.org\/wp-content\/uploads\/2025\/12\/49e890a394ead1873639d25d49f46f374a36392a-300x183.jpg 300w, https:\/\/sonomalandtrust.org\/wp-content\/uploads\/2025\/12\/49e890a394ead1873639d25d49f46f374a36392a-768x468.jpg 768w, https:\/\/sonomalandtrust.org\/wp-content\/uploads\/2025\/12\/49e890a394ead1873639d25d49f46f374a36392a-1536x936.jpg 1536w, https:\/\/sonomalandtrust.org\/wp-content\/uploads\/2025\/12\/49e890a394ead1873639d25d49f46f374a36392a-2048x1248.jpg 2048w\" sizes=\"(max-width: 1024px) 100vw, 1024px\" \/>              <\/div>\n                <div class=\"item item-3\">\n                  <div class=\"circle-text-images__text\">\n            Checker lily \/ Fritillaria affinis          <\/div>\n                          <img decoding=\"async\" width=\"1024\" height=\"628\" src=\"https:\/\/sonomalandtrust.org\/wp-content\/uploads\/2026\/01\/checker-lily-1024x628.jpg\" class=\"attachment-large size-large\" alt=\"\" srcset=\"https:\/\/sonomalandtrust.org\/wp-content\/uploads\/2026\/01\/checker-lily-1024x628.jpg 1024w, https:\/\/sonomalandtrust.org\/wp-content\/uploads\/2026\/01\/checker-lily-300x184.jpg 300w, https:\/\/sonomalandtrust.org\/wp-content\/uploads\/2026\/01\/checker-lily-768x471.jpg 768w, https:\/\/sonomalandtrust.org\/wp-content\/uploads\/2026\/01\/checker-lily-1536x943.jpg 1536w, https:\/\/sonomalandtrust.org\/wp-content\/uploads\/2026\/01\/checker-lily-2048x1257.jpg 2048w\" sizes=\"(max-width: 1024px) 100vw, 1024px\" \/>              <\/div>\n            <\/div>\n\n\n<div class=\"wp-block-buttons is-content-justification-center is-layout-flex wp-container-core-buttons-is-layout-a89b3969 wp-block-buttons-is-layout-flex\">\n<div class=\"wp-block-button\"><a class=\"wp-block-button__link wp-element-button\" href=\"https:\/\/sonomalandtrust.org\/es\/mapas-y-guias\/#guides\">Consigue la Gu\u00eda<\/a><\/div>\n<\/div>\n<\/div>\n","protected":false},"excerpt":{"rendered":"<p>Durante 50 a\u00f1os, Sonoma Land Trust se ha asociado con las comunidades locales para proteger las tierras y aguas abiertas, naturales y de labor de una de las regiones m\u00e1s ricas en especies y bellas del mundo. Los fideicomisos de tierras fortalecen las comunidades protegiendo las tierras que proporcionan agua limpia, alimentos locales, h\u00e1bitats de [&hellip;]<\/p>\n","protected":false},"author":1,"featured_media":0,"parent":0,"menu_order":0,"comment_status":"closed","ping_status":"closed","template":"","meta":{"_acf_changed":false,"footnotes":""},"class_list":["post-6063","page","type-page","status-publish","hentry"],"acf":[],"yoast_head":"<!-- This site is optimized with the Yoast SEO plugin v27.3 - https:\/\/yoast.com\/product\/yoast-seo-wordpress\/ -->\n<title>Fondo de Tierras de Sonoma<\/title>\n<meta name=\"description\" content=\"Durante 50 a\u00f1os, Sonoma Land Trust se ha asociado con las comunidades para proteger las tierras y aguas del condado de Sonoma. Explora los eventos, haz donativos y participa.\" \/>\n<meta name=\"robots\" content=\"index, follow, max-snippet:-1, max-image-preview:large, max-video-preview:-1\" \/>\n<link rel=\"canonical\" href=\"https:\/\/sonomalandtrust.org\/es\/\" \/>\n<meta property=\"og:locale\" content=\"es_ES\" \/>\n<meta property=\"og:type\" content=\"article\" \/>\n<meta property=\"og:title\" content=\"Fondo de Tierras de Sonoma\" \/>\n<meta property=\"og:description\" content=\"Durante 50 a\u00f1os, Sonoma Land Trust se ha asociado con las comunidades para proteger las tierras y aguas del condado de Sonoma. Explora los eventos, haz donativos y participa.\" \/>\n<meta property=\"og:url\" content=\"https:\/\/sonomalandtrust.org\/es\/\" \/>\n<meta property=\"og:site_name\" content=\"Sonoma Land Trust\" \/>\n<meta property=\"article:publisher\" content=\"http:\/\/www.facebook.com\/Sonoma-Land-Trust\/\" \/>\n<meta property=\"article:modified_time\" content=\"2026-04-30T21:55:34+00:00\" \/>\n<meta name=\"twitter:card\" content=\"summary_large_image\" \/>\n<meta name=\"twitter:label1\" content=\"Est. reading time\" \/>\n\t<meta name=\"twitter:data1\" content=\"1 minuto\" \/>\n<script type=\"application\/ld+json\" class=\"yoast-schema-graph\">{\"@context\":\"https:\\\/\\\/schema.org\",\"@graph\":[{\"@type\":\"WebPage\",\"@id\":\"https:\\\/\\\/sonomalandtrust.org\\\/es\\\/\",\"url\":\"https:\\\/\\\/sonomalandtrust.org\\\/es\\\/\",\"name\":\"Fondo de Tierras de Sonoma\",\"isPartOf\":{\"@id\":\"https:\\\/\\\/slt-2026.eclipse-dev.com\\\/#website\"},\"datePublished\":\"2024-12-05T08:18:23+00:00\",\"dateModified\":\"2026-04-30T21:55:34+00:00\",\"description\":\"Durante 50 a\u00f1os, Sonoma Land Trust se ha asociado con las comunidades para proteger las tierras y aguas del condado de Sonoma. Explora los eventos, haz donativos y participa.\",\"breadcrumb\":{\"@id\":\"https:\\\/\\\/sonomalandtrust.org\\\/es\\\/#breadcrumb\"},\"inLanguage\":\"es\",\"potentialAction\":[{\"@type\":\"ReadAction\",\"target\":[\"https:\\\/\\\/sonomalandtrust.org\\\/es\\\/\"]}]},{\"@type\":\"BreadcrumbList\",\"@id\":\"https:\\\/\\\/sonomalandtrust.org\\\/es\\\/#breadcrumb\",\"itemListElement\":[{\"@type\":\"ListItem\",\"position\":1,\"name\":\"Home\",\"item\":\"https:\\\/\\\/sonomalandtrust.org\\\/es\\\/inicio\\\/\"},{\"@type\":\"ListItem\",\"position\":2,\"name\":\"Fondo de Tierras de Sonoma\"}]},{\"@type\":\"WebSite\",\"@id\":\"https:\\\/\\\/slt-2026.eclipse-dev.com\\\/#website\",\"url\":\"https:\\\/\\\/slt-2026.eclipse-dev.com\\\/\",\"name\":\"Sonoma Land Trust\",\"description\":\"\",\"publisher\":{\"@id\":\"https:\\\/\\\/slt-2026.eclipse-dev.com\\\/#organization\"},\"potentialAction\":[{\"@type\":\"SearchAction\",\"target\":{\"@type\":\"EntryPoint\",\"urlTemplate\":\"https:\\\/\\\/slt-2026.eclipse-dev.com\\\/?s={search_term_string}\"},\"query-input\":{\"@type\":\"PropertyValueSpecification\",\"valueRequired\":true,\"valueName\":\"search_term_string\"}}],\"inLanguage\":\"es\"},{\"@type\":\"Organization\",\"@id\":\"https:\\\/\\\/slt-2026.eclipse-dev.com\\\/#organization\",\"name\":\"Fondo de Tierras de Sonoma\",\"url\":\"https:\\\/\\\/slt-2026.eclipse-dev.com\\\/\",\"logo\":{\"@type\":\"ImageObject\",\"inLanguage\":\"es\",\"@id\":\"https:\\\/\\\/slt-2026.eclipse-dev.com\\\/#\\\/schema\\\/logo\\\/image\\\/\",\"url\":\"https:\\\/\\\/sonomalandtrust.org\\\/wp-content\\\/uploads\\\/2025\\\/10\\\/slt-logo.png\",\"contentUrl\":\"https:\\\/\\\/sonomalandtrust.org\\\/wp-content\\\/uploads\\\/2025\\\/10\\\/slt-logo.png\",\"width\":549,\"height\":333,\"caption\":\"Fondo de Tierras de Sonoma\"},\"image\":{\"@id\":\"https:\\\/\\\/slt-2026.eclipse-dev.com\\\/#\\\/schema\\\/logo\\\/image\\\/\"},\"sameAs\":[\"http:\\\/\\\/www.facebook.com\\\/Sonoma-Land-Trust\\\/\",\"https:\\\/\\\/www.instagram.com\\\/sonomalandtrust\\\/\",\"https:\\\/\\\/bsky.app\\\/profile\\\/sonomalandtrust.bsky.social\",\"https:\\\/\\\/www.youtube.com\\\/user\\\/SonomaLandTrust\\\/\",\"http:\\\/\\\/www.linkedin.com\\\/company\\\/1090048?trk=tyah\"]}]}<\/script>\n<!-- \/ Yoast SEO plugin. -->","yoast_head_json":{"title":"Fondo de Tierras de Sonoma","description":"Durante 50 a\u00f1os, Sonoma Land Trust se ha asociado con las comunidades para proteger las tierras y aguas del condado de Sonoma. Explora los eventos, haz donativos y participa.","robots":{"index":"index","follow":"follow","max-snippet":"max-snippet:-1","max-image-preview":"max-image-preview:large","max-video-preview":"max-video-preview:-1"},"canonical":"https:\/\/sonomalandtrust.org\/es\/","og_locale":"es_ES","og_type":"article","og_title":"Fondo de Tierras de Sonoma","og_description":"Durante 50 a\u00f1os, Sonoma Land Trust se ha asociado con las comunidades para proteger las tierras y aguas del condado de Sonoma. Explora los eventos, haz donativos y participa.","og_url":"https:\/\/sonomalandtrust.org\/es\/","og_site_name":"Sonoma Land Trust","article_publisher":"http:\/\/www.facebook.com\/Sonoma-Land-Trust\/","article_modified_time":"2026-04-30T21:55:34+00:00","twitter_card":"summary_large_image","twitter_misc":{"Est. reading time":"1 minuto"},"schema":{"@context":"https:\/\/schema.org","@graph":[{"@type":"WebPage","@id":"https:\/\/sonomalandtrust.org\/es\/","url":"https:\/\/sonomalandtrust.org\/es\/","name":"Fondo de Tierras de Sonoma","isPartOf":{"@id":"https:\/\/slt-2026.eclipse-dev.com\/#website"},"datePublished":"2024-12-05T08:18:23+00:00","dateModified":"2026-04-30T21:55:34+00:00","description":"Durante 50 a\u00f1os, Sonoma Land Trust se ha asociado con las comunidades para proteger las tierras y aguas del condado de Sonoma. Explora los eventos, haz donativos y participa.","breadcrumb":{"@id":"https:\/\/sonomalandtrust.org\/es\/#breadcrumb"},"inLanguage":"es","potentialAction":[{"@type":"ReadAction","target":["https:\/\/sonomalandtrust.org\/es\/"]}]},{"@type":"BreadcrumbList","@id":"https:\/\/sonomalandtrust.org\/es\/#breadcrumb","itemListElement":[{"@type":"ListItem","position":1,"name":"Home","item":"https:\/\/sonomalandtrust.org\/es\/inicio\/"},{"@type":"ListItem","position":2,"name":"Fondo de Tierras de Sonoma"}]},{"@type":"WebSite","@id":"https:\/\/slt-2026.eclipse-dev.com\/#website","url":"https:\/\/slt-2026.eclipse-dev.com\/","name":"Sonoma Land Trust","description":"","publisher":{"@id":"https:\/\/slt-2026.eclipse-dev.com\/#organization"},"potentialAction":[{"@type":"SearchAction","target":{"@type":"EntryPoint","urlTemplate":"https:\/\/slt-2026.eclipse-dev.com\/?s={search_term_string}"},"query-input":{"@type":"PropertyValueSpecification","valueRequired":true,"valueName":"search_term_string"}}],"inLanguage":"es"},{"@type":"Organization","@id":"https:\/\/slt-2026.eclipse-dev.com\/#organization","name":"Fondo de Tierras de Sonoma","url":"https:\/\/slt-2026.eclipse-dev.com\/","logo":{"@type":"ImageObject","inLanguage":"es","@id":"https:\/\/slt-2026.eclipse-dev.com\/#\/schema\/logo\/image\/","url":"https:\/\/sonomalandtrust.org\/wp-content\/uploads\/2025\/10\/slt-logo.png","contentUrl":"https:\/\/sonomalandtrust.org\/wp-content\/uploads\/2025\/10\/slt-logo.png","width":549,"height":333,"caption":"Fondo de Tierras de Sonoma"},"image":{"@id":"https:\/\/slt-2026.eclipse-dev.com\/#\/schema\/logo\/image\/"},"sameAs":["http:\/\/www.facebook.com\/Sonoma-Land-Trust\/","https:\/\/www.instagram.com\/sonomalandtrust\/","https:\/\/bsky.app\/profile\/sonomalandtrust.bsky.social","https:\/\/www.youtube.com\/user\/SonomaLandTrust\/","http:\/\/www.linkedin.com\/company\/1090048?trk=tyah"]}]}},"_links":{"self":[{"href":"https:\/\/sonomalandtrust.org\/es\/wp-json\/wp\/v2\/pages\/6063","targetHints":{"allow":["GET"]}}],"collection":[{"href":"https:\/\/sonomalandtrust.org\/es\/wp-json\/wp\/v2\/pages"}],"about":[{"href":"https:\/\/sonomalandtrust.org\/es\/wp-json\/wp\/v2\/types\/page"}],"author":[{"embeddable":true,"href":"https:\/\/sonomalandtrust.org\/es\/wp-json\/wp\/v2\/users\/1"}],"replies":[{"embeddable":true,"href":"https:\/\/sonomalandtrust.org\/es\/wp-json\/wp\/v2\/comments?post=6063"}],"version-history":[{"count":0,"href":"https:\/\/sonomalandtrust.org\/es\/wp-json\/wp\/v2\/pages\/6063\/revisions"}],"wp:attachment":[{"href":"https:\/\/sonomalandtrust.org\/es\/wp-json\/wp\/v2\/media?parent=6063"}],"curies":[{"name":"wp","href":"https:\/\/api.w.org\/{rel}","templated":true}]}}