{"id":13811,"date":"2025-12-16T08:03:45","date_gmt":"2025-12-16T16:03:45","guid":{"rendered":"https:\/\/sonomalandtrust.org\/contenido-dinamico-demo\/"},"modified":"2026-03-12T11:19:05","modified_gmt":"2026-03-12T18:19:05","slug":"contenido-dinamico-demo","status":"publish","type":"page","link":"https:\/\/sonomalandtrust.org\/es\/contenido-dinamico-demo\/","title":{"rendered":"Contenido din\u00e1mico &#8211; Demo"},"content":{"rendered":"\n<div class=\"wp-block-group alignfull default-page-header-group is-layout-constrained wp-block-group-is-layout-constrained\">\n<h1 class=\"wp-block-heading\">Bloques de contenido din\u00e1micos<\/h1>\n\n\n\n<p class=\"has-text-align-center header-intro-text has-green-color has-text-color has-link-color wp-elements-b0b44fc0bb7300c579a75096009bde66\">El sitio incluye una serie de tipos de post. Estas entradas se pueden arrastrar a componentes de otras p\u00e1ginas utilizando los componentes que se indican a continuaci\u00f3n. <\/p>\n<\/div>\n\n<div class=\"wp-block-group is-layout-constrained wp-block-group-is-layout-constrained\" style=\"margin-top:var(--wp--preset--spacing--50);margin-bottom:var(--wp--preset--spacing--50)\">\n<h2 class=\"wp-block-heading\">Entradas de blog destacadas<\/h2>\n\n\n\n<p>Selecciona las entradas individuales del blog que deseas mostrar.<\/p>\n\n\n<div class=\"featured-blog-posts\">\n<div class=\"teaser-outer\">\n<div class=\"teaser teaser--post teaser-grid\" id=\"post-5526\">\n\t<div class=\"teaser--featured_image\">\n\t\t<a href=\"https:\/\/sonomalandtrust.org\/?p=5526\" tabindex=\"-1\">\n\t\t\t<img decoding=\"async\" width=\"300\" height=\"200\" src=\"https:\/\/sonomalandtrust.org\/wp-content\/uploads\/2025\/09\/14-july_4993x.jpg\" class=\"attachment-large size-large wp-post-image\" alt=\"\" \/>\t\t\t<span class=\"sr-only\">\u00abThe Main Building\u00bb Plaque<\/span>\n      <div class=\"light-blue-torn-paper\"><\/div>\n\t\t<\/a>\n\t<\/div>\n\n\t<div class=\"post_content\">\n\t\t<div class=\"teaser--post-meta post-meta\">\n\t\t\t\t\t\t\t\t<p class=\"teaser--category\">Transformar la COSUDE<\/p>\n\t\t\t\t\t<span class=\"pipe\">&nbsp;|&nbsp;<\/span>\n\t\t\t\t\t\t\t\t<p class=\"post-date\">\n\t\t\t\tenero 1, 2015\t\t\t<\/p>\n\t\t<\/div>\n\t\t<p class=\"teaser--title\">\n\t\t\t<a href=\"https:\/\/sonomalandtrust.org\/?p=5526\">\u00abThe Main Building\u00bb Plaque<\/a>\n\t\t<\/p>\n\t\t<div class=\"teaser--excerpt\">\n\t\t\t\t\t\t\tJanuary 1, 2015: With the Sonoma Developmental Center added to the National Register of Historic Places\u00a0in the year 2001, it&#8230;\t\t<\/div>\n      <div class=\"light-blue-torn-paper\"><\/div>\n\n\t<\/div>\n<\/div>\n<\/div><div class=\"teaser-outer\">\n<div class=\"teaser teaser--post teaser-grid\" id=\"post-14113\">\n\t<div class=\"teaser--featured_image\">\n\t\t<a href=\"https:\/\/sonomalandtrust.org\/es\/blog\/noviembre-2024-enews\/\" tabindex=\"-1\">\n\t\t\t<img decoding=\"async\" width=\"1024\" height=\"683\" src=\"https:\/\/sonomalandtrust.org\/wp-content\/uploads\/2024\/11\/bennett-valley-conservation-easement-1024x683.jpg\" class=\"attachment-large size-large wp-post-image\" alt=\"Roble patrimonial arrancado ilegalmente en la Servidumbre de Conservaci\u00f3n de Drake\" srcset=\"https:\/\/sonomalandtrust.org\/wp-content\/uploads\/2024\/11\/bennett-valley-conservation-easement-1024x683.jpg 1024w, https:\/\/sonomalandtrust.org\/wp-content\/uploads\/2024\/11\/bennett-valley-conservation-easement-300x200.jpg 300w, https:\/\/sonomalandtrust.org\/wp-content\/uploads\/2024\/11\/bennett-valley-conservation-easement-768x512.jpg 768w, https:\/\/sonomalandtrust.org\/wp-content\/uploads\/2024\/11\/bennett-valley-conservation-easement-1536x1024.jpg 1536w, https:\/\/sonomalandtrust.org\/wp-content\/uploads\/2024\/11\/bennett-valley-conservation-easement.jpg 1800w\" sizes=\"(max-width: 1024px) 100vw, 1024px\" \/>\t\t\t<span class=\"sr-only\">Noviembre 2024 eNews<\/span>\n      <div class=\"light-blue-torn-paper\"><\/div>\n\t\t<\/a>\n\t<\/div>\n\n\t<div class=\"post_content\">\n\t\t<div class=\"teaser--post-meta post-meta\">\n\t\t\t\t\t\t\t\t<p class=\"teaser--category\">eNoticias<\/p>\n\t\t\t\t\t<span class=\"pipe\">&nbsp;|&nbsp;<\/span>\n\t\t\t\t\t\t\t\t<p class=\"post-date\">\n\t\t\t\tnoviembre 12, 2024\t\t\t<\/p>\n\t\t<\/div>\n\t\t<p class=\"teaser--title\">\n\t\t\t<a href=\"https:\/\/sonomalandtrust.org\/es\/blog\/noviembre-2024-enews\/\">Noviembre 2024 eNews<\/a>\n\t\t<\/p>\n\t\t<div class=\"teaser--excerpt\">\n\t\t\t\t\t\t\tCuando Jennifer Haas estaba estudiando la compra de una propiedad en Bennett Valley, nunca hab\u00eda o\u00eddo hablar de una servidumbre&#8230;\t\t<\/div>\n      <div class=\"light-blue-torn-paper\"><\/div>\n\n\t<\/div>\n<\/div>\n<\/div><div class=\"teaser-outer\">\n<div class=\"teaser teaser--post teaser-grid\" id=\"post-14113\">\n\t<div class=\"teaser--featured_image\">\n\t\t<a href=\"https:\/\/sonomalandtrust.org\/es\/blog\/noviembre-2024-enews\/\" tabindex=\"-1\">\n\t\t\t<img decoding=\"async\" width=\"1024\" height=\"683\" src=\"https:\/\/sonomalandtrust.org\/wp-content\/uploads\/2024\/11\/bennett-valley-conservation-easement-1024x683.jpg\" class=\"attachment-large size-large wp-post-image\" alt=\"Roble patrimonial arrancado ilegalmente en la Servidumbre de Conservaci\u00f3n de Drake\" srcset=\"https:\/\/sonomalandtrust.org\/wp-content\/uploads\/2024\/11\/bennett-valley-conservation-easement-1024x683.jpg 1024w, https:\/\/sonomalandtrust.org\/wp-content\/uploads\/2024\/11\/bennett-valley-conservation-easement-300x200.jpg 300w, https:\/\/sonomalandtrust.org\/wp-content\/uploads\/2024\/11\/bennett-valley-conservation-easement-768x512.jpg 768w, https:\/\/sonomalandtrust.org\/wp-content\/uploads\/2024\/11\/bennett-valley-conservation-easement-1536x1024.jpg 1536w, https:\/\/sonomalandtrust.org\/wp-content\/uploads\/2024\/11\/bennett-valley-conservation-easement.jpg 1800w\" sizes=\"(max-width: 1024px) 100vw, 1024px\" \/>\t\t\t<span class=\"sr-only\">Noviembre 2024 eNews<\/span>\n      <div class=\"light-blue-torn-paper\"><\/div>\n\t\t<\/a>\n\t<\/div>\n\n\t<div class=\"post_content\">\n\t\t<div class=\"teaser--post-meta post-meta\">\n\t\t\t\t\t\t\t\t<p class=\"teaser--category\">eNoticias<\/p>\n\t\t\t\t\t<span class=\"pipe\">&nbsp;|&nbsp;<\/span>\n\t\t\t\t\t\t\t\t<p class=\"post-date\">\n\t\t\t\tnoviembre 12, 2024\t\t\t<\/p>\n\t\t<\/div>\n\t\t<p class=\"teaser--title\">\n\t\t\t<a href=\"https:\/\/sonomalandtrust.org\/es\/blog\/noviembre-2024-enews\/\">Noviembre 2024 eNews<\/a>\n\t\t<\/p>\n\t\t<div class=\"teaser--excerpt\">\n\t\t\t\t\t\t\tCuando Jennifer Haas estaba estudiando la compra de una propiedad en Bennett Valley, nunca hab\u00eda o\u00eddo hablar de una servidumbre&#8230;\t\t<\/div>\n      <div class=\"light-blue-torn-paper\"><\/div>\n\n\t<\/div>\n<\/div>\n<\/div><div class=\"teaser-outer\">\n<div class=\"teaser teaser--post teaser-grid\" id=\"post-5526\">\n\t<div class=\"teaser--featured_image\">\n\t\t<a href=\"https:\/\/sonomalandtrust.org\/?p=5526\" tabindex=\"-1\">\n\t\t\t<img decoding=\"async\" width=\"300\" height=\"200\" src=\"https:\/\/sonomalandtrust.org\/wp-content\/uploads\/2025\/09\/14-july_4993x.jpg\" class=\"attachment-large size-large wp-post-image\" alt=\"\" \/>\t\t\t<span class=\"sr-only\">\u00abThe Main Building\u00bb Plaque<\/span>\n      <div class=\"light-blue-torn-paper\"><\/div>\n\t\t<\/a>\n\t<\/div>\n\n\t<div class=\"post_content\">\n\t\t<div class=\"teaser--post-meta post-meta\">\n\t\t\t\t\t\t\t\t<p class=\"teaser--category\">Transformar la COSUDE<\/p>\n\t\t\t\t\t<span class=\"pipe\">&nbsp;|&nbsp;<\/span>\n\t\t\t\t\t\t\t\t<p class=\"post-date\">\n\t\t\t\tenero 1, 2015\t\t\t<\/p>\n\t\t<\/div>\n\t\t<p class=\"teaser--title\">\n\t\t\t<a href=\"https:\/\/sonomalandtrust.org\/?p=5526\">\u00abThe Main Building\u00bb Plaque<\/a>\n\t\t<\/p>\n\t\t<div class=\"teaser--excerpt\">\n\t\t\t\t\t\t\tJanuary 1, 2015: With the Sonoma Developmental Center added to the National Register of Historic Places\u00a0in the year 2001, it&#8230;\t\t<\/div>\n      <div class=\"light-blue-torn-paper\"><\/div>\n\n\t<\/div>\n<\/div>\n<\/div><\/div><\/div>\n\n<div class=\"wp-block-group is-layout-constrained wp-block-group-is-layout-constrained\">\n<h2 class=\"wp-block-heading\">Noticias destacadas<\/h2>\n\n\n\n<p>Selecciona las noticias individuales que deseas mostrar.<\/p>\n\n\n<div class=\"featured-blog-posts featured-news-posts\">\n<div class=\"teaser-outer\">\n<div class=\"teaser teaser--news teaser-grid\" id=\"post-13472\">\n\t<div class=\"teaser--featured_image\">\n\t\t\t\t\t<a href=\"https:\/\/www.kron4.com\/news\/bay-area\/over-1500-acres-added-to-monte-rio-redwoods-regional-park\/\" target=\"_blank\" rel=\"noopener noreferrer\" tabindex=\"-1\">\n\t\t\t\t\t<img decoding=\"async\" width=\"1024\" height=\"684\" src=\"https:\/\/sonomalandtrust.org\/wp-content\/uploads\/2025\/09\/monte-rio-redwoods-grove-treetops-1024x684.jpg\" class=\"attachment-large size-large wp-post-image\" alt=\"\" srcset=\"https:\/\/sonomalandtrust.org\/wp-content\/uploads\/2025\/09\/monte-rio-redwoods-grove-treetops-1024x684.jpg 1024w, https:\/\/sonomalandtrust.org\/wp-content\/uploads\/2025\/09\/monte-rio-redwoods-grove-treetops-300x200.jpg 300w, https:\/\/sonomalandtrust.org\/wp-content\/uploads\/2025\/09\/monte-rio-redwoods-grove-treetops-768x513.jpg 768w, https:\/\/sonomalandtrust.org\/wp-content\/uploads\/2025\/09\/monte-rio-redwoods-grove-treetops-1536x1025.jpg 1536w, https:\/\/sonomalandtrust.org\/wp-content\/uploads\/2025\/09\/monte-rio-redwoods-grove-treetops-2048x1367.jpg 2048w\" sizes=\"(max-width: 1024px) 100vw, 1024px\" \/>\t\t\t<span class=\"sr-only\">M\u00e1s de 1.500 acres a\u00f1adidos al Parque Regional de las Secuoyas de Monte R\u00edo<\/span>\n      <!-- <div class=\"light-blue-torn-paper\"><\/div> -->\n\t\t<\/a>\n\t<\/div>\n\n\t<div class=\"post_content\">\n\t\t<p class=\"teaser--title\">\n\t\t\t\t\t\t\t<a href=\"https:\/\/www.kron4.com\/news\/bay-area\/over-1500-acres-added-to-monte-rio-redwoods-regional-park\/\" target=\"_blank\" rel=\"noopener noreferrer\">M\u00e1s de 1.500 acres a\u00f1adidos al Parque Regional de las Secuoyas de Monte R\u00edo<\/a>\n\t\t\t\t\t<\/p>\n\t\t<div class=\"teaser--post-meta post-meta\">\n\t\t\t\n\t\t\t\t\t\t\t\t<p class=\"teaser--category\">Medios de comunicaci\u00f3n<\/p>\n\t\t\t\t\t<span class=\"pipe\">&nbsp;|&nbsp;<\/span>\n\t\t\t\t\t\t\t\t<p class=\"post-date\">\n\t\t\t\tabril 30, 2026\t\t\t<\/p>\n\t\t<\/div>\n\t\t\t<div class=\"teaser--excerpt\">\n\t\t\t\t\t\t\tUn trozo hist\u00f3rico del bosque de secuoyas del condado de Sonoma est\u00e1 ahora abierto al p\u00fablico: m\u00e1s de 1.500 acres que en su d\u00eda pertenecieron a la Mendocino Redwood Company y se utilizaron para la producci\u00f3n de madera fueron adquiridos para su protecci\u00f3n permanente y a\u00f1adidos al Parque Regional de las Secuoyas de Monte R\u00edo.\t\t<\/div>\n      <!-- <div class=\"light-blue-torn-paper\"><\/div> -->\n\t<\/div>\n<\/div>\n<\/div><div class=\"teaser-outer\">\n<div class=\"teaser teaser--news teaser-grid\" id=\"post-11586\">\n\t<div class=\"teaser--featured_image\">\n\t\t\t\t\t<a href=\"https:\/\/www.birds.cornell.edu\/landtrust\/sonoma-land-trust-the-wildlands-conservancy\/\" target=\"_blank\" rel=\"noopener noreferrer\" tabindex=\"-1\">\n\t\t\t\t\t<img decoding=\"async\" width=\"1024\" height=\"683\" src=\"https:\/\/sonomalandtrust.org\/wp-content\/uploads\/2025\/05\/western-bluebird-1024x683.jpg\" class=\"attachment-large size-large wp-post-image\" alt=\"P\u00e1jaro azul posado en una roca\" srcset=\"https:\/\/sonomalandtrust.org\/wp-content\/uploads\/2025\/05\/western-bluebird-1024x683.jpg 1024w, https:\/\/sonomalandtrust.org\/wp-content\/uploads\/2025\/05\/western-bluebird-300x200.jpg 300w, https:\/\/sonomalandtrust.org\/wp-content\/uploads\/2025\/05\/western-bluebird-768x512.jpg 768w, https:\/\/sonomalandtrust.org\/wp-content\/uploads\/2025\/05\/western-bluebird-1536x1024.jpg 1536w, https:\/\/sonomalandtrust.org\/wp-content\/uploads\/2025\/05\/western-bluebird.jpg 1800w\" sizes=\"(max-width: 1024px) 100vw, 1024px\" \/>\t\t\t<span class=\"sr-only\">Un estudio revela que el fuego prescrito es bueno para las aves<\/span>\n      <!-- <div class=\"light-blue-torn-paper\"><\/div> -->\n\t\t<\/a>\n\t<\/div>\n\n\t<div class=\"post_content\">\n\t\t<p class=\"teaser--title\">\n\t\t\t\t\t\t\t<a href=\"https:\/\/www.birds.cornell.edu\/landtrust\/sonoma-land-trust-the-wildlands-conservancy\/\" target=\"_blank\" rel=\"noopener noreferrer\">Un estudio revela que el fuego prescrito es bueno para las aves<\/a>\n\t\t\t\t\t<\/p>\n\t\t<div class=\"teaser--post-meta post-meta\">\n\t\t\t\n\t\t\t\t\t\t\t\t<p class=\"teaser--category\">Medios de comunicaci\u00f3n<\/p>\n\t\t\t\t\t<span class=\"pipe\">&nbsp;|&nbsp;<\/span>\n\t\t\t\t\t\t\t\t<p class=\"post-date\">\n\t\t\t\tabril 30, 2026\t\t\t<\/p>\n\t\t<\/div>\n\t\t\t<div class=\"teaser--excerpt\">\n\t\t\t\t\t\t\tDescubre c\u00f3mo Sonoma Land Trust y The Wildlands Conservancy combinan ciencia, tradici\u00f3n y comunidad para restaurar los bosques, reducir el riesgo de incendios forestales y dejar que las aves tracen el camino hacia un condado de Sonoma m\u00e1s resistente.\t\t<\/div>\n      <!-- <div class=\"light-blue-torn-paper\"><\/div> -->\n\t<\/div>\n<\/div>\n<\/div><\/div><\/div>\n\n<div class=\"wp-block-group is-layout-constrained wp-block-group-is-layout-constrained\" style=\"margin-top:var(--wp--preset--spacing--50);margin-bottom:var(--wp--preset--spacing--50)\">\n<h2 class=\"wp-block-heading\">Faceted Teaser Block (Blog grid, filtros expuestos)<\/h2>\n\n\n\n<p>El siguiente bloque te permite extraer entradas de un feed y mostrarlas en una cuadr\u00edcula. Puedes elegir los tipos de entrada, la vista de cuadr\u00edcula o de lista (aqu\u00ed se muestra la cuadr\u00edcula), los elementos por fila, los resultados por p\u00e1gina, la ordenaci\u00f3n, la opci\u00f3n de mostrar filtros y b\u00fasqueda, y la opci\u00f3n de prefiltrar o excluir resultados. <\/p>\n\n\n\n\n\t<div class=\"faceted-teasers-block type-post  align wp-block-acf-faceted-teasers-block\">\n\n\n          <p class=\"filter-by\">Filtrar por<\/p>\n      <div class=\"filters\">\n                  \n            <div class=\"facetwp-facet facetwp-facet-categories facetwp-type-checkboxes\" data-name=\"categories\" data-type=\"checkboxes\"><\/div>                                    <div class=\"facetwp-facet facetwp-facet-search facetwp-type-search\" data-name=\"search\" data-type=\"search\"><\/div>                <div class=\"facetwp-selections\"><\/div>      <\/div>\n        <div class=\"facetwp-template\">\n      \n                  <div class=\"grid\">\n          \n                        <div class=\"g-col-12 g-col-md-6 g-col-lg-4\">\n              \n              \n<div class=\"teaser teaser--post teaser-grid\" id=\"post-14750\">\n\t<div class=\"teaser--featured_image\">\n\t\t<a href=\"https:\/\/sonomalandtrust.org\/es\/blog\/hay-un-lugar-para-todos-en-la-conservacion\/\" tabindex=\"-1\">\n\t\t\t<img decoding=\"async\" width=\"1024\" height=\"632\" src=\"https:\/\/sonomalandtrust.org\/wp-content\/uploads\/2026\/04\/volunteers-collect-data-for-land-conservation-1-1024x632.jpg\" class=\"attachment-large size-large wp-post-image\" alt=\"Voluntarios del Sonoma Land Trust recogiendo datos en un campo cubierto de hierba.\" srcset=\"https:\/\/sonomalandtrust.org\/wp-content\/uploads\/2026\/04\/volunteers-collect-data-for-land-conservation-1-1024x632.jpg 1024w, https:\/\/sonomalandtrust.org\/wp-content\/uploads\/2026\/04\/volunteers-collect-data-for-land-conservation-1-300x185.jpg 300w, https:\/\/sonomalandtrust.org\/wp-content\/uploads\/2026\/04\/volunteers-collect-data-for-land-conservation-1-768x474.jpg 768w, https:\/\/sonomalandtrust.org\/wp-content\/uploads\/2026\/04\/volunteers-collect-data-for-land-conservation-1-1536x948.jpg 1536w, https:\/\/sonomalandtrust.org\/wp-content\/uploads\/2026\/04\/volunteers-collect-data-for-land-conservation-1-2048x1264.jpg 2048w\" sizes=\"(max-width: 1024px) 100vw, 1024px\" \/>\t\t\t<span class=\"sr-only\">Hay un lugar para todos en la conservaci\u00f3n<\/span>\n      <div class=\"light-blue-torn-paper\"><\/div>\n\t\t<\/a>\n\t<\/div>\n\n\t<div class=\"post_content\">\n\t\t<div class=\"teaser--post-meta post-meta\">\n\t\t\t\t\t\t\t\t<p class=\"teaser--category\">Actualizaciones de la organizaci\u00f3n<\/p>\n\t\t\t\t\t<span class=\"pipe\">&nbsp;|&nbsp;<\/span>\n\t\t\t\t\t\t\t\t<p class=\"post-date\">\n\t\t\t\tabril 7, 2026\t\t\t<\/p>\n\t\t<\/div>\n\t\t<p class=\"teaser--title\">\n\t\t\t<a href=\"https:\/\/sonomalandtrust.org\/es\/blog\/hay-un-lugar-para-todos-en-la-conservacion\/\">Hay un lugar para todos en la conservaci\u00f3n<\/a>\n\t\t<\/p>\n\t\t<div class=\"teaser--excerpt\">\n\t\t\t\t\t\t\tDespu\u00e9s de que la pandemia de 2020 paralizara las actividades presenciales, Sonoma Land Trust se tom\u00f3 el tiempo necesario para reimaginar su programa de voluntariado. Ahora ha vuelto, transformado de d\u00edas de campo de talla \u00fanica a funciones espec\u00edficas configuradas en torno a las habilidades y experiencia de cada voluntario. Aqu\u00ed tienes tu invitaci\u00f3n oficial para unirte hoy mismo a la comunidad de voluntarios apasionados y con talento.  \t\t<\/div>\n      <div class=\"light-blue-torn-paper\"><\/div>\n\n\t<\/div>\n<\/div>\n                            <\/div>\n                                    <div class=\"g-col-12 g-col-md-6 g-col-lg-4\">\n              \n              \n<div class=\"teaser teaser--post teaser-grid\" id=\"post-14773\">\n\t<div class=\"teaser--featured_image\">\n\t\t<a href=\"https:\/\/sonomalandtrust.org\/es\/blog\/el-futuro-de-la-conservacion-empieza-aqui\/\" tabindex=\"-1\">\n\t\t\t<img decoding=\"async\" width=\"1024\" height=\"632\" src=\"https:\/\/sonomalandtrust.org\/wp-content\/uploads\/2026\/04\/conservation-council-students-install-wildlife-camera-1-1024x632.jpg\" class=\"attachment-large size-large wp-post-image\" alt=\"Miembros del Consejo de Conservaci\u00f3n fijan una c\u00e1mara de fauna salvaje a un \u00e1rbol.\" srcset=\"https:\/\/sonomalandtrust.org\/wp-content\/uploads\/2026\/04\/conservation-council-students-install-wildlife-camera-1-1024x632.jpg 1024w, https:\/\/sonomalandtrust.org\/wp-content\/uploads\/2026\/04\/conservation-council-students-install-wildlife-camera-1-300x185.jpg 300w, https:\/\/sonomalandtrust.org\/wp-content\/uploads\/2026\/04\/conservation-council-students-install-wildlife-camera-1-768x474.jpg 768w, https:\/\/sonomalandtrust.org\/wp-content\/uploads\/2026\/04\/conservation-council-students-install-wildlife-camera-1-1536x948.jpg 1536w, https:\/\/sonomalandtrust.org\/wp-content\/uploads\/2026\/04\/conservation-council-students-install-wildlife-camera-1-2048x1264.jpg 2048w\" sizes=\"(max-width: 1024px) 100vw, 1024px\" \/>\t\t\t<span class=\"sr-only\">El futuro de la conservaci\u00f3n empieza aqu\u00ed<\/span>\n      <div class=\"light-blue-torn-paper\"><\/div>\n\t\t<\/a>\n\t<\/div>\n\n\t<div class=\"post_content\">\n\t\t<div class=\"teaser--post-meta post-meta\">\n\t\t\t\t\t\t\t\t<p class=\"teaser--category\">eNoticias<\/p>\n\t\t\t\t\t<span class=\"pipe\">&nbsp;|&nbsp;<\/span>\n\t\t\t\t\t\t\t\t<p class=\"post-date\">\n\t\t\t\tabril 7, 2026\t\t\t<\/p>\n\t\t<\/div>\n\t\t<p class=\"teaser--title\">\n\t\t\t<a href=\"https:\/\/sonomalandtrust.org\/es\/blog\/el-futuro-de-la-conservacion-empieza-aqui\/\">El futuro de la conservaci\u00f3n empieza aqu\u00ed<\/a>\n\t\t<\/p>\n\t\t<div class=\"teaser--excerpt\">\n\t\t\t\t\t\t\tLa pr\u00f3xima generaci\u00f3n de conservacionistas es m\u00e1s diversa, m\u00e1s consciente del clima y m\u00e1s decidida a formar parte de la soluci\u00f3n. Los programas centrados en los adolescentes, como el Consejo de Conservaci\u00f3n, est\u00e1n ayudando a dotarles de las herramientas, el acceso y la confianza necesarios para liderar e imaginar un futuro m\u00e1s ecol\u00f3gico y equitativo. \t\t<\/div>\n      <div class=\"light-blue-torn-paper\"><\/div>\n\n\t<\/div>\n<\/div>\n                            <\/div>\n                                    <div class=\"g-col-12 g-col-md-6 g-col-lg-4\">\n              \n              \n<div class=\"teaser teaser--post teaser-grid\" id=\"post-14746\">\n\t<div class=\"teaser--featured_image\">\n\t\t<a href=\"https:\/\/sonomalandtrust.org\/es\/blog\/se-mantendrian-las-servidumbres-de-conservacion\/\" tabindex=\"-1\">\n\t\t\t<img decoding=\"async\" width=\"1024\" height=\"632\" src=\"https:\/\/sonomalandtrust.org\/wp-content\/uploads\/2026\/04\/heavy-machinery-the-drake-.property-1-1024x632.jpg\" class=\"attachment-large size-large wp-post-image\" alt=\"\u00c1rboles, campo cubierto de hierba y cielo azul con una excavadora.\" srcset=\"https:\/\/sonomalandtrust.org\/wp-content\/uploads\/2026\/04\/heavy-machinery-the-drake-.property-1-1024x632.jpg 1024w, https:\/\/sonomalandtrust.org\/wp-content\/uploads\/2026\/04\/heavy-machinery-the-drake-.property-1-300x185.jpg 300w, https:\/\/sonomalandtrust.org\/wp-content\/uploads\/2026\/04\/heavy-machinery-the-drake-.property-1-768x474.jpg 768w, https:\/\/sonomalandtrust.org\/wp-content\/uploads\/2026\/04\/heavy-machinery-the-drake-.property-1-1536x948.jpg 1536w, https:\/\/sonomalandtrust.org\/wp-content\/uploads\/2026\/04\/heavy-machinery-the-drake-.property-1-2048x1264.jpg 2048w\" sizes=\"(max-width: 1024px) 100vw, 1024px\" \/>\t\t\t<span class=\"sr-only\">\u00bfSe mantendr\u00edan las servidumbres de conservaci\u00f3n?<\/span>\n      <div class=\"light-blue-torn-paper\"><\/div>\n\t\t<\/a>\n\t<\/div>\n\n\t<div class=\"post_content\">\n\t\t<div class=\"teaser--post-meta post-meta\">\n\t\t\t\t\t\t\t\t<p class=\"teaser--category\">Corresponsabilidad<\/p>\n\t\t\t\t\t<span class=\"pipe\">&nbsp;|&nbsp;<\/span>\n\t\t\t\t\t\t\t\t<p class=\"post-date\">\n\t\t\t\tabril 6, 2026\t\t\t<\/p>\n\t\t<\/div>\n\t\t<p class=\"teaser--title\">\n\t\t\t<a href=\"https:\/\/sonomalandtrust.org\/es\/blog\/se-mantendrian-las-servidumbres-de-conservacion\/\">\u00bfSe mantendr\u00edan las servidumbres de conservaci\u00f3n?<\/a>\n\t\t<\/p>\n\t\t<div class=\"teaser--excerpt\">\n\t\t\t\t\t\t\t\u00bfQu\u00e9 ocurre cuando se infringen las condiciones de una servidumbre de conservaci\u00f3n, destinada a proteger permanentemente la tierra? En el Cap\u00edtulo 2 de la Historia del Valle de Sonoma, hay mucho en juego, ya que Sonoma Land Trust lucha por mantener las protecciones de una servidumbre, sentando un precedente legal y demostrando por qu\u00e9 las servidumbres de conservaci\u00f3n siguen siendo una de las herramientas m\u00e1s poderosas que tenemos para proteger la tierra. \t\t<\/div>\n      <div class=\"light-blue-torn-paper\"><\/div>\n\n\t<\/div>\n<\/div>\n                            <\/div>\n                                    <div class=\"g-col-12 g-col-md-6 g-col-lg-4\">\n              \n              \n<div class=\"teaser teaser--post teaser-grid\" id=\"post-14767\">\n\t<div class=\"teaser--featured_image\">\n\t\t<a href=\"https:\/\/sonomalandtrust.org\/es\/blog\/para-la-familia-hafner-la-conservacion-es-una-forma-de-vida\/\" tabindex=\"-1\">\n\t\t\t<img decoding=\"async\" width=\"1024\" height=\"632\" src=\"https:\/\/sonomalandtrust.org\/wp-content\/uploads\/2026\/04\/kate-bernal-hafner-and-mary-hafner-1-1024x632.jpg\" class=\"attachment-large size-large wp-post-image\" alt=\"Kate Bernal-Hafner y su abuela, Mary Hafner.\" srcset=\"https:\/\/sonomalandtrust.org\/wp-content\/uploads\/2026\/04\/kate-bernal-hafner-and-mary-hafner-1-1024x632.jpg 1024w, https:\/\/sonomalandtrust.org\/wp-content\/uploads\/2026\/04\/kate-bernal-hafner-and-mary-hafner-1-300x185.jpg 300w, https:\/\/sonomalandtrust.org\/wp-content\/uploads\/2026\/04\/kate-bernal-hafner-and-mary-hafner-1-768x474.jpg 768w, https:\/\/sonomalandtrust.org\/wp-content\/uploads\/2026\/04\/kate-bernal-hafner-and-mary-hafner-1-1536x948.jpg 1536w, https:\/\/sonomalandtrust.org\/wp-content\/uploads\/2026\/04\/kate-bernal-hafner-and-mary-hafner-1-2048x1264.jpg 2048w\" sizes=\"(max-width: 1024px) 100vw, 1024px\" \/>\t\t\t<span class=\"sr-only\">Para la familia Hafner, la conservaci\u00f3n es una forma de vida<\/span>\n      <div class=\"light-blue-torn-paper\"><\/div>\n\t\t<\/a>\n\t<\/div>\n\n\t<div class=\"post_content\">\n\t\t<div class=\"teaser--post-meta post-meta\">\n\t\t\t\t\t\t\t\t<p class=\"teaser--category\">eNoticias<\/p>\n\t\t\t\t\t<span class=\"pipe\">&nbsp;|&nbsp;<\/span>\n\t\t\t\t\t\t\t\t<p class=\"post-date\">\n\t\t\t\tabril 6, 2026\t\t\t<\/p>\n\t\t<\/div>\n\t\t<p class=\"teaser--title\">\n\t\t\t<a href=\"https:\/\/sonomalandtrust.org\/es\/blog\/para-la-familia-hafner-la-conservacion-es-una-forma-de-vida\/\">Para la familia Hafner, la conservaci\u00f3n es una forma de vida<\/a>\n\t\t<\/p>\n\t\t<div class=\"teaser--excerpt\">\n\t\t\t\t\t\t\t\u00bfC\u00f3mo son tres generaciones de conservacionistas? Conoce a Kate Bernal-Hafner, la tercera generaci\u00f3n de una familia del condado de Sonoma en la que la conexi\u00f3n con la naturaleza forma parte de la vida cotidiana. Su historia muestra c\u00f3mo la conservaci\u00f3n vive no s\u00f3lo en lugares protegidos, sino a trav\u00e9s de los valores transmitidos de una generaci\u00f3n a otra.  \t\t<\/div>\n      <div class=\"light-blue-torn-paper\"><\/div>\n\n\t<\/div>\n<\/div>\n                            <\/div>\n                                    <div class=\"g-col-12 g-col-md-6 g-col-lg-4\">\n              \n              \n<div class=\"teaser teaser--post teaser-grid\" id=\"post-14764\">\n\t<div class=\"teaser--featured_image\">\n\t\t<a href=\"https:\/\/sonomalandtrust.org\/es\/blog\/atracciones-naturales-que-explorar-ahora-mismo-2\/\" tabindex=\"-1\">\n\t\t\t<img decoding=\"async\" width=\"1024\" height=\"632\" src=\"https:\/\/sonomalandtrust.org\/wp-content\/uploads\/2026\/04\/tree-swallow-grant-coleman-sonoma-coast-1-1024x632.jpg\" class=\"attachment-large size-large wp-post-image\" alt=\"Fotos circulares de una golondrina arbor\u00edcola, Grant Coleman y la Costa de Sonoma.\" srcset=\"https:\/\/sonomalandtrust.org\/wp-content\/uploads\/2026\/04\/tree-swallow-grant-coleman-sonoma-coast-1-1024x632.jpg 1024w, https:\/\/sonomalandtrust.org\/wp-content\/uploads\/2026\/04\/tree-swallow-grant-coleman-sonoma-coast-1-300x185.jpg 300w, https:\/\/sonomalandtrust.org\/wp-content\/uploads\/2026\/04\/tree-swallow-grant-coleman-sonoma-coast-1-768x474.jpg 768w, https:\/\/sonomalandtrust.org\/wp-content\/uploads\/2026\/04\/tree-swallow-grant-coleman-sonoma-coast-1-1536x948.jpg 1536w, https:\/\/sonomalandtrust.org\/wp-content\/uploads\/2026\/04\/tree-swallow-grant-coleman-sonoma-coast-1-2048x1264.jpg 2048w\" sizes=\"(max-width: 1024px) 100vw, 1024px\" \/>\t\t\t<span class=\"sr-only\">Atracciones naturales: qu\u00e9 explorar ahora mismo<\/span>\n      <div class=\"light-blue-torn-paper\"><\/div>\n\t\t<\/a>\n\t<\/div>\n\n\t<div class=\"post_content\">\n\t\t<div class=\"teaser--post-meta post-meta\">\n\t\t\t\t\t\t\t\t<p class=\"teaser--category\">eNoticias<\/p>\n\t\t\t\t\t<span class=\"pipe\">&nbsp;|&nbsp;<\/span>\n\t\t\t\t\t\t\t\t<p class=\"post-date\">\n\t\t\t\tabril 6, 2026\t\t\t<\/p>\n\t\t<\/div>\n\t\t<p class=\"teaser--title\">\n\t\t\t<a href=\"https:\/\/sonomalandtrust.org\/es\/blog\/atracciones-naturales-que-explorar-ahora-mismo-2\/\">Atracciones naturales: qu\u00e9 explorar ahora mismo<\/a>\n\t\t<\/p>\n\t\t<div class=\"teaser--excerpt\">\n\t\t\t\t\t\t\tDesde senderismo costero, ciclismo y rutas ecuestres hasta d\u00f3nde encontrar aves migratorias y nidificantes, escucha a Grant Coleman hablar de sus formas favoritas de disfrutar del comienzo de la primavera en el condado de Sonoma.  \t\t<\/div>\n      <div class=\"light-blue-torn-paper\"><\/div>\n\n\t<\/div>\n<\/div>\n                            <\/div>\n                                    <div class=\"g-col-12 g-col-md-6 g-col-lg-4\">\n              \n              \n<div class=\"teaser teaser--post teaser-grid\" id=\"post-14771\">\n\t<div class=\"teaser--featured_image\">\n\t\t<a href=\"https:\/\/sonomalandtrust.org\/es\/blog\/un-fondo-de-tierras-crece-en-el-valle-de-sonoma\/\" tabindex=\"-1\">\n\t\t\t<img decoding=\"async\" width=\"1024\" height=\"683\" src=\"https:\/\/sonomalandtrust.org\/wp-content\/uploads\/2026\/03\/oak-hill-farm-1970s-1024x683.jpg\" class=\"attachment-large size-large wp-post-image\" alt=\"Granja Oak Hill en la d\u00e9cada de 1970.\" srcset=\"https:\/\/sonomalandtrust.org\/wp-content\/uploads\/2026\/03\/oak-hill-farm-1970s-1024x683.jpg 1024w, https:\/\/sonomalandtrust.org\/wp-content\/uploads\/2026\/03\/oak-hill-farm-1970s-300x200.jpg 300w, https:\/\/sonomalandtrust.org\/wp-content\/uploads\/2026\/03\/oak-hill-farm-1970s-768x512.jpg 768w, https:\/\/sonomalandtrust.org\/wp-content\/uploads\/2026\/03\/oak-hill-farm-1970s-1536x1024.jpg 1536w, https:\/\/sonomalandtrust.org\/wp-content\/uploads\/2026\/03\/oak-hill-farm-1970s.jpg 1800w\" sizes=\"(max-width: 1024px) 100vw, 1024px\" \/>\t\t\t<span class=\"sr-only\">Un fondo de tierras crece en el Valle de Sonoma<\/span>\n      <div class=\"light-blue-torn-paper\"><\/div>\n\t\t<\/a>\n\t<\/div>\n\n\t<div class=\"post_content\">\n\t\t<div class=\"teaser--post-meta post-meta\">\n\t\t\t\t\t\t\t\t<p class=\"teaser--category\">Corresponsabilidad<\/p>\n\t\t\t\t\t<span class=\"pipe\">&nbsp;|&nbsp;<\/span>\n\t\t\t\t\t\t\t\t<p class=\"post-date\">\n\t\t\t\tmarzo 16, 2026\t\t\t<\/p>\n\t\t<\/div>\n\t\t<p class=\"teaser--title\">\n\t\t\t<a href=\"https:\/\/sonomalandtrust.org\/es\/blog\/un-fondo-de-tierras-crece-en-el-valle-de-sonoma\/\">Un fondo de tierras crece en el Valle de Sonoma<\/a>\n\t\t<\/p>\n\t\t<div class=\"teaser--excerpt\">\n\t\t\t\t\t\t\tA principios de la d\u00e9cada de 1970, un grupo de residentes del valle de Sonoma empez\u00f3 a darse cuenta de que los paisajes que amaban pod\u00edan desaparecer en el transcurso de sus vidas. Ante el aumento de las presiones urban\u00edsticas y la escasez de herramientas disponibles para proteger la tierra de forma permanente, se propusieron crear algo nuevo: un fideicomiso de tierras basado en la comunidad. Lo que sigui\u00f3 cambiar\u00eda el futuro de la conservaci\u00f3n.  \t\t<\/div>\n      <div class=\"light-blue-torn-paper\"><\/div>\n\n\t<\/div>\n<\/div>\n                            <\/div>\n                                <\/div>\n      \n    <\/div>\n          <div class=\"facetwp-facet facetwp-facet-pager_ facetwp-type-pager\" data-name=\"pager_\" data-type=\"pager\"><\/div>            <\/div>\n\n    <\/div>\n\n<div class=\"wp-block-group is-layout-constrained wp-block-group-is-layout-constrained\" style=\"margin-top:var(--wp--preset--spacing--50);margin-bottom:var(--wp--preset--spacing--50)\">\n<h2 class=\"wp-block-heading\">Bloque Teaser Facetado (Lista de noticias, sin filtros)<\/h2>\n\n\n\n<p>El siguiente bloque te permite extraer entradas de un feed y mostrarlas en una cuadr\u00edcula. Puedes elegir los tipos de entrada, la vista de cuadr\u00edcula o de lista (aqu\u00ed se muestra la cuadr\u00edcula), los elementos por fila, los resultados por p\u00e1gina, la ordenaci\u00f3n, la opci\u00f3n de mostrar filtros y b\u00fasqueda, y la opci\u00f3n de prefiltrar o excluir resultados. <\/p>\n\n\n\n\n\t<div class=\"faceted-teasers-block type-news  align wp-block-acf-faceted-teasers-block\">\n\n\n        <div class=\"facetwp-template\">\n      \n        \n          \n              \n\n<div class=\"teaser teaser-list teaser--news \" id=\"post-14315\">\n\t<div class=\"post_content\">\n\t\t<p class=\"post-date\">\n\t\t\tabril 30, 2026\t\t<\/p>\n\t\t<p class=\"h3 teaser--title\">\n\t\t\t\t\t\t\t\t<a href=\"https:\/\/sonomalandtrust.org\/es\/news\/avances-en-nuestros-esfuerzos-para-alcanzar-los-objetivos-30x30\/\">\n\t\t\t\t\t\t\t\t\t\tAvances en nuestros esfuerzos para alcanzar los objetivos 30&#215;30\t\t\t\t<\/a>\n\t\t<\/p>\n\t\t\t\t\n\t<\/div>\n\t<div class=\"teaser--featured_image\">\n\t\t\t\t\t\t<a href=\"https:\/\/sonomalandtrust.org\/es\/news\/avances-en-nuestros-esfuerzos-para-alcanzar-los-objetivos-30x30\/\" tabindex=\"-1\">\n\t\t\t\t\t\t\t\t\t\t\t\t\t<img decoding=\"async\" src=\"https:\/\/sonomalandtrust.org\/wp-content\/themes\/ems-base\/assets\/images\/slt-default-teaser-image.jpg\"\n\t\t\t\t\t\talt=\"Sonoma Land Trust Logo\">\n\t\t\t\t\t\t\t\t<span class=\"sr-only\">Avances en nuestros esfuerzos para alcanzar los objetivos 30&#215;30<\/span>\n\t\t\t<\/a>\n\t<\/div>\n<\/div>                        \n              \n\n<div class=\"teaser teaser-list teaser--news \" id=\"post-13478\">\n\t<div class=\"post_content\">\n\t\t<p class=\"post-date\">\n\t\t\tabril 30, 2026\t\t<\/p>\n\t\t<p class=\"h3 teaser--title\">\n\t\t\t\t\t\t\t\t<a href=\"https:\/\/sonomalandtrust.org\/es\/news\/bono-climatico-prop-4\/\">\n\t\t\t\t\t\t\t\t\t\tMejora del puente de Tolay para la subida del nivel del mar\t\t\t\t<\/a>\n\t\t<\/p>\n\t\t\t\t\n\t<\/div>\n\t<div class=\"teaser--featured_image\">\n\t\t\t\t\t\t<a href=\"https:\/\/sonomalandtrust.org\/es\/news\/bono-climatico-prop-4\/\" tabindex=\"-1\">\n\t\t\t\t\t\t\t\t<img decoding=\"async\" width=\"1024\" height=\"906\" src=\"https:\/\/sonomalandtrust.org\/wp-content\/uploads\/2026\/01\/aerial-hwy-37-sonoma-baylands-1024x906.jpg\" class=\"attachment-large size-large wp-post-image\" alt=\"Imagen a\u00e9rea de la inundaci\u00f3n de la carretera 37 en Sonoma\" srcset=\"https:\/\/sonomalandtrust.org\/wp-content\/uploads\/2026\/01\/aerial-hwy-37-sonoma-baylands-1024x906.jpg 1024w, https:\/\/sonomalandtrust.org\/wp-content\/uploads\/2026\/01\/aerial-hwy-37-sonoma-baylands-300x266.jpg 300w, https:\/\/sonomalandtrust.org\/wp-content\/uploads\/2026\/01\/aerial-hwy-37-sonoma-baylands-768x680.jpg 768w, https:\/\/sonomalandtrust.org\/wp-content\/uploads\/2026\/01\/aerial-hwy-37-sonoma-baylands-1536x1359.jpg 1536w, https:\/\/sonomalandtrust.org\/wp-content\/uploads\/2026\/01\/aerial-hwy-37-sonoma-baylands.jpg 1618w\" sizes=\"(max-width: 1024px) 100vw, 1024px\" \/>\t\t\t\t<span class=\"sr-only\">Mejora del puente de Tolay para la subida del nivel del mar<\/span>\n\t\t\t<\/a>\n\t<\/div>\n<\/div>                        \n              \n\n<div class=\"teaser teaser-list teaser--news \" id=\"post-13474\">\n\t<div class=\"post_content\">\n\t\t<p class=\"post-date\">\n\t\t\tabril 30, 2026\t\t<\/p>\n\t\t<p class=\"h3 teaser--title\">\n\t\t\t\t\t\t\t\t<a href=\"https:\/\/sonomalandtrust.org\/es\/news\/una-fuerza-para-la-naturaleza-los-fundadores-de-la-via-verde-del-sureste-de-santa-rosa-hablan-de-su-mision\/\">\n\t\t\t\t\t\t\t\t\t\tUna Fuerza para la Naturaleza: Los fundadores de la V\u00eda Verde del Sureste de Santa Rosa hablan de su misi\u00f3n\t\t\t\t<\/a>\n\t\t<\/p>\n\t\t\t\t\t\t\t<div class=\"teaser--post-meta post-meta\">\n\t\t\t\t<span class=\"badge comunicado-de-prensa teaser--category\">Comunicado de prensa<\/span>\n\t\t\t<\/div>\n\t\t\t\t\n\t<\/div>\n\t<div class=\"teaser--featured_image\">\n\t\t\t\t\t\t<a href=\"https:\/\/sonomalandtrust.org\/es\/news\/una-fuerza-para-la-naturaleza-los-fundadores-de-la-via-verde-del-sureste-de-santa-rosa-hablan-de-su-mision\/\" tabindex=\"-1\">\n\t\t\t\t\t\t\t\t<img decoding=\"async\" width=\"1024\" height=\"683\" src=\"https:\/\/sonomalandtrust.org\/wp-content\/uploads\/2024\/06\/linda-proulx-thea-hensel-1024x683.jpg\" class=\"attachment-large size-large wp-post-image\" alt=\"Thea Hensel y Linda Proulx, fundadoras de la V\u00eda Verde del Sureste de Santa Rosa\" srcset=\"https:\/\/sonomalandtrust.org\/wp-content\/uploads\/2024\/06\/linda-proulx-thea-hensel-1024x683.jpg 1024w, https:\/\/sonomalandtrust.org\/wp-content\/uploads\/2024\/06\/linda-proulx-thea-hensel-300x200.jpg 300w, https:\/\/sonomalandtrust.org\/wp-content\/uploads\/2024\/06\/linda-proulx-thea-hensel-768x512.jpg 768w, https:\/\/sonomalandtrust.org\/wp-content\/uploads\/2024\/06\/linda-proulx-thea-hensel-1536x1024.jpg 1536w, https:\/\/sonomalandtrust.org\/wp-content\/uploads\/2024\/06\/linda-proulx-thea-hensel.jpg 1800w\" sizes=\"(max-width: 1024px) 100vw, 1024px\" \/>\t\t\t\t<span class=\"sr-only\">Una Fuerza para la Naturaleza: Los fundadores de la V\u00eda Verde del Sureste de Santa Rosa hablan de su misi\u00f3n<\/span>\n\t\t\t<\/a>\n\t<\/div>\n<\/div>                        \n              \n\n<div class=\"teaser teaser-list teaser--news \" id=\"post-11457\">\n\t<div class=\"post_content\">\n\t\t<p class=\"post-date\">\n\t\t\tnoviembre 10, 2025\t\t<\/p>\n\t\t<p class=\"h3 teaser--title\">\n\t\t\t\t\t\t\t\t<a href=\"https:\/\/sonomalandtrust.org\/es\/news\/grandes-noticias-en-graton\/\">\n\t\t\t\t\t\t\t\t\t\tGrandes noticias en Graton-Un plan para un nuevo parque\t\t\t\t<\/a>\n\t\t<\/p>\n\t\t\t\t\t\t\t<div class=\"teaser--post-meta post-meta\">\n\t\t\t\t<span class=\"badge comunicado-de-prensa teaser--category\">Comunicado de prensa<\/span>\n\t\t\t<\/div>\n\t\t\t\t\n\t<\/div>\n\t<div class=\"teaser--featured_image\">\n\t\t\t\t\t\t<a href=\"https:\/\/sonomalandtrust.org\/es\/news\/grandes-noticias-en-graton\/\" tabindex=\"-1\">\n\t\t\t\t\t\t\t\t<img decoding=\"async\" width=\"1024\" height=\"592\" src=\"https:\/\/sonomalandtrust.org\/wp-content\/uploads\/2025\/11\/graton-town-square-sonoma-county-1024x592.jpg\" class=\"attachment-large size-large wp-post-image\" alt=\"Plaza del pueblo de Graton\" srcset=\"https:\/\/sonomalandtrust.org\/wp-content\/uploads\/2025\/11\/graton-town-square-sonoma-county-1024x592.jpg 1024w, https:\/\/sonomalandtrust.org\/wp-content\/uploads\/2025\/11\/graton-town-square-sonoma-county-300x174.jpg 300w, https:\/\/sonomalandtrust.org\/wp-content\/uploads\/2025\/11\/graton-town-square-sonoma-county-768x444.jpg 768w, https:\/\/sonomalandtrust.org\/wp-content\/uploads\/2025\/11\/graton-town-square-sonoma-county-1536x888.jpg 1536w, https:\/\/sonomalandtrust.org\/wp-content\/uploads\/2025\/11\/graton-town-square-sonoma-county.jpg 1556w\" sizes=\"(max-width: 1024px) 100vw, 1024px\" \/>\t\t\t\t<span class=\"sr-only\">Grandes noticias en Graton-Un plan para un nuevo parque<\/span>\n\t\t\t<\/a>\n\t<\/div>\n<\/div>                        \n              \n\n<div class=\"teaser teaser-list teaser--news \" id=\"post-13472\">\n\t<div class=\"post_content\">\n\t\t<p class=\"post-date\">\n\t\t\tabril 30, 2026\t\t<\/p>\n\t\t<p class=\"h3 teaser--title\">\n\t\t\t\t\t\t\t<a href=\"https:\/\/www.kron4.com\/news\/bay-area\/over-1500-acres-added-to-monte-rio-redwoods-regional-park\/\" target=\"_blank\" rel=\"noopener noreferrer\">\n\t\t\t\t\t\t\t\t\tM\u00e1s de 1.500 acres a\u00f1adidos al Parque Regional de las Secuoyas de Monte R\u00edo\t\t\t\t<\/a>\n\t\t<\/p>\n\t\t\t\t\t\t\t<div class=\"teaser--post-meta post-meta\">\n\t\t\t\t<span class=\"badge medios-de-comunicacion teaser--category\">Medios de comunicaci\u00f3n<\/span>\n\t\t\t<\/div>\n\t\t\t\t\n\t<\/div>\n\t<div class=\"teaser--featured_image\">\n\t\t\t\t\t<a href=\"https:\/\/www.kron4.com\/news\/bay-area\/over-1500-acres-added-to-monte-rio-redwoods-regional-park\/\" target=\"_blank\" rel=\"noopener noreferrer\" tabindex=\"-1\">\n\t\t\t\t\t\t\t<img decoding=\"async\" width=\"1024\" height=\"684\" src=\"https:\/\/sonomalandtrust.org\/wp-content\/uploads\/2025\/09\/monte-rio-redwoods-grove-treetops-1024x684.jpg\" class=\"attachment-large size-large wp-post-image\" alt=\"\" srcset=\"https:\/\/sonomalandtrust.org\/wp-content\/uploads\/2025\/09\/monte-rio-redwoods-grove-treetops-1024x684.jpg 1024w, https:\/\/sonomalandtrust.org\/wp-content\/uploads\/2025\/09\/monte-rio-redwoods-grove-treetops-300x200.jpg 300w, https:\/\/sonomalandtrust.org\/wp-content\/uploads\/2025\/09\/monte-rio-redwoods-grove-treetops-768x513.jpg 768w, https:\/\/sonomalandtrust.org\/wp-content\/uploads\/2025\/09\/monte-rio-redwoods-grove-treetops-1536x1025.jpg 1536w, https:\/\/sonomalandtrust.org\/wp-content\/uploads\/2025\/09\/monte-rio-redwoods-grove-treetops-2048x1367.jpg 2048w\" sizes=\"(max-width: 1024px) 100vw, 1024px\" \/>\t\t\t\t<span class=\"sr-only\">M\u00e1s de 1.500 acres a\u00f1adidos al Parque Regional de las Secuoyas de Monte R\u00edo<\/span>\n\t\t\t<\/a>\n\t<\/div>\n<\/div>                        \n              \n\n<div class=\"teaser teaser-list teaser--news \" id=\"post-11586\">\n\t<div class=\"post_content\">\n\t\t<p class=\"post-date\">\n\t\t\tabril 30, 2026\t\t<\/p>\n\t\t<p class=\"h3 teaser--title\">\n\t\t\t\t\t\t\t<a href=\"https:\/\/www.birds.cornell.edu\/landtrust\/sonoma-land-trust-the-wildlands-conservancy\/\" target=\"_blank\" rel=\"noopener noreferrer\">\n\t\t\t\t\t\t\t\t\tUn estudio revela que el fuego prescrito es bueno para las aves\t\t\t\t<\/a>\n\t\t<\/p>\n\t\t\t\t\t\t\t<div class=\"teaser--post-meta post-meta\">\n\t\t\t\t<span class=\"badge medios-de-comunicacion teaser--category\">Medios de comunicaci\u00f3n<\/span>\n\t\t\t<\/div>\n\t\t\t\t\n\t<\/div>\n\t<div class=\"teaser--featured_image\">\n\t\t\t\t\t<a href=\"https:\/\/www.birds.cornell.edu\/landtrust\/sonoma-land-trust-the-wildlands-conservancy\/\" target=\"_blank\" rel=\"noopener noreferrer\" tabindex=\"-1\">\n\t\t\t\t\t\t\t<img decoding=\"async\" width=\"1024\" height=\"683\" src=\"https:\/\/sonomalandtrust.org\/wp-content\/uploads\/2025\/05\/western-bluebird-1024x683.jpg\" class=\"attachment-large size-large wp-post-image\" alt=\"P\u00e1jaro azul posado en una roca\" srcset=\"https:\/\/sonomalandtrust.org\/wp-content\/uploads\/2025\/05\/western-bluebird-1024x683.jpg 1024w, https:\/\/sonomalandtrust.org\/wp-content\/uploads\/2025\/05\/western-bluebird-300x200.jpg 300w, https:\/\/sonomalandtrust.org\/wp-content\/uploads\/2025\/05\/western-bluebird-768x512.jpg 768w, https:\/\/sonomalandtrust.org\/wp-content\/uploads\/2025\/05\/western-bluebird-1536x1024.jpg 1536w, https:\/\/sonomalandtrust.org\/wp-content\/uploads\/2025\/05\/western-bluebird.jpg 1800w\" sizes=\"(max-width: 1024px) 100vw, 1024px\" \/>\t\t\t\t<span class=\"sr-only\">Un estudio revela que el fuego prescrito es bueno para las aves<\/span>\n\t\t\t<\/a>\n\t<\/div>\n<\/div>                        \n    <\/div>\n            <\/div>\n\n    <\/div>\n\n<div class=\"wp-block-group is-layout-constrained wp-block-group-is-layout-constrained\">\n<h2 class=\"wp-block-heading\">Bloque de Equipo Facetado<\/h2>\n\n\n\n  <div class=\"faceted-team-block team-grid align wp-block-acf-faceted-team\">\n  \n          <p class=\"filter-by\">Filtrar por<\/p>\n      <div class=\"filters team-filters\">\n                  <div class=\"facetwp-facet facetwp-facet-people_search facetwp-type-search\" data-name=\"people_search\" data-type=\"search\"><\/div>                          <div class=\"facetwp-facet facetwp-facet-people_sort facetwp-type-sort\" data-name=\"people_sort\" data-type=\"sort\"><\/div>                <button class=\"facetwp-reset\" onclick=\"FWP.reset()\">Restablece<\/button>\n      <\/div>\n    \n    <div class=\"facetwp-template\">\n                        <a class=\"staff-teaser team-member-teaser department-executive-team\" tabindex=\"0\" role=\"button\" type=\"button\" data-bs-toggle=\"modal\" data-team-show-image=\"true\" data-team-img-url=\"\" data-team-name=\"Eamon O&#8217;Byrne\" data-team-title=\"Director Ejecutivo\" data-team-phone=\"\" data-team-email=\"\" data-team-pronouns=\"\u00c9l\/ella\" data-team-bio=\"&lt;p&gt;Natural de Dubl\u00edn (Irlanda), Eamon es licenciado con honores en Ingl\u00e9s e Historia por el University College de Dubl\u00edn. Antes de incorporarse al Sonoma Land Trust, Eamon fue director del Programa de las Islas de California de The Nature Conservancy. Dirigi\u00f3 un equipo multidisciplinar de cient\u00edficos, profesionales de la conservaci\u00f3n y socios centrados en la restauraci\u00f3n ecol\u00f3gica y la recuperaci\u00f3n de la Reserva de la Isla Santa Cruz de TNC. La carrera sin \u00e1nimo de lucro de Eamon comenz\u00f3 en 2000 en la Asociaci\u00f3n del Parque Nacional Mar\u00edtimo de San Francisco, primero como director del programa educativo y luego como director ejecutivo. Eamon es un \u00e1vido navegante y est\u00e1 casado con Stephanie Linder, Directora Ejecutiva de los Jardines del Golden Gate.    &lt;\/p&gt;\n\" data-team-linkedin-url=\"https:\/\/www.linkedin.com\/in\/eamon-o-byrne-61188017\/\" data-bs-target=\"#teamModal\">\n            <!-- <div class=\"department-tag\"><\/div> -->\n            <div class=\"team-member-lower\">\n              <div class=\"left\">\n                <p class=\"team-member-name\">Eamon O&#8217;Byrne<\/p>\n                                  <p class=\"team-member-title\">Director Ejecutivo<\/p>\n                                                  <p class=\"team-member-pronouns\">\u00c9l\/ella<\/p>\n                              <\/div>\n              <div class=\"right\">\n                <span class=\"plus-button\"><\/span>\n              <\/div>\n            <\/div>\n          <\/a>\n                  <a class=\"staff-teaser team-member-teaser department-executive-team\" tabindex=\"0\" role=\"button\" type=\"button\" data-bs-toggle=\"modal\" data-team-show-image=\"true\" data-team-img-url=\"\" data-team-name=\"Merrill Hallett\" data-team-title=\"Jefe de Gabinete\" data-team-phone=\"(707) 526-6930 x 838\" data-team-email=\"bWVycmlsbEBzb25vbWFsYW5kdHJ1c3Qub3Jn\" data-team-pronouns=\"Ella\/El\" data-team-bio=\"&lt;p&gt;Merrill llega a su puesto de Jefa de Personal con una amplia experiencia en funciones de liderazgo en operaciones, recaudaci\u00f3n de fondos y desarrollo de asociaciones. Comenz\u00f3 su formaci\u00f3n de liderazgo en la \u00aboficina al aire libre\u00bb como aventurera, empacadora de caballos y adiestradora de perros de trineo, y luego pas\u00f3 al sector no lucrativo para promover soluciones clim\u00e1ticas y de conservaci\u00f3n. Ha formado parte de numerosos consejos sin \u00e1nimo de lucro y destaca en la creaci\u00f3n de equipos y sistemas. Merrill posee un Certificado en Liderazgo Ejecutivo de la Escuela de Negocios de Stanford, un M\u00e1ster en Gesti\u00f3n Medioambiental de la Universidad del Oeste de Colorado y una Licenciatura en Antropolog\u00eda de la Universidad de Colorado, Boulder, y m\u00e1s recientemente ha recibido un Certificado en Resoluci\u00f3n de Conflictos de Cornell. Adem\u00e1s del condado de Sonoma, Merrill tiene ra\u00edces en las estribaciones de la Sierra, las Monta\u00f1as Rocosas del Norte y el Canal Norte del lago Hur\u00f3n. Vive en Santa Rosa con su marido, su hijo y dos perros muy buenos.     &lt;\/p&gt;\n\" data-team-linkedin-url=\"\" data-bs-target=\"#teamModal\">\n            <!-- <div class=\"department-tag\"><\/div> -->\n            <div class=\"team-member-lower\">\n              <div class=\"left\">\n                <p class=\"team-member-name\">Merrill Hallett<\/p>\n                                  <p class=\"team-member-title\">Jefe de Gabinete<\/p>\n                                                  <p class=\"team-member-pronouns\">Ella\/El<\/p>\n                              <\/div>\n              <div class=\"right\">\n                <span class=\"plus-button\"><\/span>\n              <\/div>\n            <\/div>\n          <\/a>\n                  <a class=\"staff-teaser team-member-teaser department-executive-team\" tabindex=\"0\" role=\"button\" type=\"button\" data-bs-toggle=\"modal\" data-team-show-image=\"true\" data-team-img-url=\"\" data-team-name=\"Alison Rodrigues\" data-team-title=\"Administrador Ejecutivo\" data-team-phone=\"(707) 526-6930 x 863\" data-team-email=\"YWxpc29uQHNvbm9tYWxhbmR0cnVzdC5vcmc=\" data-team-pronouns=\"Ella\/El\" data-team-bio=\"&lt;p&gt;Alison aporta m\u00e1s de 15 a\u00f1os de experiencia en liderazgo administrativo, operaciones y coordinaci\u00f3n de juntas directivas en organizaciones impulsadas por una misi\u00f3n. Al crecer en el \u00c1rea de la Bah\u00eda y vivir en Maine, Carolina del Norte, Katmand\u00fa (Nepal), Hawai, Ohio y Hastings (Reino Unido), Alison desarroll\u00f3 un aprecio por los diversos paisajes, las plantas aut\u00f3ctonas y la vida salvaje, as\u00ed como por la belleza natural. Esa conexi\u00f3n la llev\u00f3 a cursar estudios de ciencias biol\u00f3gicas y medioambientales, as\u00ed como un m\u00e1ster en gesti\u00f3n medioambiental. Tambi\u00e9n fund\u00f3 el club medioambiental de su instituto. Alison se une a Sonoma Land Trust en su 50 aniversario y se compromete a apoyar los esfuerzos de la organizaci\u00f3n por conservar la biodiversidad y crear resiliencia clim\u00e1tica para que las tierras del condado de Sonoma sigan protegidas para la comunidad y las generaciones futuras.    &lt;span style=&quot;display: inline-block; width: 0px; overflow: hidden; line-height: 0;&quot; data-mce-type=&quot;bookmark&quot; class=&quot;mce_SELRES_start&quot;&gt;&lt;\/span&gt;&lt;\/p&gt;\n\" data-team-linkedin-url=\"\" data-bs-target=\"#teamModal\">\n            <!-- <div class=\"department-tag\"><\/div> -->\n            <div class=\"team-member-lower\">\n              <div class=\"left\">\n                <p class=\"team-member-name\">Alison Rodrigues<\/p>\n                                  <p class=\"team-member-title\">Administrador Ejecutivo<\/p>\n                                                  <p class=\"team-member-pronouns\">Ella\/El<\/p>\n                              <\/div>\n              <div class=\"right\">\n                <span class=\"plus-button\"><\/span>\n              <\/div>\n            <\/div>\n          <\/a>\n                  <a class=\"staff-teaser team-member-teaser department-acquisitions-team\" tabindex=\"0\" role=\"button\" type=\"button\" data-bs-toggle=\"modal\" data-team-show-image=\"true\" data-team-img-url=\"\" data-team-name=\"Georgiana Hale\" data-team-title=\"Gestor del Programa de Adquisici\u00f3n de Terrenos (en todo el condado)\" data-team-phone=\"(707) 526-6930 x 854\" data-team-email=\"Z2VvcmdpYW5hQHNvbm9tYWxhbmR0cnVzdC5vcmc=\" data-team-pronouns=\"Ella\/El\" data-team-bio=\"&lt;p&gt;&lt;span data-contrast=&quot;auto&quot;&gt;Georgiana aporta su experiencia en el desarrollo de relaciones de confianza y en la aplicaci\u00f3n de estrategias inmobiliarias para impulsar proyectos de conservaci\u00f3n de tierras para organizaciones locales y nacionales. Hace veinte a\u00f1os, comenz\u00f3 su carrera en Sonoma Land Trust, donde supervis\u00f3 el programa de seguimiento de servidumbres y contribuy\u00f3 a muchos proyectos de administraci\u00f3n y adquisici\u00f3n en todo el condado. Tras once a\u00f1os en el Land Trust, Georgiana obtuvo un m\u00e1ster en planificaci\u00f3n urbana por la Universidad Estatal de San Diego y dirigi\u00f3 transacciones inmobiliarias para el National Trust for Historic Preservation en Washington, D.C. M\u00e1s recientemente, coordin\u00f3 la redacci\u00f3n de pol\u00edticas a nivel nacional para la Divisi\u00f3n de Programas de Servidumbre del Servicio de Conservaci\u00f3n de Recursos Naturales. Como nativa del condado de Sonoma, Georgiana est\u00e1 deseando entablar relaciones con los propietarios de tierras y nuestros socios para colaborar en la protecci\u00f3n de los recursos naturales de la regi\u00f3n.   &lt;\/span&gt;&lt;span data-ccp-props=&quot;{}&quot;&gt; &lt;\/span&gt;&lt;\/p&gt;\n\" data-team-linkedin-url=\"\" data-bs-target=\"#teamModal\">\n            <!-- <div class=\"department-tag\"><\/div> -->\n            <div class=\"team-member-lower\">\n              <div class=\"left\">\n                <p class=\"team-member-name\">Georgiana Hale<\/p>\n                                  <p class=\"team-member-title\">Gestor del Programa de Adquisici\u00f3n de Terrenos (en todo el condado)<\/p>\n                                                  <p class=\"team-member-pronouns\">Ella\/El<\/p>\n                              <\/div>\n              <div class=\"right\">\n                <span class=\"plus-button\"><\/span>\n              <\/div>\n            <\/div>\n          <\/a>\n                  <a class=\"staff-teaser team-member-teaser department-acquisitions-team\" tabindex=\"0\" role=\"button\" type=\"button\" data-bs-toggle=\"modal\" data-team-show-image=\"true\" data-team-img-url=\"\" data-team-name=\"Melodie Grubbs\" data-team-title=\"Director de Conservaci\u00f3n\" data-team-phone=\"(707) 526-6930 x 862\" data-team-email=\"IG1lbG9kaWVAc29ub21hbGFuZHRydXN0Lm9yZw==\" data-team-pronouns=\"Ella\/El\" data-team-bio=\"&lt;p&gt;Melodie se une a Sonoma Land Trust como directora de conservaci\u00f3n con m\u00e1s de una d\u00e9cada de experiencia dirigiendo iniciativas de conservaci\u00f3n de cuencas hidrogr\u00e1ficas y costas a lo largo de la costa de California. Su carrera comenz\u00f3 en el mar, a bordo de buques de investigaci\u00f3n oceanogr\u00e1fica, donde desarroll\u00f3 su aprecio por la ciencia, el trabajo en equipo y la administraci\u00f3n. M\u00e1s recientemente, fue directora ejecutiva del Programa Nacional del Estuario de la Bah\u00eda de Morro, donde dirigi\u00f3 la restauraci\u00f3n de h\u00e1bitats, el control de la calidad del agua y las iniciativas de participaci\u00f3n comunitaria basadas en la resiliencia clim\u00e1tica y la gesti\u00f3n a largo plazo. Su trabajo se ha centrado en promover soluciones basadas en la naturaleza, reforzar las asociaciones con las comunidades locales y colaborar con organismos estatales y federales para aplicar estrategias de conservaci\u00f3n duraderas. Melodie posee un M\u00e1ster en Sistemas y Tecnolog\u00edas de la Informaci\u00f3n Geogr\u00e1fica por la Universidad del Sur de California y una licenciatura en Meteorolog\u00eda por la Universidad de Hawai en Manoa. Vive en el condado de Sonoma con su familia y pasa el tiempo al aire libre explorando paisajes que conectan la tierra, el agua y la comunidad.     &lt;\/p&gt;\n\" data-team-linkedin-url=\"\" data-bs-target=\"#teamModal\">\n            <!-- <div class=\"department-tag\"><\/div> -->\n            <div class=\"team-member-lower\">\n              <div class=\"left\">\n                <p class=\"team-member-name\">Melodie Grubbs<\/p>\n                                  <p class=\"team-member-title\">Director de Conservaci\u00f3n<\/p>\n                                                  <p class=\"team-member-pronouns\">Ella\/El<\/p>\n                              <\/div>\n              <div class=\"right\">\n                <span class=\"plus-button\"><\/span>\n              <\/div>\n            <\/div>\n          <\/a>\n                  <a class=\"staff-teaser team-member-teaser department-acquisitions-team\" tabindex=\"0\" role=\"button\" type=\"button\" data-bs-toggle=\"modal\" data-team-show-image=\"true\" data-team-img-url=\"\" data-team-name=\"John McCaull\" data-team-title=\"Director de Adquisici\u00f3n de Terrenos\" data-team-phone=\"(707) 526-6930 x 151\" data-team-email=\"am9obm1Ac29ub21hbGFuZHRydXN0Lm9yZw==\" data-team-pronouns=\"\u00c9l\/ella\" data-team-bio=\"&lt;div&gt;\n&lt;p&gt;John tiene m\u00e1s de 35 a\u00f1os de experiencia como director de programas, portavoz de campa\u00f1as, recaudador de fondos, gestor, defensor legislativo y abogado. Se licenci\u00f3 en Derecho por la Facultad de Derecho de la Universidad de California, Davis, en 1990, y comenz\u00f3 su carrera en Sacramento ejerciendo presi\u00f3n para la Sociedad Nacional Audubon, American Farmland Trust y numerosos clientes en los campos del medio ambiente, la justicia social y las energ\u00edas renovables. &lt;\/p&gt;\n&lt;\/div&gt;\n&lt;div&gt;\n&lt;p data-start=&quot;488&quot; data-end=&quot;840&quot;&gt;Tras mudarse a Sonoma en 2005, puso en marcha su propio negocio de consultor\u00eda y desarroll\u00f3 su experiencia jur\u00eddica y t\u00e9cnica en el uso del suelo, derecho de propiedad, transacciones inmobiliarias y obtenci\u00f3n de financiaci\u00f3n para la conservaci\u00f3n. Se incorpor\u00f3 a Sonoma Land Trust en 2013, aplicando las lecciones aprendidas en numerosas historias de \u00e9xito en conservaci\u00f3n para beneficiar a comunidades de todo el condado de Sonoma. &lt;\/p&gt;\n&lt;\/div&gt;\n\" data-team-linkedin-url=\"\" data-bs-target=\"#teamModal\">\n            <!-- <div class=\"department-tag\"><\/div> -->\n            <div class=\"team-member-lower\">\n              <div class=\"left\">\n                <p class=\"team-member-name\">John McCaull<\/p>\n                                  <p class=\"team-member-title\">Director de Adquisici\u00f3n de Terrenos<\/p>\n                                                  <p class=\"team-member-pronouns\">\u00c9l\/ella<\/p>\n                              <\/div>\n              <div class=\"right\">\n                <span class=\"plus-button\"><\/span>\n              <\/div>\n            <\/div>\n          <\/a>\n                  <a class=\"staff-teaser team-member-teaser department-acquisitions-team\" tabindex=\"0\" role=\"button\" type=\"button\" data-bs-toggle=\"modal\" data-team-show-image=\"true\" data-team-img-url=\"\" data-team-name=\"Kate Freeman\" data-team-title=\"Director del Programa de Adquisici\u00f3n de Tierras\" data-team-phone=\"(707) 526-6930 x 852\" data-team-email=\"a2F0ZUBzb25vbWFsYW5kdHJ1c3Qub3Jn\" data-team-pronouns=\"Ella\/El\" data-team-bio=\"&lt;p&gt;Kate es una bi\u00f3loga con m\u00e1s de nueve a\u00f1os de experiencia en la aplicaci\u00f3n de planes de conservaci\u00f3n y en la supervisi\u00f3n de la vigilancia biol\u00f3gica, el control de las servidumbres de conservaci\u00f3n y las estrategias de participaci\u00f3n p\u00fablica. Aporta a su funci\u00f3n una gran riqueza de conocimientos y un compromiso personal con el cuidado del entorno natural: al crecer en una peque\u00f1a granja de Vermont, Kate se sinti\u00f3 profundamente vinculada a la tierra. Kate se describe a s\u00ed misma como una \u00abempollona de los p\u00e1jaros\u00bb, y cofund\u00f3 el Club Feminista de P\u00e1jaros del Condado de Sonoma en 2022 para crear un espacio seguro y acogedor en el que todo el mundo pudiera aprender sobre los p\u00e1jaros y su entorno.  &lt;\/p&gt;\n\" data-team-linkedin-url=\"\" data-bs-target=\"#teamModal\">\n            <!-- <div class=\"department-tag\"><\/div> -->\n            <div class=\"team-member-lower\">\n              <div class=\"left\">\n                <p class=\"team-member-name\">Kate Freeman<\/p>\n                                  <p class=\"team-member-title\">Director del Programa de Adquisici\u00f3n de Tierras<\/p>\n                                                  <p class=\"team-member-pronouns\">Ella\/El<\/p>\n                              <\/div>\n              <div class=\"right\">\n                <span class=\"plus-button\"><\/span>\n              <\/div>\n            <\/div>\n          <\/a>\n                  <a class=\"staff-teaser team-member-teaser department-stewardship-team\" tabindex=\"0\" role=\"button\" type=\"button\" data-bs-toggle=\"modal\" data-team-show-image=\"true\" data-team-img-url=\"\" data-team-name=\"Maryrose Kulick\" data-team-title=\"Gestor del Programa SIG\" data-team-phone=\"(707) 526-6930 x 860\" data-team-email=\"bWFyeXJvc2VAc29ub21hbGFuZHRydXN0Lm9yZw==\" data-team-pronouns=\"Ella\/El\" data-team-bio=\"&lt;p&gt;Maryrose aporta ocho a\u00f1os de experiencia geoespacial en el Servicio de Parques Nacionales y en el Distrito de Parques Regionales de East Bay, junto con una doble licenciatura en Geograf\u00eda e Ingl\u00e9s por la UCLA. Impulsada por su amor a la naturaleza y los mapas, valora el SIG como herramienta para comprender la tierra y las conexiones entre las personas, la vida salvaje y los sistemas naturales, y est\u00e1 deseando apoyar los esfuerzos de conservaci\u00f3n aqu\u00ed en el condado de Sonoma. &lt;\/p&gt;\n\" data-team-linkedin-url=\"\" data-bs-target=\"#teamModal\">\n            <!-- <div class=\"department-tag\"><\/div> -->\n            <div class=\"team-member-lower\">\n              <div class=\"left\">\n                <p class=\"team-member-name\">Maryrose Kulick<\/p>\n                                  <p class=\"team-member-title\">Gestor del Programa SIG<\/p>\n                                                  <p class=\"team-member-pronouns\">Ella\/El<\/p>\n                              <\/div>\n              <div class=\"right\">\n                <span class=\"plus-button\"><\/span>\n              <\/div>\n            <\/div>\n          <\/a>\n                  <a class=\"staff-teaser team-member-teaser department-communications-team\" tabindex=\"0\" role=\"button\" type=\"button\" data-bs-toggle=\"modal\" data-team-show-image=\"true\" data-team-img-url=\"\" data-team-name=\"Gina Fabiano\" data-team-title=\"Director de Marketing y Relaciones con los Medios\" data-team-phone=\"\" data-team-email=\"\" data-team-pronouns=\"Ella\/El\" data-team-bio=\"&lt;p&gt;Emprendedora, creativa y estrat\u00e9gica, Gina tiene una amplia experiencia en la elaboraci\u00f3n de exitosas campa\u00f1as de marketing, comunicaci\u00f3n, imagen de marca y relaciones p\u00fablicas y con los medios de comunicaci\u00f3n en una amplia gama de sectores que van desde las organizaciones sin \u00e1nimo de lucro al entretenimiento, pasando por Wall Street. Gina es una h\u00e1bil comunicadora y estratega que despliega t\u00e1cticas que conectan de forma natural con las partes interesadas, y destaca en la traducci\u00f3n de ideas complejas en historias comprensibles que llegan a p\u00fablicos amplios y diversos. Cree que la construcci\u00f3n de relaciones es la clave para fomentar conexiones aut\u00e9nticas, inspirar acciones positivas y crear cambios duraderos. Gina, una chica de Jersey que ahora vive en Petaluma, es una ferviente ecologista, ciclista y amante del jazz que encuentra consuelo y alegr\u00eda en la belleza de la naturaleza.   &lt;\/p&gt;\n\" data-team-linkedin-url=\"\" data-bs-target=\"#teamModal\">\n            <!-- <div class=\"department-tag\"><\/div> -->\n            <div class=\"team-member-lower\">\n              <div class=\"left\">\n                <p class=\"team-member-name\">Gina Fabiano<\/p>\n                                  <p class=\"team-member-title\">Director de Marketing y Relaciones con los Medios<\/p>\n                                                  <p class=\"team-member-pronouns\">Ella\/El<\/p>\n                              <\/div>\n              <div class=\"right\">\n                <span class=\"plus-button\"><\/span>\n              <\/div>\n            <\/div>\n          <\/a>\n                  <a class=\"staff-teaser team-member-teaser department-acquisitions-team\" tabindex=\"0\" role=\"button\" type=\"button\" data-bs-toggle=\"modal\" data-team-show-image=\"true\" data-team-img-url=\"\" data-team-name=\"Mel Lozano\" data-team-title=\"Gestor de Proyectos de Adquisici\u00f3n\" data-team-phone=\"(707) 526-6930 x 835\" data-team-email=\"bWVsQHNvbm9tYWxhbmR0cnVzdC5vcmc=\" data-team-pronouns=\"Ella\/ellos\" data-team-bio=\"&lt;p&gt;Mel llega a Sonoma Land Trust con una amplia experiencia, que incluye la gesti\u00f3n de programas sin \u00e1nimo de lucro, la restauraci\u00f3n medioambiental, la planificaci\u00f3n de la conservaci\u00f3n de tierras, la recopilaci\u00f3n de datos de campo y el trabajo de salud comunitaria. Naci\u00f3 y creci\u00f3 en el condado de Sonoma y le entusiasma trabajar para apoyar proyectos en su propio patio trasero. Su licenciatura en An\u00e1lisis y Planificaci\u00f3n de Pol\u00edticas Medioambientales por la Universidad de California en Davis les permite aportar sus habilidades de an\u00e1lisis de datos, organizaci\u00f3n y colaboraci\u00f3n a su papel en el equipo de adquisiciones. Adem\u00e1s de su pasi\u00f3n por la conservaci\u00f3n de los recursos naturales, a Mel le encanta coser, tejer y pasear con su perro.   &lt;\/p&gt;\n\" data-team-linkedin-url=\"\" data-bs-target=\"#teamModal\">\n            <!-- <div class=\"department-tag\"><\/div> -->\n            <div class=\"team-member-lower\">\n              <div class=\"left\">\n                <p class=\"team-member-name\">Mel Lozano<\/p>\n                                  <p class=\"team-member-title\">Gestor de Proyectos de Adquisici\u00f3n<\/p>\n                                                  <p class=\"team-member-pronouns\">Ella\/ellos<\/p>\n                              <\/div>\n              <div class=\"right\">\n                <span class=\"plus-button\"><\/span>\n              <\/div>\n            <\/div>\n          <\/a>\n                  <a class=\"staff-teaser team-member-teaser department-community-engagement-team\" tabindex=\"0\" role=\"button\" type=\"button\" data-bs-toggle=\"modal\" data-team-show-image=\"true\" data-team-img-url=\"\" data-team-name=\"Alayza Cervantes\" data-team-title=\"Responsable de Relaciones con la Comunidad\" data-team-phone=\"(707) 526-6930 x 847\" data-team-email=\"YWxheXphQHNvbm9tYWxhbmR0cnVzdC5vcmc=\" data-team-pronouns=\"Ella\/El\" data-team-bio=\"&lt;p&gt;Alayza se incorpora a Sonoma Land Trust con una amplia experiencia en el desarrollo y la aplicaci\u00f3n de diversas iniciativas program\u00e1ticas centradas en la divulgaci\u00f3n, el compromiso c\u00edvico y la colaboraci\u00f3n con socios, voluntarios y miembros de la comunidad. Alayza posee una doble licenciatura en psicolog\u00eda y estudios chicanos por la UC Davis y es natural del condado de Sonoma. Cree que el acceso a la naturaleza y a los espacios abiertos es vital para todas las comunidades y le entusiasma encontrar nuevas oportunidades para que los miembros de la comunidad trabajen con nosotros.  &lt;\/p&gt;\n\" data-team-linkedin-url=\"\" data-bs-target=\"#teamModal\">\n            <!-- <div class=\"department-tag\"><\/div> -->\n            <div class=\"team-member-lower\">\n              <div class=\"left\">\n                <p class=\"team-member-name\">Alayza Cervantes<\/p>\n                                  <p class=\"team-member-title\">Responsable de Relaciones con la Comunidad<\/p>\n                                                  <p class=\"team-member-pronouns\">Ella\/El<\/p>\n                              <\/div>\n              <div class=\"right\">\n                <span class=\"plus-button\"><\/span>\n              <\/div>\n            <\/div>\n          <\/a>\n                  <a class=\"staff-teaser team-member-teaser department-acquisitions-team\" tabindex=\"0\" role=\"button\" type=\"button\" data-bs-toggle=\"modal\" data-team-show-image=\"true\" data-team-img-url=\"\" data-team-name=\"Julia Elkin *In Memoriam*\" data-team-title=\"Director del Programa de Adquisici\u00f3n de Tierras\" data-team-phone=\"\" data-team-email=\"\" data-team-pronouns=\"Ella\/El\" data-team-bio=\"&lt;p&gt;Honramos la vida y el legado de &lt;span class=&quot;hover:entity-accent entity-underline inline cursor-pointer align-baseline&quot;&gt;&lt;span class=&quot;whitespace-normal&quot;&gt;Julia Elkin&lt;\/span&gt;&lt;\/span&gt;que falleci\u00f3 en febrero de 2024, record\u00e1ndola con gratitud por el cuidado, la generosidad y el impacto duradero que aport\u00f3 a nuestra comunidad.&lt;br \/&gt;\nJulia se incorpor\u00f3 a Sonoma Land Trust en 2023, con m\u00e1s de una d\u00e9cada de experiencia y una profunda pasi\u00f3n por hacer que nuestras comunidades humanas y naturales sean m\u00e1s resistentes al cambio clim\u00e1tico. Facilit\u00f3 proyectos de adaptaci\u00f3n clim\u00e1tica con comunidades costeras de toda California, como Planificadora Superior de la Subida del Nivel del Mar en el condado de Marin y como gestora de proyectos en State Coastal Conservancy. Julia ten\u00eda un m\u00e1ster en Pol\u00edtica Medioambiental y Ecolog\u00eda de la Conservaci\u00f3n por la Universidad de Michigan, y en su tiempo libre le encantaba ir de mochilera a las monta\u00f1as, ba\u00f1arse en la costa, pintar, dibujar y tocar la flauta.&lt;br \/&gt;\nNo hay palabras para expresar lo mucho que echamos de menos a Julia y honrar su legado con nuestro trabajo.  &lt;\/p&gt;\n\" data-team-linkedin-url=\"\" data-bs-target=\"#teamModal\">\n            <!-- <div class=\"department-tag\"><\/div> -->\n            <div class=\"team-member-lower\">\n              <div class=\"left\">\n                <p class=\"team-member-name\">Julia Elkin *In Memoriam*<\/p>\n                                  <p class=\"team-member-title\">Director del Programa de Adquisici\u00f3n de Tierras<\/p>\n                                                  <p class=\"team-member-pronouns\">Ella\/El<\/p>\n                              <\/div>\n              <div class=\"right\">\n                <span class=\"plus-button\"><\/span>\n              <\/div>\n            <\/div>\n          <\/a>\n                  <a class=\"staff-teaser team-member-teaser department-communications-team\" tabindex=\"0\" role=\"button\" type=\"button\" data-bs-toggle=\"modal\" data-team-show-image=\"true\" data-team-img-url=\"\" data-team-name=\"Emily Harwitz\" data-team-title=\"Responsable de Comunicaci\u00f3n\" data-team-phone=\"(707) 595-7460 x 857\" data-team-email=\"ZW1pbHloQHNvbm9tYWxhbmR0cnVzdC5vcmc=\" data-team-pronouns=\"Ella\/El\" data-team-bio=\"&lt;p&gt;Emily aporta su experiencia en ciencia, periodismo y narraci\u00f3n multimedia a su funci\u00f3n de gestora de comunicaciones. Desde la conservaci\u00f3n sin \u00e1nimo de lucro hasta el trabajo editorial, tiene una amplia experiencia en la elaboraci\u00f3n de historias convincentes que hacen que las ideas complejas sean accesibles, atractivas y procesables. Impulsada por su curiosidad y su amor por la naturaleza, le apasiona ayudar a los dem\u00e1s a establecer relaciones significativas con el mundo que les rodea. Emily tiene un M\u00e1ster en Comunicaci\u00f3n Cient\u00edfica por la Universidad de California, Santa Cruz, y una licenciatura en Qu\u00edmica por la Universidad Carnegie Mellon, adem\u00e1s de experiencia de campo estudiando e investigando la ecolog\u00eda en los tr\u00f3picos. Cuando no est\u00e1 metida, en sentido figurado o literal, en la maleza para su trabajo, Emily puede encontrarse leyendo un buen libro, tocando la flauta o explorando alguna forma de arte. Con ra\u00edces en Miami, Pek\u00edn y la zona de la bah\u00eda, ahora est\u00e1 encantada de llamar hogar al condado de Sonoma.     &lt;\/p&gt;\n\" data-team-linkedin-url=\"\" data-bs-target=\"#teamModal\">\n            <!-- <div class=\"department-tag\"><\/div> -->\n            <div class=\"team-member-lower\">\n              <div class=\"left\">\n                <p class=\"team-member-name\">Emily Harwitz<\/p>\n                                  <p class=\"team-member-title\">Responsable de Comunicaci\u00f3n<\/p>\n                                                  <p class=\"team-member-pronouns\">Ella\/El<\/p>\n                              <\/div>\n              <div class=\"right\">\n                <span class=\"plus-button\"><\/span>\n              <\/div>\n            <\/div>\n          <\/a>\n                  <a class=\"staff-teaser team-member-teaser department-community-engagement-team\" tabindex=\"0\" role=\"button\" type=\"button\" data-bs-toggle=\"modal\" data-team-show-image=\"true\" data-team-img-url=\"\" data-team-name=\"Chloe Howard\" data-team-title=\"Asistente de Programas de Participaci\u00f3n Comunitaria\" data-team-phone=\"(707) 526-6930 x 856\" data-team-email=\"Y2hsb2VAc29ub21hbGFuZHRydXN0Lm9yZw==\" data-team-pronouns=\"Ella\/El\" data-team-bio=\"&lt;p&gt;Chloe aporta su pasi\u00f3n por la ciencia y la conservaci\u00f3n a Sonoma Land Trust, donde puede compartir con el mundo su profundo amor por la naturaleza. Es licenciada por la Universidad Estatal de Sonoma, donde estudi\u00f3 biolog\u00eda y estad\u00edstica aplicada. Chloe ha participado y contribuido a numerosos programas de educaci\u00f3n cient\u00edfica, como el TeenNat de Pepperwood, el Intensivo de Ciencias de la Conservaci\u00f3n de Audubon Canyon Ranch, el programa de Educaci\u00f3n al Aire Libre de Yosemite y el prestigioso Instituto Sistem\u00e1tico de Verano de la Academia de Ciencias de California. Ha trabajado como Ayudante de Instrucci\u00f3n de Laboratorio en el SRJC y como Ayudante de Educaci\u00f3n en Pepperwood. En su tiempo libre, a Chloe le encanta leer, ir al gimnasio, pasar tiempo con su perro y entusiasmar a la gente con la idea de estar al aire libre.    &lt;\/p&gt;\n\" data-team-linkedin-url=\"\" data-bs-target=\"#teamModal\">\n            <!-- <div class=\"department-tag\"><\/div> -->\n            <div class=\"team-member-lower\">\n              <div class=\"left\">\n                <p class=\"team-member-name\">Chloe Howard<\/p>\n                                  <p class=\"team-member-title\">Asistente de Programas de Participaci\u00f3n Comunitaria<\/p>\n                                                  <p class=\"team-member-pronouns\">Ella\/El<\/p>\n                              <\/div>\n              <div class=\"right\">\n                <span class=\"plus-button\"><\/span>\n              <\/div>\n            <\/div>\n          <\/a>\n                  <a class=\"staff-teaser team-member-teaser department-community-engagement-team\" tabindex=\"0\" role=\"button\" type=\"button\" data-bs-toggle=\"modal\" data-team-show-image=\"true\" data-team-img-url=\"\" data-team-name=\"Mirella Ramos\" data-team-title=\"Responsable de Programas Juveniles Biling\u00fces\" data-team-phone=\"(707) 526-6930 x 146\" data-team-email=\"bWlyZWxsYUBzb25vbWFsYW5kdHJ1c3Qub3Jn\" data-team-pronouns=\"Ellos\/Ellas\" data-team-bio=\"&lt;p&gt;En el Land Trust, el papel de Mirella es desarrollar y coordinar programas dentro y fuera del horario escolar para el p\u00fablico juvenil mediante una programaci\u00f3n culturalmente relevante y accesible. Tambi\u00e9n desempe\u00f1a un papel importante para llegar a las comunidades latinas e hispanohablantes mediante asociaciones y colaboraciones. Mirella est\u00e1 volviendo a conectar con las ra\u00edces ind\u00edgenas de su familia en El Salvador y es graduada universitaria de primera generaci\u00f3n con una licenciatura en Comunicaci\u00f3n de Masas por la Universidad Estatal de Sam Houston. Antes de unirse al Land Trust, trabaj\u00f3 en equipos de senderos para el Cuerpo de Conservaci\u00f3n de California, el Servicio de Parques Nacionales y el Servicio Forestal, m\u00e1s recientemente en el Parque Nacional Saguaro, donde coordin\u00f3 el trabajo de campo, la educaci\u00f3n medioambiental y el desarrollo juvenil para el Cuerpo de Conservaci\u00f3n Juvenil de Saguaro.   &lt;\/p&gt;\n\" data-team-linkedin-url=\"\" data-bs-target=\"#teamModal\">\n            <!-- <div class=\"department-tag\"><\/div> -->\n            <div class=\"team-member-lower\">\n              <div class=\"left\">\n                <p class=\"team-member-name\">Mirella Ramos<\/p>\n                                  <p class=\"team-member-title\">Responsable de Programas Juveniles Biling\u00fces<\/p>\n                                                  <p class=\"team-member-pronouns\">Ellos\/Ellas<\/p>\n                              <\/div>\n              <div class=\"right\">\n                <span class=\"plus-button\"><\/span>\n              <\/div>\n            <\/div>\n          <\/a>\n                  <a class=\"staff-teaser team-member-teaser department-community-engagement-team\" tabindex=\"0\" role=\"button\" type=\"button\" data-bs-toggle=\"modal\" data-team-show-image=\"true\" data-team-img-url=\"\" data-team-name=\"Kylie Kerr\" data-team-title=\"Coordinadora de Programas Juveniles Biling\u00fces\" data-team-phone=\"(707) 596-6930 x 837\" data-team-email=\"a3lsaWVAc29ub21hbGFuZHRydXN0Lm9yZw==\" data-team-pronouns=\"Ella\/El\" data-team-bio=\"&lt;p style=&quot;font-weight: 400;&quot;&gt;Kylie aporta una s\u00f3lida formaci\u00f3n cient\u00edfica, pasi\u00f3n por el mundo natural y una variada experiencia en educaci\u00f3n juvenil a su papel en el equipo de participaci\u00f3n comunitaria. Ha sido ayudante de c\u00e1tedra, voluntaria de investigaci\u00f3n y presidenta juvenil de la Comisi\u00f3n Juvenil de la ciudad de Petaluma, y est\u00e1 profundamente arraigada en nuestra comunidad. Se licenci\u00f3 en Cal Poly San Luis Obispo con dos licenciaturas en Ciencias Medioambientales de la Tierra y el Suelo y en Ciencias Marinas. Sus conocimientos de cartograf\u00eda SIG, gesti\u00f3n de datos y an\u00e1lisis de suelos mejorar\u00e1n el rigor cient\u00edfico de nuestro programa del Consejo de Conservaci\u00f3n. Kylie posee el Sello de Biling\u00fcismo del Estado de California en espa\u00f1ol, y en su tiempo libre le gusta leer, hornear, hacer senderismo, ir de picnic y viajar.    &lt;\/p&gt;\n\" data-team-linkedin-url=\"\" data-bs-target=\"#teamModal\">\n            <!-- <div class=\"department-tag\"><\/div> -->\n            <div class=\"team-member-lower\">\n              <div class=\"left\">\n                <p class=\"team-member-name\">Kylie Kerr<\/p>\n                                  <p class=\"team-member-title\">Coordinadora de Programas Juveniles Biling\u00fces<\/p>\n                                                  <p class=\"team-member-pronouns\">Ella\/El<\/p>\n                              <\/div>\n              <div class=\"right\">\n                <span class=\"plus-button\"><\/span>\n              <\/div>\n            <\/div>\n          <\/a>\n                  <a class=\"staff-teaser team-member-teaser department-community-engagement-team\" tabindex=\"0\" role=\"button\" type=\"button\" data-bs-toggle=\"modal\" data-team-show-image=\"true\" data-team-img-url=\"\" data-team-name=\"Neal Ramus\" data-team-title=\"Director de Participaci\u00f3n Comunitaria y Educaci\u00f3n\" data-team-phone=\"\" data-team-email=\"\" data-team-pronouns=\"\u00c9l\/ella\" data-team-bio=\"&lt;p&gt;Neal dirige los esfuerzos organizativos para ampliar el p\u00fablico, atender las necesidades de la comunidad e incluir una multitud de voces e intereses en el trabajo de Sonoma Land Trust. Como petaluman de nacimiento y criado, Neal tiene una profunda conexi\u00f3n con las tierras, las gentes y la diversidad del condado de Sonoma, que informa su enfoque y su trabajo para implicar a la comunidad. Anteriormente, Neal dirigi\u00f3 el desarrollo de programas comunitarios en la Academia de Ciencias de California, el Museo de la Fauna de Petaluma y el Centro de Investigaci\u00f3n Medioambiental de la Universidad Estatal de Sonoma. Es licenciado en biolog\u00eda, con especializaci\u00f3n en paleontolog\u00eda, y posee un m\u00e1ster en administraci\u00f3n de empresas por la Universidad Estatal de Sonoma.   &lt;\/p&gt;\n\" data-team-linkedin-url=\"\" data-bs-target=\"#teamModal\">\n            <!-- <div class=\"department-tag\"><\/div> -->\n            <div class=\"team-member-lower\">\n              <div class=\"left\">\n                <p class=\"team-member-name\">Neal Ramus<\/p>\n                                  <p class=\"team-member-title\">Director de Participaci\u00f3n Comunitaria y Educaci\u00f3n<\/p>\n                                                  <p class=\"team-member-pronouns\">\u00c9l\/ella<\/p>\n                              <\/div>\n              <div class=\"right\">\n                <span class=\"plus-button\"><\/span>\n              <\/div>\n            <\/div>\n          <\/a>\n                  <a class=\"staff-teaser team-member-teaser department-community-engagement-team\" tabindex=\"0\" role=\"button\" type=\"button\" data-bs-toggle=\"modal\" data-team-show-image=\"true\" data-team-img-url=\"\" data-team-name=\"Ingrid Stearns\" data-team-title=\"Responsable de Programas P\u00fablicos\" data-team-phone=\"(707) 526-6930 x 114\" data-team-email=\"aW5ncmlkQHNvbm9tYWxhbmR0cnVzdC5vcmc=\" data-team-pronouns=\"Ella\/El\" data-team-bio=\"&lt;p style=&quot;font-weight: 400;&quot;&gt;Ingrid dise\u00f1a y gestiona los programas p\u00fablicos de Sonoma Land Trust, conectando a la gente con diversas tierras protegidas en toda una gama de ecosistemas. Empez\u00f3 como becaria en 2010 y lleva en la Fundaci\u00f3n desde entonces. Puede que la veas dirigiendo excursiones, explorando flores silvestres e identificando plantas aut\u00f3ctonas en el paisaje, o compartiendo historias sobre proyectos de protecci\u00f3n de tierras a lo largo del tiempo. Es licenciada en Estudios y Planificaci\u00f3n Medioambientales por la Universidad Estatal de Sonoma y diplomada en Empresariales por el Shasta College.   &lt;\/p&gt;\n\" data-team-linkedin-url=\"\" data-bs-target=\"#teamModal\">\n            <!-- <div class=\"department-tag\"><\/div> -->\n            <div class=\"team-member-lower\">\n              <div class=\"left\">\n                <p class=\"team-member-name\">Ingrid Stearns<\/p>\n                                  <p class=\"team-member-title\">Responsable de Programas P\u00fablicos<\/p>\n                                                  <p class=\"team-member-pronouns\">Ella\/El<\/p>\n                              <\/div>\n              <div class=\"right\">\n                <span class=\"plus-button\"><\/span>\n              <\/div>\n            <\/div>\n          <\/a>\n                  <a class=\"staff-teaser team-member-teaser department-community-engagement-team\" tabindex=\"0\" role=\"button\" type=\"button\" data-bs-toggle=\"modal\" data-team-show-image=\"true\" data-team-img-url=\"\" data-team-name=\"Carlos Rivas\" data-team-title=\"Coordinador de Salidas\" data-team-phone=\"(707) 526-6930 x 845\" data-team-email=\"Y2FybG9zQHNvbm9tYWxhbmR0cnVzdC5vcmc=\" data-team-pronouns=\"\u00c9l\/ella\" data-team-bio=\"&lt;div&gt;\n&lt;p&gt;Carlos Rivas, coordinador biling\u00fce de salidas, se incorpor\u00f3 a Sonoma Land Trust en 2024. Tiene una licenciatura en estudios chicanos y latinos y t\u00edtulos de asociado en matem\u00e1ticas e ingenier\u00eda. Anteriormente trabaj\u00f3 en LandPaths como parte de su equipo de educaci\u00f3n juvenil. Ha ampliado la oferta y la participaci\u00f3n en el programa de salidas familiares biling\u00fces de SLT y ha dirigido muchas salidas con organizaciones asociadas y grupos comunitarios. Tambi\u00e9n gu\u00eda cada a\u00f1o varias salidas de becarios para ayudarles a aprender a interpretar la conservaci\u00f3n para el p\u00fablico.    &lt;\/p&gt;\n&lt;\/div&gt;\n\" data-team-linkedin-url=\"\" data-bs-target=\"#teamModal\">\n            <!-- <div class=\"department-tag\"><\/div> -->\n            <div class=\"team-member-lower\">\n              <div class=\"left\">\n                <p class=\"team-member-name\">Carlos Rivas<\/p>\n                                  <p class=\"team-member-title\">Coordinador de Salidas<\/p>\n                                                  <p class=\"team-member-pronouns\">\u00c9l\/ella<\/p>\n                              <\/div>\n              <div class=\"right\">\n                <span class=\"plus-button\"><\/span>\n              <\/div>\n            <\/div>\n          <\/a>\n                  <a class=\"staff-teaser team-member-teaser department-finance-team\" tabindex=\"0\" role=\"button\" type=\"button\" data-bs-toggle=\"modal\" data-team-show-image=\"true\" data-team-img-url=\"\" data-team-name=\"Sonya Sirrs\" data-team-title=\"Responsable de contabilidad\" data-team-phone=\"(707) 526-6930 x 853\" data-team-email=\"c29ueWFAc29ub21hbGFuZHRydXN0Lm9yZw==\" data-team-pronouns=\"Ella\/El\" data-team-bio=\"&lt;p&gt;Sonya aporta una amplia experiencia financiera y contable a su puesto en el equipo de Finanzas y Administraci\u00f3n, incluidos m\u00e1s de 15 a\u00f1os en el mundo de las organizaciones sin \u00e1nimo de lucro. En su carrera ha trabajado en diversos sectores, desde servicios sociales y organizaciones sin \u00e1nimo de lucro de salud mental hasta un instituto de investigaci\u00f3n biom\u00e9dica. Sonya se traslad\u00f3 a Penngrove en 2017 desde el sur de California y disfruta del ambiente de pueblo peque\u00f1o y unido de la comunidad. Sonya est\u00e1 agradecida de vivir cerca de tantos espacios abiertos y vida salvaje.   &lt;\/p&gt;\n\" data-team-linkedin-url=\"\" data-bs-target=\"#teamModal\">\n            <!-- <div class=\"department-tag\"><\/div> -->\n            <div class=\"team-member-lower\">\n              <div class=\"left\">\n                <p class=\"team-member-name\">Sonya Sirrs<\/p>\n                                  <p class=\"team-member-title\">Responsable de contabilidad<\/p>\n                                                  <p class=\"team-member-pronouns\">Ella\/El<\/p>\n                              <\/div>\n              <div class=\"right\">\n                <span class=\"plus-button\"><\/span>\n              <\/div>\n            <\/div>\n          <\/a>\n                  <a class=\"staff-teaser team-member-teaser department-finance-team\" tabindex=\"0\" role=\"button\" type=\"button\" data-bs-toggle=\"modal\" data-team-show-image=\"true\" data-team-img-url=\"\" data-team-name=\"Joe Rizzo\" data-team-title=\"Director de Finanzas y Administraci\u00f3n\" data-team-phone=\"(707) 526-6930, ext. 107\" data-team-email=\"am9lQHNvbm9tYWxhbmR0cnVzdC5vcmc=\" data-team-pronouns=\"\u00c9l\/ella\" data-team-bio=\"&lt;p&gt;Joe dirige las finanzas y la administraci\u00f3n de SLT y cuenta con m\u00e1s de 20 a\u00f1os de experiencia en operaciones financieras, contables, inform\u00e1ticas y de recursos humanos en el sector sin \u00e1nimo de lucro. Ha ocupado puestos directivos en varias organizaciones sin \u00e1nimo de lucro, como Easterseals Midwest y Buckelew Programs, y se incorpor\u00f3 a SLT en 2019. Es licenciado en contabilidad por la Universidad de Saint Louis y tiene un m\u00e1ster en administraci\u00f3n de empresas por la Universidad de Webster. Vive en Petaluma con su mujer y muchos perros.   &lt;\/p&gt;\n\" data-team-linkedin-url=\"\" data-bs-target=\"#teamModal\">\n            <!-- <div class=\"department-tag\"><\/div> -->\n            <div class=\"team-member-lower\">\n              <div class=\"left\">\n                <p class=\"team-member-name\">Joe Rizzo<\/p>\n                                  <p class=\"team-member-title\">Director de Finanzas y Administraci\u00f3n<\/p>\n                                                  <p class=\"team-member-pronouns\">\u00c9l\/ella<\/p>\n                              <\/div>\n              <div class=\"right\">\n                <span class=\"plus-button\"><\/span>\n              <\/div>\n            <\/div>\n          <\/a>\n                  <a class=\"staff-teaser team-member-teaser department-finance-team\" tabindex=\"0\" role=\"button\" type=\"button\" data-bs-toggle=\"modal\" data-team-show-image=\"true\" data-team-img-url=\"\" data-team-name=\"Kirti Bavdekar\" data-team-title=\"Contable superior\" data-team-phone=\"(707) 526-6930 x 121\" data-team-email=\"a2lydGlAc29ub21hbGFuZHRydXN0Lm9yZw==\" data-team-pronouns=\"Ella\/El\" data-team-bio=\"&lt;p&gt;Kirti es responsable de una serie de tareas financieras y contables esenciales para el mantenimiento y la fiabilidad de nuestros sistemas contables. Antes de incorporarse a Sonoma Land Trust, trabaj\u00f3 con organizaciones sin \u00e1nimo de lucro en los sectores de la atenci\u00f3n infantil, la salud mental y la asistencia sanitaria. Tiene un m\u00e1ster en contabilidad y finanzas, y un diploma en gesti\u00f3n de RRHH. Kirti es natural de Mumbai (India) y vive en Santa Rosa desde hace 15 a\u00f1os. Le encanta nuestro condado de Sonoma, rico en naturaleza.    &lt;\/p&gt;\n\" data-team-linkedin-url=\"\" data-bs-target=\"#teamModal\">\n            <!-- <div class=\"department-tag\"><\/div> -->\n            <div class=\"team-member-lower\">\n              <div class=\"left\">\n                <p class=\"team-member-name\">Kirti Bavdekar<\/p>\n                                  <p class=\"team-member-title\">Contable superior<\/p>\n                                                  <p class=\"team-member-pronouns\">Ella\/El<\/p>\n                              <\/div>\n              <div class=\"right\">\n                <span class=\"plus-button\"><\/span>\n              <\/div>\n            <\/div>\n          <\/a>\n                  <a class=\"staff-teaser team-member-teaser department-finance-team\" tabindex=\"0\" role=\"button\" type=\"button\" data-bs-toggle=\"modal\" data-team-show-image=\"true\" data-team-img-url=\"\" data-team-name=\"Amy Swanson\" data-team-title=\"Contable\" data-team-phone=\"(707) 526-6930 x 841\" data-team-email=\"YW15QHNvbm9tYWxhbmR0cnVzdC5vcmc=\" data-team-pronouns=\"Ella\/El\" data-team-bio=\"&lt;p style=&quot;font-weight: 400;&quot;&gt;Amy aporta m\u00e1s de siete a\u00f1os de experiencia profesional en contabilidad a su puesto en el equipo financiero. Nacida y criada en el condado de Sonoma, se enorgullece de aportar su experiencia y su pasi\u00f3n por el paisaje local en apoyo de la misi\u00f3n de la organizaci\u00f3n. Se licenci\u00f3 en Econom\u00eda Empresarial por la Universidad de California, Davis. Fuera del trabajo, es entrenadora de voleibol y le gusta pasar tiempo en la naturaleza con sus perros.   &lt;\/p&gt;\n\" data-team-linkedin-url=\"\" data-bs-target=\"#teamModal\">\n            <!-- <div class=\"department-tag\"><\/div> -->\n            <div class=\"team-member-lower\">\n              <div class=\"left\">\n                <p class=\"team-member-name\">Amy Swanson<\/p>\n                                  <p class=\"team-member-title\">Contable<\/p>\n                                                  <p class=\"team-member-pronouns\">Ella\/El<\/p>\n                              <\/div>\n              <div class=\"right\">\n                <span class=\"plus-button\"><\/span>\n              <\/div>\n            <\/div>\n          <\/a>\n                  <a class=\"staff-teaser team-member-teaser department-operations-team\" tabindex=\"0\" role=\"button\" type=\"button\" data-bs-toggle=\"modal\" data-team-show-image=\"true\" data-team-img-url=\"\" data-team-name=\"Annya Maskey\" data-team-title=\"Director Asociado de Operaciones\" data-team-phone=\"707-526-6930 x 154\" data-team-email=\"YW5ueWFAc29ub21hbGFuZHRydXN0Lm9yZw==\" data-team-pronouns=\"Ella\/El\" data-team-bio=\"&lt;p&gt;Annya lleva m\u00e1s de 20 a\u00f1os viviendo en el condado de Sonoma. Durante m\u00e1s de 10 a\u00f1os trabaj\u00f3 en peque\u00f1as granjas del norte de Santa Rosa y del valle de Dry Creek, adem\u00e1s de contar con muchos a\u00f1os de experiencia aplicando esos conocimientos en restaurantes locales de la granja a la mesa. Antes de trabajar en Sonoma Land Trust, fue asistente ejecutiva del Director Ejecutivo de una organizaci\u00f3n de vivienda justa. Le apasiona mitigar el cambio clim\u00e1tico desde una perspectiva de justicia social y conservar la belleza de nuestros ecosistemas locales. Dedica su tiempo a criar a su hija, a la jardiner\u00eda y a la pintura.    &lt;\/p&gt;\n\" data-team-linkedin-url=\"\" data-bs-target=\"#teamModal\">\n            <!-- <div class=\"department-tag\"><\/div> -->\n            <div class=\"team-member-lower\">\n              <div class=\"left\">\n                <p class=\"team-member-name\">Annya Maskey<\/p>\n                                  <p class=\"team-member-title\">Director Asociado de Operaciones<\/p>\n                                                  <p class=\"team-member-pronouns\">Ella\/El<\/p>\n                              <\/div>\n              <div class=\"right\">\n                <span class=\"plus-button\"><\/span>\n              <\/div>\n            <\/div>\n          <\/a>\n                  <a class=\"staff-teaser team-member-teaser department-operations-team\" tabindex=\"0\" role=\"button\" type=\"button\" data-bs-toggle=\"modal\" data-team-show-image=\"true\" data-team-img-url=\"\" data-team-name=\"Carl Gboney\" data-team-title=\"Jefe de Proyecto de Operaciones\" data-team-phone=\"(707) 526-6930 x 850\" data-team-email=\"Y2FybEBzb25vbWFsYW5kdHJ1c3Qub3Jn\" data-team-pronouns=\"\u00c9l\/ella\" data-team-bio=\"&lt;p&gt;&lt;span class=&quot;outlook-search-highlight&quot; data-markjs=&quot;true&quot;&gt;Carl&lt;\/span&gt; aporta a su papel en el equipo de operaciones un enfoque orientado a las soluciones y casi una d\u00e9cada de experiencia dirigiendo proyectos y programas interfuncionales. Es ScrumMaster\u00ae Certificado y destaca en la colaboraci\u00f3n con una amplia variedad de socios internos y externos, con experiencia en todo tipo de tareas, desde dirigir lanzamientos de productos hasta mejorar procesos de planificaci\u00f3n o dise\u00f1ar eventos para crear un sentimiento de pertenencia. Originario de Ghana, &lt;span class=&quot;outlook-search-highlight&quot; data-markjs=&quot;true&quot;&gt;Carl&lt;\/span&gt; se traslad\u00f3 a EE.UU. para ir a la universidad y vivi\u00f3 en varios estados del pa\u00eds antes de mudarse a la zona de la Bah\u00eda, y luego a Napa con su esposa. Fuera del trabajo, puedes encontrar a &lt;span class=&quot;outlook-search-highlight&quot; data-markjs=&quot;true&quot;&gt;Carl&lt;\/span&gt; en un estudio de Pilates, haciendo senderismo por nuestros senderos locales, catando vinos o viendo una pel\u00edcula en un cine local.   &lt;\/p&gt;\n\" data-team-linkedin-url=\"\" data-bs-target=\"#teamModal\">\n            <!-- <div class=\"department-tag\"><\/div> -->\n            <div class=\"team-member-lower\">\n              <div class=\"left\">\n                <p class=\"team-member-name\">Carl Gboney<\/p>\n                                  <p class=\"team-member-title\">Jefe de Proyecto de Operaciones<\/p>\n                                                  <p class=\"team-member-pronouns\">\u00c9l\/ella<\/p>\n                              <\/div>\n              <div class=\"right\">\n                <span class=\"plus-button\"><\/span>\n              <\/div>\n            <\/div>\n          <\/a>\n                  <a class=\"staff-teaser team-member-teaser department-operations-team\" tabindex=\"0\" role=\"button\" type=\"button\" data-bs-toggle=\"modal\" data-team-show-image=\"true\" data-team-img-url=\"\" data-team-name=\"Ellen Vel\u00e1zquez Muralles\" data-team-title=\"Director de Operaciones\" data-team-phone=\"(707) 526-6930 x 851\" data-team-email=\"ZWxsZW5Ac29ub21hbGFuZHRydXN0Lm9yZw==\" data-team-pronouns=\"Ella\/El\" data-team-bio=\"&lt;div class=&quot;ewa-rteLine&quot;&gt;Ellen se une a Sonoma Land Trust con una pasi\u00f3n por la eficiencia, el deseo de contribuir a un entorno de trabajo colaborativo y una inversi\u00f3n en el \u00e9xito y el crecimiento continuos de la organizaci\u00f3n. Aporta a su puesto en el equipo de operaciones una amplia experiencia en la planificaci\u00f3n de eventos y una gran capacidad de organizaci\u00f3n y comunicaci\u00f3n. Le mueve el deseo de trabajar con y para su comunidad.   Fuera del trabajo, puedes encontrar a Ellen inmersa en un buen libro, disfrutando del calor del sol del condado de Sonoma y explorando el aire libre con su beagle.&lt;\/div&gt;\n\" data-team-linkedin-url=\"\" data-bs-target=\"#teamModal\">\n            <!-- <div class=\"department-tag\"><\/div> -->\n            <div class=\"team-member-lower\">\n              <div class=\"left\">\n                <p class=\"team-member-name\">Ellen Vel\u00e1zquez Muralles<\/p>\n                                  <p class=\"team-member-title\">Director de Operaciones<\/p>\n                                                  <p class=\"team-member-pronouns\">Ella\/El<\/p>\n                              <\/div>\n              <div class=\"right\">\n                <span class=\"plus-button\"><\/span>\n              <\/div>\n            <\/div>\n          <\/a>\n                  <a class=\"staff-teaser team-member-teaser department-philanthropy-team\" tabindex=\"0\" role=\"button\" type=\"button\" data-bs-toggle=\"modal\" data-team-show-image=\"true\" data-team-img-url=\"\" data-team-name=\"Shannon Nichols\" data-team-title=\"Directora de Filantrop\u00eda\" data-team-phone=\"(707) 526-6930 x 140\" data-team-email=\"c2hhbm5vbkBzb25vbWFsYW5kdHJ1c3Qub3Jn\" data-team-pronouns=\"Ella\/El\" data-team-bio=\"&lt;p data-start=&quot;87&quot; data-end=&quot;311&quot;&gt;Shannon trabaja en estrecha colaboraci\u00f3n con los miembros de la junta directiva, el director ejecutivo y el personal para establecer relaciones con los donantes arraigadas en valores compartidos. Disfruta conectando redes y desarrollando soluciones creativas a retos complejos. Como directora de filantrop\u00eda, dirige la estrategia para desarrollar, asegurar y mantener los ingresos filantr\u00f3picos de la organizaci\u00f3n, incluidos los grandes donativos, las donaciones planificadas, el fondo anual y las subvenciones. Shannon dirigi\u00f3 la primera campa\u00f1a integral de la organizaci\u00f3n, \u00abUna Fuerza para la Naturaleza\u00bb, que recaud\u00f3 m\u00e1s de 109 millones de d\u00f3lares hasta marzo de 2024.   &lt;\/p&gt;\n\" data-team-linkedin-url=\"\" data-bs-target=\"#teamModal\">\n            <!-- <div class=\"department-tag\"><\/div> -->\n            <div class=\"team-member-lower\">\n              <div class=\"left\">\n                <p class=\"team-member-name\">Shannon Nichols<\/p>\n                                  <p class=\"team-member-title\">Directora de Filantrop\u00eda<\/p>\n                                                  <p class=\"team-member-pronouns\">Ella\/El<\/p>\n                              <\/div>\n              <div class=\"right\">\n                <span class=\"plus-button\"><\/span>\n              <\/div>\n            <\/div>\n          <\/a>\n                  <a class=\"staff-teaser team-member-teaser department-philanthropy-team\" tabindex=\"0\" role=\"button\" type=\"button\" data-bs-toggle=\"modal\" data-team-show-image=\"true\" data-team-img-url=\"\" data-team-name=\"Hillary Jarcik\" data-team-title=\"Directora Adjunta de Filantrop\u00eda\" data-team-phone=\"(707) 526-6930 x 859\" data-team-email=\"aGlsbGFyeUBzb25vbWFsYW5kdHJ1c3Qub3Jn\" data-team-pronouns=\"Ella\/El\" data-team-bio=\"&lt;p&gt;&lt;span class=&quot;outlook-search-highlight&quot; data-markjs=&quot;true&quot;&gt;Hillary&lt;\/span&gt; aporta m\u00e1s de 15 a\u00f1os de experiencia en filantrop\u00eda y un m\u00e1ster en gesti\u00f3n de organizaciones sin \u00e1nimo de lucro, con una carrera dedicada a recaudar fondos para causas que le importan profundamente. Desde trabajar con organizaciones locales del condado de Sonoma hasta con organizaciones sin \u00e1nimo de lucro nacionales, encuentra la mayor satisfacci\u00f3n en conectar las pasiones de los donantes con programas que dan vida a objetivos significativos. Lo que m\u00e1s la motiva es crear asociaciones bien pensadas entre la filantrop\u00eda y los esfuerzos comunitarios, y ver el impacto positivo y duradero que se produce. Residente en Petaluma desde 2010, &lt;span class=&quot;outlook-search-highlight&quot; data-markjs=&quot;true&quot;&gt;Hillary&lt;\/span&gt; se enorgullece de llamar hogar al condado de Sonoma. Se siente continuamente inspirada por la belleza y la diversidad de la regi\u00f3n, y aprecia la oportunidad de criar a su familia mientras explora las colinas, los r\u00edos y la costa del condado de Sonoma.    &lt;\/p&gt;\n\" data-team-linkedin-url=\"\" data-bs-target=\"#teamModal\">\n            <!-- <div class=\"department-tag\"><\/div> -->\n            <div class=\"team-member-lower\">\n              <div class=\"left\">\n                <p class=\"team-member-name\">Hillary Jarcik<\/p>\n                                  <p class=\"team-member-title\">Directora Adjunta de Filantrop\u00eda<\/p>\n                                                  <p class=\"team-member-pronouns\">Ella\/El<\/p>\n                              <\/div>\n              <div class=\"right\">\n                <span class=\"plus-button\"><\/span>\n              <\/div>\n            <\/div>\n          <\/a>\n                  <a class=\"staff-teaser team-member-teaser department-philanthropy-team\" tabindex=\"0\" role=\"button\" type=\"button\" data-bs-toggle=\"modal\" data-team-show-image=\"true\" data-team-img-url=\"\" data-team-name=\"Camille Matson\" data-team-title=\"Director de Planificaci\u00f3n de Donaciones y Relaciones con Donantes\" data-team-phone=\"(707) 582-8950 x 848\" data-team-email=\"Y2FtaWxsZUBzb25vbWFsYW5kdHJ1c3Qub3Jn\" data-team-pronouns=\"Ella\/El\" data-team-bio=\"&lt;p&gt;Camille se une a Sonoma Land Trust para establecer relaciones de colaboraci\u00f3n duraderas que ayuden a conservar la belleza y la biodiversidad del condado de Sonoma y garanticen un futuro resistente al cambio clim\u00e1tico para las generaciones venideras. En su anterior puesto en el Fondo Mundial para la Mujer, adquiri\u00f3 12 a\u00f1os de experiencia en recaudaci\u00f3n de fondos y defensa del cambio transformador en la intersecci\u00f3n de los derechos de la mujer y la justicia de g\u00e9nero, econ\u00f3mica y medioambiental. Fuera del trabajo, encontrar\u00e1s a Camille cultivando un huerto, buscando setas y visitando los parques de patinaje del condado de Sonoma con su marido y sus dos hijos peque\u00f1os.  &lt;\/p&gt;\n\" data-team-linkedin-url=\"\" data-bs-target=\"#teamModal\">\n            <!-- <div class=\"department-tag\"><\/div> -->\n            <div class=\"team-member-lower\">\n              <div class=\"left\">\n                <p class=\"team-member-name\">Camille Matson<\/p>\n                                  <p class=\"team-member-title\">Director de Planificaci\u00f3n de Donaciones y Relaciones con Donantes<\/p>\n                                                  <p class=\"team-member-pronouns\">Ella\/El<\/p>\n                              <\/div>\n              <div class=\"right\">\n                <span class=\"plus-button\"><\/span>\n              <\/div>\n            <\/div>\n          <\/a>\n                  <a class=\"staff-teaser team-member-teaser department-philanthropy-team\" tabindex=\"0\" role=\"button\" type=\"button\" data-bs-toggle=\"modal\" data-team-show-image=\"true\" data-team-img-url=\"\" data-team-name=\"Natasha Bacci\" data-team-title=\"Responsable de Grandes Donaciones\" data-team-phone=\"(707) 526-6930 x 130\" data-team-email=\"bmF0YXNoYUBzb25vbWFsYW5kdHJ1c3Qub3Jn\" data-team-pronouns=\"Ella\/El\" data-team-bio=\"&lt;p&gt;En su puesto, Natasha involucra a simpatizantes y amigos de Sonoma Land Trust en nuestro trabajo, ya sea a trav\u00e9s de actos y comunicaciones o en el terreno. Antes de trabajar en Sonoma Land Trust, Natasha trabaj\u00f3 en The Trust for Public Land, donde ayud\u00f3 a gestionar la junta consultiva de California y el programa estatal de recaudaci\u00f3n de fondos de la organizaci\u00f3n nacional para proteger la tierra y crear parques. Como nativa del condado de Sonoma, est\u00e1 encantada de aportar su experiencia a su comunidad local y ayudar a la regi\u00f3n a ser m\u00e1s resistente al cambio clim\u00e1tico. En su tiempo libre, a Natasha le gusta navegar, hacer paddle surf, ir de excursi\u00f3n, viajar y visitar todos los bellos lugares que ofrece el condado de Sonoma.   &lt;\/p&gt;\n\" data-team-linkedin-url=\"\" data-bs-target=\"#teamModal\">\n            <!-- <div class=\"department-tag\"><\/div> -->\n            <div class=\"team-member-lower\">\n              <div class=\"left\">\n                <p class=\"team-member-name\">Natasha Bacci<\/p>\n                                  <p class=\"team-member-title\">Responsable de Grandes Donaciones<\/p>\n                                                  <p class=\"team-member-pronouns\">Ella\/El<\/p>\n                              <\/div>\n              <div class=\"right\">\n                <span class=\"plus-button\"><\/span>\n              <\/div>\n            <\/div>\n          <\/a>\n                  <a class=\"staff-teaser team-member-teaser department-philanthropy-team\" tabindex=\"0\" role=\"button\" type=\"button\" data-bs-toggle=\"modal\" data-team-show-image=\"true\" data-team-img-url=\"\" data-team-name=\"Melissa Bennett\" data-team-title=\"Responsable del Programa de Filantrop\u00eda\" data-team-phone=\"(707) 526-6930 x 108\" data-team-email=\"bWVsaXNzYWJAc29ub21hbGFuZHRydXN0Lm9yZw==\" data-team-pronouns=\"Ella\/El\" data-team-bio=\"&lt;div&gt;\n&lt;p&gt;Melissa, directora del programa de filantrop\u00eda, dirige los esfuerzos para hacer crecer y mantener el programa de socios de Sonoma Land Trust. Aporta m\u00e1s de 15 a\u00f1os de experiencia en recaudaci\u00f3n de fondos en organizaciones medioambientales sin \u00e1nimo de lucro de toda la zona de la Bah\u00eda, incluyendo la redacci\u00f3n y gesti\u00f3n de subvenciones, donaciones individuales y asociaciones institucionales en organizaciones como Golden Gate National Parks Conservancy. Nativa del condado de Sonoma y criada en Bodega Bay, se enorgullece de apoyar a la comunidad que forj\u00f3 su amor por la naturaleza. Le gusta ir de excursi\u00f3n, acampar, trabajar en el jard\u00edn y pasar tiempo con amigos y familiares.   &lt;\/p&gt;\n&lt;\/div&gt;\n\" data-team-linkedin-url=\"\" data-bs-target=\"#teamModal\">\n            <!-- <div class=\"department-tag\"><\/div> -->\n            <div class=\"team-member-lower\">\n              <div class=\"left\">\n                <p class=\"team-member-name\">Melissa Bennett<\/p>\n                                  <p class=\"team-member-title\">Responsable del Programa de Filantrop\u00eda<\/p>\n                                                  <p class=\"team-member-pronouns\">Ella\/El<\/p>\n                              <\/div>\n              <div class=\"right\">\n                <span class=\"plus-button\"><\/span>\n              <\/div>\n            <\/div>\n          <\/a>\n                  <a class=\"staff-teaser team-member-teaser department-philanthropy-team\" tabindex=\"0\" role=\"button\" type=\"button\" data-bs-toggle=\"modal\" data-team-show-image=\"true\" data-team-img-url=\"\" data-team-name=\"Shawnalee Pusey\" data-team-title=\"Administrador de bases de datos CRM\" data-team-phone=\"(707) 526-6930 x 832\" data-team-email=\"c2hhd25hbGVlQHNvbm9tYWxhbmR0cnVzdC5vcmc=\" data-team-pronouns=\"Ella\/El\" data-team-bio=\"&lt;p&gt;Shawnalee aporta a Sonoma Land Trust m\u00e1s de 15 a\u00f1os de experiencia en sistemas de desarrollo y operaciones. Destaca en la creaci\u00f3n y ejecuci\u00f3n de exitosas campa\u00f1as de recaudaci\u00f3n de fondos, en la implantaci\u00f3n de herramientas para mejorar las operaciones y en la renovaci\u00f3n de los programas de captaci\u00f3n y gesti\u00f3n de simpatizantes. Con amplios conocimientos y dominio de los sistemas de gesti\u00f3n de contenidos, ha aportado sus mejores pr\u00e1cticas y su sofisticada experiencia en elaboraci\u00f3n de informes de sus anteriores empleos en los sectores de la ense\u00f1anza superior, la sanidad y los servicios sociales. Shawnalee apoya a varias organizaciones cuya misi\u00f3n es atender las necesidades de los ni\u00f1os, incluidas la vivienda y la inseguridad alimentaria. Le gusta la m\u00fasica en directo, el tenis, la jardiner\u00eda, viajar y pasar tiempo con sus \u00abpeque\u00f1os\u00bb a trav\u00e9s de la organizaci\u00f3n Big Brothers Big Sisters.    &lt;\/p&gt;\n\" data-team-linkedin-url=\"\" data-bs-target=\"#teamModal\">\n            <!-- <div class=\"department-tag\"><\/div> -->\n            <div class=\"team-member-lower\">\n              <div class=\"left\">\n                <p class=\"team-member-name\">Shawnalee Pusey<\/p>\n                                  <p class=\"team-member-title\">Administrador de bases de datos CRM<\/p>\n                                                  <p class=\"team-member-pronouns\">Ella\/El<\/p>\n                              <\/div>\n              <div class=\"right\">\n                <span class=\"plus-button\"><\/span>\n              <\/div>\n            <\/div>\n          <\/a>\n                  <a class=\"staff-teaser team-member-teaser department-philanthropy-team\" tabindex=\"0\" role=\"button\" type=\"button\" data-bs-toggle=\"modal\" data-team-show-image=\"true\" data-team-img-url=\"\" data-team-name=\"Grace Martino\" data-team-title=\"Responsable de Experiencias Filantr\u00f3picas\" data-team-phone=\"(707) 526-6930 x 840\" data-team-email=\"Z3JhY2VAc29ub21hbGFuZHRydXN0Lm9yZw==\" data-team-pronouns=\"Ella\/ellos\" data-team-bio=\"&lt;p&gt;Grace aporta a su cargo una experiencia diversa en m\u00fasica, gesti\u00f3n art\u00edstica, planificaci\u00f3n de eventos y agricultura sostenible, y se compromete a tener un impacto positivo a trav\u00e9s de su trabajo. Su experiencia abarca desde, m\u00e1s recientemente, la realizaci\u00f3n de un aprendizaje en una granja ecol\u00f3gica, a la supervisi\u00f3n de producciones y programas educativos para el Coro de Ni\u00f1as de San Francisco, pasando por la direcci\u00f3n de los Cantantes de la Camerata de Long Beach. Grace organiza el Sonoma Queer Folks Food Club, y en su tiempo libre disfruta cocinando, haciendo senderismo, pirag\u00fcismo y fotograf\u00eda cinematogr\u00e1fica.  &lt;\/p&gt;\n\" data-team-linkedin-url=\"\" data-bs-target=\"#teamModal\">\n            <!-- <div class=\"department-tag\"><\/div> -->\n            <div class=\"team-member-lower\">\n              <div class=\"left\">\n                <p class=\"team-member-name\">Grace Martino<\/p>\n                                  <p class=\"team-member-title\">Responsable de Experiencias Filantr\u00f3picas<\/p>\n                                                  <p class=\"team-member-pronouns\">Ella\/ellos<\/p>\n                              <\/div>\n              <div class=\"right\">\n                <span class=\"plus-button\"><\/span>\n              <\/div>\n            <\/div>\n          <\/a>\n                  <a class=\"staff-teaser team-member-teaser department-philanthropy-team\" tabindex=\"0\" role=\"button\" type=\"button\" data-bs-toggle=\"modal\" data-team-show-image=\"true\" data-team-img-url=\"\" data-team-name=\"Matthew Cadigan\" data-team-title=\"Asociado de Operaciones Filantr\u00f3picas\" data-team-phone=\"(707) 526-6930 x 858\" data-team-email=\"bWF0dGhld0Bzb25vbWFsYW5kdHJ1c3Qub3Jn\" data-team-pronouns=\"\u00c9l\/ella\" data-team-bio=\"&lt;p&gt;Nacido y criado en el condado de Sonoma, Matt aporta una amplia experiencia trabajando con organizaciones sin \u00e1nimo de lucro, gestionando programas de voluntariado, manteniendo bases de datos complejas e incluso fundando una organizaci\u00f3n sin \u00e1nimo de lucro en 2017. Combina su experiencia sin \u00e1nimo de lucro con una s\u00f3lida formaci\u00f3n en administraci\u00f3n de bases de datos y una pasi\u00f3n por el trabajo orientado a la misi\u00f3n. Fuera de la oficina, se le puede encontrar montando en bicicleta, haciendo pirag\u00fcismo o sumergi\u00e9ndose en la vibrante escena teatral y cinematogr\u00e1fica del \u00c1rea de la Bah\u00eda, tanto actuando como dirigiendo.  &lt;\/p&gt;\n\" data-team-linkedin-url=\"\" data-bs-target=\"#teamModal\">\n            <!-- <div class=\"department-tag\"><\/div> -->\n            <div class=\"team-member-lower\">\n              <div class=\"left\">\n                <p class=\"team-member-name\">Matthew Cadigan<\/p>\n                                  <p class=\"team-member-title\">Asociado de Operaciones Filantr\u00f3picas<\/p>\n                                                  <p class=\"team-member-pronouns\">\u00c9l\/ella<\/p>\n                              <\/div>\n              <div class=\"right\">\n                <span class=\"plus-button\"><\/span>\n              <\/div>\n            <\/div>\n          <\/a>\n                  <a class=\"staff-teaser team-member-teaser department-policy-team\" tabindex=\"0\" role=\"button\" type=\"button\" data-bs-toggle=\"modal\" data-team-show-image=\"true\" data-team-img-url=\"\" data-team-name=\"Ariana Rickard\" data-team-title=\"Director de Pol\u00edtica\" data-team-phone=\"(707) 526-6930 x 153\" data-team-email=\"YXJpYW5hQHNvbm9tYWxhbmR0cnVzdC5vcmc=\" data-team-pronouns=\"Ella\/El\" data-team-bio=\"&lt;p&gt;Ariana trabaja con organismos y legisladores estatales y federales para garantizar que los programas y proyectos del Land Trust reciban financiaci\u00f3n y apoyo adecuados. Ariana ha trabajado para varios organismos del gobierno federal, entre ellos los Cuerpos de Paz en Ecuador, y para numerosas organizaciones medioambientales sin \u00e1nimo de lucro, como Audubon California y San Francisco Bay Joint Venture. Se licenci\u00f3 en Ciencias Medioambientales y Pol\u00edticas P\u00fablicas por el Harvard College y obtuvo un m\u00e1ster en Ecolog\u00eda por la Universidad de Michigan, Ann Arbor. En 2020, cofund\u00f3 la secci\u00f3n del \u00c1rea de la Bah\u00eda de Profesionales Medioambientales de Color para aumentar la equidad, la diversidad y la inclusi\u00f3n dentro de la comunidad medioambiental del \u00c1rea de la Bah\u00eda.   &lt;\/p&gt;\n\" data-team-linkedin-url=\"\" data-bs-target=\"#teamModal\">\n            <!-- <div class=\"department-tag\"><\/div> -->\n            <div class=\"team-member-lower\">\n              <div class=\"left\">\n                <p class=\"team-member-name\">Ariana Rickard<\/p>\n                                  <p class=\"team-member-title\">Director de Pol\u00edtica<\/p>\n                                                  <p class=\"team-member-pronouns\">Ella\/El<\/p>\n                              <\/div>\n              <div class=\"right\">\n                <span class=\"plus-button\"><\/span>\n              <\/div>\n            <\/div>\n          <\/a>\n                  <a class=\"staff-teaser team-member-teaser department-stewardship-team\" tabindex=\"0\" role=\"button\" type=\"button\" data-bs-toggle=\"modal\" data-team-show-image=\"true\" data-team-img-url=\"\" data-team-name=\"Kyle Pinjuv\" data-team-title=\"Director de Corresponsabilidad  \" data-team-phone=\"(707) 526-6930 x 123\" data-team-email=\"a3lsZUBzb25vbWFsYW5kdHJ1c3Qub3Jn\" data-team-pronouns=\"\u00c9l\/ella\" data-team-bio=\"&lt;p&gt;Con m\u00e1s de dos d\u00e9cadas de experiencia en conservaci\u00f3n, Kyle ejerce de director de administraci\u00f3n, guiando el cuidado y la administraci\u00f3n a largo plazo de las tierras protegidas de Sonoma Land Trust. Dirige un equipo que trabaja con la tierra y la comunidad para proteger y restaurar los h\u00e1bitats aut\u00f3ctonos, los arroyos y los corredores de la fauna salvaje, reforzando al mismo tiempo la salud de los bosques y la resistencia a los incendios forestales en todo el condado de Sonoma.&lt;br \/&gt;\nEl camino de Kyle hacia la conservaci\u00f3n comenz\u00f3 con un trabajo temporal eliminando especies invasoras en el estado de Washington, una experiencia que despert\u00f3 un inter\u00e9s duradero por la administraci\u00f3n de la tierra y le llev\u00f3 a cursar estudios de postgrado en el campo medioambiental. Su carrera le ha llevado por todo el pa\u00eds, incluidos cuatro a\u00f1os en Alaska estudiando osos, as\u00ed como trabajo en Nuevo M\u00e9xico y Maine, antes de regresar a la Costa Oeste para seguir protegiendo los paisajes que ama.&lt;br \/&gt;\nImpulsado por un profundo aprecio por los lugares salvajes y las personas vinculadas a ellos, Kyle es un apasionado de la gesti\u00f3n reflexiva de la tierra que apoya tanto la salud ecol\u00f3gica como la resiliencia de la comunidad.  &lt;\/p&gt;\n\" data-team-linkedin-url=\"\" data-bs-target=\"#teamModal\">\n            <!-- <div class=\"department-tag\"><\/div> -->\n            <div class=\"team-member-lower\">\n              <div class=\"left\">\n                <p class=\"team-member-name\">Kyle Pinjuv<\/p>\n                                  <p class=\"team-member-title\">Director de Corresponsabilidad  <\/p>\n                                                  <p class=\"team-member-pronouns\">\u00c9l\/ella<\/p>\n                              <\/div>\n              <div class=\"right\">\n                <span class=\"plus-button\"><\/span>\n              <\/div>\n            <\/div>\n          <\/a>\n                  <a class=\"staff-teaser team-member-teaser department-stewardship-team\" tabindex=\"0\" role=\"button\" type=\"button\" data-bs-toggle=\"modal\" data-team-show-image=\"true\" data-team-img-url=\"\" data-team-name=\"Chris Carlson\" data-team-title=\"Director del Programa de Administraci\u00f3n del Valle de Sonoma\" data-team-phone=\"(707) 526-6930 x 120\" data-team-email=\"Y2hyaXNAc29ub21hbGFuZHRydXN0Lm9yZw==\" data-team-pronouns=\"\u00c9l\/ella\" data-team-bio=\"&lt;p&gt;Chris gestiona las reservas del Valle de Sonoma y dirige los esfuerzos de SLT para convivir con los incendios forestales, manteniendo seguros los bosques y las comunidades. Chris se incorpor\u00f3 a la fundaci\u00f3n en 2022, tras trabajar como gestor de proyectos de restauraci\u00f3n en la regi\u00f3n del delta de Sacramento. Ha trabajado en todo el oeste de EE.UU. supervisando y estudiando los recursos naturales, incluida la respuesta de los incendios forestales al clareo en Sierra Nevada. Cuando no est\u00e1 cultivando un huerto o buscando setas, Chris se mantiene ocupado persiguiendo a sus dos hijos gemelos y explorando la biodiversidad del condado de Sonoma con su pareja. Chris es licenciado en Geograf\u00eda por la Universidad de Oreg\u00f3n y posee un m\u00e1ster en Silvicultura por la Universidad de Montana.    &lt;\/p&gt;\n\" data-team-linkedin-url=\"\" data-bs-target=\"#teamModal\">\n            <!-- <div class=\"department-tag\"><\/div> -->\n            <div class=\"team-member-lower\">\n              <div class=\"left\">\n                <p class=\"team-member-name\">Chris Carlson<\/p>\n                                  <p class=\"team-member-title\">Director del Programa de Administraci\u00f3n del Valle de Sonoma<\/p>\n                                                  <p class=\"team-member-pronouns\">\u00c9l\/ella<\/p>\n                              <\/div>\n              <div class=\"right\">\n                <span class=\"plus-button\"><\/span>\n              <\/div>\n            <\/div>\n          <\/a>\n                  <a class=\"staff-teaser team-member-teaser department-stewardship-team\" tabindex=\"0\" role=\"button\" type=\"button\" data-bs-toggle=\"modal\" data-team-show-image=\"true\" data-team-img-url=\"\" data-team-name=\"Shanti Edwards\" data-team-title=\"Director del Programa de la Costa de Sonoma\" data-team-phone=\"(707) 526-6930 x 116\" data-team-email=\"c2hhbnRpQHNvbm9tYWxhbmR0cnVzdC5vcmc=\" data-team-pronouns=\"Ella\/El\" data-team-bio=\"&lt;p&gt;Shanti Edwards gestiona las reservas costeras de Sonoma Land Trust. Los proyectos actuales de gesti\u00f3n de tierras implican colaboraciones con grupos asociados, productores agr\u00edcolas, fundaciones privadas, vecinos y voluntarios para llevar a cabo diversas actividades de gesti\u00f3n de recursos naturales, mantenimiento de infraestructuras, planificaci\u00f3n recreativa y participaci\u00f3n comunitaria. Shanti se licenci\u00f3 en Estudios Medioambientales por la Universidad Estatal de Sonoma. Nacida y criada en el norte de California, vive en el condado de Sonoma desde hace m\u00e1s de 20 a\u00f1os. Cuando no est\u00e1 ocupada administrando nuestras emblem\u00e1ticas propiedades costeras, disfruta del tiempo con su hijo y de las ricas experiencias que conlleva la vida familiar.    &lt;\/p&gt;\n\" data-team-linkedin-url=\"\" data-bs-target=\"#teamModal\">\n            <!-- <div class=\"department-tag\"><\/div> -->\n            <div class=\"team-member-lower\">\n              <div class=\"left\">\n                <p class=\"team-member-name\">Shanti Edwards<\/p>\n                                  <p class=\"team-member-title\">Director del Programa de la Costa de Sonoma<\/p>\n                                                  <p class=\"team-member-pronouns\">Ella\/El<\/p>\n                              <\/div>\n              <div class=\"right\">\n                <span class=\"plus-button\"><\/span>\n              <\/div>\n            <\/div>\n          <\/a>\n                  <a class=\"staff-teaser team-member-teaser department-stewardship-team\" tabindex=\"0\" role=\"button\" type=\"button\" data-bs-toggle=\"modal\" data-team-show-image=\"true\" data-team-img-url=\"\" data-team-name=\"Melina Hammar\" data-team-title=\"Director del Programa de Corresponsabilidad\" data-team-phone=\"(707) 526-6930 x 115\" data-team-email=\"bWVsaW5hQHNvbm9tYWxhbmR0cnVzdC5vcmc=\" data-team-pronouns=\"Ella\/El\" data-team-bio=\"&lt;p&gt;Melina tiene casi una d\u00e9cada de experiencia en el campo de la gesti\u00f3n de recursos. Antes de incorporarse a Sonoma Land Trust, trabaj\u00f3 en los sectores p\u00fablico y sin \u00e1nimo de lucro gestionando reservas ecol\u00f3gicas, ayudando a los propietarios a desarrollar planes de gesti\u00f3n para la conservaci\u00f3n de los recursos y colaborando en la supervisi\u00f3n y el cumplimiento de las servidumbres de conservaci\u00f3n. Melina se licenci\u00f3 en Estudios y Planificaci\u00f3n Medioambientales por la Universidad Estatal de Sonoma, especializ\u00e1ndose en conservaci\u00f3n y restauraci\u00f3n, con especializaci\u00f3n en biolog\u00eda. Su profundo amor por el condado de Sonoma, sus paisajes abiertos y su patrimonio agr\u00edcola la inspiran y refuerzan su compromiso de conservar y administrar la tierra para las generaciones futuras. En su tiempo libre, Melina disfruta experimentando con nuevas recetas en la cocina, dedicando tiempo a cuidar su jard\u00edn de flores y verduras, y explorando nuevos lugares con su familia.    &lt;\/p&gt;\n\" data-team-linkedin-url=\"\" data-bs-target=\"#teamModal\">\n            <!-- <div class=\"department-tag\"><\/div> -->\n            <div class=\"team-member-lower\">\n              <div class=\"left\">\n                <p class=\"team-member-name\">Melina Hammar<\/p>\n                                  <p class=\"team-member-title\">Director del Programa de Corresponsabilidad<\/p>\n                                                  <p class=\"team-member-pronouns\">Ella\/El<\/p>\n                              <\/div>\n              <div class=\"right\">\n                <span class=\"plus-button\"><\/span>\n              <\/div>\n            <\/div>\n          <\/a>\n                  <a class=\"staff-teaser team-member-teaser department-stewardship-team\" tabindex=\"0\" role=\"button\" type=\"button\" data-bs-toggle=\"modal\" data-team-show-image=\"true\" data-team-img-url=\"\" data-team-name=\"Julian Meisler\" data-team-title=\"Director Asociado de Corresponsabilidad\" data-team-phone=\"(707) 526-6930 x 109\" data-team-email=\"anVsaWFuQHNvbm9tYWxhbmR0cnVzdC5vcmc=\" data-team-pronouns=\"\u00c9l\/ella\" data-team-bio=\"&lt;p&gt;Julian se centra en la conservaci\u00f3n de la regi\u00f3n de Baylands, al sur del condado de Sonoma. Est\u00e1 especialmente interesado en comprender y conectar los paisajes de las mareas y las tierras altas para adaptarse a la futura subida del nivel del mar, labor que le permite trabajar con muchos socios de la conservaci\u00f3n, el transporte, la agricultura y m\u00e1s. Julian vive en Santa Rosa con su familia y, cuando no est\u00e1 trabajando, le encanta montar a caballo, hacer senderismo, esquiar y surfear todo lo que puede. Julian es licenciado por la Universidad Estatal de Colorado y tiene un m\u00e1ster por la Universidad de Vermont.   &lt;\/p&gt;\n\" data-team-linkedin-url=\"\" data-bs-target=\"#teamModal\">\n            <!-- <div class=\"department-tag\"><\/div> -->\n            <div class=\"team-member-lower\">\n              <div class=\"left\">\n                <p class=\"team-member-name\">Julian Meisler<\/p>\n                                  <p class=\"team-member-title\">Director Asociado de Corresponsabilidad<\/p>\n                                                  <p class=\"team-member-pronouns\">\u00c9l\/ella<\/p>\n                              <\/div>\n              <div class=\"right\">\n                <span class=\"plus-button\"><\/span>\n              <\/div>\n            <\/div>\n          <\/a>\n                  <a class=\"staff-teaser team-member-teaser department-stewardship-team\" tabindex=\"0\" role=\"button\" type=\"button\" data-bs-toggle=\"modal\" data-team-show-image=\"true\" data-team-img-url=\"\" data-team-name=\"Joe Plaugher\" data-team-title=\"Director del Programa de Corresponsabilidad\" data-team-phone=\"(707) 526-6930 x 152\" data-team-email=\"anBsYXVnaGVyQHNvbm9tYWxhbmR0cnVzdC5vcmc=\" data-team-pronouns=\"\u00c9l\/ella\" data-team-bio=\"&lt;div&gt;\n&lt;p&gt;Nativo del oeste del condado de Sonoma y criado entre secuoyas, Joe dirige la ejecuci\u00f3n de las quemas prescritas en las reservas de SLT y es coordinador de la Colaboraci\u00f3n de Tierras Silvestres del Valle de Sonoma. Es licenciado en Ciencias Pol\u00edticas por la Universidad del Pac\u00edfico y est\u00e1 cursando un m\u00e1ster en Recursos Naturales en Ecolog\u00eda del Fuego en la Universidad de Idaho. Forma parte del comit\u00e9 directivo de la Alianza Good Fire.  &lt;\/p&gt;\n&lt;\/div&gt;\n&lt;div&gt;\n&lt;p data-start=&quot;496&quot; data-end=&quot;789&quot;&gt;Antes de incorporarse a la fundaci\u00f3n, trabaj\u00f3 en campa\u00f1as pol\u00edticas y pol\u00edticas p\u00fablicas, \u00faltimamente como representante de campo del diputado Mike Thompson. Ha recorrido la ruta Pacific Crest Trail, ha trabajado como gu\u00eda de rafting en aguas bravas, es un \u00e1vido ciclista y es feliz durmiendo bajo las estrellas. &lt;\/p&gt;\n&lt;\/div&gt;\n\" data-team-linkedin-url=\"\" data-bs-target=\"#teamModal\">\n            <!-- <div class=\"department-tag\"><\/div> -->\n            <div class=\"team-member-lower\">\n              <div class=\"left\">\n                <p class=\"team-member-name\">Joe Plaugher<\/p>\n                                  <p class=\"team-member-title\">Director del Programa de Corresponsabilidad<\/p>\n                                                  <p class=\"team-member-pronouns\">\u00c9l\/ella<\/p>\n                              <\/div>\n              <div class=\"right\">\n                <span class=\"plus-button\"><\/span>\n              <\/div>\n            <\/div>\n          <\/a>\n                  <a class=\"staff-teaser team-member-teaser department-stewardship-team\" tabindex=\"0\" role=\"button\" type=\"button\" data-bs-toggle=\"modal\" data-team-show-image=\"true\" data-team-img-url=\"\" data-team-name=\"Tom Tolliver\" data-team-title=\"Director del Programa de Corresponsabilidad\" data-team-phone=\"(707) 526-6930 x 148\" data-team-email=\"dG9tQHNvbm9tYWxhbmR0cnVzdC5vcmc=\" data-team-pronouns=\"\u00c9l\/ella\" data-team-bio=\"&lt;p&gt;El temprano inter\u00e9s de Tom por todas las cosas al aire libre le llev\u00f3 a iniciar su educaci\u00f3n universitaria en las ciencias naturales y luego a serpentear hacia las ciencias sociales para obtener una licenciatura en sociolog\u00eda en Cal State Long Beach. Su trabajo de administraci\u00f3n sin \u00e1nimo de lucro se centr\u00f3 en el desarrollo de la juventud, pero, m\u00e1s tarde, encontr\u00f3 mayor satisfacci\u00f3n en la construcci\u00f3n y la gesti\u00f3n de proyectos. Eso, unido a un profundo inter\u00e9s por la vida salvaje y sus h\u00e1bitats, le llev\u00f3 a trabajar durante muchos a\u00f1os como contratista independiente realizando numerosos proyectos para Sonoma Land Trust. Hoy dirige proyectos de infraestructuras que incluyen la restauraci\u00f3n del granero del Rancho Laufenburg, que se complet\u00f3 en 2025.   &lt;\/p&gt;\n\" data-team-linkedin-url=\"\" data-bs-target=\"#teamModal\">\n            <!-- <div class=\"department-tag\"><\/div> -->\n            <div class=\"team-member-lower\">\n              <div class=\"left\">\n                <p class=\"team-member-name\">Tom Tolliver<\/p>\n                                  <p class=\"team-member-title\">Director del Programa de Corresponsabilidad<\/p>\n                                                  <p class=\"team-member-pronouns\">\u00c9l\/ella<\/p>\n                              <\/div>\n              <div class=\"right\">\n                <span class=\"plus-button\"><\/span>\n              <\/div>\n            <\/div>\n          <\/a>\n                  <a class=\"staff-teaser team-member-teaser department-stewardship-team\" tabindex=\"0\" role=\"button\" type=\"button\" data-bs-toggle=\"modal\" data-team-show-image=\"true\" data-team-img-url=\"\" data-team-name=\"Riley Scaff\" data-team-title=\"Gestor de Proyectos de Corresponsabilidad\" data-team-phone=\"(707) 526-6930 x 843\" data-team-email=\"cmlsZXlAc29ub21hbGFuZHRydXN0Lm9yZw==\" data-team-pronouns=\"Ella\/ellos\" data-team-bio=\"&lt;p style=&quot;font-weight: 400;&quot;&gt;Riley Scaff es la gestora de proyectos de administraci\u00f3n de Baylands de Sonoma Land Trust. Aplica su formaci\u00f3n en ecolog\u00eda vegetal y geociencia a diversas iniciativas de gesti\u00f3n del territorio, como la restauraci\u00f3n del agua dulce, la gesti\u00f3n de pastizales y la vigilancia ecol\u00f3gica. En su tiempo libre, suele estar al aire libre, admirando plantas o elaborando nuevas recetas en la cocina.  &lt;\/p&gt;\n\" data-team-linkedin-url=\"\" data-bs-target=\"#teamModal\">\n            <!-- <div class=\"department-tag\"><\/div> -->\n            <div class=\"team-member-lower\">\n              <div class=\"left\">\n                <p class=\"team-member-name\">Riley Scaff<\/p>\n                                  <p class=\"team-member-title\">Gestor de Proyectos de Corresponsabilidad<\/p>\n                                                  <p class=\"team-member-pronouns\">Ella\/ellos<\/p>\n                              <\/div>\n              <div class=\"right\">\n                <span class=\"plus-button\"><\/span>\n              <\/div>\n            <\/div>\n          <\/a>\n                  <a class=\"staff-teaser team-member-teaser department-stewardship-team\" tabindex=\"0\" role=\"button\" type=\"button\" data-bs-toggle=\"modal\" data-team-show-image=\"true\" data-team-img-url=\"\" data-team-name=\"Grant Coleman\" data-team-title=\"T\u00e9cnico de Corresponsabilidad\" data-team-phone=\"(707) 526-6930 x 835\" data-team-email=\"Z3JhbnRAc29ub21hbGFuZHRydXN0Lm9yZw==\" data-team-pronouns=\"\u00c9l\/ella\" data-team-bio=\"&lt;div class=&quot;ewa-rteLine&quot;&gt;Grant aporta una amplia experiencia en gesti\u00f3n de recursos naturales, habiendo trabajado con organizaciones sin \u00e1nimo de lucro y organismos estatales de toda California y Nevada en restauraci\u00f3n de ecosistemas, construcci\u00f3n de senderos, vigilancia de la fauna salvaje, gesti\u00f3n de especies invasoras y planificaci\u00f3n de la salud forestal.&lt;\/div&gt;\n&lt;div class=&quot;ewa-rteLine&quot;&gt;&lt;\/div&gt;\n&lt;div class=&quot;ewa-rteLine&quot;&gt;Le apasiona restaurar las tierras afectadas por incendios forestales y crear zonas silvestres m\u00e1s resistentes a los incendios. En su tiempo libre, puedes encontrar a Grant explorando senderos a pie o en bicicleta, fotografiando la naturaleza o visitando una cervecer\u00eda local. &lt;\/div&gt;\n\" data-team-linkedin-url=\"\" data-bs-target=\"#teamModal\">\n            <!-- <div class=\"department-tag\"><\/div> -->\n            <div class=\"team-member-lower\">\n              <div class=\"left\">\n                <p class=\"team-member-name\">Grant Coleman<\/p>\n                                  <p class=\"team-member-title\">T\u00e9cnico de Corresponsabilidad<\/p>\n                                                  <p class=\"team-member-pronouns\">\u00c9l\/ella<\/p>\n                              <\/div>\n              <div class=\"right\">\n                <span class=\"plus-button\"><\/span>\n              <\/div>\n            <\/div>\n          <\/a>\n                  <a class=\"staff-teaser team-member-teaser department-stewardship-team\" tabindex=\"0\" role=\"button\" type=\"button\" data-bs-toggle=\"modal\" data-team-show-image=\"true\" data-team-img-url=\"\" data-team-name=\"Bianca Vargas\" data-team-title=\"T\u00e9cnico de Corresponsabilidad\" data-team-phone=\"(707) 595-7386 x 844\" data-team-email=\"YmlhbmNhQHNvbm9tYWxhbmR0cnVzdC5vcmc=\" data-team-pronouns=\"Ella\/El\" data-team-bio=\"&lt;p&gt;Bianca aporta su pasi\u00f3n por la justicia medioambiental y la ecolog\u00eda del fuego a su funci\u00f3n en Sonoma Land Trust. Recientemente se ha graduado en la Universidad de Minnesota con una licenciatura en gesti\u00f3n forestal y de recursos naturales, y como estudiante realiz\u00f3 investigaciones en el laboratorio de silvicultura de la universidad, recopilando e interpretando datos de campo. Bianca ha ocupado cargos directivos en varias organizaciones sin \u00e1nimo de lucro centradas en la conservaci\u00f3n y la silvicultura, como Conservation Corps Minnesota &#038; Iowa y The Great Basin Institute, y en su tiempo libre les gusta viajar e identificar \u00e1rboles.  &lt;\/p&gt;\n\" data-team-linkedin-url=\"\" data-bs-target=\"#teamModal\">\n            <!-- <div class=\"department-tag\"><\/div> -->\n            <div class=\"team-member-lower\">\n              <div class=\"left\">\n                <p class=\"team-member-name\">Bianca Vargas<\/p>\n                                  <p class=\"team-member-title\">T\u00e9cnico de Corresponsabilidad<\/p>\n                                                  <p class=\"team-member-pronouns\">Ella\/El<\/p>\n                              <\/div>\n              <div class=\"right\">\n                <span class=\"plus-button\"><\/span>\n              <\/div>\n            <\/div>\n          <\/a>\n                  <\/div>\n\n        <\/div><\/div>\n","protected":false},"excerpt":{"rendered":"<p>El sitio incluye una serie de tipos de post. Estas entradas se pueden arrastrar a componentes de otras p\u00e1ginas utilizando los componentes que se indican a continuaci\u00f3n. Selecciona las entradas individuales del blog que deseas mostrar. Selecciona las noticias individuales que deseas mostrar. El siguiente bloque te permite extraer entradas de un feed y mostrarlas [&hellip;]<\/p>\n","protected":false},"author":1,"featured_media":0,"parent":0,"menu_order":0,"comment_status":"closed","ping_status":"closed","template":"","meta":{"_acf_changed":false,"footnotes":""},"class_list":["post-13811","page","type-page","status-publish","hentry"],"acf":[],"yoast_head":"<!-- This site is optimized with the Yoast SEO plugin v27.3 - https:\/\/yoast.com\/product\/yoast-seo-wordpress\/ -->\n<title>Contenido din\u00e1mico - Demo &#8212; Sonoma Land Trust<\/title>\n<meta name=\"description\" content=\"Bloques de contenido din\u00e1micos El sitio incluye una serie de tipos de post. Estas entradas se pueden arrastrar a componentes de otras p\u00e1ginas utilizando\" \/>\n<meta name=\"robots\" content=\"index, follow, max-snippet:-1, max-image-preview:large, max-video-preview:-1\" \/>\n<link rel=\"canonical\" href=\"https:\/\/sonomalandtrust.org\/es\/contenido-dinamico-demo\/\" \/>\n<meta property=\"og:locale\" content=\"es_ES\" \/>\n<meta property=\"og:type\" content=\"article\" \/>\n<meta property=\"og:title\" content=\"Contenido din\u00e1mico - Demo &#8212; Sonoma Land Trust\" \/>\n<meta property=\"og:description\" content=\"Bloques de contenido din\u00e1micos El sitio incluye una serie de tipos de post. Estas entradas se pueden arrastrar a componentes de otras p\u00e1ginas utilizando\" \/>\n<meta property=\"og:url\" content=\"https:\/\/sonomalandtrust.org\/es\/contenido-dinamico-demo\/\" \/>\n<meta property=\"og:site_name\" content=\"Sonoma Land Trust\" \/>\n<meta property=\"article:publisher\" content=\"http:\/\/www.facebook.com\/Sonoma-Land-Trust\/\" \/>\n<meta property=\"article:modified_time\" content=\"2026-03-12T18:19:05+00:00\" \/>\n<meta name=\"twitter:card\" content=\"summary_large_image\" \/>\n<meta name=\"twitter:label1\" content=\"Est. reading time\" \/>\n\t<meta name=\"twitter:data1\" content=\"1 minuto\" \/>\n<script type=\"application\/ld+json\" class=\"yoast-schema-graph\">{\"@context\":\"https:\\\/\\\/schema.org\",\"@graph\":[{\"@type\":\"WebPage\",\"@id\":\"https:\\\/\\\/sonomalandtrust.org\\\/es\\\/contenido-dinamico-demo\\\/\",\"url\":\"https:\\\/\\\/sonomalandtrust.org\\\/es\\\/contenido-dinamico-demo\\\/\",\"name\":\"Contenido din\u00e1mico - Demo &#8212; Sonoma Land Trust\",\"isPartOf\":{\"@id\":\"https:\\\/\\\/slt-2026.eclipse-dev.com\\\/#website\"},\"datePublished\":\"2025-12-16T16:03:45+00:00\",\"dateModified\":\"2026-03-12T18:19:05+00:00\",\"description\":\"Bloques de contenido din\u00e1micos El sitio incluye una serie de tipos de post. Estas entradas se pueden arrastrar a componentes de otras p\u00e1ginas utilizando\",\"breadcrumb\":{\"@id\":\"https:\\\/\\\/sonomalandtrust.org\\\/es\\\/contenido-dinamico-demo\\\/#breadcrumb\"},\"inLanguage\":\"es\",\"potentialAction\":[{\"@type\":\"ReadAction\",\"target\":[\"https:\\\/\\\/sonomalandtrust.org\\\/es\\\/contenido-dinamico-demo\\\/\"]}]},{\"@type\":\"BreadcrumbList\",\"@id\":\"https:\\\/\\\/sonomalandtrust.org\\\/es\\\/contenido-dinamico-demo\\\/#breadcrumb\",\"itemListElement\":[{\"@type\":\"ListItem\",\"position\":1,\"name\":\"Home\",\"item\":\"https:\\\/\\\/sonomalandtrust.org\\\/es\\\/inicio\\\/\"},{\"@type\":\"ListItem\",\"position\":2,\"name\":\"Contenido din\u00e1mico &#8211; Demo\"}]},{\"@type\":\"WebSite\",\"@id\":\"https:\\\/\\\/slt-2026.eclipse-dev.com\\\/#website\",\"url\":\"https:\\\/\\\/slt-2026.eclipse-dev.com\\\/\",\"name\":\"Sonoma Land Trust\",\"description\":\"\",\"publisher\":{\"@id\":\"https:\\\/\\\/slt-2026.eclipse-dev.com\\\/#organization\"},\"potentialAction\":[{\"@type\":\"SearchAction\",\"target\":{\"@type\":\"EntryPoint\",\"urlTemplate\":\"https:\\\/\\\/slt-2026.eclipse-dev.com\\\/?s={search_term_string}\"},\"query-input\":{\"@type\":\"PropertyValueSpecification\",\"valueRequired\":true,\"valueName\":\"search_term_string\"}}],\"inLanguage\":\"es\"},{\"@type\":\"Organization\",\"@id\":\"https:\\\/\\\/slt-2026.eclipse-dev.com\\\/#organization\",\"name\":\"Fondo de Tierras de Sonoma\",\"url\":\"https:\\\/\\\/slt-2026.eclipse-dev.com\\\/\",\"logo\":{\"@type\":\"ImageObject\",\"inLanguage\":\"es\",\"@id\":\"https:\\\/\\\/slt-2026.eclipse-dev.com\\\/#\\\/schema\\\/logo\\\/image\\\/\",\"url\":\"https:\\\/\\\/sonomalandtrust.org\\\/wp-content\\\/uploads\\\/2025\\\/10\\\/slt-logo.png\",\"contentUrl\":\"https:\\\/\\\/sonomalandtrust.org\\\/wp-content\\\/uploads\\\/2025\\\/10\\\/slt-logo.png\",\"width\":549,\"height\":333,\"caption\":\"Fondo de Tierras de Sonoma\"},\"image\":{\"@id\":\"https:\\\/\\\/slt-2026.eclipse-dev.com\\\/#\\\/schema\\\/logo\\\/image\\\/\"},\"sameAs\":[\"http:\\\/\\\/www.facebook.com\\\/Sonoma-Land-Trust\\\/\",\"https:\\\/\\\/www.instagram.com\\\/sonomalandtrust\\\/\",\"https:\\\/\\\/bsky.app\\\/profile\\\/sonomalandtrust.bsky.social\",\"https:\\\/\\\/www.youtube.com\\\/user\\\/SonomaLandTrust\\\/\",\"http:\\\/\\\/www.linkedin.com\\\/company\\\/1090048?trk=tyah\"]}]}<\/script>\n<!-- \/ Yoast SEO plugin. -->","yoast_head_json":{"title":"Contenido din\u00e1mico - Demo &#8212; Sonoma Land Trust","description":"Bloques de contenido din\u00e1micos El sitio incluye una serie de tipos de post. Estas entradas se pueden arrastrar a componentes de otras p\u00e1ginas utilizando","robots":{"index":"index","follow":"follow","max-snippet":"max-snippet:-1","max-image-preview":"max-image-preview:large","max-video-preview":"max-video-preview:-1"},"canonical":"https:\/\/sonomalandtrust.org\/es\/contenido-dinamico-demo\/","og_locale":"es_ES","og_type":"article","og_title":"Contenido din\u00e1mico - Demo &#8212; Sonoma Land Trust","og_description":"Bloques de contenido din\u00e1micos El sitio incluye una serie de tipos de post. Estas entradas se pueden arrastrar a componentes de otras p\u00e1ginas utilizando","og_url":"https:\/\/sonomalandtrust.org\/es\/contenido-dinamico-demo\/","og_site_name":"Sonoma Land Trust","article_publisher":"http:\/\/www.facebook.com\/Sonoma-Land-Trust\/","article_modified_time":"2026-03-12T18:19:05+00:00","twitter_card":"summary_large_image","twitter_misc":{"Est. reading time":"1 minuto"},"schema":{"@context":"https:\/\/schema.org","@graph":[{"@type":"WebPage","@id":"https:\/\/sonomalandtrust.org\/es\/contenido-dinamico-demo\/","url":"https:\/\/sonomalandtrust.org\/es\/contenido-dinamico-demo\/","name":"Contenido din\u00e1mico - Demo &#8212; Sonoma Land Trust","isPartOf":{"@id":"https:\/\/slt-2026.eclipse-dev.com\/#website"},"datePublished":"2025-12-16T16:03:45+00:00","dateModified":"2026-03-12T18:19:05+00:00","description":"Bloques de contenido din\u00e1micos El sitio incluye una serie de tipos de post. Estas entradas se pueden arrastrar a componentes de otras p\u00e1ginas utilizando","breadcrumb":{"@id":"https:\/\/sonomalandtrust.org\/es\/contenido-dinamico-demo\/#breadcrumb"},"inLanguage":"es","potentialAction":[{"@type":"ReadAction","target":["https:\/\/sonomalandtrust.org\/es\/contenido-dinamico-demo\/"]}]},{"@type":"BreadcrumbList","@id":"https:\/\/sonomalandtrust.org\/es\/contenido-dinamico-demo\/#breadcrumb","itemListElement":[{"@type":"ListItem","position":1,"name":"Home","item":"https:\/\/sonomalandtrust.org\/es\/inicio\/"},{"@type":"ListItem","position":2,"name":"Contenido din\u00e1mico &#8211; Demo"}]},{"@type":"WebSite","@id":"https:\/\/slt-2026.eclipse-dev.com\/#website","url":"https:\/\/slt-2026.eclipse-dev.com\/","name":"Sonoma Land Trust","description":"","publisher":{"@id":"https:\/\/slt-2026.eclipse-dev.com\/#organization"},"potentialAction":[{"@type":"SearchAction","target":{"@type":"EntryPoint","urlTemplate":"https:\/\/slt-2026.eclipse-dev.com\/?s={search_term_string}"},"query-input":{"@type":"PropertyValueSpecification","valueRequired":true,"valueName":"search_term_string"}}],"inLanguage":"es"},{"@type":"Organization","@id":"https:\/\/slt-2026.eclipse-dev.com\/#organization","name":"Fondo de Tierras de Sonoma","url":"https:\/\/slt-2026.eclipse-dev.com\/","logo":{"@type":"ImageObject","inLanguage":"es","@id":"https:\/\/slt-2026.eclipse-dev.com\/#\/schema\/logo\/image\/","url":"https:\/\/sonomalandtrust.org\/wp-content\/uploads\/2025\/10\/slt-logo.png","contentUrl":"https:\/\/sonomalandtrust.org\/wp-content\/uploads\/2025\/10\/slt-logo.png","width":549,"height":333,"caption":"Fondo de Tierras de Sonoma"},"image":{"@id":"https:\/\/slt-2026.eclipse-dev.com\/#\/schema\/logo\/image\/"},"sameAs":["http:\/\/www.facebook.com\/Sonoma-Land-Trust\/","https:\/\/www.instagram.com\/sonomalandtrust\/","https:\/\/bsky.app\/profile\/sonomalandtrust.bsky.social","https:\/\/www.youtube.com\/user\/SonomaLandTrust\/","http:\/\/www.linkedin.com\/company\/1090048?trk=tyah"]}]}},"_links":{"self":[{"href":"https:\/\/sonomalandtrust.org\/es\/wp-json\/wp\/v2\/pages\/13811","targetHints":{"allow":["GET"]}}],"collection":[{"href":"https:\/\/sonomalandtrust.org\/es\/wp-json\/wp\/v2\/pages"}],"about":[{"href":"https:\/\/sonomalandtrust.org\/es\/wp-json\/wp\/v2\/types\/page"}],"author":[{"embeddable":true,"href":"https:\/\/sonomalandtrust.org\/es\/wp-json\/wp\/v2\/users\/1"}],"replies":[{"embeddable":true,"href":"https:\/\/sonomalandtrust.org\/es\/wp-json\/wp\/v2\/comments?post=13811"}],"version-history":[{"count":0,"href":"https:\/\/sonomalandtrust.org\/es\/wp-json\/wp\/v2\/pages\/13811\/revisions"}],"wp:attachment":[{"href":"https:\/\/sonomalandtrust.org\/es\/wp-json\/wp\/v2\/media?parent=13811"}],"curies":[{"name":"wp","href":"https:\/\/api.w.org\/{rel}","templated":true}]}}