{"id":10960,"date":"2025-09-11T17:21:25","date_gmt":"2025-09-12T00:21:25","guid":{"rendered":"https:\/\/sonomalandtrust.org\/familias-al-aire-libre\/"},"modified":"2026-05-04T09:19:13","modified_gmt":"2026-05-04T16:19:13","slug":"familias-al-aire-libre","status":"publish","type":"page","link":"https:\/\/sonomalandtrust.org\/es\/familias-al-aire-libre\/","title":{"rendered":"Salidas familiares biling\u00fces"},"content":{"rendered":"\n<div class=\"wp-block-group alignfull default-page-header-group is-layout-constrained wp-block-group-is-layout-constrained\">\n<h1 class=\"wp-block-heading\">Excursiones familiares biling\u00fces en el condado de Sonoma<\/h1>\n\n\n\n<div class=\"wp-block-cover alignwide is-light has-custom-content-position is-position-bottom-center\"><span aria-hidden=\"true\" class=\"wp-block-cover__background has-background-dim-0 has-background-dim\"><\/span><img decoding=\"async\" width=\"2500\" height=\"1667\" src=\"https:\/\/sonomalandtrust.org\/wp-content\/uploads\/2025\/12\/pole-mtn-blackberries.jpg\" class=\"wp-block-cover__image-background wp-post-image\" alt=\"Two women picking blackberries at Pole Mountain.\" data-object-fit=\"cover\" srcset=\"https:\/\/sonomalandtrust.org\/wp-content\/uploads\/2025\/12\/pole-mtn-blackberries.jpg 2500w, https:\/\/sonomalandtrust.org\/wp-content\/uploads\/2025\/12\/pole-mtn-blackberries-300x200.jpg 300w, https:\/\/sonomalandtrust.org\/wp-content\/uploads\/2025\/12\/pole-mtn-blackberries-1024x683.jpg 1024w, https:\/\/sonomalandtrust.org\/wp-content\/uploads\/2025\/12\/pole-mtn-blackberries-768x512.jpg 768w, https:\/\/sonomalandtrust.org\/wp-content\/uploads\/2025\/12\/pole-mtn-blackberries-1536x1024.jpg 1536w, https:\/\/sonomalandtrust.org\/wp-content\/uploads\/2025\/12\/pole-mtn-blackberries-2048x1366.jpg 2048w\" sizes=\"(max-width: 2500px) 100vw, 2500px\" \/><div class=\"wp-block-cover__inner-container is-layout-constrained wp-block-cover-is-layout-constrained\">\n<p class=\"has-large-font-size wp-block-paragraph\"><\/p>\n<\/div><\/div>\n\n\n\n<h2 class=\"wp-block-heading has-green-color has-text-color has-link-color wp-elements-1\"><strong>Familias al Aire Libre &#8211; Programaci\u00f3n gratuita al aire libre<\/strong><\/h2>\n\n\n\n<p class=\"has-text-align-center header-intro-text has-green-color has-text-color has-link-color wp-elements-2 wp-block-paragraph\">Re\u00fane a tu familia y sal al campo todos los meses con las excursiones Familias al Aire Libre de Sonoma Land Trust. Nuestras experiencias guiadas en la naturaleza est\u00e1n dise\u00f1adas para familias hispanohablantes y biling\u00fces. <\/p>\n<\/div>\n\n\t<div style=\"margin-bottom:var(--wp--preset--spacing--50)\" class=\"section-heading section-divider-vertical has-text-align-center align-text-left align-content-top align wp-block-acf-section-divider-vertical\">\n\n\n  <div class=\"acf-innerblocks-container\">\n\n<h2 class=\"wp-block-heading has-text-align-center has-teal-color has-text-color\"><strong>Pr\u00f3ximas salidas de Familias al Aire Libre<\/strong><\/h2>\n\n<\/div>\n\n<\/div>\n\n\n\n\n  <div style=\"margin-top:0\" class=\"event-category-bilingual-family-outings align wp-block-acf-event-category-grid\">\n            <div class=\"grid\" data-post-count=\"2\" >\n                  <div class=\"g-col-12 g-col-lg-6\">\n            \n<div class=\"teaser teaser--event teaser-grid type-salidas-familiares-bilingues\" id=\"post-16347\">\n\t<div class=\"teaser--featured_image\">\n\t\t<a href=\"https:\/\/sonomalandtrust.org\/es\/event\/bioblitz-en-la-via-verde-del-sureste-de-santa-rosa\/\" tabindex=\"-1\">\n\t\t\t<img decoding=\"async\" width=\"608\" height=\"377\" src=\"https:\/\/sonomalandtrust.org\/wp-content\/uploads\/2026\/08\/eventbrite-image-1786552877.jpg\" class=\"attachment-large size-large wp-post-image\" alt=\"\" srcset=\"https:\/\/sonomalandtrust.org\/wp-content\/uploads\/2026\/08\/eventbrite-image-1786552877.jpg 608w, https:\/\/sonomalandtrust.org\/wp-content\/uploads\/2026\/08\/eventbrite-image-1786552877-300x186.jpg 300w\" sizes=\"(max-width: 608px) 100vw, 608px\" \/>\t\t\t<span class=\"sr-only\">Bi\u00f3b\u00fasqueda en la V\u00eda Verde del Sureste<\/span>\n\t\t\t\t\t\t<div class=\"event-date-circle\">\n\t\t\t\tdomingo<br>Sep 13\t\t\t<\/div>\n\t\t\t\t\t<\/a>\n\t<\/div>\n\n\t<div class=\"post_content\">\n\t\t\t\t\t<p class=\"category torn-paper\">\n\t\t\t\tSalidas familiares biling\u00fces\t\t\t<\/p>\n\t\t\t\t\t\t<p class=\"teaser--title\">\n\t\t\t\t<a href=\"https:\/\/sonomalandtrust.org\/es\/event\/bioblitz-en-la-via-verde-del-sureste-de-santa-rosa\/\">\n\t\t\t\t\tBi\u00f3b\u00fasqueda en la V\u00eda Verde del Sureste\t\t\t\t<\/a>\n\t\t<\/p>\n\t\t\t\t\t\t\t<p class=\"event-location\">\n\t\t\t\t\t\t\t\t\t<a href=\"https:\/\/www.google.com\/maps\/search\/4676+Mayette+Ave%2C+Santa+Rosa%2C+CA+95405\" target=\"_blank\" rel=\"noopener\">V\u00eda Verde del Sureste de Santa Rosa<\/a>\n\t\t\t\t\t\t\t<\/p>\n\t\t\t\t\n\t\t\t\t\t<p class=\"event-date\">\n\t\t\t\tdomingo, septiembre 13, 9am-11am\t\t\t<\/p>\n\t\t\t\t\t\t\t<p class=\"event-difficulty\">\n\t\t\t\t Nivel: Suave\t\t\t<\/p>\n\t\t\t\t<div class=\"teaser-excerpt\">\n\t\t\tVen a participar en un bioblitz especial en la V\u00eda Verde del Sureste de Santa Rosa, con el que celebramos tanto el D\u00eda de la Biodiversidad de California como el Mes de la Herencia Latina&#8230;.\t\t<\/div>\n\t\t\t\t\t<div class=\"d-none eventbrite-event-data\" data-eventbrite-id=\"1997179580889\"><\/div>\n\t\t\t\t<div class=\"wp-block-buttons is-layout-flex wp-block-buttons-is-layout-flex\">\n\t\t\t\t\t\t\t<div class=\"wp-block-button\">\n\t\t\t\t\t<button class=\"wp-block-button__link wp-element-button eventbrite-register-trigger\" \n\t\t\t\t\t\t\tdata-event-id=\"1997179580889\" \n\t\t\t\t\t\t\tdata-trigger-id=\"eventbrite-trigger-16347\"\n\t\t\t\t\t\t\tid=\"eventbrite-trigger-16347\"\n\t\t\t\t\t\t\ttype=\"button\">\n\t\t\t\t\t\tReg\u00edstrate en\t\t\t\t\t<\/button>\n\t\t\t\t<\/div>\n\t\t\t\n\t\t\t<div class=\"wp-block-button is-style-secondary\">\n\t\t\t\t\t\t\t\t<a class=\"wp-block-button__link wp-element-button\" tabindex=\"-1\" href=\"https:\/\/sonomalandtrust.org\/es\/event\/bioblitz-en-la-via-verde-del-sureste-de-santa-rosa\/\">M\u00e1s informaci\u00f3n<\/a>\n\t\t\t<\/div>\n\t\t<\/div>\n\t<\/div>\n<\/div>\n          <\/div>\n                    <div class=\"g-col-12 g-col-lg-6\">\n            \n<div class=\"teaser teaser--event teaser-grid type-salidas-familiares-bilingues\" id=\"post-16203\">\n\t<div class=\"teaser--featured_image\">\n\t\t<a href=\"https:\/\/sonomalandtrust.org\/es\/event\/familias-al-aire-libre-en-el-parque-regional-de-hood-mountain\/\" tabindex=\"-1\">\n\t\t\t<img decoding=\"async\" width=\"608\" height=\"377\" src=\"https:\/\/sonomalandtrust.org\/wp-content\/uploads\/2026\/08\/eventbrite-image-1786163512.jpg\" class=\"attachment-large size-large wp-post-image\" alt=\"\" srcset=\"https:\/\/sonomalandtrust.org\/wp-content\/uploads\/2026\/08\/eventbrite-image-1786163512.jpg 608w, https:\/\/sonomalandtrust.org\/wp-content\/uploads\/2026\/08\/eventbrite-image-1786163512-300x186.jpg 300w\" sizes=\"(max-width: 608px) 100vw, 608px\" \/>\t\t\t<span class=\"sr-only\">Familias al aire libre en el Parque Regional de Hood Mountain<\/span>\n\t\t\t\t\t\t<div class=\"event-date-circle\">\n\t\t\t\ts\u00e1bado<br>Sep 26\t\t\t<\/div>\n\t\t\t\t\t<\/a>\n\t<\/div>\n\n\t<div class=\"post_content\">\n\t\t\t\t\t<p class=\"category torn-paper\">\n\t\t\t\tSalidas familiares biling\u00fces\t\t\t<\/p>\n\t\t\t\t\t\t<p class=\"teaser--title\">\n\t\t\t\t<a href=\"https:\/\/sonomalandtrust.org\/es\/event\/familias-al-aire-libre-en-el-parque-regional-de-hood-mountain\/\">\n\t\t\t\t\tFamilias al aire libre en el Parque Regional de Hood Mountain\t\t\t\t<\/a>\n\t\t<\/p>\n\t\t\t\t\t\t\t<p class=\"event-location\">\n\t\t\t\t\t\t\t\t\t<a href=\"https:\/\/www.google.com\/maps\/search\/822+Fifth+Street%2C+Santa+Rosa%2C+CA+95404\" target=\"_blank\" rel=\"noopener\">Oficina de Sonoma Land Trust<\/a>\n\t\t\t\t\t\t\t<\/p>\n\t\t\t\t\n\t\t\t\t\t<p class=\"event-date\">\n\t\t\t\ts\u00e1bado, septiembre 26, 11am-4pm\t\t\t<\/p>\n\t\t\t\t\t\t\t<p class=\"event-difficulty\">\n\t\t\t\t Nivel: Extenuante\t\t\t<\/p>\n\t\t\t\t<div class=\"teaser-excerpt\">\n\t\t\t\u00danete a Sonoma Land Trust y Espacios Abiertos y Agr\u00edcolas en el paseo mensual llamado \u00abFamilias al Aire Libre\u00bb. Estos paseos se hacen en espa\u00f1ol, son gratis, hay transporte disponible y est\u00e1n pensados con actividades&#8230;\t\t<\/div>\n\t\t\t\t\t<div class=\"d-none eventbrite-event-data\" data-eventbrite-id=\"1997186838597\"><\/div>\n\t\t\t\t<div class=\"wp-block-buttons is-layout-flex wp-block-buttons-is-layout-flex\">\n\t\t\t\t\t\t\t<div class=\"wp-block-button\">\n\t\t\t\t\t<button class=\"wp-block-button__link wp-element-button eventbrite-register-trigger\" \n\t\t\t\t\t\t\tdata-event-id=\"1997186838597\" \n\t\t\t\t\t\t\tdata-trigger-id=\"eventbrite-trigger-16203\"\n\t\t\t\t\t\t\tid=\"eventbrite-trigger-16203\"\n\t\t\t\t\t\t\ttype=\"button\">\n\t\t\t\t\t\tReg\u00edstrate en\t\t\t\t\t<\/button>\n\t\t\t\t<\/div>\n\t\t\t\n\t\t\t<div class=\"wp-block-button is-style-secondary\">\n\t\t\t\t\t\t\t\t<a class=\"wp-block-button__link wp-element-button\" tabindex=\"-1\" href=\"https:\/\/sonomalandtrust.org\/es\/event\/familias-al-aire-libre-en-el-parque-regional-de-hood-mountain\/\">M\u00e1s informaci\u00f3n<\/a>\n\t\t\t<\/div>\n\t\t<\/div>\n\t<\/div>\n<\/div>\n          <\/div>\n                <\/div>\n            <div class=\"post-event-grid-wrapper\">\n              <div style=\"margin-top:0\" class=\"questions-circle-block align wp-block-acf-event-category-grid\">\n      <div class=\"curved-text-wrapper\">\n        <div id=\"curvedText\" class=\"curved-text\">\n            \u00bfTienes preguntas? Queremos que nos las plantees.           <\/div>\n    <\/div>\n    <div class=\"question-circle\">\n      <div class=\"inner\">?<\/div>\n      <div class=\"inner-content\">\n        Dirige tus preguntas sobre nuestros actos y salidas a: outings@sonomalandtrust.org      <\/div>\n    <\/div>\n  <\/div>\n      <\/div>\n      <\/div>\n<div class=\"wp-block-group paseo-gratis-cols is-layout-constrained wp-block-group-is-layout-constrained\" style=\"margin-bottom:var(--wp--preset--spacing--70);padding-top:var(--wp--preset--spacing--50)\">\n\t<div style=\"margin-bottom:var(--wp--preset--spacing--50)\" class=\"section-heading section-divider-vertical has-text-align-center align-text-left align-content-top align wp-block-acf-section-divider-vertical\">\n\n\n  <div class=\"acf-innerblocks-container\">\n\n<h3 class=\"wp-block-heading has-text-align-center has-teal-color has-text-color\"><strong>Detalles que necesitas<\/strong><\/h3>\n\n<\/div>\n\n<\/div>\n\n\n\n\n\n\n\n<div class=\"wp-block-columns is-layout-flex wp-container-core-columns-is-layout-9b461dae wp-block-columns-is-layout-flex\" style=\"margin-bottom:var(--wp--preset--spacing--70);padding-bottom:var(--wp--preset--spacing--50)\">\n<div class=\"wp-block-column is-vertically-aligned-center is-layout-flow wp-block-column-is-layout-flow\" style=\"flex-basis:33.33%\">\n<div class=\"wp-block-group paseo-gratis-group has-grey-lt-background-color has-background is-layout-constrained wp-block-group-is-layout-constrained\" style=\"padding-top:var(--wp--preset--spacing--50);padding-bottom:var(--wp--preset--spacing--50)\">\n<h2 class=\"wp-block-heading has-text-align-center has-teal-color has-text-color has-link-color wp-elements-3\">\u00a1Paseo gratis!<\/h2>\n\n\n\n<p class=\"has-text-align-center wp-block-paragraph\">Nos reunimos en Santa Rosa y viajamos juntos a un lugar diferente cada mes.<\/p>\n\n\n\n<p class=\"has-text-align-center download-flyer wp-block-paragraph\"><a href=\"https:\/\/sonomalandtrust.org\/wp-content\/uploads\/2026\/01\/SonomaLandTrust_Familias_Flyer.pdf\" target=\"_blank\" rel=\"noreferrer noopener\">Descargar el folleto<\/a><\/p>\n<\/div>\n<\/div>\n\n\n\n<div class=\"wp-block-column is-layout-flow wp-block-column-is-layout-flow\" style=\"flex-basis:66.66%\">\n<figure class=\"wp-block-image size-full is-style-no-border\"><img decoding=\"async\" width=\"821\" height=\"525\" src=\"https:\/\/sonomalandtrust.org\/wp-content\/uploads\/2026\/01\/santa-rosa-map-paseo-gratis.png\" alt=\"\" class=\"wp-image-8438\" srcset=\"https:\/\/sonomalandtrust.org\/wp-content\/uploads\/2026\/01\/santa-rosa-map-paseo-gratis.png 821w, https:\/\/sonomalandtrust.org\/wp-content\/uploads\/2026\/01\/santa-rosa-map-paseo-gratis-300x192.png 300w, https:\/\/sonomalandtrust.org\/wp-content\/uploads\/2026\/01\/santa-rosa-map-paseo-gratis-768x491.png 768w\" sizes=\"(max-width: 821px) 100vw, 821px\" \/><\/figure>\n<\/div>\n<\/div>\n<\/div>\n\n<div class=\"wp-block-group alignfull has-yellow-screened-background-color has-background is-layout-constrained wp-block-group-is-layout-constrained\" style=\"margin-bottom:0;padding-top:var(--wp--preset--spacing--70);padding-bottom:var(--wp--preset--spacing--70)\">\n<div class=\"wp-block-group is-layout-constrained wp-container-core-group-is-layout-d5fcb76f wp-block-group-is-layout-constrained\" style=\"margin-bottom:var(--wp--preset--spacing--50)\">\n<h2 class=\"wp-block-heading has-text-align-center\"><strong>La tierra es para todos<\/strong><\/h2>\n\n\n\n<p class=\"has-text-align-center has-large-font-size wp-block-paragraph\">Al eliminar barreras como las tasas y el transporte y ofrecer salidas dirigidas en espa\u00f1ol con traducci\u00f3n al ingl\u00e9s, avanzamos en nuestro compromiso de acceso equitativo a la naturaleza, al tiempo que garantizamos que las familias de todos los or\u00edgenes puedan conectar juntas con la tierra, las aguas y la vida salvaje del condado de Sonoma.<\/p>\n<\/div>\n\n\n\n<div class=\"wp-block-group is-layout-grid wp-container-core-group-is-layout-1d17308c wp-block-group-is-layout-grid\">  <div class=\"multicolor-card-without-link multicolor-card  \" id=\"a_7182760\">\n    <div class=\"acf-innerblocks-container\">\n\n<figure class=\"wp-block-image size-full\"><img decoding=\"async\" width=\"768\" height=\"278\" src=\"https:\/\/sonomalandtrust.org\/wp-content\/uploads\/2026\/01\/group-hike.jpg\" alt=\"\" class=\"wp-image-8416\" srcset=\"https:\/\/sonomalandtrust.org\/wp-content\/uploads\/2026\/01\/group-hike.jpg 768w, https:\/\/sonomalandtrust.org\/wp-content\/uploads\/2026\/01\/group-hike-300x109.jpg 300w\" sizes=\"(max-width: 768px) 100vw, 768px\" \/><\/figure>\n\n\n\n<div class=\"wp-block-group has-teal-background-color has-background is-layout-flow wp-block-group-is-layout-flow\">\n<p class=\"has-text-align-center stat-text has-white-color has-text-color wp-block-paragraph\">7<\/p>\n\n\n\n<p class=\"has-text-align-center has-white-color has-text-color wp-block-paragraph\">A\u00f1os de programaci\u00f3n<\/p>\n<\/div>\n\n<\/div>\n<\/div>\n\n\n  <div class=\"multicolor-card-without-link multicolor-card  \" id=\"a_584763\">\n    <div class=\"acf-innerblocks-container\">\n\n<figure class=\"wp-block-image size-full\"><img decoding=\"async\" width=\"768\" height=\"278\" src=\"https:\/\/sonomalandtrust.org\/wp-content\/uploads\/2026\/01\/children-ocean-jenner-headlands.jpg\" alt=\"\" class=\"wp-image-10565\" srcset=\"https:\/\/sonomalandtrust.org\/wp-content\/uploads\/2026\/01\/children-ocean-jenner-headlands.jpg 768w, https:\/\/sonomalandtrust.org\/wp-content\/uploads\/2026\/01\/children-ocean-jenner-headlands-300x109.jpg 300w\" sizes=\"(max-width: 768px) 100vw, 768px\" \/><\/figure>\n\n\n\n<div class=\"wp-block-group has-green-background-color has-background is-layout-flow wp-block-group-is-layout-flow\">\n<p class=\"has-text-align-center stat-text has-white-color has-text-color wp-block-paragraph\">1-80<\/p>\n\n\n\n<p class=\"has-text-align-center has-white-color has-text-color wp-block-paragraph\">Edad de los participantes<\/p>\n<\/div>\n\n<\/div>\n<\/div>\n\n\n  <div class=\"multicolor-card-without-link multicolor-card  \" id=\"a_9329282\">\n    <div class=\"acf-innerblocks-container\">\n\n<figure class=\"wp-block-image size-full\"><img decoding=\"async\" width=\"768\" height=\"278\" src=\"https:\/\/sonomalandtrust.org\/wp-content\/uploads\/2026\/01\/hikers-glen-oaks-ranch-1.jpg\" alt=\"\" class=\"wp-image-10567\" srcset=\"https:\/\/sonomalandtrust.org\/wp-content\/uploads\/2026\/01\/hikers-glen-oaks-ranch-1.jpg 768w, https:\/\/sonomalandtrust.org\/wp-content\/uploads\/2026\/01\/hikers-glen-oaks-ranch-1-300x109.jpg 300w\" sizes=\"(max-width: 768px) 100vw, 768px\" \/><\/figure>\n\n\n\n<div class=\"wp-block-group has-dark-blue-background-color has-background is-layout-flow wp-block-group-is-layout-flow\">\n<p class=\"has-text-align-center stat-text has-white-color has-text-color wp-block-paragraph\">375+<\/p>\n\n\n\n<p class=\"has-text-align-center has-white-color has-text-color wp-block-paragraph\">Asistentes anuales<\/p>\n<\/div>\n\n<\/div>\n<\/div>\n<\/div>\n\n\n<div class=\"photo-carousel-block carousel-block align-text-left align wp-block-acf-photo-carousel\">\n  <div class=\"alignwide\">\n          <div class=\"carousel-slides\">\n                  <div class=\"carousel-slide\">\n            <div class=\"photo-item\">\n                                  <figure class=\"wp-block-image\"><img fetchpriority=\"high\" decoding=\"async\" width=\"1024\" height=\"689\" src=\"https:\/\/sonomalandtrust.org\/wp-content\/uploads\/2026\/01\/bilingual-family-event-painting-1024x689.jpg\" class=\"attachment-large size-large\" alt=\"\" loading=\"eager\" srcset=\"https:\/\/sonomalandtrust.org\/wp-content\/uploads\/2026\/01\/bilingual-family-event-painting-1024x689.jpg 1024w, https:\/\/sonomalandtrust.org\/wp-content\/uploads\/2026\/01\/bilingual-family-event-painting-300x202.jpg 300w, https:\/\/sonomalandtrust.org\/wp-content\/uploads\/2026\/01\/bilingual-family-event-painting-768x517.jpg 768w, https:\/\/sonomalandtrust.org\/wp-content\/uploads\/2026\/01\/bilingual-family-event-painting.jpg 1180w\" sizes=\"(max-width: 1024px) 100vw, 1024px\" \/><\/figure>                                              <\/div>\n            <\/div>\n                  <div class=\"carousel-slide\">\n            <div class=\"photo-item\">\n                                  <figure class=\"wp-block-image\"><img decoding=\"async\" width=\"1024\" height=\"708\" src=\"https:\/\/sonomalandtrust.org\/wp-content\/uploads\/2026\/01\/girl-starfish-sonoma-coast-1024x708.jpg\" class=\"attachment-large size-large\" alt=\"\" loading=\"eager\" srcset=\"https:\/\/sonomalandtrust.org\/wp-content\/uploads\/2026\/01\/girl-starfish-sonoma-coast-1024x708.jpg 1024w, https:\/\/sonomalandtrust.org\/wp-content\/uploads\/2026\/01\/girl-starfish-sonoma-coast-300x207.jpg 300w, https:\/\/sonomalandtrust.org\/wp-content\/uploads\/2026\/01\/girl-starfish-sonoma-coast-768x531.jpg 768w, https:\/\/sonomalandtrust.org\/wp-content\/uploads\/2026\/01\/girl-starfish-sonoma-coast.jpg 1419w\" sizes=\"(max-width: 1024px) 100vw, 1024px\" \/><\/figure>                                              <\/div>\n            <\/div>\n                  <div class=\"carousel-slide\">\n            <div class=\"photo-item\">\n                                  <figure class=\"wp-block-image\"><img decoding=\"async\" width=\"1024\" height=\"693\" src=\"https:\/\/sonomalandtrust.org\/wp-content\/uploads\/2026\/01\/hikers-jenner-headlands-mega-menu-1024x693.jpg\" class=\"attachment-large size-large\" alt=\"\" loading=\"eager\" srcset=\"https:\/\/sonomalandtrust.org\/wp-content\/uploads\/2026\/01\/hikers-jenner-headlands-mega-menu-1024x693.jpg 1024w, https:\/\/sonomalandtrust.org\/wp-content\/uploads\/2026\/01\/hikers-jenner-headlands-mega-menu-300x203.jpg 300w, https:\/\/sonomalandtrust.org\/wp-content\/uploads\/2026\/01\/hikers-jenner-headlands-mega-menu-768x520.jpg 768w, https:\/\/sonomalandtrust.org\/wp-content\/uploads\/2026\/01\/hikers-jenner-headlands-mega-menu-1536x1039.jpg 1536w, https:\/\/sonomalandtrust.org\/wp-content\/uploads\/2026\/01\/hikers-jenner-headlands-mega-menu.jpg 1800w\" sizes=\"(max-width: 1024px) 100vw, 1024px\" \/><\/figure>                                              <\/div>\n            <\/div>\n                  <div class=\"carousel-slide\">\n            <div class=\"photo-item\">\n                                  <figure class=\"wp-block-image\"><img decoding=\"async\" width=\"1024\" height=\"708\" src=\"https:\/\/sonomalandtrust.org\/wp-content\/uploads\/2026\/01\/children-jenner-headlands-1024x708.jpg\" class=\"attachment-large size-large\" alt=\"\" loading=\"eager\" srcset=\"https:\/\/sonomalandtrust.org\/wp-content\/uploads\/2026\/01\/children-jenner-headlands-1024x708.jpg 1024w, https:\/\/sonomalandtrust.org\/wp-content\/uploads\/2026\/01\/children-jenner-headlands-300x207.jpg 300w, https:\/\/sonomalandtrust.org\/wp-content\/uploads\/2026\/01\/children-jenner-headlands-768x531.jpg 768w, https:\/\/sonomalandtrust.org\/wp-content\/uploads\/2026\/01\/children-jenner-headlands.jpg 1419w\" sizes=\"(max-width: 1024px) 100vw, 1024px\" \/><\/figure>                                              <\/div>\n            <\/div>\n                  <div class=\"carousel-slide\">\n            <div class=\"photo-item\">\n                                  <figure class=\"wp-block-image\"><img decoding=\"async\" width=\"772\" height=\"610\" src=\"https:\/\/sonomalandtrust.org\/wp-content\/uploads\/2026\/01\/berry-picking-bilingual-outing.jpg\" class=\"attachment-large size-large\" alt=\"\" loading=\"eager\" srcset=\"https:\/\/sonomalandtrust.org\/wp-content\/uploads\/2026\/01\/berry-picking-bilingual-outing.jpg 772w, https:\/\/sonomalandtrust.org\/wp-content\/uploads\/2026\/01\/berry-picking-bilingual-outing-300x237.jpg 300w, https:\/\/sonomalandtrust.org\/wp-content\/uploads\/2026\/01\/berry-picking-bilingual-outing-768x607.jpg 768w\" sizes=\"(max-width: 772px) 100vw, 772px\" \/><\/figure>                                              <\/div>\n            <\/div>\n                  <div class=\"carousel-slide\">\n            <div class=\"photo-item\">\n                                  <figure class=\"wp-block-image\"><img decoding=\"async\" width=\"1024\" height=\"708\" src=\"https:\/\/sonomalandtrust.org\/wp-content\/uploads\/2026\/01\/bilingual-family-hike-glen-oaks-ranch-1024x708.jpg\" class=\"attachment-large size-large\" alt=\"\" loading=\"eager\" srcset=\"https:\/\/sonomalandtrust.org\/wp-content\/uploads\/2026\/01\/bilingual-family-hike-glen-oaks-ranch-1024x708.jpg 1024w, https:\/\/sonomalandtrust.org\/wp-content\/uploads\/2026\/01\/bilingual-family-hike-glen-oaks-ranch-300x207.jpg 300w, https:\/\/sonomalandtrust.org\/wp-content\/uploads\/2026\/01\/bilingual-family-hike-glen-oaks-ranch-768x531.jpg 768w, https:\/\/sonomalandtrust.org\/wp-content\/uploads\/2026\/01\/bilingual-family-hike-glen-oaks-ranch.jpg 1419w\" sizes=\"(max-width: 1024px) 100vw, 1024px\" \/><\/figure>                                              <\/div>\n            <\/div>\n                  <div class=\"carousel-slide\">\n            <div class=\"photo-item\">\n                                  <figure class=\"wp-block-image\"><img decoding=\"async\" width=\"1024\" height=\"708\" src=\"https:\/\/sonomalandtrust.org\/wp-content\/uploads\/2026\/01\/kids-outing-wildflower-field-jenner-1024x708.jpg\" class=\"attachment-large size-large\" alt=\"\" loading=\"eager\" srcset=\"https:\/\/sonomalandtrust.org\/wp-content\/uploads\/2026\/01\/kids-outing-wildflower-field-jenner-1024x708.jpg 1024w, https:\/\/sonomalandtrust.org\/wp-content\/uploads\/2026\/01\/kids-outing-wildflower-field-jenner-300x207.jpg 300w, https:\/\/sonomalandtrust.org\/wp-content\/uploads\/2026\/01\/kids-outing-wildflower-field-jenner-768x531.jpg 768w, https:\/\/sonomalandtrust.org\/wp-content\/uploads\/2026\/01\/kids-outing-wildflower-field-jenner.jpg 1419w\" sizes=\"(max-width: 1024px) 100vw, 1024px\" \/><\/figure>                                              <\/div>\n            <\/div>\n                  <div class=\"carousel-slide\">\n            <div class=\"photo-item\">\n                                  <figure class=\"wp-block-image\"><img decoding=\"async\" width=\"1024\" height=\"708\" src=\"https:\/\/sonomalandtrust.org\/wp-content\/uploads\/2026\/02\/group-gathering-outdoors-circle-1024x708.jpg\" class=\"attachment-large size-large\" alt=\"\" loading=\"eager\" srcset=\"https:\/\/sonomalandtrust.org\/wp-content\/uploads\/2026\/02\/group-gathering-outdoors-circle-1024x708.jpg 1024w, https:\/\/sonomalandtrust.org\/wp-content\/uploads\/2026\/02\/group-gathering-outdoors-circle-300x207.jpg 300w, https:\/\/sonomalandtrust.org\/wp-content\/uploads\/2026\/02\/group-gathering-outdoors-circle-768x531.jpg 768w, https:\/\/sonomalandtrust.org\/wp-content\/uploads\/2026\/02\/group-gathering-outdoors-circle.jpg 1419w\" sizes=\"(max-width: 1024px) 100vw, 1024px\" \/><\/figure>                                              <\/div>\n            <\/div>\n                  <div class=\"carousel-slide\">\n            <div class=\"photo-item\">\n                                  <figure class=\"wp-block-image\"><img decoding=\"async\" width=\"1024\" height=\"708\" src=\"https:\/\/sonomalandtrust.org\/wp-content\/uploads\/2026\/01\/campers-game-1024x708.jpg\" class=\"attachment-large size-large\" alt=\"\" loading=\"eager\" srcset=\"https:\/\/sonomalandtrust.org\/wp-content\/uploads\/2026\/01\/campers-game-1024x708.jpg 1024w, https:\/\/sonomalandtrust.org\/wp-content\/uploads\/2026\/01\/campers-game-300x207.jpg 300w, https:\/\/sonomalandtrust.org\/wp-content\/uploads\/2026\/01\/campers-game-768x531.jpg 768w, https:\/\/sonomalandtrust.org\/wp-content\/uploads\/2026\/01\/campers-game.jpg 1419w\" sizes=\"(max-width: 1024px) 100vw, 1024px\" \/><\/figure>                                              <\/div>\n            <\/div>\n                  <div class=\"carousel-slide\">\n            <div class=\"photo-item\">\n                                  <figure class=\"wp-block-image\"><img decoding=\"async\" width=\"1024\" height=\"598\" src=\"https:\/\/sonomalandtrust.org\/wp-content\/uploads\/2026\/01\/eventbrite-image-1768518636-1024x598.jpg\" class=\"attachment-large size-large\" alt=\"\" loading=\"eager\" srcset=\"https:\/\/sonomalandtrust.org\/wp-content\/uploads\/2026\/01\/eventbrite-image-1768518636-1024x598.jpg 1024w, https:\/\/sonomalandtrust.org\/wp-content\/uploads\/2026\/01\/eventbrite-image-1768518636-300x175.jpg 300w, https:\/\/sonomalandtrust.org\/wp-content\/uploads\/2026\/01\/eventbrite-image-1768518636-768x448.jpg 768w, https:\/\/sonomalandtrust.org\/wp-content\/uploads\/2026\/01\/eventbrite-image-1768518636-1536x897.jpg 1536w, https:\/\/sonomalandtrust.org\/wp-content\/uploads\/2026\/01\/eventbrite-image-1768518636.jpg 1600w\" sizes=\"(max-width: 1024px) 100vw, 1024px\" \/><\/figure>                                              <\/div>\n            <\/div>\n                  <div class=\"carousel-slide\">\n            <div class=\"photo-item\">\n                                  <figure class=\"wp-block-image\"><img decoding=\"async\" width=\"1024\" height=\"708\" src=\"https:\/\/sonomalandtrust.org\/wp-content\/uploads\/2026\/01\/community-creek-outing-1024x708.jpg\" class=\"attachment-large size-large\" alt=\"\" loading=\"eager\" srcset=\"https:\/\/sonomalandtrust.org\/wp-content\/uploads\/2026\/01\/community-creek-outing-1024x708.jpg 1024w, https:\/\/sonomalandtrust.org\/wp-content\/uploads\/2026\/01\/community-creek-outing-300x207.jpg 300w, https:\/\/sonomalandtrust.org\/wp-content\/uploads\/2026\/01\/community-creek-outing-768x531.jpg 768w, https:\/\/sonomalandtrust.org\/wp-content\/uploads\/2026\/01\/community-creek-outing.jpg 1419w\" sizes=\"(max-width: 1024px) 100vw, 1024px\" \/><\/figure>                                              <\/div>\n            <\/div>\n                  <div class=\"carousel-slide\">\n            <div class=\"photo-item\">\n                                  <figure class=\"wp-block-image\"><img decoding=\"async\" width=\"1024\" height=\"708\" src=\"https:\/\/sonomalandtrust.org\/wp-content\/uploads\/2026\/01\/campers-tent-setup-1024x708.jpg\" class=\"attachment-large size-large\" alt=\"\" loading=\"eager\" srcset=\"https:\/\/sonomalandtrust.org\/wp-content\/uploads\/2026\/01\/campers-tent-setup-1024x708.jpg 1024w, https:\/\/sonomalandtrust.org\/wp-content\/uploads\/2026\/01\/campers-tent-setup-300x207.jpg 300w, https:\/\/sonomalandtrust.org\/wp-content\/uploads\/2026\/01\/campers-tent-setup-768x531.jpg 768w, https:\/\/sonomalandtrust.org\/wp-content\/uploads\/2026\/01\/campers-tent-setup.jpg 1419w\" sizes=\"(max-width: 1024px) 100vw, 1024px\" \/><\/figure>                                              <\/div>\n            <\/div>\n              <\/div>\n      <div class=\"slick-navigation\"><\/div>\n      <\/div>\n<\/div><\/div>\n<div style=\"margin-top:0\" class=\"testimonial-carousel-block carousel-block alignfull align-text-left align wp-block-acf-testimonial-carousel\">\n        <div class=\"carousel-slides\">\n              <div class=\"carousel-slide\">\n          <div class=\"testimonial-item\">\n                          <div class=\"testimonial-image\">\n                <img decoding=\"async\" width=\"2560\" height=\"907\" src=\"https:\/\/sonomalandtrust.org\/wp-content\/uploads\/2026\/01\/kids-spring-lake-park-santa-rosa-scaled.jpg\" class=\"attachment-full size-full\" alt=\"\" sizes=\"(max-width: 768px) 700px, (max-width: 1200px) 1400px, 2600px\" srcset=\"https:\/\/sonomalandtrust.org\/wp-content\/uploads\/2026\/01\/kids-spring-lake-park-santa-rosa-scaled.jpg 2560w, https:\/\/sonomalandtrust.org\/wp-content\/uploads\/2026\/01\/kids-spring-lake-park-santa-rosa-300x106.jpg 300w, https:\/\/sonomalandtrust.org\/wp-content\/uploads\/2026\/01\/kids-spring-lake-park-santa-rosa-1024x363.jpg 1024w, https:\/\/sonomalandtrust.org\/wp-content\/uploads\/2026\/01\/kids-spring-lake-park-santa-rosa-768x272.jpg 768w, https:\/\/sonomalandtrust.org\/wp-content\/uploads\/2026\/01\/kids-spring-lake-park-santa-rosa-1536x544.jpg 1536w, https:\/\/sonomalandtrust.org\/wp-content\/uploads\/2026\/01\/kids-spring-lake-park-santa-rosa-2048x725.jpg 2048w\" \/>              <\/div>\n                          <div class=\"testimonial-content\">\n              <div class=\"inner-content show-mobile\">\n                <div class=\"testimonial-text \"><p>\u00abEste programa motiva mucho a mis hijos, y tambi\u00e9n a nosotros como padres. Est\u00e1n muy contentos de saber que pronto habr\u00e1 un paseo al aire libre, y esperan el momento de sentirse libres entre la naturaleza. Mi hija me dice: &#8216;Mami, me encanta sentir el viento, prefiero estar en contacto con la naturaleza que jugar con juguetes&#8217;\u00bb.<\/p>\n<\/div>\n              <\/div>\n              <div class=\"inner-content\">\n                                  <div class=\"left\">\n                    <div class=\"author-image\">\n                      <img decoding=\"async\" width=\"300\" height=\"207\" src=\"https:\/\/sonomalandtrust.org\/wp-content\/uploads\/2026\/01\/girl-starfish-sonoma-coast-300x207.jpg\" class=\"attachment-medium size-medium\" alt=\"\" srcset=\"https:\/\/sonomalandtrust.org\/wp-content\/uploads\/2026\/01\/girl-starfish-sonoma-coast-300x207.jpg 300w, https:\/\/sonomalandtrust.org\/wp-content\/uploads\/2026\/01\/girl-starfish-sonoma-coast-1024x708.jpg 1024w, https:\/\/sonomalandtrust.org\/wp-content\/uploads\/2026\/01\/girl-starfish-sonoma-coast-768x531.jpg 768w, https:\/\/sonomalandtrust.org\/wp-content\/uploads\/2026\/01\/girl-starfish-sonoma-coast.jpg 1419w\" sizes=\"(max-width: 300px) 100vw, 300px\" \/>                    <\/div>\n                  <\/div>\n                                <div class=\"right\">\n                  <div class=\"testimonial-text hide-mobile\"><p>\u00abEste programa motiva mucho a mis hijos, y tambi\u00e9n a nosotros como padres. Est\u00e1n muy contentos de saber que pronto habr\u00e1 un paseo al aire libre, y esperan el momento de sentirse libres entre la naturaleza. Mi hija me dice: &#8216;Mami, me encanta sentir el viento, prefiero estar en contacto con la naturaleza que jugar con juguetes&#8217;\u00bb.<\/p>\n<\/div>\n                                                          <p class=\"author-name\"><span>&mdash;<\/span>Familias al Aire Libre padre, Lucy D.<\/p>\n                                                      <\/div>\n              <\/div>\n              <!-- <div class=\"yellow-border\"><\/div> -->\n            <\/div>\n          <\/div>\n        <\/div>\n              <div class=\"carousel-slide\">\n          <div class=\"testimonial-item\">\n                          <div class=\"testimonial-image\">\n                <img decoding=\"async\" width=\"2560\" height=\"901\" src=\"https:\/\/sonomalandtrust.org\/wp-content\/uploads\/2026\/01\/outing-sonoma-mountain-vernal-pools-scaled.jpg\" class=\"attachment-full size-full\" alt=\"\" sizes=\"(max-width: 768px) 700px, (max-width: 1200px) 1400px, 2600px\" srcset=\"https:\/\/sonomalandtrust.org\/wp-content\/uploads\/2026\/01\/outing-sonoma-mountain-vernal-pools-scaled.jpg 2560w, https:\/\/sonomalandtrust.org\/wp-content\/uploads\/2026\/01\/outing-sonoma-mountain-vernal-pools-300x106.jpg 300w, https:\/\/sonomalandtrust.org\/wp-content\/uploads\/2026\/01\/outing-sonoma-mountain-vernal-pools-1024x361.jpg 1024w, https:\/\/sonomalandtrust.org\/wp-content\/uploads\/2026\/01\/outing-sonoma-mountain-vernal-pools-768x270.jpg 768w, https:\/\/sonomalandtrust.org\/wp-content\/uploads\/2026\/01\/outing-sonoma-mountain-vernal-pools-1536x541.jpg 1536w, https:\/\/sonomalandtrust.org\/wp-content\/uploads\/2026\/01\/outing-sonoma-mountain-vernal-pools-2048x721.jpg 2048w\" \/>              <\/div>\n                          <div class=\"testimonial-content\">\n              <div class=\"inner-content show-mobile\">\n                <div class=\"testimonial-text \"><p>\u00abMe he sentido bendecida por vivir en este lugar rodeada de bellos paisajes y lugares que nunca habr\u00eda imaginado que existieran. Desde que nuestros hijos eran peque\u00f1os, siempre hemos procurado que nuestras salidas fueran a la naturaleza. A mi hijo le gusta ir al huerto comunitario a plantar sus propias verduras y frutas. La participaci\u00f3n de mi hija en el Land Trust, cuando era mayor, le hizo definir mejor lo que quer\u00eda estudiar. Hoy, mi hija est\u00e1 en la universidad estudiando zoolog\u00eda y ciencias medioambientales. Estamos muy orgullosos de ellos\u00bb.<\/p>\n<\/div>\n              <\/div>\n              <div class=\"inner-content\">\n                                  <div class=\"left\">\n                    <div class=\"author-image\">\n                      <img decoding=\"async\" width=\"300\" height=\"300\" src=\"https:\/\/sonomalandtrust.org\/wp-content\/uploads\/2026\/01\/oak-tree-1-300x300.jpg\" class=\"attachment-medium size-medium\" alt=\"\" srcset=\"https:\/\/sonomalandtrust.org\/wp-content\/uploads\/2026\/01\/oak-tree-1-300x300.jpg 300w, https:\/\/sonomalandtrust.org\/wp-content\/uploads\/2026\/01\/oak-tree-1-150x150.jpg 150w, https:\/\/sonomalandtrust.org\/wp-content\/uploads\/2026\/01\/oak-tree-1-120x120.jpg 120w, https:\/\/sonomalandtrust.org\/wp-content\/uploads\/2026\/01\/oak-tree-1.jpg 356w\" sizes=\"(max-width: 300px) 100vw, 300px\" \/>                    <\/div>\n                  <\/div>\n                                <div class=\"right\">\n                  <div class=\"testimonial-text hide-mobile\"><p>\u00abMe he sentido bendecida por vivir en este lugar rodeada de bellos paisajes y lugares que nunca habr\u00eda imaginado que existieran. Desde que nuestros hijos eran peque\u00f1os, siempre hemos procurado que nuestras salidas fueran a la naturaleza. A mi hijo le gusta ir al huerto comunitario a plantar sus propias verduras y frutas. La participaci\u00f3n de mi hija en el Land Trust, cuando era mayor, le hizo definir mejor lo que quer\u00eda estudiar. Hoy, mi hija est\u00e1 en la universidad estudiando zoolog\u00eda y ciencias medioambientales. Estamos muy orgullosos de ellos\u00bb.<\/p>\n<\/div>\n                                                          <p class=\"author-name\"><span>&mdash;<\/span>Familias al Aire Libre padres, Luz  <\/p>\n                                                      <\/div>\n              <\/div>\n              <!-- <div class=\"yellow-border\"><\/div> -->\n            <\/div>\n          <\/div>\n        <\/div>\n              <div class=\"carousel-slide\">\n          <div class=\"testimonial-item\">\n                          <div class=\"testimonial-image\">\n                <img decoding=\"async\" width=\"2560\" height=\"889\" src=\"https:\/\/sonomalandtrust.org\/wp-content\/uploads\/2026\/01\/kids-outing-wildflowers-jenner-scaled.jpg\" class=\"attachment-full size-full\" alt=\"\" sizes=\"(max-width: 768px) 700px, (max-width: 1200px) 1400px, 2600px\" srcset=\"https:\/\/sonomalandtrust.org\/wp-content\/uploads\/2026\/01\/kids-outing-wildflowers-jenner-scaled.jpg 2560w, https:\/\/sonomalandtrust.org\/wp-content\/uploads\/2026\/01\/kids-outing-wildflowers-jenner-300x104.jpg 300w, https:\/\/sonomalandtrust.org\/wp-content\/uploads\/2026\/01\/kids-outing-wildflowers-jenner-1024x356.jpg 1024w, https:\/\/sonomalandtrust.org\/wp-content\/uploads\/2026\/01\/kids-outing-wildflowers-jenner-768x267.jpg 768w, https:\/\/sonomalandtrust.org\/wp-content\/uploads\/2026\/01\/kids-outing-wildflowers-jenner-1536x533.jpg 1536w, https:\/\/sonomalandtrust.org\/wp-content\/uploads\/2026\/01\/kids-outing-wildflowers-jenner-2048x711.jpg 2048w\" \/>              <\/div>\n                          <div class=\"testimonial-content\">\n              <div class=\"inner-content show-mobile\">\n                <div class=\"testimonial-text \"><p>\u00abTodas las excursiones han sido nuestras favoritas con Sonoma Land Trust, porque todos los miembros de la organizaci\u00f3n hacen que nuestra experiencia sea divertida, c\u00f3moda, informativa&#8230; siempre se preocupan de proporcionarnos todo lo que necesitamos. Son muy amables y siempre hay algo nuevo que conocer y disfrutar.\u00bb <\/p>\n<\/div>\n              <\/div>\n              <div class=\"inner-content\">\n                                  <div class=\"left\">\n                    <div class=\"author-image\">\n                      <img decoding=\"async\" width=\"300\" height=\"300\" src=\"https:\/\/sonomalandtrust.org\/wp-content\/uploads\/2026\/01\/wildflowers-foppiano-ranch-1-300x300.png\" class=\"attachment-medium size-medium\" alt=\"\" srcset=\"https:\/\/sonomalandtrust.org\/wp-content\/uploads\/2026\/01\/wildflowers-foppiano-ranch-1-300x300.png 300w, https:\/\/sonomalandtrust.org\/wp-content\/uploads\/2026\/01\/wildflowers-foppiano-ranch-1-150x150.png 150w, https:\/\/sonomalandtrust.org\/wp-content\/uploads\/2026\/01\/wildflowers-foppiano-ranch-1-120x120.png 120w, https:\/\/sonomalandtrust.org\/wp-content\/uploads\/2026\/01\/wildflowers-foppiano-ranch-1.png 356w\" sizes=\"(max-width: 300px) 100vw, 300px\" \/>                    <\/div>\n                  <\/div>\n                                <div class=\"right\">\n                  <div class=\"testimonial-text hide-mobile\"><p>\u00abTodas las excursiones han sido nuestras favoritas con Sonoma Land Trust, porque todos los miembros de la organizaci\u00f3n hacen que nuestra experiencia sea divertida, c\u00f3moda, informativa&#8230; siempre se preocupan de proporcionarnos todo lo que necesitamos. Son muy amables y siempre hay algo nuevo que conocer y disfrutar.\u00bb <\/p>\n<\/div>\n                                                          <p class=\"author-name\"><span>&mdash;<\/span>Participante de Familias al Aire Libre<\/p>\n                                                      <\/div>\n              <\/div>\n              <!-- <div class=\"yellow-border\"><\/div> -->\n            <\/div>\n          <\/div>\n        <\/div>\n            <\/div>\n  <\/div>\n<div class=\"wp-block-media-text is-stacked-on-mobile is-style-circle bio-block\" style=\"margin-top:var(--wp--preset--spacing--70);margin-bottom:var(--wp--preset--spacing--70)\"><figure class=\"wp-block-media-text__media\"><img decoding=\"async\" width=\"938\" height=\"1024\" src=\"https:\/\/sonomalandtrust.org\/wp-content\/uploads\/2025\/11\/carlos-rivas-938x1024.jpg\" alt=\"\" class=\"wp-image-6666 size-full\" srcset=\"https:\/\/sonomalandtrust.org\/wp-content\/uploads\/2025\/11\/carlos-rivas-938x1024.jpg 938w, https:\/\/sonomalandtrust.org\/wp-content\/uploads\/2025\/11\/carlos-rivas-275x300.jpg 275w, https:\/\/sonomalandtrust.org\/wp-content\/uploads\/2025\/11\/carlos-rivas-768x838.jpg 768w, https:\/\/sonomalandtrust.org\/wp-content\/uploads\/2025\/11\/carlos-rivas.jpg 1336w\" sizes=\"(max-width: 938px) 100vw, 938px\" \/><\/figure><div class=\"wp-block-media-text__content\">\n<p class=\"bio-block-name is-style-semi-bold has-green-color has-text-color has-link-color wp-elements-4 wp-block-paragraph\">Carlos Rivas<\/p>\n\n\n\n<p class=\"bio-block-role is-style-semi-bold has-green-color has-text-color has-link-color wp-elements-5 wp-block-paragraph\">Coordinadora de Salidas Biling\u00fce<\/p>\n\n\n\n<p class=\"wp-block-paragraph\">Carlos aporta su pasi\u00f3n por el cambio social y su amplia experiencia en educaci\u00f3n juvenil al aire libre a su funci\u00f3n dentro del equipo de Participaci\u00f3n Comunitaria. Lleg\u00f3 a Estados Unidos muy joven, procedente de Zamora, Michoac\u00e1n (M\u00e9xico), y creci\u00f3 en Santa Rosa, donde m\u00e1s tarde obtuvo una licenciatura en Estudios Chicanos y Latinos y t\u00edtulos de Bachillerato en Matem\u00e1ticas e Ingenier\u00eda. Carlos es muy activo en nuestra comunidad, ha trabajado en LandPaths y ha sido voluntario en North Bay Jobs for Justice, North Bay Organizing Project y Students and Teachers Restoring a Watershed (STRAW). Carlos cree que la naturaleza es una parte esencial de todos nosotros y pretende destacar la importancia de la conservaci\u00f3n mientras gu\u00eda a otros hacia la naturaleza.   <\/p>\n<\/div><\/div>\n\n<div class=\"wp-block-group alignfull is-style-default has-yellow-screened-background-color has-background is-layout-constrained wp-block-group-is-layout-constrained\" style=\"margin-top:var(--wp--preset--spacing--70);padding-top:var(--wp--preset--spacing--70);padding-bottom:0\">\n<div class=\"wp-block-group is-layout-constrained wp-block-group-is-layout-constrained\" style=\"margin-top:0;margin-bottom:var(--wp--preset--spacing--70)\">\t<div class=\"illustrated-cta-block cougar wp-block-acf-illustrated-cta-block\">\n    <div class=\"acf-innerblocks-container\">\n\n<div class=\"wp-block-group is-layout-flow wp-block-group-is-layout-flow\">\n<figure class=\"wp-block-image size-full illustration-image\"><img decoding=\"async\" width=\"812\" height=\"516\" src=\"https:\/\/sonomalandtrust.org\/wp-content\/uploads\/2025\/12\/cougar-figma-crop.png\" alt=\"\" class=\"wp-image-8316\" srcset=\"https:\/\/sonomalandtrust.org\/wp-content\/uploads\/2025\/12\/cougar-figma-crop.png 812w, https:\/\/sonomalandtrust.org\/wp-content\/uploads\/2025\/12\/cougar-figma-crop-300x191.png 300w, https:\/\/sonomalandtrust.org\/wp-content\/uploads\/2025\/12\/cougar-figma-crop-768x488.png 768w\" sizes=\"(max-width: 812px) 100vw, 812px\" \/><\/figure>\n\n\n\n<div class=\"wp-block-group illustration-cta-content is-layout-flow wp-block-group-is-layout-flow\">\n<h2 class=\"wp-block-heading illustration-cta-text has-teal-color has-text-color\">Salidas posibles gracias a gente como t\u00fa<\/h2>\n\n\n\n<div class=\"wp-block-button is-style-tertiary\"><a class=\"wp-block-button__link wp-element-button\" href=\"https:\/\/give.sonomalandtrust.org\/give\/190506\/?_gl=1*qlztej*_gcl_au*MTEwODc0NzMyNi4xNzYyMjAyOTI0LjEzMzY3ODkyNjkuMTc2NTQwMjk3NC4xNzY1NDAyOTc0#!\/donation\/checkout\">Haz un donativo<\/a><\/div>\n<\/div>\n<\/div>\n\n<\/div>\n<\/div>\n<\/div>\n\n\n\n<div class=\"wp-block-group has-yellow-screened-background-color has-background is-layout-grid wp-container-core-group-is-layout-92cb8cfc wp-block-group-is-layout-grid\" style=\"margin-top:0\">  <div class=\"multicolor-card-with-link multicolor-card  is-style-short-image has-teal-background-color\" id=\"a_9055961\">\n          <a href=\"https:\/\/sonomalandtrust.org\/es\/todos-los-eventos-y-salidas\/\" target=\"_self\" class=\"card-link-overlay\">\n        <img decoding=\"async\" width=\"768\" height=\"224\" src=\"https:\/\/sonomalandtrust.org\/wp-content\/uploads\/2026\/01\/hikers-sunset.jpg\" class=\"attachment-large size-large\" alt=\"\" srcset=\"https:\/\/sonomalandtrust.org\/wp-content\/uploads\/2026\/01\/hikers-sunset.jpg 768w, https:\/\/sonomalandtrust.org\/wp-content\/uploads\/2026\/01\/hikers-sunset-300x88.jpg 300w\" sizes=\"(max-width: 768px) 100vw, 768px\" \/>    <div class=\"multicolor-card-content wp-block-group has-background\">\n      <h3 class=\"yellow-underline\">Todos los eventos<br>y salidas<\/h3>\n      <span class=\"green-arrow-no-text\"><\/span>\n    <\/div>\n          <\/a>\n      <\/div>\n\n\n  <div class=\"multicolor-card-with-link multicolor-card  is-style-short-image has-green-background-color\" id=\"a_9827924\">\n          <a href=\"https:\/\/sonomalandtrust.org\/guided-walks-hikes\/\" target=\"_self\" class=\"card-link-overlay\">\n        <img decoding=\"async\" width=\"768\" height=\"224\" src=\"https:\/\/sonomalandtrust.org\/wp-content\/uploads\/2026\/01\/hiking-group.jpg\" class=\"attachment-large size-large\" alt=\"\" srcset=\"https:\/\/sonomalandtrust.org\/wp-content\/uploads\/2026\/01\/hiking-group.jpg 768w, https:\/\/sonomalandtrust.org\/wp-content\/uploads\/2026\/01\/hiking-group-300x88.jpg 300w\" sizes=\"(max-width: 768px) 100vw, 768px\" \/>    <div class=\"multicolor-card-content wp-block-group has-background\">\n      <h3 class=\"yellow-underline\">Paseos por la Naturaleza<br> y Caminatas<\/h3>\n      <span class=\"green-arrow-no-text\"><\/span>\n    <\/div>\n          <\/a>\n      <\/div>\n\n\n  <div class=\"multicolor-card-with-link multicolor-card  is-style-short-image has-dark-blue-background-color\" id=\"a_3591776\">\n          <a href=\"https:\/\/sonomalandtrust.org\/es\/programas-juveniles\/\" target=\"_self\" class=\"card-link-overlay\">\n        <img decoding=\"async\" width=\"768\" height=\"224\" src=\"https:\/\/sonomalandtrust.org\/wp-content\/uploads\/2026\/01\/conservation-council-member-pruning-1.jpg\" class=\"attachment-large size-large\" alt=\"\" srcset=\"https:\/\/sonomalandtrust.org\/wp-content\/uploads\/2026\/01\/conservation-council-member-pruning-1.jpg 768w, https:\/\/sonomalandtrust.org\/wp-content\/uploads\/2026\/01\/conservation-council-member-pruning-1-300x88.jpg 300w\" sizes=\"(max-width: 768px) 100vw, 768px\" \/>    <div class=\"multicolor-card-content wp-block-group has-background\">\n      <h3 class=\"yellow-underline\">Programas para j\u00f3venes<br><\/h3>\n      <span class=\"green-arrow-no-text\"><\/span>\n    <\/div>\n          <\/a>\n      <\/div>\n<\/div>\n<\/div>\n","protected":false},"excerpt":{"rendered":"<p>Re\u00fane a tu familia y sal al campo todos los meses con las excursiones Familias al Aire Libre de Sonoma Land Trust. Nuestras experiencias guiadas en la naturaleza est\u00e1n dise\u00f1adas para familias hispanohablantes y biling\u00fces. Nos reunimos en Santa Rosa y viajamos juntos a un lugar diferente cada mes. Descargar el folleto Al eliminar barreras [&hellip;]<\/p>\n","protected":false},"author":1,"featured_media":10718,"parent":0,"menu_order":0,"comment_status":"open","ping_status":"open","template":"","meta":{"_acf_changed":false,"footnotes":""},"class_list":["post-10960","page","type-page","status-publish","has-post-thumbnail","hentry"],"acf":[],"yoast_head":"<!-- This site is optimized with the Yoast SEO plugin v28.4 - https:\/\/yoast.com\/product\/yoast-seo-wordpress\/ -->\n<title>Salidas familiares biling\u00fces &#8212; Sonoma Land Trust<\/title>\n<meta name=\"description\" content=\"Ap\u00fantate a excursiones familiares biling\u00fces con Familias al Aire Libre de Sonoma Land Trust. Nuestros programas gratuitos incluyen excursiones y otras experiencias guiadas en la naturaleza.\" \/>\n<meta name=\"robots\" content=\"index, follow, max-snippet:-1, max-image-preview:large, max-video-preview:-1\" \/>\n<link rel=\"canonical\" href=\"https:\/\/sonomalandtrust.org\/es\/familias-al-aire-libre\/\" \/>\n<meta property=\"og:locale\" content=\"es_ES\" \/>\n<meta property=\"og:type\" content=\"article\" \/>\n<meta property=\"og:title\" content=\"Salidas familiares biling\u00fces &#8212; Sonoma Land Trust\" \/>\n<meta property=\"og:description\" content=\"Ap\u00fantate a excursiones familiares biling\u00fces con Familias al Aire Libre de Sonoma Land Trust. Nuestros programas gratuitos incluyen excursiones y otras experiencias guiadas en la naturaleza.\" \/>\n<meta property=\"og:url\" content=\"https:\/\/sonomalandtrust.org\/es\/familias-al-aire-libre\/\" \/>\n<meta property=\"og:site_name\" content=\"Sonoma Land Trust\" \/>\n<meta property=\"article:publisher\" content=\"http:\/\/www.facebook.com\/Sonoma-Land-Trust\/\" \/>\n<meta property=\"article:modified_time\" content=\"2026-05-04T16:19:13+00:00\" \/>\n<meta property=\"og:image\" content=\"https:\/\/sonomalandtrust.org\/wp-content\/uploads\/2025\/12\/pole-mtn-blackberries.jpg\" \/>\n\t<meta property=\"og:image:width\" content=\"2500\" \/>\n\t<meta property=\"og:image:height\" content=\"1667\" \/>\n\t<meta property=\"og:image:type\" content=\"image\/jpeg\" \/>\n<meta name=\"twitter:card\" content=\"summary_large_image\" \/>\n<meta name=\"twitter:label1\" content=\"Est. reading time\" \/>\n\t<meta name=\"twitter:data1\" content=\"3 minuto\" \/>\n<script type=\"application\/ld+json\" class=\"yoast-schema-graph\">{\"@context\":\"https:\\\/\\\/schema.org\",\"@graph\":[{\"@type\":\"WebPage\",\"@id\":\"https:\\\/\\\/sonomalandtrust.org\\\/es\\\/familias-al-aire-libre\\\/\",\"url\":\"https:\\\/\\\/sonomalandtrust.org\\\/es\\\/familias-al-aire-libre\\\/\",\"name\":\"Salidas familiares biling\u00fces &#8212; Sonoma Land Trust\",\"isPartOf\":{\"@id\":\"https:\\\/\\\/slt-2026.eclipse-dev.com\\\/#website\"},\"primaryImageOfPage\":{\"@id\":\"https:\\\/\\\/sonomalandtrust.org\\\/es\\\/familias-al-aire-libre\\\/#primaryimage\"},\"image\":{\"@id\":\"https:\\\/\\\/sonomalandtrust.org\\\/es\\\/familias-al-aire-libre\\\/#primaryimage\"},\"thumbnailUrl\":\"https:\\\/\\\/sonomalandtrust.org\\\/wp-content\\\/uploads\\\/2025\\\/12\\\/pole-mtn-blackberries.jpg\",\"datePublished\":\"2025-09-12T00:21:25+00:00\",\"dateModified\":\"2026-05-04T16:19:13+00:00\",\"description\":\"Ap\u00fantate a excursiones familiares biling\u00fces con Familias al Aire Libre de Sonoma Land Trust. Nuestros programas gratuitos incluyen excursiones y otras experiencias guiadas en la naturaleza.\",\"breadcrumb\":{\"@id\":\"https:\\\/\\\/sonomalandtrust.org\\\/es\\\/familias-al-aire-libre\\\/#breadcrumb\"},\"inLanguage\":\"es\",\"potentialAction\":[{\"@type\":\"ReadAction\",\"target\":[\"https:\\\/\\\/sonomalandtrust.org\\\/es\\\/familias-al-aire-libre\\\/\"]}]},{\"@type\":\"ImageObject\",\"inLanguage\":\"es\",\"@id\":\"https:\\\/\\\/sonomalandtrust.org\\\/es\\\/familias-al-aire-libre\\\/#primaryimage\",\"url\":\"https:\\\/\\\/sonomalandtrust.org\\\/wp-content\\\/uploads\\\/2025\\\/12\\\/pole-mtn-blackberries.jpg\",\"contentUrl\":\"https:\\\/\\\/sonomalandtrust.org\\\/wp-content\\\/uploads\\\/2025\\\/12\\\/pole-mtn-blackberries.jpg\",\"width\":2500,\"height\":1667,\"caption\":\"Two women picking blackberries at Pole Mountain.\"},{\"@type\":\"BreadcrumbList\",\"@id\":\"https:\\\/\\\/sonomalandtrust.org\\\/es\\\/familias-al-aire-libre\\\/#breadcrumb\",\"itemListElement\":[{\"@type\":\"ListItem\",\"position\":1,\"name\":\"Home\",\"item\":\"https:\\\/\\\/sonomalandtrust.org\\\/es\\\/inicio\\\/\"},{\"@type\":\"ListItem\",\"position\":2,\"name\":\"Salidas familiares biling\u00fces\"}]},{\"@type\":\"WebSite\",\"@id\":\"https:\\\/\\\/slt-2026.eclipse-dev.com\\\/#website\",\"url\":\"https:\\\/\\\/slt-2026.eclipse-dev.com\\\/\",\"name\":\"Sonoma Land Trust\",\"description\":\"\",\"publisher\":{\"@id\":\"https:\\\/\\\/slt-2026.eclipse-dev.com\\\/#organization\"},\"potentialAction\":[{\"@type\":\"SearchAction\",\"target\":{\"@type\":\"EntryPoint\",\"urlTemplate\":\"https:\\\/\\\/slt-2026.eclipse-dev.com\\\/?s={search_term_string}\"},\"query-input\":{\"@type\":\"PropertyValueSpecification\",\"valueRequired\":true,\"valueName\":\"search_term_string\"}}],\"inLanguage\":\"es\"},{\"@type\":\"Organization\",\"@id\":\"https:\\\/\\\/slt-2026.eclipse-dev.com\\\/#organization\",\"name\":\"Fondo de Tierras de Sonoma\",\"url\":\"https:\\\/\\\/slt-2026.eclipse-dev.com\\\/\",\"logo\":{\"@type\":\"ImageObject\",\"inLanguage\":\"es\",\"@id\":\"https:\\\/\\\/slt-2026.eclipse-dev.com\\\/#\\\/schema\\\/logo\\\/image\\\/\",\"url\":\"https:\\\/\\\/sonomalandtrust.org\\\/wp-content\\\/uploads\\\/2025\\\/10\\\/slt-logo.png\",\"contentUrl\":\"https:\\\/\\\/sonomalandtrust.org\\\/wp-content\\\/uploads\\\/2025\\\/10\\\/slt-logo.png\",\"width\":549,\"height\":333,\"caption\":\"Fondo de Tierras de Sonoma\"},\"image\":{\"@id\":\"https:\\\/\\\/slt-2026.eclipse-dev.com\\\/#\\\/schema\\\/logo\\\/image\\\/\"},\"sameAs\":[\"http:\\\/\\\/www.facebook.com\\\/Sonoma-Land-Trust\\\/\",\"https:\\\/\\\/www.instagram.com\\\/sonomalandtrust\\\/\",\"https:\\\/\\\/bsky.app\\\/profile\\\/sonomalandtrust.bsky.social\",\"https:\\\/\\\/www.youtube.com\\\/user\\\/SonomaLandTrust\\\/\",\"http:\\\/\\\/www.linkedin.com\\\/company\\\/1090048?trk=tyah\"]}]}<\/script>\n<!-- \/ Yoast SEO plugin. -->","yoast_head_json":{"title":"Salidas familiares biling\u00fces &#8212; Sonoma Land Trust","description":"Ap\u00fantate a excursiones familiares biling\u00fces con Familias al Aire Libre de Sonoma Land Trust. Nuestros programas gratuitos incluyen excursiones y otras experiencias guiadas en la naturaleza.","robots":{"index":"index","follow":"follow","max-snippet":"max-snippet:-1","max-image-preview":"max-image-preview:large","max-video-preview":"max-video-preview:-1"},"canonical":"https:\/\/sonomalandtrust.org\/es\/familias-al-aire-libre\/","og_locale":"es_ES","og_type":"article","og_title":"Salidas familiares biling\u00fces &#8212; Sonoma Land Trust","og_description":"Ap\u00fantate a excursiones familiares biling\u00fces con Familias al Aire Libre de Sonoma Land Trust. Nuestros programas gratuitos incluyen excursiones y otras experiencias guiadas en la naturaleza.","og_url":"https:\/\/sonomalandtrust.org\/es\/familias-al-aire-libre\/","og_site_name":"Sonoma Land Trust","article_publisher":"http:\/\/www.facebook.com\/Sonoma-Land-Trust\/","article_modified_time":"2026-05-04T16:19:13+00:00","og_image":[{"width":2500,"height":1667,"url":"https:\/\/sonomalandtrust.org\/wp-content\/uploads\/2025\/12\/pole-mtn-blackberries.jpg","type":"image\/jpeg"}],"twitter_card":"summary_large_image","twitter_misc":{"Est. reading time":"3 minuto"},"schema":{"@context":"https:\/\/schema.org","@graph":[{"@type":"WebPage","@id":"https:\/\/sonomalandtrust.org\/es\/familias-al-aire-libre\/","url":"https:\/\/sonomalandtrust.org\/es\/familias-al-aire-libre\/","name":"Salidas familiares biling\u00fces &#8212; Sonoma Land Trust","isPartOf":{"@id":"https:\/\/slt-2026.eclipse-dev.com\/#website"},"primaryImageOfPage":{"@id":"https:\/\/sonomalandtrust.org\/es\/familias-al-aire-libre\/#primaryimage"},"image":{"@id":"https:\/\/sonomalandtrust.org\/es\/familias-al-aire-libre\/#primaryimage"},"thumbnailUrl":"https:\/\/sonomalandtrust.org\/wp-content\/uploads\/2025\/12\/pole-mtn-blackberries.jpg","datePublished":"2025-09-12T00:21:25+00:00","dateModified":"2026-05-04T16:19:13+00:00","description":"Ap\u00fantate a excursiones familiares biling\u00fces con Familias al Aire Libre de Sonoma Land Trust. Nuestros programas gratuitos incluyen excursiones y otras experiencias guiadas en la naturaleza.","breadcrumb":{"@id":"https:\/\/sonomalandtrust.org\/es\/familias-al-aire-libre\/#breadcrumb"},"inLanguage":"es","potentialAction":[{"@type":"ReadAction","target":["https:\/\/sonomalandtrust.org\/es\/familias-al-aire-libre\/"]}]},{"@type":"ImageObject","inLanguage":"es","@id":"https:\/\/sonomalandtrust.org\/es\/familias-al-aire-libre\/#primaryimage","url":"https:\/\/sonomalandtrust.org\/wp-content\/uploads\/2025\/12\/pole-mtn-blackberries.jpg","contentUrl":"https:\/\/sonomalandtrust.org\/wp-content\/uploads\/2025\/12\/pole-mtn-blackberries.jpg","width":2500,"height":1667,"caption":"Two women picking blackberries at Pole Mountain."},{"@type":"BreadcrumbList","@id":"https:\/\/sonomalandtrust.org\/es\/familias-al-aire-libre\/#breadcrumb","itemListElement":[{"@type":"ListItem","position":1,"name":"Home","item":"https:\/\/sonomalandtrust.org\/es\/inicio\/"},{"@type":"ListItem","position":2,"name":"Salidas familiares biling\u00fces"}]},{"@type":"WebSite","@id":"https:\/\/slt-2026.eclipse-dev.com\/#website","url":"https:\/\/slt-2026.eclipse-dev.com\/","name":"Sonoma Land Trust","description":"","publisher":{"@id":"https:\/\/slt-2026.eclipse-dev.com\/#organization"},"potentialAction":[{"@type":"SearchAction","target":{"@type":"EntryPoint","urlTemplate":"https:\/\/slt-2026.eclipse-dev.com\/?s={search_term_string}"},"query-input":{"@type":"PropertyValueSpecification","valueRequired":true,"valueName":"search_term_string"}}],"inLanguage":"es"},{"@type":"Organization","@id":"https:\/\/slt-2026.eclipse-dev.com\/#organization","name":"Fondo de Tierras de Sonoma","url":"https:\/\/slt-2026.eclipse-dev.com\/","logo":{"@type":"ImageObject","inLanguage":"es","@id":"https:\/\/slt-2026.eclipse-dev.com\/#\/schema\/logo\/image\/","url":"https:\/\/sonomalandtrust.org\/wp-content\/uploads\/2025\/10\/slt-logo.png","contentUrl":"https:\/\/sonomalandtrust.org\/wp-content\/uploads\/2025\/10\/slt-logo.png","width":549,"height":333,"caption":"Fondo de Tierras de Sonoma"},"image":{"@id":"https:\/\/slt-2026.eclipse-dev.com\/#\/schema\/logo\/image\/"},"sameAs":["http:\/\/www.facebook.com\/Sonoma-Land-Trust\/","https:\/\/www.instagram.com\/sonomalandtrust\/","https:\/\/bsky.app\/profile\/sonomalandtrust.bsky.social","https:\/\/www.youtube.com\/user\/SonomaLandTrust\/","http:\/\/www.linkedin.com\/company\/1090048?trk=tyah"]}]}},"_links":{"self":[{"href":"https:\/\/sonomalandtrust.org\/es\/wp-json\/wp\/v2\/pages\/10960","targetHints":{"allow":["GET"]}}],"collection":[{"href":"https:\/\/sonomalandtrust.org\/es\/wp-json\/wp\/v2\/pages"}],"about":[{"href":"https:\/\/sonomalandtrust.org\/es\/wp-json\/wp\/v2\/types\/page"}],"author":[{"embeddable":true,"href":"https:\/\/sonomalandtrust.org\/es\/wp-json\/wp\/v2\/users\/1"}],"replies":[{"embeddable":true,"href":"https:\/\/sonomalandtrust.org\/es\/wp-json\/wp\/v2\/comments?post=10960"}],"version-history":[{"count":0,"href":"https:\/\/sonomalandtrust.org\/es\/wp-json\/wp\/v2\/pages\/10960\/revisions"}],"wp:featuredmedia":[{"embeddable":true,"href":"https:\/\/sonomalandtrust.org\/es\/wp-json\/wp\/v2\/media\/10718"}],"wp:attachment":[{"href":"https:\/\/sonomalandtrust.org\/es\/wp-json\/wp\/v2\/media?parent=10960"}],"curies":[{"name":"wp","href":"https:\/\/api.w.org\/{rel}","templated":true}]}}