{"id":10941,"date":"2025-09-11T17:21:25","date_gmt":"2025-09-12T00:21:25","guid":{"rendered":"https:\/\/sonomalandtrust.org\/conservacion-del-suelo\/"},"modified":"2026-03-13T10:28:57","modified_gmt":"2026-03-13T17:28:57","slug":"conservacion-del-suelo","status":"publish","type":"page","link":"https:\/\/sonomalandtrust.org\/es\/conservacion-del-suelo\/","title":{"rendered":"Conservaci\u00f3n del suelo"},"content":{"rendered":"\n<div class=\"wp-block-group alignfull default-page-header-group is-layout-constrained wp-block-group-is-layout-constrained\">\n<h1 class=\"wp-block-heading\">Conservar el condado de Sonoma<\/h1>\n\n\n\n<div class=\"wp-block-cover alignwide is-light has-custom-content-position is-position-bottom-center\"><img decoding=\"async\" width=\"2560\" height=\"1140\" class=\"wp-block-cover__image-background wp-image-8859 size-full\" alt=\"\" src=\"https:\/\/sonomalandtrust.org\/wp-content\/uploads\/2026\/01\/sonoma-mountain-vernal-pools-scaled.jpg\" data-object-fit=\"cover\" srcset=\"https:\/\/sonomalandtrust.org\/wp-content\/uploads\/2026\/01\/sonoma-mountain-vernal-pools-scaled.jpg 2560w, https:\/\/sonomalandtrust.org\/wp-content\/uploads\/2026\/01\/sonoma-mountain-vernal-pools-300x134.jpg 300w, https:\/\/sonomalandtrust.org\/wp-content\/uploads\/2026\/01\/sonoma-mountain-vernal-pools-1024x456.jpg 1024w, https:\/\/sonomalandtrust.org\/wp-content\/uploads\/2026\/01\/sonoma-mountain-vernal-pools-768x342.jpg 768w, https:\/\/sonomalandtrust.org\/wp-content\/uploads\/2026\/01\/sonoma-mountain-vernal-pools-1536x684.jpg 1536w, https:\/\/sonomalandtrust.org\/wp-content\/uploads\/2026\/01\/sonoma-mountain-vernal-pools-2048x912.jpg 2048w\" sizes=\"(max-width: 2560px) 100vw, 2560px\" \/><span aria-hidden=\"true\" class=\"wp-block-cover__background has-background-dim-0 has-background-dim\"><\/span><div class=\"wp-block-cover__inner-container is-layout-constrained wp-block-cover-is-layout-constrained\">\n<p class=\"has-large-font-size\"><\/p>\n<\/div><\/div>\n\n\n\n<h2 class=\"wp-block-heading has-green-color has-text-color has-link-color wp-elements-231f000234408250e1068458db5fc268\"><strong>Proteger la biodiversidad en miles de hect\u00e1reas<\/strong><\/h2>\n\n\n\n<p class=\"has-text-align-center header-intro-text has-green-color has-text-color has-link-color wp-elements-1810f43cb0370d69bd9140f8808fd16a\">La conservaci\u00f3n es el n\u00facleo de nuestro trabajo: es la forma en que protegemos la biodiversidad, preservando los espacios y las especies raras que sustentan la vida y no pueden sustituirse.<\/p>\n<\/div>\n\n<div class=\"wp-block-media-text is-stacked-on-mobile\" style=\"margin-top:0;margin-bottom:0;padding-top:var(--wp--preset--spacing--70);padding-bottom:var(--wp--preset--spacing--70)\"><figure class=\"wp-block-media-text__media\"><img decoding=\"async\" width=\"1024\" height=\"773\" src=\"https:\/\/sonomalandtrust.org\/wp-content\/uploads\/2026\/01\/starfish-sonoma-coast-1024x773.jpg\" alt=\"Estrella de mar naranja sobre una roca\" class=\"wp-image-8860 size-full\" srcset=\"https:\/\/sonomalandtrust.org\/wp-content\/uploads\/2026\/01\/starfish-sonoma-coast-1024x773.jpg 1024w, https:\/\/sonomalandtrust.org\/wp-content\/uploads\/2026\/01\/starfish-sonoma-coast-300x227.jpg 300w, https:\/\/sonomalandtrust.org\/wp-content\/uploads\/2026\/01\/starfish-sonoma-coast-768x580.jpg 768w, https:\/\/sonomalandtrust.org\/wp-content\/uploads\/2026\/01\/starfish-sonoma-coast.jpg 1164w\" sizes=\"(max-width: 1024px) 100vw, 1024px\" \/><\/figure><div class=\"wp-block-media-text__content\">\n<h2 class=\"wp-block-heading has-teal-color has-text-color has-link-color wp-elements-1ad0cf3b04ae0711428c4739dda2ee42\">\u00bfQu\u00e9 es la conservaci\u00f3n de la tierra?<\/h2>\n\n\n\n<p>La vida depende de ecosistemas sanos y funcionales. Sonoma Land Trust conserva paisajes intactos -mediante adquisiciones de tierras, servidumbres de conservaci\u00f3n y transferencias estrat\u00e9gicas a agencias de gesti\u00f3n de tierras y socios- para proteger las especies, los h\u00e1bitats y los sistemas naturales que sustentan el condado de Sonoma. <\/p>\n\n\n\n<div class=\"wp-block-buttons is-layout-flex wp-block-buttons-is-layout-flex\">\n<div class=\"wp-block-button\"><a class=\"wp-block-button__link wp-element-button\" href=\"https:\/\/sonomalandtrust.org\/es\/tierras-protegidas\/\">M\u00e1s informaci\u00f3n<\/a><\/div>\n<\/div>\n<\/div><\/div>\n\n<div class=\"wp-block-group alignfull has-yellow-screened-background-color has-background is-layout-constrained wp-block-group-is-layout-constrained\" style=\"margin-top:0;margin-bottom:0;padding-top:var(--wp--preset--spacing--70);padding-bottom:var(--wp--preset--spacing--70)\">\n\t<div style=\"margin-top:0;margin-bottom:0;\" class=\"section-heading section-divider-vertical has-text-align-center  align-text-left align-content-top align wp-block-acf-section-divider-vertical\">\n\n\n  <div class=\"acf-innerblocks-container\">\n\n<h3 class=\"wp-block-heading has-text-align-center has-teal-color has-text-color\"><strong>FORMAS EN QUE EL FONDO DE TIERRAS DE SONOMA CONSERVA LA TIERRA<\/strong><\/h3>\n\n<\/div>\n\n<\/div>\n\n\n\n\n\n\n\n<div class=\"wp-block-media-text is-stacked-on-mobile is-vertically-aligned-top\" style=\"margin-top:0;margin-bottom:0;padding-top:var(--wp--preset--spacing--40);padding-bottom:0\"><figure class=\"wp-block-media-text__media\"><img decoding=\"async\" width=\"1024\" height=\"634\" src=\"https:\/\/sonomalandtrust.org\/wp-content\/uploads\/2026\/01\/soaring-raptor-blue-sky-1024x634.jpg\" alt=\"\" class=\"wp-image-8858 size-full\" srcset=\"https:\/\/sonomalandtrust.org\/wp-content\/uploads\/2026\/01\/soaring-raptor-blue-sky-1024x634.jpg 1024w, https:\/\/sonomalandtrust.org\/wp-content\/uploads\/2026\/01\/soaring-raptor-blue-sky-300x186.jpg 300w, https:\/\/sonomalandtrust.org\/wp-content\/uploads\/2026\/01\/soaring-raptor-blue-sky-768x475.jpg 768w, https:\/\/sonomalandtrust.org\/wp-content\/uploads\/2026\/01\/soaring-raptor-blue-sky.jpg 1176w\" sizes=\"(max-width: 1024px) 100vw, 1024px\" \/><\/figure><div class=\"wp-block-media-text__content\">\n<div data-wp-context=\"{ &quot;autoclose&quot;: true, &quot;accordionItems&quot;: [] }\" data-wp-interactive=\"core\/accordion\" role=\"group\" class=\"wp-block-accordion is-layout-flow wp-block-accordion-is-layout-flow\">\n<div data-wp-class--is-open=\"state.isOpen\" data-wp-context=\"{ &quot;id&quot;: &quot;accordion-item-1&quot;, &quot;openByDefault&quot;: false }\" data-wp-init=\"callbacks.initAccordionItems\" data-wp-on-window--hashchange=\"callbacks.hashChange\" class=\"wp-block-accordion-item is-layout-flow wp-block-accordion-item-is-layout-flow\">\n<h3 class=\"wp-block-accordion-heading\"><button aria-expanded=\"false\" aria-controls=\"accordion-item-1-panel\" data-wp-bind--aria-expanded=\"state.isOpen\" data-wp-on--click=\"actions.toggle\" data-wp-on--keydown=\"actions.handleKeyDown\" id=\"accordion-item-1\" class=\"wp-block-accordion-heading__toggle\"><span class=\"wp-block-accordion-heading__toggle-title\">Ancla y Reservas Ecol\u00f3gicas<\/span><span class=\"wp-block-accordion-heading__toggle-icon\" aria-hidden=\"true\">+<\/span><\/button><\/h3>\n\n\n\n<div inert aria-labelledby=\"accordion-item-1\" data-wp-bind--inert=\"!state.isOpen\" id=\"accordion-item-1-panel\" role=\"region\" class=\"wp-block-accordion-panel is-layout-flow wp-block-accordion-panel-is-layout-flow\">\n<p>Sonoma Land Trust posee y mantiene 22 reservas para garantizar la protecci\u00f3n y el cuidado duraderos de los paisajes m\u00e1s vitales del condado de Sonoma. Estas tierras sirven como laboratorios vivientes para la restauraci\u00f3n, la administraci\u00f3n y la resistencia clim\u00e1tica, lugares donde podemos sanar ecosistemas, proteger corredores de vida salvaje y salvaguardar la biodiversidad. <\/p>\n\n\n\n<p>Las Reservas de Anclaje son centros de restauraci\u00f3n, investigaci\u00f3n y participaci\u00f3n comunitaria, que demuestran una administraci\u00f3n ejemplar y una gesti\u00f3n sostenible de la tierra. Las Reservas Ecol\u00f3gicas dan prioridad a la protecci\u00f3n de los recursos, centr\u00e1ndose en h\u00e1bitats sensibles y tierras de labor, con un acceso cuidadosamente gestionado para garantizar la salud ecol\u00f3gica a largo plazo. <\/p>\n\n\n\n<div class=\"wp-block-buttons is-layout-flex wp-block-buttons-is-layout-flex\">\n<div class=\"wp-block-button\"><a class=\"wp-block-button__link wp-element-button\" href=\"https:\/\/sonomalandtrust.org\/es\/tierras-protegidas\/\">M\u00e1s sobre nuestras conservas<\/a><\/div>\n<\/div>\n<\/div>\n<\/div>\n\n\n\n<div data-wp-class--is-open=\"state.isOpen\" data-wp-context=\"{ &quot;id&quot;: &quot;accordion-item-2&quot;, &quot;openByDefault&quot;: false }\" data-wp-init=\"callbacks.initAccordionItems\" data-wp-on-window--hashchange=\"callbacks.hashChange\" class=\"wp-block-accordion-item is-layout-flow wp-block-accordion-item-is-layout-flow\">\n<h3 class=\"wp-block-accordion-heading\"><button aria-expanded=\"false\" aria-controls=\"accordion-item-2-panel\" data-wp-bind--aria-expanded=\"state.isOpen\" data-wp-on--click=\"actions.toggle\" data-wp-on--keydown=\"actions.handleKeyDown\" id=\"accordion-item-2\" class=\"wp-block-accordion-heading__toggle\"><span class=\"wp-block-accordion-heading__toggle-title\">Servidumbres de Conservaci\u00f3n<\/span><span class=\"wp-block-accordion-heading__toggle-icon\" aria-hidden=\"true\">+<\/span><\/button><\/h3>\n\n\n\n<div inert aria-labelledby=\"accordion-item-2\" data-wp-bind--inert=\"!state.isOpen\" id=\"accordion-item-2-panel\" role=\"region\" class=\"wp-block-accordion-panel is-layout-flow wp-block-accordion-panel-is-layout-flow\">\n<p>Una servidumbre de conservaci\u00f3n es un acuerdo legal voluntario entre un propietario y Sonoma Land Trust que mantiene el terreno en propiedad privada y proporciona un incentivo para proteger la naturaleza. Una servidumbre de conservaci\u00f3n se registra en forma de escritura de concesi\u00f3n ejecutable que es vinculante para los futuros propietarios de la finca, lo que garantiza que seguir\u00e1 siendo un beneficio para el medio ambiente para las generaciones futuras. Sonoma Land Trust cuida m\u00e1s de 9.000 acres en toda su red de servidumbres de conservaci\u00f3n.    <\/p>\n\n\n\n<div class=\"wp-block-buttons is-layout-flex wp-block-buttons-is-layout-flex\">\n<div class=\"wp-block-button\"><a class=\"wp-block-button__link wp-element-button\" href=\"https:\/\/sonomalandtrust.org\/es\/servidumbres-de-conservacion\/\">M\u00e1s informaci\u00f3n<\/a><\/div>\n<\/div>\n<\/div>\n<\/div>\n\n\n\n<div data-wp-class--is-open=\"state.isOpen\" data-wp-context=\"{ &quot;id&quot;: &quot;accordion-item-3&quot;, &quot;openByDefault&quot;: false }\" data-wp-init=\"callbacks.initAccordionItems\" data-wp-on-window--hashchange=\"callbacks.hashChange\" class=\"wp-block-accordion-item is-layout-flow wp-block-accordion-item-is-layout-flow\">\n<h3 class=\"wp-block-accordion-heading\"><button aria-expanded=\"false\" aria-controls=\"accordion-item-3-panel\" data-wp-bind--aria-expanded=\"state.isOpen\" data-wp-on--click=\"actions.toggle\" data-wp-on--keydown=\"actions.handleKeyDown\" id=\"accordion-item-3\" class=\"wp-block-accordion-heading__toggle\"><span class=\"wp-block-accordion-heading__toggle-title\">Transferencias de terrenos<\/span><span class=\"wp-block-accordion-heading__toggle-icon\" aria-hidden=\"true\">+<\/span><\/button><\/h3>\n\n\n\n<div inert aria-labelledby=\"accordion-item-3\" data-wp-bind--inert=\"!state.isOpen\" id=\"accordion-item-3-panel\" role=\"region\" class=\"wp-block-accordion-panel is-layout-flow wp-block-accordion-panel-is-layout-flow\">\n<p>El acceso y la gesti\u00f3n a largo plazo son fundamentales para nuestra misi\u00f3n. Adquirimos tierras de importancia estrat\u00e9gica, cuidamos de ellas durante un periodo transitorio y luego las transferimos a socios conservacionistas o a agencias de parques para su protecci\u00f3n permanente, acceso p\u00fablico y gesti\u00f3n continua.   <\/p>\n\n\n\n<div class=\"wp-block-buttons is-layout-flex wp-block-buttons-is-layout-flex\">\n<div class=\"wp-block-button\"><a class=\"wp-block-button__link wp-element-button\" href=\"https:\/\/sonomalandtrust.org\/es\/tierras-protegidas\/transferencias-de-terrenos\/\">Explora  <\/a><\/div>\n<\/div>\n<\/div>\n<\/div>\n\n\n\n<div data-wp-class--is-open=\"state.isOpen\" data-wp-context=\"{ &quot;id&quot;: &quot;accordion-item-4&quot;, &quot;openByDefault&quot;: false }\" data-wp-init=\"callbacks.initAccordionItems\" data-wp-on-window--hashchange=\"callbacks.hashChange\" class=\"wp-block-accordion-item is-layout-flow wp-block-accordion-item-is-layout-flow\">\n<h3 class=\"wp-block-accordion-heading\"><button aria-expanded=\"false\" aria-controls=\"accordion-item-4-panel\" data-wp-bind--aria-expanded=\"state.isOpen\" data-wp-on--click=\"actions.toggle\" data-wp-on--keydown=\"actions.handleKeyDown\" id=\"accordion-item-4\" class=\"wp-block-accordion-heading__toggle\"><span class=\"wp-block-accordion-heading__toggle-title\">Asistencia al proyecto<\/span><span class=\"wp-block-accordion-heading__toggle-icon\" aria-hidden=\"true\">+<\/span><\/button><\/h3>\n\n\n\n<div inert aria-labelledby=\"accordion-item-4\" data-wp-bind--inert=\"!state.isOpen\" id=\"accordion-item-4-panel\" role=\"region\" class=\"wp-block-accordion-panel is-layout-flow wp-block-accordion-panel-is-layout-flow\">\n<p>La Asistencia a Proyectos es cuando Sonoma Land Trust ayuda a hacer posible un proyecto de conservaci\u00f3n sin ser el propietario a largo plazo del terreno o el titular de la servidumbre. Mediante la aportaci\u00f3n de conocimientos t\u00e9cnicos, coordinaci\u00f3n y apoyo a la recaudaci\u00f3n de fondos, nos asociamos con otras organizaciones para hacer realidad importantes iniciativas de protecci\u00f3n y custodia del territorio. <\/p>\n\n\n\n<div class=\"wp-block-buttons is-layout-flex wp-block-buttons-is-layout-flex\">\n<div class=\"wp-block-button\"><a class=\"wp-block-button__link wp-element-button\" href=\"https:\/\/sonomalandtrust.org\/es\/tierras-protegidas\/asistencia-a-proyectos\/\">M\u00e1s informaci\u00f3n<\/a><\/div>\n<\/div>\n<\/div>\n<\/div>\n\n\n\n<div data-wp-class--is-open=\"state.isOpen\" data-wp-context=\"{ &quot;id&quot;: &quot;accordion-item-5&quot;, &quot;openByDefault&quot;: false }\" data-wp-init=\"callbacks.initAccordionItems\" data-wp-on-window--hashchange=\"callbacks.hashChange\" class=\"wp-block-accordion-item is-layout-flow wp-block-accordion-item-is-layout-flow\">\n<h3 class=\"wp-block-accordion-heading\"><button aria-expanded=\"false\" aria-controls=\"accordion-item-5-panel\" data-wp-bind--aria-expanded=\"state.isOpen\" data-wp-on--click=\"actions.toggle\" data-wp-on--keydown=\"actions.handleKeyDown\" id=\"accordion-item-5\" class=\"wp-block-accordion-heading__toggle\"><span class=\"wp-block-accordion-heading__toggle-title\">Parques<\/span><span class=\"wp-block-accordion-heading__toggle-icon\" aria-hidden=\"true\">+<\/span><\/button><\/h3>\n\n\n\n<div inert aria-labelledby=\"accordion-item-5\" data-wp-bind--inert=\"!state.isOpen\" id=\"accordion-item-5-panel\" role=\"region\" class=\"wp-block-accordion-panel is-layout-flow wp-block-accordion-panel-is-layout-flow\">\n<p>Sonoma Land Trust se centra en la salud de nuestras comunidades, y da prioridad al acceso a la naturaleza para todos, especialmente en nuestros espacios urbanos. Al transformar una autopista abandonada en una v\u00eda verde, por ejemplo, ayudamos a refrescar los barrios, mejoramos la calidad del aire y del agua y proporcionamos lugares para que la gente conecte entre s\u00ed y con la naturaleza. Este es un principio clave de nuestra <a href=\"https:\/\/sonomalandtrust.org\/es\/plan-estrategico\/preservar-la-naturaleza-cerca\/\" type=\"page\" id=\"3313\">estrategia Naturaleza Cerca<\/a>, y refleja nuestra creencia de que la naturaleza es para todos.    <\/p>\n\n\n\n<div class=\"wp-block-buttons is-layout-flex wp-block-buttons-is-layout-flex\">\n<div class=\"wp-block-button\"><a class=\"wp-block-button__link wp-element-button\" href=\"https:\/\/sonomalandtrust.org\/es\/tierras-protegidas\/parques\/\">Encuentra un parque cerca de ti<\/a><\/div>\n<\/div>\n<\/div>\n<\/div>\n<\/div>\n<\/div><\/div>\n<\/div>\n\n<div class=\"wp-block-media-text has-media-on-the-right is-stacked-on-mobile\" style=\"margin-top:0;margin-bottom:0;padding-top:var(--wp--preset--spacing--70);padding-bottom:var(--wp--preset--spacing--70)\"><div class=\"wp-block-media-text__content\">\n<p class=\"xl-font-size has-burnt-orange-color has-text-color has-link-color wp-elements-a34436bb9d9dbb5d0bbe9fbd11967621\">\u00a1Oportunidad actual!<\/p>\n\n\n\n<h2 class=\"wp-block-heading has-blue-color has-text-color has-link-color wp-elements-8487fb51e35227e9211f96da678c9195\"><strong><strong>Ayuda a proteger el rancho Osprey Hill<\/strong><\/strong><\/h2>\n\n\n\n<p>El emblem\u00e1tico Rancho Osprey Hill, de 365 acres, se encuentra en el centro de otras tierras protegidas, ofreciendo una oportunidad hist\u00f3rica de conectar la Senda Costera desde Bodega Bay hasta Jenner. Su pradera costera, sus arroyos y su h\u00e1bitat ribere\u00f1o lo convierten en una prioridad absoluta para la conservaci\u00f3n y muchas especies lo consideran su hogar, como el salm\u00f3n steelhead y el salm\u00f3n coho, gatos monteses, tejones, halcones y \u00e1guilas pescadoras. Con tu ayuda, podemos garantizar la salud de las plantas, la fauna y nuestras comunidades, ahora y para las generaciones venideras.  <\/p>\n\n\n\n<p>Por favor, \u00fanete a nosotros para proteger este lugar tan especial.<\/p>\n\n\n\n<div class=\"wp-block-buttons is-layout-flex wp-block-buttons-is-layout-flex\">\n<div class=\"wp-block-button\"><a class=\"wp-block-button__link wp-element-button\" href=\"https:\/\/sonomalandtrust.org\/es\/ayuda-a-proteger-el-rancho-osprey-hill\/\">Haz un donativo hoy<\/a><\/div>\n<\/div>\n<\/div><figure class=\"wp-block-media-text__media\"><img decoding=\"async\" width=\"873\" height=\"1024\" src=\"https:\/\/sonomalandtrust.org\/wp-content\/uploads\/2026\/01\/land-conservation-opportunity-sonoma-coast-873x1024.jpg\" alt=\"\" class=\"wp-image-8856 size-full\" srcset=\"https:\/\/sonomalandtrust.org\/wp-content\/uploads\/2026\/01\/land-conservation-opportunity-sonoma-coast-873x1024.jpg 873w, https:\/\/sonomalandtrust.org\/wp-content\/uploads\/2026\/01\/land-conservation-opportunity-sonoma-coast-256x300.jpg 256w, https:\/\/sonomalandtrust.org\/wp-content\/uploads\/2026\/01\/land-conservation-opportunity-sonoma-coast-768x901.jpg 768w, https:\/\/sonomalandtrust.org\/wp-content\/uploads\/2026\/01\/land-conservation-opportunity-sonoma-coast.jpg 1160w\" sizes=\"(max-width: 873px) 100vw, 873px\" \/><\/figure><\/div>\n\n<div class=\"wp-block-group alignfull has-green-background-color has-background is-layout-constrained wp-container-core-group-is-layout-3f45f416 wp-block-group-is-layout-constrained\" style=\"margin-top:0;margin-bottom:0;padding-top:var(--wp--preset--spacing--70);padding-bottom:0\">\n\t<div class=\"section-heading section-divider-vertical has-text-align-center  align-text-left align-content-top align wp-block-acf-section-divider-vertical\">\n\n\n  <div class=\"acf-innerblocks-container\">\n\n<h3 class=\"wp-block-heading has-text-align-center has-white-color has-text-color has-h-2-font-size\"><strong>CONSERVACI\u00d3N EN ACCI\u00d3N<\/strong><\/h3>\n\n<\/div>\n\n<\/div>\n\n\n\n\n\n\n\n<div class=\"wp-block-group alignfull has-green-background-color has-background is-layout-constrained wp-block-group-is-layout-constrained\"><div class=\"media-carousel-block carousel-block align-text-left align wp-block-acf-media-carousel\">\n      <div class=\"carousel-slides\">\n              <div class=\"carousel-slide\">\n          <div class=\"media-content\">\n            <div class=\"left\">\n                              <div class=\"media-slide-media image\">\n                  <img decoding=\"async\" width=\"1794\" height=\"1432\" src=\"https:\/\/sonomalandtrust.org\/wp-content\/uploads\/2026\/01\/aerial-view-mccormick-ranch.jpg\" class=\"attachment-full size-full\" alt=\"\" srcset=\"https:\/\/sonomalandtrust.org\/wp-content\/uploads\/2026\/01\/aerial-view-mccormick-ranch.jpg 1794w, https:\/\/sonomalandtrust.org\/wp-content\/uploads\/2026\/01\/aerial-view-mccormick-ranch-300x239.jpg 300w, https:\/\/sonomalandtrust.org\/wp-content\/uploads\/2026\/01\/aerial-view-mccormick-ranch-1024x817.jpg 1024w, https:\/\/sonomalandtrust.org\/wp-content\/uploads\/2026\/01\/aerial-view-mccormick-ranch-768x613.jpg 768w, https:\/\/sonomalandtrust.org\/wp-content\/uploads\/2026\/01\/aerial-view-mccormick-ranch-1536x1226.jpg 1536w\" sizes=\"(max-width: 1794px) 100vw, 1794px\" \/>                <\/div>\n                                        <\/div>\n            <div class=\"right\">\n                                <div class=\"media-text\"><h2><b>McCormick Ranch<\/b><\/h2>\n<p><span style=\"font-weight: 400\">McCormick Ranch is a 654-acre property spanning the Sonoma\u2013Napa border, acquired and transferred to the Sonoma County Regional Parks agency and the Napa Land Trust in 2024. The property was acquired for public recreation and to expand the Hood Mountain Regional Park and Open Space Preserve. Located within a critical wildlife corridor, it connects to more than 12,000 acres of protected land and provides new opportunities for recreation and habitat conservation.<\/span><\/p>\n<\/div>\n                                            <div class=\"wp-block-buttons is-layout-flex wp-block-buttons-is-layout-flex\">\n                  <div class=\"wp-block-button\">\n                    <a class=\"wp-block-button__link wp-element-button\" href=\"https:\/\/sonomalandtrust.org\/blog\/mccormick-ranch-2023\/\" >\n                      Rancho McCormick 2023                    <\/a>\n                  <\/div>\n                <\/div>\n                                        <\/div>\n          <\/div>\n        <\/div>\n              <div class=\"carousel-slide\">\n          <div class=\"media-content\">\n            <div class=\"left\">\n                              <div class=\"media-slide-media image\">\n                  <img decoding=\"async\" width=\"1794\" height=\"1432\" src=\"https:\/\/sonomalandtrust.org\/wp-content\/uploads\/2026\/01\/monte-rio-redwoods.jpg\" class=\"attachment-full size-full\" alt=\"\" srcset=\"https:\/\/sonomalandtrust.org\/wp-content\/uploads\/2026\/01\/monte-rio-redwoods.jpg 1794w, https:\/\/sonomalandtrust.org\/wp-content\/uploads\/2026\/01\/monte-rio-redwoods-300x239.jpg 300w, https:\/\/sonomalandtrust.org\/wp-content\/uploads\/2026\/01\/monte-rio-redwoods-1024x817.jpg 1024w, https:\/\/sonomalandtrust.org\/wp-content\/uploads\/2026\/01\/monte-rio-redwoods-768x613.jpg 768w, https:\/\/sonomalandtrust.org\/wp-content\/uploads\/2026\/01\/monte-rio-redwoods-1536x1226.jpg 1536w\" sizes=\"(max-width: 1794px) 100vw, 1794px\" \/>                <\/div>\n                                        <\/div>\n            <div class=\"right\">\n                                <div class=\"media-text\"><h2><b>Monte Rio Redwoods Expansion<\/b><\/h2>\n<p><span style=\"font-weight: 400\">A rare opportunity to purchase 1,517-acres from a lumber company was facilitated with the help of <\/span><a href=\"https:\/\/www.savetheredwoods.org\"><span style=\"font-weight: 400\">Save the Redwoods League<\/span><\/a><span style=\"font-weight: 400\">, <\/span><a href=\"https:\/\/www.sonomaopenspace.org\"><span style=\"font-weight: 400\">Sonoma Ag + Open Space<\/span><\/a><span style=\"font-weight: 400\">, the Gordon and Betty Moore Foundation, and state agency funders. The forest land was purchased in 2025 and then transferred to Sonoma County Regional Parks to expand the Monte Rio Redwoods Regional Park, while protecting creeks and the last of the old growth forest.<\/span><\/p>\n<\/div>\n                                            <div class=\"wp-block-buttons is-layout-flex wp-block-buttons-is-layout-flex\">\n                  <div class=\"wp-block-button\">\n                    <a class=\"wp-block-button__link wp-element-button\" href=\"https:\/\/sonomalandtrust.org\/projects\/monte-rio-redwoods-expansion\/\" >\n                      M\u00e1s informaci\u00f3n                    <\/a>\n                  <\/div>\n                <\/div>\n                                        <\/div>\n          <\/div>\n        <\/div>\n              <div class=\"carousel-slide\">\n          <div class=\"media-content\">\n            <div class=\"left\">\n                              <div class=\"media-slide-media image\">\n                  <img decoding=\"async\" width=\"1794\" height=\"1432\" src=\"https:\/\/sonomalandtrust.org\/wp-content\/uploads\/2026\/01\/estero-americano.jpg\" class=\"attachment-full size-full\" alt=\"\" srcset=\"https:\/\/sonomalandtrust.org\/wp-content\/uploads\/2026\/01\/estero-americano.jpg 1794w, https:\/\/sonomalandtrust.org\/wp-content\/uploads\/2026\/01\/estero-americano-300x239.jpg 300w, https:\/\/sonomalandtrust.org\/wp-content\/uploads\/2026\/01\/estero-americano-1024x817.jpg 1024w, https:\/\/sonomalandtrust.org\/wp-content\/uploads\/2026\/01\/estero-americano-768x613.jpg 768w, https:\/\/sonomalandtrust.org\/wp-content\/uploads\/2026\/01\/estero-americano-1536x1226.jpg 1536w\" sizes=\"(max-width: 1794px) 100vw, 1794px\" \/>                <\/div>\n                                        <\/div>\n            <div class=\"right\">\n                                <div class=\"media-text\"><h2><b>Estero Americano<\/b><\/h2>\n<p><span style=\"font-weight: 400\">Largely undeveloped, the Estero Americano is one of the few estuaries in the state to have escaped development, and with the help of land conservation efforts, it will remain that way. This 127-acre preserve along the Estero Americano was purchased in 1997 and 2001 with assistance from the <\/span><a href=\"https:\/\/scc.ca.gov\"><span style=\"font-weight: 400\">State Coastal Conservancy<\/span><\/a><span style=\"font-weight: 400\"> and <\/span><a href=\"https:\/\/www.sonomaopenspace.org\" target=\"_blank\" rel=\"noopener\"><span style=\"font-weight: 400\">Sonoma County\u00a0Ag + Open Space<\/span><\/a><span style=\"font-weight: 400\">. Adjacent to the preserve is the 547-acre Estero Ranch, which we purchased in 2016 and transferred to <\/span><a href=\"https:\/\/wildlandsconservancy.org\"><span style=\"font-weight: 400\">The Wildlands Conservancy<\/span><\/a><span style=\"font-weight: 400\">.<\/span><\/p>\n<\/div>\n                                            <div class=\"wp-block-buttons is-layout-flex wp-block-buttons-is-layout-flex\">\n                  <div class=\"wp-block-button\">\n                    <a class=\"wp-block-button__link wp-element-button\" href=\"https:\/\/sonomalandtrust.org\/protected-land\/estero-americano\/\" >\n                      M\u00e1s informaci\u00f3n                    <\/a>\n                  <\/div>\n                <\/div>\n                                        <\/div>\n          <\/div>\n        <\/div>\n              <div class=\"carousel-slide\">\n          <div class=\"media-content\">\n            <div class=\"left\">\n                              <div class=\"media-slide-media image\">\n                  <img decoding=\"async\" width=\"1794\" height=\"1154\" src=\"https:\/\/sonomalandtrust.org\/wp-content\/uploads\/2026\/01\/aerial-hills-jenner-headlands-cropped.jpg\" class=\"attachment-full size-full\" alt=\"\" srcset=\"https:\/\/sonomalandtrust.org\/wp-content\/uploads\/2026\/01\/aerial-hills-jenner-headlands-cropped.jpg 1794w, https:\/\/sonomalandtrust.org\/wp-content\/uploads\/2026\/01\/aerial-hills-jenner-headlands-cropped-300x193.jpg 300w, https:\/\/sonomalandtrust.org\/wp-content\/uploads\/2026\/01\/aerial-hills-jenner-headlands-cropped-1024x659.jpg 1024w, https:\/\/sonomalandtrust.org\/wp-content\/uploads\/2026\/01\/aerial-hills-jenner-headlands-cropped-768x494.jpg 768w, https:\/\/sonomalandtrust.org\/wp-content\/uploads\/2026\/01\/aerial-hills-jenner-headlands-cropped-1536x988.jpg 1536w\" sizes=\"(max-width: 1794px) 100vw, 1794px\" \/>                <\/div>\n                                        <\/div>\n            <div class=\"right\">\n                                <div class=\"media-text\"><h2><b>Jenner Headlands <\/b><\/h2>\n<p><span style=\"font-weight: 400\">The 5,630-acre Jenner Headlands encompasses where the Russian River meets the Pacific Ocean, and extends two-and-a-half miles along Highway 1 and inland toward Cazadero. Acquired by Sonoma Land Trust in 2009, this coastal treasure has it all\u2013a rich habitat for fish and wildlife, dramatic views, extensive recreation opportunities, and a spectacular segment of the California Coastal Trail. In 2013, we transferred the property to The Wildlands Conservancy, which manages the preserve.<\/span><\/p>\n<\/div>\n                                            <div class=\"wp-block-buttons is-layout-flex wp-block-buttons-is-layout-flex\">\n                  <div class=\"wp-block-button\">\n                    <a class=\"wp-block-button__link wp-element-button\" href=\"https:\/\/sonomalandtrust.org\/news\/celebrating-jenner-headlands-preserves-past-present-and-future\/\" >\n                      M\u00e1s informaci\u00f3n                    <\/a>\n                  <\/div>\n                <\/div>\n                                        <\/div>\n          <\/div>\n        <\/div>\n          <\/div>\n    <div class=\"slick-navigation\"><\/div>\n\n  <\/div><\/div>\n<\/div>\n\n<div class=\"wp-block-group alignfull has-dark-blue-background-color has-background is-layout-constrained wp-block-group-is-layout-constrained\" style=\"margin-top:0;margin-bottom:0;padding-top:var(--wp--preset--spacing--70);padding-bottom:var(--wp--preset--spacing--70)\">\n\t<div class=\"section-heading section-divider-vertical has-text-align-center  align-text-left align-content-top align wp-block-acf-section-divider-vertical\">\n\n\n  <div class=\"acf-innerblocks-container\">\n\n<h3 class=\"wp-block-heading has-text-align-center has-white-color has-text-color\"><strong>Momento de conservaci\u00f3n<\/strong><\/h3>\n\n<\/div>\n\n<\/div>\n\n\n\n\n\n\n\n<div class=\"wp-block-group is-style-narrow-group is-layout-constrained wp-block-group-is-layout-constrained\">\n<figure class=\"wp-block-image aligncenter size-large is-resized\"><img decoding=\"async\" width=\"1024\" height=\"442\" src=\"https:\/\/sonomalandtrust.org\/wp-content\/uploads\/2026\/02\/30-by-30-logo-lupines-1024x442.jpg\" alt=\"\" class=\"wp-image-11755\" style=\"width:692px\" srcset=\"https:\/\/sonomalandtrust.org\/wp-content\/uploads\/2026\/02\/30-by-30-logo-lupines-1024x442.jpg 1024w, https:\/\/sonomalandtrust.org\/wp-content\/uploads\/2026\/02\/30-by-30-logo-lupines-300x129.jpg 300w, https:\/\/sonomalandtrust.org\/wp-content\/uploads\/2026\/02\/30-by-30-logo-lupines-768x331.jpg 768w, https:\/\/sonomalandtrust.org\/wp-content\/uploads\/2026\/02\/30-by-30-logo-lupines-1536x663.jpg 1536w, https:\/\/sonomalandtrust.org\/wp-content\/uploads\/2026\/02\/30-by-30-logo-lupines.jpg 1599w\" sizes=\"(max-width: 1024px) 100vw, 1024px\" \/><\/figure>\n\n\n\n<div class=\"wp-block-group is-layout-constrained wp-container-core-group-is-layout-7a3688e9 wp-block-group-is-layout-constrained\">\n<p class=\"has-text-align-center has-white-color has-text-color has-link-color has-large-font-size wp-elements-e288a70c9467bac2ac7f06ae0ca63692\">1976: Casi <strong>el<\/strong> 5% de los paisajes del condado de Sonoma estaban conservados. 2025: Se conservan <strong>el 23%<\/strong> de los paisajes del condado de Sonoma. <\/p>\n\n\n\n<p class=\"has-text-align-center has-white-color has-text-color has-link-color has-large-font-size wp-elements-6669c6059f9b6ef7e6483c8dcf808606\">Al impulsar los objetivos 30&#215;30 de California para proteger el 30% de nuestras tierras y aguas costeras para 2030, estos esfuerzos de conservaci\u00f3n refuerzan nuestra resistencia a un clima cambiante, reduciendo los riesgos de incendios, sequ\u00edas y calor extremo.<\/p>\n<\/div>\n\n\n\n<div class=\"wp-block-buttons is-content-justification-center is-layout-flex wp-container-core-buttons-is-layout-a89b3969 wp-block-buttons-is-layout-flex\">\n<div class=\"wp-block-button\"><a class=\"wp-block-button__link wp-element-button\" href=\"https:\/\/sonomalandtrust.org\/es\/projects\/sonoma-land-trust-y-30x30\/\">M\u00e1s informaci\u00f3n<\/a><\/div>\n<\/div>\n<\/div>\n<\/div>\n\n<div class=\"wp-block-group alignfull has-yellow-screened-background-color has-background is-layout-constrained wp-container-core-group-is-layout-b127f059 wp-block-group-is-layout-constrained\" style=\"margin-top:0;margin-bottom:0;padding-top:108px;padding-bottom:var(--wp--preset--spacing--60)\">\n<div class=\"wp-block-group is-layout-grid wp-container-core-group-is-layout-73811dce wp-block-group-is-layout-grid\" style=\"margin-bottom:0\">  <div class=\"multicolor-card-with-link multicolor-card  is-style-short-image has-teal-background-color\" id=\"a_4035576\">\n          <a href=\"https:\/\/sonomalandtrust.org\/ways-to-protect-your-land\/\" target=\"_self\" class=\"card-link-overlay\">\n        <img decoding=\"async\" width=\"768\" height=\"224\" src=\"https:\/\/sonomalandtrust.org\/wp-content\/uploads\/2026\/01\/wildflowers-oak-hill-farm.jpg\" class=\"attachment-large size-large\" alt=\"\" srcset=\"https:\/\/sonomalandtrust.org\/wp-content\/uploads\/2026\/01\/wildflowers-oak-hill-farm.jpg 768w, https:\/\/sonomalandtrust.org\/wp-content\/uploads\/2026\/01\/wildflowers-oak-hill-farm-300x88.jpg 300w\" sizes=\"(max-width: 768px) 100vw, 768px\" \/>    <div class=\"multicolor-card-content wp-block-group has-background\">\n      <h3 class=\"yellow-underline\">Formas de proteger<br>Tu tierra<\/h3>\n      <span class=\"green-arrow-no-text\"><\/span>\n    <\/div>\n          <\/a>\n      <\/div>\n\n\n  <div class=\"multicolor-card-with-link multicolor-card  is-style-short-image has-dark-blue-background-color\" id=\"a_8901737\">\n          <a href=\"https:\/\/sonomalandtrust.org\/maps-guides\/\" target=\"_self\" class=\"card-link-overlay\">\n        <img decoding=\"async\" width=\"768\" height=\"224\" src=\"https:\/\/sonomalandtrust.org\/wp-content\/uploads\/2026\/01\/hikers.jpg\" class=\"attachment-large size-large\" alt=\"\" srcset=\"https:\/\/sonomalandtrust.org\/wp-content\/uploads\/2026\/01\/hikers.jpg 768w, https:\/\/sonomalandtrust.org\/wp-content\/uploads\/2026\/01\/hikers-300x88.jpg 300w\" sizes=\"(max-width: 768px) 100vw, 768px\" \/>    <div class=\"multicolor-card-content wp-block-group has-background\">\n      <h3 class=\"yellow-underline\">Mapas y<br>Gu\u00edas<\/h3>\n      <span class=\"green-arrow-no-text\"><\/span>\n    <\/div>\n          <\/a>\n      <\/div>\n\n\n  <div class=\"multicolor-card-with-link multicolor-card  is-style-short-image has-green-background-color\" id=\"a_813697\">\n          <a href=\"https:\/\/sonomalandtrust.org\/protected-lands\/\" target=\"_self\" class=\"card-link-overlay\">\n        <img decoding=\"async\" width=\"768\" height=\"224\" src=\"https:\/\/sonomalandtrust.org\/wp-content\/uploads\/2026\/01\/sonoma-creek.jpg\" class=\"attachment-large size-large\" alt=\"\" srcset=\"https:\/\/sonomalandtrust.org\/wp-content\/uploads\/2026\/01\/sonoma-creek.jpg 768w, https:\/\/sonomalandtrust.org\/wp-content\/uploads\/2026\/01\/sonoma-creek-300x88.jpg 300w\" sizes=\"(max-width: 768px) 100vw, 768px\" \/>    <div class=\"multicolor-card-content wp-block-group has-background\">\n      <h3 class=\"yellow-underline\">Tierras protegidas<br><\/h3>\n      <span class=\"green-arrow-no-text\"><\/span>\n    <\/div>\n          <\/a>\n      <\/div>\n<\/div>\n<\/div>\n","protected":false},"excerpt":{"rendered":"<p>La conservaci\u00f3n es el n\u00facleo de nuestro trabajo: es la forma en que protegemos la biodiversidad, preservando los espacios y las especies raras que sustentan la vida y no pueden sustituirse. 1976: Casi 5% de los paisajes del condado de Sonoma estaban conservados. 2025: Se conservan de los paisajes del condado de Sonoma. Al impulsar [&hellip;]<\/p>\n","protected":false},"author":1,"featured_media":0,"parent":0,"menu_order":0,"comment_status":"open","ping_status":"open","template":"","meta":{"_acf_changed":false,"footnotes":""},"class_list":["post-10941","page","type-page","status-publish","hentry"],"acf":[],"yoast_head":"<!-- This site is optimized with the Yoast SEO plugin v27.3 - https:\/\/yoast.com\/product\/yoast-seo-wordpress\/ -->\n<title>Conservaci\u00f3n del suelo &#8212; Sonoma Land Trust<\/title>\n<meta name=\"description\" content=\"La conservaci\u00f3n del suelo es el n\u00facleo de nuestro trabajo: as\u00ed protegemos la biodiversidad, preservamos los espacios abiertos y protegemos la vida salvaje en el condado de Sonoma.\" \/>\n<meta name=\"robots\" content=\"index, follow, max-snippet:-1, max-image-preview:large, max-video-preview:-1\" \/>\n<link rel=\"canonical\" href=\"https:\/\/sonomalandtrust.org\/es\/conservacion-del-suelo\/\" \/>\n<meta property=\"og:locale\" content=\"es_ES\" \/>\n<meta property=\"og:type\" content=\"article\" \/>\n<meta property=\"og:title\" content=\"Conservaci\u00f3n del suelo &#8212; Sonoma Land Trust\" \/>\n<meta property=\"og:description\" content=\"La conservaci\u00f3n del suelo es el n\u00facleo de nuestro trabajo: as\u00ed protegemos la biodiversidad, preservamos los espacios abiertos y protegemos la vida salvaje en el condado de Sonoma.\" \/>\n<meta property=\"og:url\" content=\"https:\/\/sonomalandtrust.org\/es\/conservacion-del-suelo\/\" \/>\n<meta property=\"og:site_name\" content=\"Sonoma Land Trust\" \/>\n<meta property=\"article:publisher\" content=\"http:\/\/www.facebook.com\/Sonoma-Land-Trust\/\" \/>\n<meta property=\"article:modified_time\" content=\"2026-03-13T17:28:57+00:00\" \/>\n<meta property=\"og:image\" content=\"https:\/\/slt-2026.eclipse-dev.com\/wp-content\/uploads\/2026\/01\/sonoma-mountain-vernal-pools-scaled.jpg\" \/>\n<meta name=\"twitter:card\" content=\"summary_large_image\" \/>\n<meta name=\"twitter:label1\" content=\"Est. reading time\" \/>\n\t<meta name=\"twitter:data1\" content=\"4 minuto\" \/>\n<script type=\"application\/ld+json\" class=\"yoast-schema-graph\">{\"@context\":\"https:\\\/\\\/schema.org\",\"@graph\":[{\"@type\":\"WebPage\",\"@id\":\"https:\\\/\\\/sonomalandtrust.org\\\/es\\\/conservacion-del-suelo\\\/\",\"url\":\"https:\\\/\\\/sonomalandtrust.org\\\/es\\\/conservacion-del-suelo\\\/\",\"name\":\"Conservaci\u00f3n del suelo &#8212; Sonoma Land Trust\",\"isPartOf\":{\"@id\":\"https:\\\/\\\/slt-2026.eclipse-dev.com\\\/#website\"},\"primaryImageOfPage\":{\"@id\":\"https:\\\/\\\/sonomalandtrust.org\\\/es\\\/conservacion-del-suelo\\\/#primaryimage\"},\"image\":{\"@id\":\"https:\\\/\\\/sonomalandtrust.org\\\/es\\\/conservacion-del-suelo\\\/#primaryimage\"},\"thumbnailUrl\":\"https:\\\/\\\/sonomalandtrust.org\\\/wp-content\\\/uploads\\\/2026\\\/01\\\/sonoma-mountain-vernal-pools-scaled.jpg\",\"datePublished\":\"2025-09-12T00:21:25+00:00\",\"dateModified\":\"2026-03-13T17:28:57+00:00\",\"description\":\"La conservaci\u00f3n del suelo es el n\u00facleo de nuestro trabajo: as\u00ed protegemos la biodiversidad, preservamos los espacios abiertos y protegemos la vida salvaje en el condado de Sonoma.\",\"breadcrumb\":{\"@id\":\"https:\\\/\\\/sonomalandtrust.org\\\/es\\\/conservacion-del-suelo\\\/#breadcrumb\"},\"inLanguage\":\"es\",\"potentialAction\":[{\"@type\":\"ReadAction\",\"target\":[\"https:\\\/\\\/sonomalandtrust.org\\\/es\\\/conservacion-del-suelo\\\/\"]}]},{\"@type\":\"ImageObject\",\"inLanguage\":\"es\",\"@id\":\"https:\\\/\\\/sonomalandtrust.org\\\/es\\\/conservacion-del-suelo\\\/#primaryimage\",\"url\":\"https:\\\/\\\/sonomalandtrust.org\\\/wp-content\\\/uploads\\\/2026\\\/01\\\/sonoma-mountain-vernal-pools-scaled.jpg\",\"contentUrl\":\"https:\\\/\\\/sonomalandtrust.org\\\/wp-content\\\/uploads\\\/2026\\\/01\\\/sonoma-mountain-vernal-pools-scaled.jpg\"},{\"@type\":\"BreadcrumbList\",\"@id\":\"https:\\\/\\\/sonomalandtrust.org\\\/es\\\/conservacion-del-suelo\\\/#breadcrumb\",\"itemListElement\":[{\"@type\":\"ListItem\",\"position\":1,\"name\":\"Home\",\"item\":\"https:\\\/\\\/sonomalandtrust.org\\\/es\\\/inicio\\\/\"},{\"@type\":\"ListItem\",\"position\":2,\"name\":\"Conservaci\u00f3n del suelo\"}]},{\"@type\":\"WebSite\",\"@id\":\"https:\\\/\\\/slt-2026.eclipse-dev.com\\\/#website\",\"url\":\"https:\\\/\\\/slt-2026.eclipse-dev.com\\\/\",\"name\":\"Sonoma Land Trust\",\"description\":\"\",\"publisher\":{\"@id\":\"https:\\\/\\\/slt-2026.eclipse-dev.com\\\/#organization\"},\"potentialAction\":[{\"@type\":\"SearchAction\",\"target\":{\"@type\":\"EntryPoint\",\"urlTemplate\":\"https:\\\/\\\/slt-2026.eclipse-dev.com\\\/?s={search_term_string}\"},\"query-input\":{\"@type\":\"PropertyValueSpecification\",\"valueRequired\":true,\"valueName\":\"search_term_string\"}}],\"inLanguage\":\"es\"},{\"@type\":\"Organization\",\"@id\":\"https:\\\/\\\/slt-2026.eclipse-dev.com\\\/#organization\",\"name\":\"Fondo de Tierras de Sonoma\",\"url\":\"https:\\\/\\\/slt-2026.eclipse-dev.com\\\/\",\"logo\":{\"@type\":\"ImageObject\",\"inLanguage\":\"es\",\"@id\":\"https:\\\/\\\/slt-2026.eclipse-dev.com\\\/#\\\/schema\\\/logo\\\/image\\\/\",\"url\":\"https:\\\/\\\/sonomalandtrust.org\\\/wp-content\\\/uploads\\\/2025\\\/10\\\/slt-logo.png\",\"contentUrl\":\"https:\\\/\\\/sonomalandtrust.org\\\/wp-content\\\/uploads\\\/2025\\\/10\\\/slt-logo.png\",\"width\":549,\"height\":333,\"caption\":\"Fondo de Tierras de Sonoma\"},\"image\":{\"@id\":\"https:\\\/\\\/slt-2026.eclipse-dev.com\\\/#\\\/schema\\\/logo\\\/image\\\/\"},\"sameAs\":[\"http:\\\/\\\/www.facebook.com\\\/Sonoma-Land-Trust\\\/\",\"https:\\\/\\\/www.instagram.com\\\/sonomalandtrust\\\/\",\"https:\\\/\\\/bsky.app\\\/profile\\\/sonomalandtrust.bsky.social\",\"https:\\\/\\\/www.youtube.com\\\/user\\\/SonomaLandTrust\\\/\",\"http:\\\/\\\/www.linkedin.com\\\/company\\\/1090048?trk=tyah\"]}]}<\/script>\n<!-- \/ Yoast SEO plugin. -->","yoast_head_json":{"title":"Conservaci\u00f3n del suelo &#8212; Sonoma Land Trust","description":"La conservaci\u00f3n del suelo es el n\u00facleo de nuestro trabajo: as\u00ed protegemos la biodiversidad, preservamos los espacios abiertos y protegemos la vida salvaje en el condado de Sonoma.","robots":{"index":"index","follow":"follow","max-snippet":"max-snippet:-1","max-image-preview":"max-image-preview:large","max-video-preview":"max-video-preview:-1"},"canonical":"https:\/\/sonomalandtrust.org\/es\/conservacion-del-suelo\/","og_locale":"es_ES","og_type":"article","og_title":"Conservaci\u00f3n del suelo &#8212; Sonoma Land Trust","og_description":"La conservaci\u00f3n del suelo es el n\u00facleo de nuestro trabajo: as\u00ed protegemos la biodiversidad, preservamos los espacios abiertos y protegemos la vida salvaje en el condado de Sonoma.","og_url":"https:\/\/sonomalandtrust.org\/es\/conservacion-del-suelo\/","og_site_name":"Sonoma Land Trust","article_publisher":"http:\/\/www.facebook.com\/Sonoma-Land-Trust\/","article_modified_time":"2026-03-13T17:28:57+00:00","og_image":[{"url":"https:\/\/slt-2026.eclipse-dev.com\/wp-content\/uploads\/2026\/01\/sonoma-mountain-vernal-pools-scaled.jpg","type":"","width":"","height":""}],"twitter_card":"summary_large_image","twitter_misc":{"Est. reading time":"4 minuto"},"schema":{"@context":"https:\/\/schema.org","@graph":[{"@type":"WebPage","@id":"https:\/\/sonomalandtrust.org\/es\/conservacion-del-suelo\/","url":"https:\/\/sonomalandtrust.org\/es\/conservacion-del-suelo\/","name":"Conservaci\u00f3n del suelo &#8212; Sonoma Land Trust","isPartOf":{"@id":"https:\/\/slt-2026.eclipse-dev.com\/#website"},"primaryImageOfPage":{"@id":"https:\/\/sonomalandtrust.org\/es\/conservacion-del-suelo\/#primaryimage"},"image":{"@id":"https:\/\/sonomalandtrust.org\/es\/conservacion-del-suelo\/#primaryimage"},"thumbnailUrl":"https:\/\/sonomalandtrust.org\/wp-content\/uploads\/2026\/01\/sonoma-mountain-vernal-pools-scaled.jpg","datePublished":"2025-09-12T00:21:25+00:00","dateModified":"2026-03-13T17:28:57+00:00","description":"La conservaci\u00f3n del suelo es el n\u00facleo de nuestro trabajo: as\u00ed protegemos la biodiversidad, preservamos los espacios abiertos y protegemos la vida salvaje en el condado de Sonoma.","breadcrumb":{"@id":"https:\/\/sonomalandtrust.org\/es\/conservacion-del-suelo\/#breadcrumb"},"inLanguage":"es","potentialAction":[{"@type":"ReadAction","target":["https:\/\/sonomalandtrust.org\/es\/conservacion-del-suelo\/"]}]},{"@type":"ImageObject","inLanguage":"es","@id":"https:\/\/sonomalandtrust.org\/es\/conservacion-del-suelo\/#primaryimage","url":"https:\/\/sonomalandtrust.org\/wp-content\/uploads\/2026\/01\/sonoma-mountain-vernal-pools-scaled.jpg","contentUrl":"https:\/\/sonomalandtrust.org\/wp-content\/uploads\/2026\/01\/sonoma-mountain-vernal-pools-scaled.jpg"},{"@type":"BreadcrumbList","@id":"https:\/\/sonomalandtrust.org\/es\/conservacion-del-suelo\/#breadcrumb","itemListElement":[{"@type":"ListItem","position":1,"name":"Home","item":"https:\/\/sonomalandtrust.org\/es\/inicio\/"},{"@type":"ListItem","position":2,"name":"Conservaci\u00f3n del suelo"}]},{"@type":"WebSite","@id":"https:\/\/slt-2026.eclipse-dev.com\/#website","url":"https:\/\/slt-2026.eclipse-dev.com\/","name":"Sonoma Land Trust","description":"","publisher":{"@id":"https:\/\/slt-2026.eclipse-dev.com\/#organization"},"potentialAction":[{"@type":"SearchAction","target":{"@type":"EntryPoint","urlTemplate":"https:\/\/slt-2026.eclipse-dev.com\/?s={search_term_string}"},"query-input":{"@type":"PropertyValueSpecification","valueRequired":true,"valueName":"search_term_string"}}],"inLanguage":"es"},{"@type":"Organization","@id":"https:\/\/slt-2026.eclipse-dev.com\/#organization","name":"Fondo de Tierras de Sonoma","url":"https:\/\/slt-2026.eclipse-dev.com\/","logo":{"@type":"ImageObject","inLanguage":"es","@id":"https:\/\/slt-2026.eclipse-dev.com\/#\/schema\/logo\/image\/","url":"https:\/\/sonomalandtrust.org\/wp-content\/uploads\/2025\/10\/slt-logo.png","contentUrl":"https:\/\/sonomalandtrust.org\/wp-content\/uploads\/2025\/10\/slt-logo.png","width":549,"height":333,"caption":"Fondo de Tierras de Sonoma"},"image":{"@id":"https:\/\/slt-2026.eclipse-dev.com\/#\/schema\/logo\/image\/"},"sameAs":["http:\/\/www.facebook.com\/Sonoma-Land-Trust\/","https:\/\/www.instagram.com\/sonomalandtrust\/","https:\/\/bsky.app\/profile\/sonomalandtrust.bsky.social","https:\/\/www.youtube.com\/user\/SonomaLandTrust\/","http:\/\/www.linkedin.com\/company\/1090048?trk=tyah"]}]}},"_links":{"self":[{"href":"https:\/\/sonomalandtrust.org\/es\/wp-json\/wp\/v2\/pages\/10941","targetHints":{"allow":["GET"]}}],"collection":[{"href":"https:\/\/sonomalandtrust.org\/es\/wp-json\/wp\/v2\/pages"}],"about":[{"href":"https:\/\/sonomalandtrust.org\/es\/wp-json\/wp\/v2\/types\/page"}],"author":[{"embeddable":true,"href":"https:\/\/sonomalandtrust.org\/es\/wp-json\/wp\/v2\/users\/1"}],"replies":[{"embeddable":true,"href":"https:\/\/sonomalandtrust.org\/es\/wp-json\/wp\/v2\/comments?post=10941"}],"version-history":[{"count":0,"href":"https:\/\/sonomalandtrust.org\/es\/wp-json\/wp\/v2\/pages\/10941\/revisions"}],"wp:attachment":[{"href":"https:\/\/sonomalandtrust.org\/es\/wp-json\/wp\/v2\/media?parent=10941"}],"curies":[{"name":"wp","href":"https:\/\/api.w.org\/{rel}","templated":true}]}}