{"id":10823,"date":"2025-09-11T17:28:34","date_gmt":"2025-09-12T00:28:34","guid":{"rendered":"https:\/\/sonomalandtrust.org\/plan-estrategico\/capacitar-a-nuestras-comunidades\/"},"modified":"2026-03-13T10:25:43","modified_gmt":"2026-03-13T17:25:43","slug":"capacitar-a-nuestras-comunidades","status":"publish","type":"page","link":"https:\/\/sonomalandtrust.org\/es\/plan-estrategico\/capacitar-a-nuestras-comunidades\/","title":{"rendered":"Capacitar a nuestras comunidades"},"content":{"rendered":"\n<div class=\"wp-block-group alignfull default-page-header-group is-layout-constrained wp-block-group-is-layout-constrained\">\n<h1 class=\"wp-block-heading\">Capacitar a nuestras comunidades<\/h1>\n\n\n\n<figure class=\"wp-block-image aligncenter size-full is-style-no-border strategic-plan-header-image\"><img decoding=\"async\" width=\"343\" height=\"301\" src=\"https:\/\/sonomalandtrust.org\/wp-content\/uploads\/2026\/02\/empowering-our-communities-strategy-icon.png\" alt=\"\" class=\"wp-image-11780\" srcset=\"https:\/\/sonomalandtrust.org\/wp-content\/uploads\/2026\/02\/empowering-our-communities-strategy-icon.png 343w, https:\/\/sonomalandtrust.org\/wp-content\/uploads\/2026\/02\/empowering-our-communities-strategy-icon-300x263.png 300w\" sizes=\"(max-width: 343px) 100vw, 343px\" \/><\/figure>\n\n\n  <div class=\"strategic-plan-menu align wp-block-acf-strategic-plan-menu\">\n<ul id=\"menu-strategic-plan-spanish\" class=\"navbar-nav hover-menu\"><li  id=\"menu-item-8024\" class=\"menu-item menu-item-type-custom menu-item-object-custom menu-item-has-children dropdown nav-item nav-item-8024\"><a href=\"#\" class=\"nav-link  dropdown-toggle\" data-bs-toggle=\"dropdown\" aria-haspopup=\"true\" aria-expanded=\"false\">Tierra<\/a>\n<ul class=\"dropdown-menu dropdown-menu-md-end depth_0\">\n\t<li  id=\"menu-item-11082\" class=\"menu-item menu-item-type-post_type menu-item-object-page nav-item nav-item-11082\"><a href=\"https:\/\/sonomalandtrust.org\/es\/plan-estrategico\/proteger-la-biodiversidad\/\" class=\"dropdown-item \">Proteger la biodiversidad<\/a><\/li>\n\t<li  id=\"menu-item-11083\" class=\"menu-item menu-item-type-post_type menu-item-object-page nav-item nav-item-11083\"><a href=\"https:\/\/sonomalandtrust.org\/es\/plan-estrategico\/vivir-con-un-incendio-forestal\/\" class=\"dropdown-item \">Vivir con un incendio forestal<\/a><\/li>\n<\/ul>\n<\/li>\n<li  id=\"menu-item-8025\" class=\"menu-item menu-item-type-custom menu-item-object-custom menu-item-has-children dropdown nav-item nav-item-8025\"><a href=\"#\" class=\"nav-link  dropdown-toggle\" data-bs-toggle=\"dropdown\" aria-haspopup=\"true\" aria-expanded=\"false\">Personas<\/a>\n<ul class=\"dropdown-menu dropdown-menu-md-end depth_0\">\n\t<li  id=\"menu-item-11084\" class=\"menu-item menu-item-type-post_type menu-item-object-page nav-item nav-item-11084\"><a href=\"https:\/\/sonomalandtrust.org\/es\/plan-estrategico\/capacitar-a-nuestras-comunidades\/\" class=\"dropdown-item \">Capacitar a nuestras comunidades<\/a><\/li>\n\t<li  id=\"menu-item-11085\" class=\"menu-item menu-item-type-post_type menu-item-object-page nav-item nav-item-11085\"><a href=\"https:\/\/sonomalandtrust.org\/es\/plan-estrategico\/preservar-la-naturaleza-cerca\/\" class=\"dropdown-item \">Preservar la naturaleza cerca<\/a><\/li>\n<\/ul>\n<\/li>\n<li  id=\"menu-item-8026\" class=\"menu-item menu-item-type-custom menu-item-object-custom menu-item-has-children dropdown nav-item nav-item-8026\"><a href=\"#\" class=\"nav-link  dropdown-toggle\" data-bs-toggle=\"dropdown\" aria-haspopup=\"true\" aria-expanded=\"false\">Agua<\/a>\n<ul class=\"dropdown-menu dropdown-menu-md-end depth_0\">\n\t<li  id=\"menu-item-11087\" class=\"menu-item menu-item-type-post_type menu-item-object-page nav-item nav-item-11087\"><a href=\"https:\/\/sonomalandtrust.org\/es\/plan-estrategico\/adaptarse-a-la-subida-de-las-aguas\/\" class=\"dropdown-item \">Adaptarse a la subida de las aguas<\/a><\/li>\n\t<li  id=\"menu-item-11086\" class=\"menu-item menu-item-type-post_type menu-item-object-page nav-item nav-item-11086\"><a href=\"https:\/\/sonomalandtrust.org\/es\/plan-estrategico\/garantizar-los-flujos-de-agua-dulce\/\" class=\"dropdown-item \">Garantizar los flujos de agua dulce<\/a><\/li>\n<\/ul>\n<\/li>\n<\/ul><\/div><\/div>\n\n<div class=\"wp-block-media-text is-stacked-on-mobile\"><figure class=\"wp-block-media-text__media\"><img decoding=\"async\" width=\"1024\" height=\"774\" src=\"https:\/\/sonomalandtrust.org\/wp-content\/uploads\/2026\/01\/conservation-council-member-climbing-tree-1-1024x774.jpg\" alt=\"\" class=\"wp-image-9990 size-full\" srcset=\"https:\/\/sonomalandtrust.org\/wp-content\/uploads\/2026\/01\/conservation-council-member-climbing-tree-1-1024x774.jpg 1024w, https:\/\/sonomalandtrust.org\/wp-content\/uploads\/2026\/01\/conservation-council-member-climbing-tree-1-300x227.jpg 300w, https:\/\/sonomalandtrust.org\/wp-content\/uploads\/2026\/01\/conservation-council-member-climbing-tree-1-768x580.jpg 768w, https:\/\/sonomalandtrust.org\/wp-content\/uploads\/2026\/01\/conservation-council-member-climbing-tree-1.jpg 1163w\" sizes=\"(max-width: 1024px) 100vw, 1024px\" \/><\/figure><div class=\"wp-block-media-text__content\">\n<h2 class=\"wp-block-heading has-teal-color has-text-color has-link-color wp-elements-ed23a4ecc114a4ee4a23d1c3da633014\">Educar para promover la conservaci\u00f3n<\/h2>\n\n\n\n<p>Una comunidad bien informada est\u00e1 mejor preparada para identificar y apoyar las soluciones que pueden afrontar los retos de un clima cambiante. La educaci\u00f3n sobre los sistemas naturales y la conservaci\u00f3n es beneficiosa para todos los miembros de nuestra comunidad y vital para tomar decisiones que configuren juntos nuestro futuro. Capacitar y educar a las personas de todas las edades y grupos demogr\u00e1ficos ayudar\u00e1 a aportar una serie de voces que reflejen las diversas necesidades, talentos, antecedentes y creencias de todos los residentes.  <\/p>\n<\/div><\/div>\n\n<div class=\"challenge-solution-bg alignfull\"\n  style=\"background-image:url('https:\/\/sonomalandtrust.org\/wp-content\/uploads\/2026\/01\/wildflowers-mccormick-ranch-sonoma-county.jpg');\">\n    <div class=\"challenge-solution container\">\n      <div class=\"solution-challenge-parent challenge-solution-left\">\n        <div class=\"front card-face\">\n          <div class=\"inner\">\n            <p class=\"h3\">El desaf\u00edo<\/p>\n                                      <div class=\"challenge-details\"><p>Hist\u00f3ricamente, el movimiento conservacionista ha excluido las voces de muchas de las comunidades que pretende proteger. Sonoma Land Trust est\u00e1 trabajando para superar las barreras culturales, geogr\u00e1ficas y econ\u00f3micas que experimentan las comunidades con identidades marginadas. Las barreras al acceso y la educaci\u00f3n requerir\u00e1n comprender las perspectivas y necesidades de la comunidad en torno a la conservaci\u00f3n, y una estrategia para abordarlas.  <\/p>\n<\/div>\n                        <div class=\"wp-block-buttons is-layout-flex wp-block-buttons-is-layout-flex\">\n              <div class=\"wp-block-button\">\n                <a class=\"solution-toggler wp-block-button__link wp-element-button\" href=\"#\">\n                  La soluci\u00f3n                <\/a>\n              <\/div>\n            <\/div>\n          <\/div>\n        <\/div>\n        <div class=\"back card-face\">\n          <div class=\"inner\">\n            <p class=\"h3\">La soluci\u00f3n<\/p>\n                                      <div class=\"solution-details\"><p>Estamos profundizando en nuestra misi\u00f3n para reflejar la diversidad \u00e9tnica y socioecon\u00f3mica de las comunidades a las que servimos, a fin de incluir mejor sus voces, comprender sus necesidades y garantizar un acceso y una distribuci\u00f3n equitativos de los beneficios de la naturaleza. Desarrollando relaciones aut\u00e9nticas, escuchando con humildad y co-creando programas educativos inclusivos para ni\u00f1os, adolescentes, familias y adultos, estamos construyendo una comunidad diversa y equitativa que est\u00e1 informada y puede defender con intenci\u00f3n el fomento de la conservaci\u00f3n en el condado de Sonoma. <\/p>\n<\/div>\n                        <div class=\"wp-block-buttons is-layout-flex wp-block-buttons-is-layout-flex\">\n              <div class=\"wp-block-button\">\n                <a class=\"solution-toggler wp-block-button__link wp-element-button\" href=\"#\">\n                  El desaf\u00edo                <\/a>\n              <\/div>\n            <\/div>\n          <\/div>\n        <\/div>\n      <\/div>\n    <\/div>\n<\/div>\n\t<div style=\"margin-bottom:var(--wp--preset--spacing--50);\" class=\"section-heading section-divider-vertical has-text-align-center  align-text-left align-content-top align wp-block-acf-section-divider-vertical\">\n\n\n  <div class=\"acf-innerblocks-container\">\n\n<h2 class=\"wp-block-heading has-text-align-center has-teal-color has-text-color\">La estrategia de un vistazo<\/h2>\n\n<\/div>\n\n<\/div>\n\n\n\n\n\n<div class=\"wp-block-group is-layout-grid wp-container-core-group-is-layout-988b637e wp-block-group-is-layout-grid\">\n<div class=\"wp-block-group is-style-yellow-border plan-item has-yellow-screened-background-color has-background is-layout-constrained wp-block-group-is-layout-constrained\">\n<figure class=\"wp-block-image size-full is-style-circle\"><img decoding=\"async\" width=\"560\" height=\"560\" src=\"https:\/\/sonomalandtrust.org\/wp-content\/uploads\/2026\/01\/kids-exploring-marsh.jpg\" alt=\"\" class=\"wp-image-9494\" srcset=\"https:\/\/sonomalandtrust.org\/wp-content\/uploads\/2026\/01\/kids-exploring-marsh.jpg 560w, https:\/\/sonomalandtrust.org\/wp-content\/uploads\/2026\/01\/kids-exploring-marsh-300x300.jpg 300w, https:\/\/sonomalandtrust.org\/wp-content\/uploads\/2026\/01\/kids-exploring-marsh-150x150.jpg 150w, https:\/\/sonomalandtrust.org\/wp-content\/uploads\/2026\/01\/kids-exploring-marsh-120x120.jpg 120w\" sizes=\"(max-width: 560px) 100vw, 560px\" \/><\/figure>\n\n\n\n<h2 class=\"wp-block-heading has-blue-color has-text-color has-link-color wp-elements-0affb0e66acf736ebd9047466ad394d8\">Objetivo<\/h2>\n\n\n\n<p>Construir una comunidad inclusiva, que englobe a todas las poblaciones diversas del condado de Sonoma, que tenga mentalidad conservacionista, se al\u00ede con la naturaleza y tenga oportunidades para actuar en favor de la resiliencia clim\u00e1tica.<\/p>\n<\/div>\n\n\n\n<div class=\"wp-block-group is-style-yellow-border plan-item has-yellow-screened-background-color has-background is-layout-constrained wp-block-group-is-layout-constrained\">\n<figure class=\"wp-block-image size-full is-style-circle\"><img decoding=\"async\" width=\"560\" height=\"560\" src=\"https:\/\/sonomalandtrust.org\/wp-content\/uploads\/2026\/01\/family-camping-bilingual-event.jpg\" alt=\"\" class=\"wp-image-9495\" srcset=\"https:\/\/sonomalandtrust.org\/wp-content\/uploads\/2026\/01\/family-camping-bilingual-event.jpg 560w, https:\/\/sonomalandtrust.org\/wp-content\/uploads\/2026\/01\/family-camping-bilingual-event-300x300.jpg 300w, https:\/\/sonomalandtrust.org\/wp-content\/uploads\/2026\/01\/family-camping-bilingual-event-150x150.jpg 150w, https:\/\/sonomalandtrust.org\/wp-content\/uploads\/2026\/01\/family-camping-bilingual-event-120x120.jpg 120w\" sizes=\"(max-width: 560px) 100vw, 560px\" \/><\/figure>\n\n\n\n<h2 class=\"wp-block-heading has-blue-color has-text-color has-link-color wp-elements-e832c4e96e127e980f5e448ca37b4d42\">Por qu\u00e9 es importante<\/h2>\n\n\n\n<p>Los movimientos de conservaci\u00f3n de la tierra han sido hist\u00f3ricamente exclusivos de las comunidades de color. Creemos que todas las personas se preocupan por la naturaleza, pero demasiadas carecen de un acceso equitativo a la informaci\u00f3n y de la oportunidad de desarrollar una relaci\u00f3n con la naturaleza. Para mantener la conservaci\u00f3n y la resistencia clim\u00e1tica, todos los miembros de la comunidad deben participar, lo que comienza con la educaci\u00f3n, la oportunidad y el acceso.  <\/p>\n<\/div>\n\n\n\n<div class=\"wp-block-group is-style-yellow-border plan-item has-yellow-screened-background-color has-background is-layout-constrained wp-block-group-is-layout-constrained\">\n<figure class=\"wp-block-image size-full is-style-circle\"><img decoding=\"async\" width=\"560\" height=\"560\" src=\"https:\/\/sonomalandtrust.org\/wp-content\/uploads\/2026\/01\/partner-hike-member-writing-sears-point.jpg\" alt=\"\" class=\"wp-image-9493\" srcset=\"https:\/\/sonomalandtrust.org\/wp-content\/uploads\/2026\/01\/partner-hike-member-writing-sears-point.jpg 560w, https:\/\/sonomalandtrust.org\/wp-content\/uploads\/2026\/01\/partner-hike-member-writing-sears-point-300x300.jpg 300w, https:\/\/sonomalandtrust.org\/wp-content\/uploads\/2026\/01\/partner-hike-member-writing-sears-point-150x150.jpg 150w, https:\/\/sonomalandtrust.org\/wp-content\/uploads\/2026\/01\/partner-hike-member-writing-sears-point-120x120.jpg 120w\" sizes=\"(max-width: 560px) 100vw, 560px\" \/><\/figure>\n\n\n\n<h2 class=\"wp-block-heading has-blue-color has-text-color has-link-color wp-elements-52c788261beafb99c2d27d4e9be357fa\">Nuestro enfoque<\/h2>\n\n\n\n<p>Mediante nuestros programas basados en la naturaleza, pretendemos aumentar el acceso equitativo a los espacios naturales, la informaci\u00f3n medioambiental y las oportunidades de participaci\u00f3n en proyectos que reflejen y hagan avanzar los esfuerzos de conservaci\u00f3n de la naturaleza en el condado de Sonoma.<br\/><\/p>\n<\/div>\n<\/div>\n\n<div class=\"wp-block-group alignfull has-dark-blue-background-color has-background is-layout-constrained wp-block-group-is-layout-constrained\" style=\"margin-top:0;margin-bottom:0;padding-top:var(--wp--preset--spacing--70)\">\n\t<div style=\"padding-top:0;padding-bottom:var(--wp--preset--spacing--30);margin-top:0;margin-bottom:0;\" class=\"section-heading section-divider-vertical has-text-align-center  alignfull align-text-left align-content-top alignfull wp-block-acf-section-divider-vertical\">\n\n\n  <div class=\"acf-innerblocks-container\">\n\n<h3 class=\"wp-block-heading has-text-align-center has-white-color has-text-color\">Qu\u00e9 haremos<\/h3>\n\n<\/div>\n\n<\/div>\n\n\n\n\n\n\n\n<div class=\"wp-block-group alignfull has-dark-blue-background-color has-background is-layout-constrained wp-block-group-is-layout-constrained\" style=\"margin-top:0;margin-bottom:0\"><div class=\"media-carousel-block carousel-block align-text-left align wp-block-acf-media-carousel\">\n      <div class=\"carousel-slides\">\n              <div class=\"carousel-slide\">\n          <div class=\"media-content\">\n            <div class=\"left\">\n                              <div class=\"media-slide-media image\">\n                  <img decoding=\"async\" width=\"1618\" height=\"1432\" src=\"https:\/\/sonomalandtrust.org\/wp-content\/uploads\/2026\/01\/group-bilingual-outing.jpg\" class=\"attachment-full size-full\" alt=\"\" srcset=\"https:\/\/sonomalandtrust.org\/wp-content\/uploads\/2026\/01\/group-bilingual-outing.jpg 1618w, https:\/\/sonomalandtrust.org\/wp-content\/uploads\/2026\/01\/group-bilingual-outing-300x266.jpg 300w, https:\/\/sonomalandtrust.org\/wp-content\/uploads\/2026\/01\/group-bilingual-outing-1024x906.jpg 1024w, https:\/\/sonomalandtrust.org\/wp-content\/uploads\/2026\/01\/group-bilingual-outing-768x680.jpg 768w, https:\/\/sonomalandtrust.org\/wp-content\/uploads\/2026\/01\/group-bilingual-outing-1536x1359.jpg 1536w\" sizes=\"(max-width: 1618px) 100vw, 1618px\" \/>                <\/div>\n                                        <\/div>\n            <div class=\"right\">\n                                <div class=\"media-text\"><h2><b>Provide equitable access to nature<\/b><\/h2>\n<p>We will provide in-person and virtual programming that incorporates culturally relevant and inclusive principles and practices for a diverse range of audiences while introducing them to outdoor spaces, nature, and conservation concepts. We will reach a wide variety of people through offering walks and hikes of various lengths and difficulties for community groups, families, young adults, and the general public in Spanish and English.  In addition, we offer transportation in our passenger van to our outings for anyone who can benefit from this service.<\/p>\n<\/div>\n                                                      <\/div>\n          <\/div>\n        <\/div>\n              <div class=\"carousel-slide\">\n          <div class=\"media-content\">\n            <div class=\"left\">\n                              <div class=\"media-slide-media image\">\n                  <img decoding=\"async\" width=\"1618\" height=\"1432\" src=\"https:\/\/sonomalandtrust.org\/wp-content\/uploads\/2026\/01\/child-kayaking-with-adult.jpg\" class=\"attachment-full size-full\" alt=\"\" srcset=\"https:\/\/sonomalandtrust.org\/wp-content\/uploads\/2026\/01\/child-kayaking-with-adult.jpg 1618w, https:\/\/sonomalandtrust.org\/wp-content\/uploads\/2026\/01\/child-kayaking-with-adult-300x266.jpg 300w, https:\/\/sonomalandtrust.org\/wp-content\/uploads\/2026\/01\/child-kayaking-with-adult-1024x906.jpg 1024w, https:\/\/sonomalandtrust.org\/wp-content\/uploads\/2026\/01\/child-kayaking-with-adult-768x680.jpg 768w, https:\/\/sonomalandtrust.org\/wp-content\/uploads\/2026\/01\/child-kayaking-with-adult-1536x1359.jpg 1536w\" sizes=\"(max-width: 1618px) 100vw, 1618px\" \/>                <\/div>\n                                        <\/div>\n            <div class=\"right\">\n                                <div class=\"media-text\"><h2><b>Educate the next generation of stewards<\/b><\/h2>\n<p><span style=\"font-weight: 400\">We will work to educate and inspire a new generation of nature\u2019s allies by developing and sharing environmental and conservation information through equity-based educational programming, producing English\/Spanish bilingual materials, and developing channels of communication that reach diverse communities including participation in public events. We offer science interpretation and education opportunities through school field trips, summer nature camp, a research-based teen program, college internships, public webinars, and bilingual outreach. We provide additional financial stipends or scholarships for many of our equity-based program participants to reduce barriers to entry and participation.<\/p>\n<\/div>\n                                                      <\/div>\n          <\/div>\n        <\/div>\n              <div class=\"carousel-slide\">\n          <div class=\"media-content\">\n            <div class=\"left\">\n                              <div class=\"media-slide-media image\">\n                  <img decoding=\"async\" width=\"1618\" height=\"1432\" src=\"https:\/\/sonomalandtrust.org\/wp-content\/uploads\/2026\/01\/child-adult-outdoors-creek.jpg\" class=\"attachment-full size-full\" alt=\"\" srcset=\"https:\/\/sonomalandtrust.org\/wp-content\/uploads\/2026\/01\/child-adult-outdoors-creek.jpg 1618w, https:\/\/sonomalandtrust.org\/wp-content\/uploads\/2026\/01\/child-adult-outdoors-creek-300x266.jpg 300w, https:\/\/sonomalandtrust.org\/wp-content\/uploads\/2026\/01\/child-adult-outdoors-creek-1024x906.jpg 1024w, https:\/\/sonomalandtrust.org\/wp-content\/uploads\/2026\/01\/child-adult-outdoors-creek-768x680.jpg 768w, https:\/\/sonomalandtrust.org\/wp-content\/uploads\/2026\/01\/child-adult-outdoors-creek-1536x1359.jpg 1536w\" sizes=\"(max-width: 1618px) 100vw, 1618px\" \/>                <\/div>\n                                        <\/div>\n            <div class=\"right\">\n                                <div class=\"media-text\"><h2><b>Support community voices to promote action<\/b><\/h2>\n<p><span style=\"font-weight: 400\">We will identify and promote opportunities to build an understanding of nature conservation science and practices for all members of our community. Collaborating with community organizing groups to promote activities, including equitable park development projects and nature-based volunteer and internship opportunities offer real ways to be involved and engaged. These programs will include promoting equitable community engagement for the <a href=\"https:\/\/sonomalandtrust.org\/project\/santa-rosa-southeast-greenway\/\">Santa Rosa Southeast Greenway<\/a> park planning, and providing volunteer opportunities and internships for outings, outreach, advocacy, stewardship, events, and general operational support.<\/span><\/p>\n<\/div>\n                                                      <\/div>\n          <\/div>\n        <\/div>\n          <\/div>\n    <div class=\"slick-navigation\"><\/div>\n\n  <\/div><\/div>\n<\/div>\n\n<div class=\"wp-block-group alignfull additional-resources-grid has-yellow-screened-background-color has-background is-layout-constrained wp-block-group-is-layout-constrained\" style=\"margin-top:0;padding-top:var(--wp--preset--spacing--60);padding-bottom:0\">\n\t<div style=\"margin-bottom:var(--wp--preset--spacing--50);\" class=\"section-heading section-divider-vertical has-text-align-center  align-text-left align-content-top align wp-block-acf-section-divider-vertical\">\n\n\n  <div class=\"acf-innerblocks-container\">\n\n<h2 class=\"wp-block-heading has-text-align-center has-teal-color has-text-color\">Recursos adicionales<\/h2>\n\n<\/div>\n\n<\/div>\n\n\n\n\n\n\n\n<div class=\"wp-block-group is-layout-grid wp-container-core-group-is-layout-284cc7ca wp-block-group-is-layout-grid\" style=\"margin-top:0\">\n<div class=\"wp-block-group is-layout-constrained wp-block-group-is-layout-constrained\">\n<figure class=\"wp-block-image size-full is-style-no-border\"><img decoding=\"async\" width=\"774\" height=\"464\" src=\"https:\/\/sonomalandtrust.org\/wp-content\/uploads\/2026\/01\/kayaking-group.jpg\" alt=\"\" class=\"wp-image-9503\" srcset=\"https:\/\/sonomalandtrust.org\/wp-content\/uploads\/2026\/01\/kayaking-group.jpg 774w, https:\/\/sonomalandtrust.org\/wp-content\/uploads\/2026\/01\/kayaking-group-300x180.jpg 300w, https:\/\/sonomalandtrust.org\/wp-content\/uploads\/2026\/01\/kayaking-group-768x460.jpg 768w\" sizes=\"(max-width: 774px) 100vw, 774px\" \/><\/figure>\n\n\n\n<p><a href=\"https:\/\/sonomalandtrust.org\/es\/todos-los-eventos-y-salidas\/\">\u00danete a nosotros en la tierra: Consulta nuestros pr\u00f3ximos eventos<\/a><\/p>\n<\/div>\n\n\n\n<div class=\"wp-block-group is-layout-constrained wp-block-group-is-layout-constrained\">\n<figure class=\"wp-block-image size-full is-style-no-border\"><img decoding=\"async\" width=\"774\" height=\"464\" src=\"https:\/\/sonomalandtrust.org\/wp-content\/uploads\/2026\/01\/conservation-council-member.jpg\" alt=\"\" class=\"wp-image-9576\" srcset=\"https:\/\/sonomalandtrust.org\/wp-content\/uploads\/2026\/01\/conservation-council-member.jpg 774w, https:\/\/sonomalandtrust.org\/wp-content\/uploads\/2026\/01\/conservation-council-member-300x180.jpg 300w, https:\/\/sonomalandtrust.org\/wp-content\/uploads\/2026\/01\/conservation-council-member-768x460.jpg 768w\" sizes=\"(max-width: 774px) 100vw, 774px\" \/><\/figure>\n\n\n\n<p><a href=\"https:\/\/www.youtube.com\/watch?v=tKSePBQHHdI\" target=\"_blank\" rel=\"noreferrer noopener\">V\u00eddeo: El Consejo de Conservaci\u00f3n ense\u00f1a a la pr\u00f3xima generaci\u00f3n de cient\u00edficos de la conservaci\u00f3n<\/a><\/p>\n<\/div>\n\n\n\n<div class=\"wp-block-group is-layout-constrained wp-block-group-is-layout-constrained\">\n<figure class=\"wp-block-image size-full is-style-no-border\"><img decoding=\"async\" width=\"774\" height=\"464\" src=\"https:\/\/sonomalandtrust.org\/wp-content\/uploads\/2026\/01\/slime-students-exploring.jpg\" alt=\"\" class=\"wp-image-9577\" srcset=\"https:\/\/sonomalandtrust.org\/wp-content\/uploads\/2026\/01\/slime-students-exploring.jpg 774w, https:\/\/sonomalandtrust.org\/wp-content\/uploads\/2026\/01\/slime-students-exploring-300x180.jpg 300w, https:\/\/sonomalandtrust.org\/wp-content\/uploads\/2026\/01\/slime-students-exploring-768x460.jpg 768w\" sizes=\"(max-width: 774px) 100vw, 774px\" \/><\/figure>\n\n\n\n<p><a href=\"https:\/\/www.youtube.com\/watch?v=zDVmdgPfaRY\" target=\"_blank\" rel=\"noreferrer noopener\">V\u00eddeo: SLIME Alumnos aprendiendo en entornos pantanosos<\/a><\/p>\n<\/div>\n<\/div>\n<\/div>\n","protected":false},"excerpt":{"rendered":"<p>Una comunidad bien informada est\u00e1 mejor preparada para identificar y apoyar las soluciones que pueden afrontar los retos de un clima cambiante. La educaci\u00f3n sobre los sistemas naturales y la conservaci\u00f3n es beneficiosa para todos los miembros de nuestra comunidad y vital para tomar decisiones que configuren juntos nuestro futuro. Capacitar y educar a las [&hellip;]<\/p>\n","protected":false},"author":1,"featured_media":0,"parent":10715,"menu_order":0,"comment_status":"closed","ping_status":"closed","template":"","meta":{"_acf_changed":false,"footnotes":""},"class_list":["post-10823","page","type-page","status-publish","hentry"],"acf":[],"yoast_head":"<!-- This site is optimized with the Yoast SEO plugin v27.3 - https:\/\/yoast.com\/product\/yoast-seo-wordpress\/ -->\n<title>Capacitar a nuestras comunidades &#8212; Sonoma Land Trust<\/title>\n<meta name=\"description\" content=\"Sonoma Land Trust ofrece programas de naturaleza biling\u00fces, excursiones escolares, caminatas guiadas y educaci\u00f3n para todas las diversas comunidades del condado de Sonoma.\" \/>\n<meta name=\"robots\" content=\"index, follow, max-snippet:-1, max-image-preview:large, max-video-preview:-1\" \/>\n<link rel=\"canonical\" href=\"https:\/\/sonomalandtrust.org\/es\/plan-estrategico\/capacitar-a-nuestras-comunidades\/\" \/>\n<meta property=\"og:locale\" content=\"es_ES\" \/>\n<meta property=\"og:type\" content=\"article\" \/>\n<meta property=\"og:title\" content=\"Capacitar a nuestras comunidades &#8212; Sonoma Land Trust\" \/>\n<meta property=\"og:description\" content=\"Sonoma Land Trust ofrece programas de naturaleza biling\u00fces, excursiones escolares, caminatas guiadas y educaci\u00f3n para todas las diversas comunidades del condado de Sonoma.\" \/>\n<meta property=\"og:url\" content=\"https:\/\/sonomalandtrust.org\/es\/plan-estrategico\/capacitar-a-nuestras-comunidades\/\" \/>\n<meta property=\"og:site_name\" content=\"Sonoma Land Trust\" \/>\n<meta property=\"article:publisher\" content=\"http:\/\/www.facebook.com\/Sonoma-Land-Trust\/\" \/>\n<meta property=\"article:modified_time\" content=\"2026-03-13T17:25:43+00:00\" \/>\n<meta property=\"og:image\" content=\"https:\/\/slt-2026.eclipse-dev.com\/wp-content\/uploads\/2026\/02\/empowering-our-communities-strategy-icon.png\" \/>\n<meta name=\"twitter:card\" content=\"summary_large_image\" \/>\n<meta name=\"twitter:label1\" content=\"Est. reading time\" \/>\n\t<meta name=\"twitter:data1\" content=\"2 minuto\" \/>\n<script type=\"application\/ld+json\" class=\"yoast-schema-graph\">{\"@context\":\"https:\\\/\\\/schema.org\",\"@graph\":[{\"@type\":\"WebPage\",\"@id\":\"https:\\\/\\\/sonomalandtrust.org\\\/es\\\/plan-estrategico\\\/capacitar-a-nuestras-comunidades\\\/\",\"url\":\"https:\\\/\\\/sonomalandtrust.org\\\/es\\\/plan-estrategico\\\/capacitar-a-nuestras-comunidades\\\/\",\"name\":\"Capacitar a nuestras comunidades &#8212; Sonoma Land Trust\",\"isPartOf\":{\"@id\":\"https:\\\/\\\/slt-2026.eclipse-dev.com\\\/#website\"},\"primaryImageOfPage\":{\"@id\":\"https:\\\/\\\/sonomalandtrust.org\\\/es\\\/plan-estrategico\\\/capacitar-a-nuestras-comunidades\\\/#primaryimage\"},\"image\":{\"@id\":\"https:\\\/\\\/sonomalandtrust.org\\\/es\\\/plan-estrategico\\\/capacitar-a-nuestras-comunidades\\\/#primaryimage\"},\"thumbnailUrl\":\"https:\\\/\\\/sonomalandtrust.org\\\/wp-content\\\/uploads\\\/2026\\\/02\\\/empowering-our-communities-strategy-icon.png\",\"datePublished\":\"2025-09-12T00:28:34+00:00\",\"dateModified\":\"2026-03-13T17:25:43+00:00\",\"description\":\"Sonoma Land Trust ofrece programas de naturaleza biling\u00fces, excursiones escolares, caminatas guiadas y educaci\u00f3n para todas las diversas comunidades del condado de Sonoma.\",\"breadcrumb\":{\"@id\":\"https:\\\/\\\/sonomalandtrust.org\\\/es\\\/plan-estrategico\\\/capacitar-a-nuestras-comunidades\\\/#breadcrumb\"},\"inLanguage\":\"es\",\"potentialAction\":[{\"@type\":\"ReadAction\",\"target\":[\"https:\\\/\\\/sonomalandtrust.org\\\/es\\\/plan-estrategico\\\/capacitar-a-nuestras-comunidades\\\/\"]}]},{\"@type\":\"ImageObject\",\"inLanguage\":\"es\",\"@id\":\"https:\\\/\\\/sonomalandtrust.org\\\/es\\\/plan-estrategico\\\/capacitar-a-nuestras-comunidades\\\/#primaryimage\",\"url\":\"https:\\\/\\\/sonomalandtrust.org\\\/wp-content\\\/uploads\\\/2026\\\/02\\\/empowering-our-communities-strategy-icon.png\",\"contentUrl\":\"https:\\\/\\\/sonomalandtrust.org\\\/wp-content\\\/uploads\\\/2026\\\/02\\\/empowering-our-communities-strategy-icon.png\"},{\"@type\":\"BreadcrumbList\",\"@id\":\"https:\\\/\\\/sonomalandtrust.org\\\/es\\\/plan-estrategico\\\/capacitar-a-nuestras-comunidades\\\/#breadcrumb\",\"itemListElement\":[{\"@type\":\"ListItem\",\"position\":1,\"name\":\"Home\",\"item\":\"https:\\\/\\\/sonomalandtrust.org\\\/es\\\/inicio\\\/\"},{\"@type\":\"ListItem\",\"position\":2,\"name\":\"Plan Estrat\u00e9gico\",\"item\":\"https:\\\/\\\/slt-2026.eclipse-dev.com\\\/strategic-plan\\\/\"},{\"@type\":\"ListItem\",\"position\":3,\"name\":\"Capacitar a nuestras comunidades\"}]},{\"@type\":\"WebSite\",\"@id\":\"https:\\\/\\\/slt-2026.eclipse-dev.com\\\/#website\",\"url\":\"https:\\\/\\\/slt-2026.eclipse-dev.com\\\/\",\"name\":\"Sonoma Land Trust\",\"description\":\"\",\"publisher\":{\"@id\":\"https:\\\/\\\/slt-2026.eclipse-dev.com\\\/#organization\"},\"potentialAction\":[{\"@type\":\"SearchAction\",\"target\":{\"@type\":\"EntryPoint\",\"urlTemplate\":\"https:\\\/\\\/slt-2026.eclipse-dev.com\\\/?s={search_term_string}\"},\"query-input\":{\"@type\":\"PropertyValueSpecification\",\"valueRequired\":true,\"valueName\":\"search_term_string\"}}],\"inLanguage\":\"es\"},{\"@type\":\"Organization\",\"@id\":\"https:\\\/\\\/slt-2026.eclipse-dev.com\\\/#organization\",\"name\":\"Fondo de Tierras de Sonoma\",\"url\":\"https:\\\/\\\/slt-2026.eclipse-dev.com\\\/\",\"logo\":{\"@type\":\"ImageObject\",\"inLanguage\":\"es\",\"@id\":\"https:\\\/\\\/slt-2026.eclipse-dev.com\\\/#\\\/schema\\\/logo\\\/image\\\/\",\"url\":\"https:\\\/\\\/sonomalandtrust.org\\\/wp-content\\\/uploads\\\/2025\\\/10\\\/slt-logo.png\",\"contentUrl\":\"https:\\\/\\\/sonomalandtrust.org\\\/wp-content\\\/uploads\\\/2025\\\/10\\\/slt-logo.png\",\"width\":549,\"height\":333,\"caption\":\"Fondo de Tierras de Sonoma\"},\"image\":{\"@id\":\"https:\\\/\\\/slt-2026.eclipse-dev.com\\\/#\\\/schema\\\/logo\\\/image\\\/\"},\"sameAs\":[\"http:\\\/\\\/www.facebook.com\\\/Sonoma-Land-Trust\\\/\",\"https:\\\/\\\/www.instagram.com\\\/sonomalandtrust\\\/\",\"https:\\\/\\\/bsky.app\\\/profile\\\/sonomalandtrust.bsky.social\",\"https:\\\/\\\/www.youtube.com\\\/user\\\/SonomaLandTrust\\\/\",\"http:\\\/\\\/www.linkedin.com\\\/company\\\/1090048?trk=tyah\"]}]}<\/script>\n<!-- \/ Yoast SEO plugin. -->","yoast_head_json":{"title":"Capacitar a nuestras comunidades &#8212; Sonoma Land Trust","description":"Sonoma Land Trust ofrece programas de naturaleza biling\u00fces, excursiones escolares, caminatas guiadas y educaci\u00f3n para todas las diversas comunidades del condado de Sonoma.","robots":{"index":"index","follow":"follow","max-snippet":"max-snippet:-1","max-image-preview":"max-image-preview:large","max-video-preview":"max-video-preview:-1"},"canonical":"https:\/\/sonomalandtrust.org\/es\/plan-estrategico\/capacitar-a-nuestras-comunidades\/","og_locale":"es_ES","og_type":"article","og_title":"Capacitar a nuestras comunidades &#8212; Sonoma Land Trust","og_description":"Sonoma Land Trust ofrece programas de naturaleza biling\u00fces, excursiones escolares, caminatas guiadas y educaci\u00f3n para todas las diversas comunidades del condado de Sonoma.","og_url":"https:\/\/sonomalandtrust.org\/es\/plan-estrategico\/capacitar-a-nuestras-comunidades\/","og_site_name":"Sonoma Land Trust","article_publisher":"http:\/\/www.facebook.com\/Sonoma-Land-Trust\/","article_modified_time":"2026-03-13T17:25:43+00:00","og_image":[{"url":"https:\/\/slt-2026.eclipse-dev.com\/wp-content\/uploads\/2026\/02\/empowering-our-communities-strategy-icon.png","type":"","width":"","height":""}],"twitter_card":"summary_large_image","twitter_misc":{"Est. reading time":"2 minuto"},"schema":{"@context":"https:\/\/schema.org","@graph":[{"@type":"WebPage","@id":"https:\/\/sonomalandtrust.org\/es\/plan-estrategico\/capacitar-a-nuestras-comunidades\/","url":"https:\/\/sonomalandtrust.org\/es\/plan-estrategico\/capacitar-a-nuestras-comunidades\/","name":"Capacitar a nuestras comunidades &#8212; Sonoma Land Trust","isPartOf":{"@id":"https:\/\/slt-2026.eclipse-dev.com\/#website"},"primaryImageOfPage":{"@id":"https:\/\/sonomalandtrust.org\/es\/plan-estrategico\/capacitar-a-nuestras-comunidades\/#primaryimage"},"image":{"@id":"https:\/\/sonomalandtrust.org\/es\/plan-estrategico\/capacitar-a-nuestras-comunidades\/#primaryimage"},"thumbnailUrl":"https:\/\/sonomalandtrust.org\/wp-content\/uploads\/2026\/02\/empowering-our-communities-strategy-icon.png","datePublished":"2025-09-12T00:28:34+00:00","dateModified":"2026-03-13T17:25:43+00:00","description":"Sonoma Land Trust ofrece programas de naturaleza biling\u00fces, excursiones escolares, caminatas guiadas y educaci\u00f3n para todas las diversas comunidades del condado de Sonoma.","breadcrumb":{"@id":"https:\/\/sonomalandtrust.org\/es\/plan-estrategico\/capacitar-a-nuestras-comunidades\/#breadcrumb"},"inLanguage":"es","potentialAction":[{"@type":"ReadAction","target":["https:\/\/sonomalandtrust.org\/es\/plan-estrategico\/capacitar-a-nuestras-comunidades\/"]}]},{"@type":"ImageObject","inLanguage":"es","@id":"https:\/\/sonomalandtrust.org\/es\/plan-estrategico\/capacitar-a-nuestras-comunidades\/#primaryimage","url":"https:\/\/sonomalandtrust.org\/wp-content\/uploads\/2026\/02\/empowering-our-communities-strategy-icon.png","contentUrl":"https:\/\/sonomalandtrust.org\/wp-content\/uploads\/2026\/02\/empowering-our-communities-strategy-icon.png"},{"@type":"BreadcrumbList","@id":"https:\/\/sonomalandtrust.org\/es\/plan-estrategico\/capacitar-a-nuestras-comunidades\/#breadcrumb","itemListElement":[{"@type":"ListItem","position":1,"name":"Home","item":"https:\/\/sonomalandtrust.org\/es\/inicio\/"},{"@type":"ListItem","position":2,"name":"Plan Estrat\u00e9gico","item":"https:\/\/slt-2026.eclipse-dev.com\/strategic-plan\/"},{"@type":"ListItem","position":3,"name":"Capacitar a nuestras comunidades"}]},{"@type":"WebSite","@id":"https:\/\/slt-2026.eclipse-dev.com\/#website","url":"https:\/\/slt-2026.eclipse-dev.com\/","name":"Sonoma Land Trust","description":"","publisher":{"@id":"https:\/\/slt-2026.eclipse-dev.com\/#organization"},"potentialAction":[{"@type":"SearchAction","target":{"@type":"EntryPoint","urlTemplate":"https:\/\/slt-2026.eclipse-dev.com\/?s={search_term_string}"},"query-input":{"@type":"PropertyValueSpecification","valueRequired":true,"valueName":"search_term_string"}}],"inLanguage":"es"},{"@type":"Organization","@id":"https:\/\/slt-2026.eclipse-dev.com\/#organization","name":"Fondo de Tierras de Sonoma","url":"https:\/\/slt-2026.eclipse-dev.com\/","logo":{"@type":"ImageObject","inLanguage":"es","@id":"https:\/\/slt-2026.eclipse-dev.com\/#\/schema\/logo\/image\/","url":"https:\/\/sonomalandtrust.org\/wp-content\/uploads\/2025\/10\/slt-logo.png","contentUrl":"https:\/\/sonomalandtrust.org\/wp-content\/uploads\/2025\/10\/slt-logo.png","width":549,"height":333,"caption":"Fondo de Tierras de Sonoma"},"image":{"@id":"https:\/\/slt-2026.eclipse-dev.com\/#\/schema\/logo\/image\/"},"sameAs":["http:\/\/www.facebook.com\/Sonoma-Land-Trust\/","https:\/\/www.instagram.com\/sonomalandtrust\/","https:\/\/bsky.app\/profile\/sonomalandtrust.bsky.social","https:\/\/www.youtube.com\/user\/SonomaLandTrust\/","http:\/\/www.linkedin.com\/company\/1090048?trk=tyah"]}]}},"_links":{"self":[{"href":"https:\/\/sonomalandtrust.org\/es\/wp-json\/wp\/v2\/pages\/10823","targetHints":{"allow":["GET"]}}],"collection":[{"href":"https:\/\/sonomalandtrust.org\/es\/wp-json\/wp\/v2\/pages"}],"about":[{"href":"https:\/\/sonomalandtrust.org\/es\/wp-json\/wp\/v2\/types\/page"}],"author":[{"embeddable":true,"href":"https:\/\/sonomalandtrust.org\/es\/wp-json\/wp\/v2\/users\/1"}],"replies":[{"embeddable":true,"href":"https:\/\/sonomalandtrust.org\/es\/wp-json\/wp\/v2\/comments?post=10823"}],"version-history":[{"count":0,"href":"https:\/\/sonomalandtrust.org\/es\/wp-json\/wp\/v2\/pages\/10823\/revisions"}],"up":[{"embeddable":true,"href":"https:\/\/sonomalandtrust.org\/es\/wp-json\/wp\/v2\/pages\/10715"}],"wp:attachment":[{"href":"https:\/\/sonomalandtrust.org\/es\/wp-json\/wp\/v2\/media?parent=10823"}],"curies":[{"name":"wp","href":"https:\/\/api.w.org\/{rel}","templated":true}]}}