{"id":10701,"date":"2025-09-11T17:21:28","date_gmt":"2025-09-12T00:21:28","guid":{"rendered":"https:\/\/sonomalandtrust.org\/enews-mensual\/"},"modified":"2026-08-11T12:50:51","modified_gmt":"2026-08-11T19:50:51","slug":"enews-mensual","status":"publish","type":"page","link":"https:\/\/sonomalandtrust.org\/es\/enews-mensual\/","title":{"rendered":"eNews mensual"},"content":{"rendered":"\n<div class=\"wp-block-group alignfull default-page-header-group is-layout-constrained wp-block-group-is-layout-constrained\">\n<h1 class=\"wp-block-heading\">Bolet\u00edn mensual<\/h1>\n\n\n\n<h2 class=\"wp-block-heading has-green-color has-text-color has-link-color wp-elements-1\">Naturaleza en tu bandeja de entrada<\/h2>\n\n\n\n<p class=\"has-text-align-center header-intro-text has-green-color has-text-color has-link-color wp-elements-2 wp-block-paragraph\">S\u00e9 el primero en enterarte de los pr\u00f3ximos acontecimientos, lee nuevas historias de la tierra que amas y descubre formas de participar.<\/p>\n<\/div>\n\n<div class=\"wp-block-group is-layout-constrained wp-block-group-is-layout-constrained\" style=\"padding-bottom:0\">  <div class=\"newsletter-signup-block \" id=\"a_9733181\">\n    <div class=\"left\">\n      <div class=\"virtuous-form\">\n\t\t\t  <h2 class=\"enews-heading\">Suscr\u00edbete a nuestro bolet\u00edn mensual<\/h2>\n        <div class=\"virtuous-form-wrap\" data-vform=\"1F95303D-77BA-4793-8BA9-0F2D400918E6\" data-fallback-message=\"The signup form is having trouble loading. Please email info@sonomalandtrust.org to be added to our eNews mailing list.\" data-orgid=\"3526\" data-isgiving=\"false\" data-dependencies=\"[]\"><\/div>\n\t\t\t<\/div>\n    <\/div>\n    <div class=\"right\">\n      <img decoding=\"async\" width=\"1500\" height=\"981\" src=\"https:\/\/sonomalandtrust.org\/wp-content\/uploads\/2025\/10\/bear-cub.jpg\" class=\"attachment-full size-full\" alt=\"\" srcset=\"https:\/\/sonomalandtrust.org\/wp-content\/uploads\/2025\/10\/bear-cub.jpg 1500w, https:\/\/sonomalandtrust.org\/wp-content\/uploads\/2025\/10\/bear-cub-300x196.jpg 300w, https:\/\/sonomalandtrust.org\/wp-content\/uploads\/2025\/10\/bear-cub-1024x670.jpg 1024w, https:\/\/sonomalandtrust.org\/wp-content\/uploads\/2025\/10\/bear-cub-768x502.jpg 768w\" sizes=\"(max-width: 1500px) 100vw, 1500px\" \/>    <\/div>\n  <\/div>\n<\/div>\n\n<div class=\"wp-block-group alignfull has-green-background-color has-background is-layout-constrained wp-block-group-is-layout-constrained\" style=\"padding-top:var(--wp--preset--spacing--60);padding-bottom:var(--wp--preset--spacing--60)\">\n\t<div class=\"section-heading section-divider-vertical has-text-align-center align-text-left align-content-top align wp-block-acf-section-divider-vertical\">\n\n\n  <div class=\"acf-innerblocks-container\">\n\n<h2 class=\"wp-block-heading has-text-align-center has-white-color has-text-color\">Las \u00faltimas eNews<\/h2>\n\n<\/div>\n\n<\/div>\n\n\n\n\n\n\n  <div class=\"current-month-enews-grid\">\n    <div class=\"teaser-outer\">\n<div class=\"teaser teaser--post teaser-grid\" id=\"post-16296\">\n\t<div class=\"teaser--featured_image\">\n\t\t<a href=\"https:\/\/sonomalandtrust.org\/es\/blog\/alta-tecnologia-baja-tecnologia-un-vistazo-a-nuestro-kit-de-herramientas-de-campo\/\" tabindex=\"-1\">\n\t\t\t<img decoding=\"async\" width=\"1024\" height=\"632\" src=\"https:\/\/sonomalandtrust.org\/wp-content\/uploads\/2026\/08\/biologists-ecorp-coustic-monitoring-1024x632.jpg\" class=\"attachment-large size-large wp-post-image\" alt=\"\" srcset=\"https:\/\/sonomalandtrust.org\/wp-content\/uploads\/2026\/08\/biologists-ecorp-coustic-monitoring-1024x632.jpg 1024w, https:\/\/sonomalandtrust.org\/wp-content\/uploads\/2026\/08\/biologists-ecorp-coustic-monitoring-300x185.jpg 300w, https:\/\/sonomalandtrust.org\/wp-content\/uploads\/2026\/08\/biologists-ecorp-coustic-monitoring-768x474.jpg 768w, https:\/\/sonomalandtrust.org\/wp-content\/uploads\/2026\/08\/biologists-ecorp-coustic-monitoring-1536x948.jpg 1536w, https:\/\/sonomalandtrust.org\/wp-content\/uploads\/2026\/08\/biologists-ecorp-coustic-monitoring-2048x1264.jpg 2048w\" sizes=\"(max-width: 1024px) 100vw, 1024px\" \/>\t\t\t<span class=\"sr-only\">Alta tecnolog\u00eda, baja tecnolog\u00eda: un vistazo a nuestro kit de herramientas de campo<\/span>\n      <div class=\"light-blue-torn-paper\"><\/div>\n\t\t<\/a>\n\t<\/div>\n\n\t<div class=\"post_content\">\n\t\t<div class=\"teaser--post-meta post-meta\">\n\t\t\t\t\t\t\t\t<p class=\"teaser--category\">Ciencia y tecnolog\u00eda<\/p>\n\t\t\t\t\t<span class=\"pipe\">&nbsp;|&nbsp;<\/span>\n\t\t\t\t\t\t\t\t<p class=\"post-date\">\n\t\t\t\tagosto 11, 2026\t\t\t<\/p>\n\t\t<\/div>\n\t\t<p class=\"teaser--title\">\n\t\t\t<a href=\"https:\/\/sonomalandtrust.org\/es\/blog\/alta-tecnologia-baja-tecnologia-un-vistazo-a-nuestro-kit-de-herramientas-de-campo\/\">Alta tecnolog\u00eda, baja tecnolog\u00eda: un vistazo a nuestro kit de herramientas de campo<\/a>\n\t\t<\/p>\n\t\t<div class=\"teaser--excerpt\">\n\t\t\t\t\t\t\tDesde c\u00e1maras de vigilancia de la fauna que graban v\u00eddeos hasta vallas virtuales que gu\u00edan al ganado con collares GPS, el equipo de gesti\u00f3n de Sonoma Land Trust est\u00e1 poniendo en pr\u00e1ctica una tecnolog\u00eda incre\u00edble en los paisajes que protegemos. Pero, como ver\u00e1s, las herramientas m\u00e1s sofisticadas solo son tan buenas como la gente que las maneja. \t\t<\/div>\n      <div class=\"light-blue-torn-paper\"><\/div>\n\n\t<\/div>\n<\/div>\n<\/div><div class=\"teaser-outer\">\n<div class=\"teaser teaser--post teaser-grid\" id=\"post-16276\">\n\t<div class=\"teaser--featured_image\">\n\t\t<a href=\"https:\/\/sonomalandtrust.org\/es\/blog\/como-los-jovenes-del-consejo-de-conservacion-usan-la-tecnologia-como-herramienta-para-conectar-con-la-naturaleza\/\" tabindex=\"-1\">\n\t\t\t<img decoding=\"async\" width=\"1024\" height=\"632\" src=\"https:\/\/sonomalandtrust.org\/wp-content\/uploads\/2026\/08\/conservation-council-members-install-wildlife-camera-1024x632.jpg\" class=\"attachment-large size-large wp-post-image\" alt=\"\" srcset=\"https:\/\/sonomalandtrust.org\/wp-content\/uploads\/2026\/08\/conservation-council-members-install-wildlife-camera-1024x632.jpg 1024w, https:\/\/sonomalandtrust.org\/wp-content\/uploads\/2026\/08\/conservation-council-members-install-wildlife-camera-300x185.jpg 300w, https:\/\/sonomalandtrust.org\/wp-content\/uploads\/2026\/08\/conservation-council-members-install-wildlife-camera-768x474.jpg 768w, https:\/\/sonomalandtrust.org\/wp-content\/uploads\/2026\/08\/conservation-council-members-install-wildlife-camera-1536x948.jpg 1536w, https:\/\/sonomalandtrust.org\/wp-content\/uploads\/2026\/08\/conservation-council-members-install-wildlife-camera-2048x1264.jpg 2048w\" sizes=\"(max-width: 1024px) 100vw, 1024px\" \/>\t\t\t<span class=\"sr-only\">C\u00f3mo los j\u00f3venes del Consejo de Conservaci\u00f3n usan la tecnolog\u00eda como herramienta para conectar con la naturaleza<\/span>\n      <div class=\"light-blue-torn-paper\"><\/div>\n\t\t<\/a>\n\t<\/div>\n\n\t<div class=\"post_content\">\n\t\t<div class=\"teaser--post-meta post-meta\">\n\t\t\t\t\t\t\t\t<p class=\"teaser--category\">Ciencia y tecnolog\u00eda<\/p>\n\t\t\t\t\t<span class=\"pipe\">&nbsp;|&nbsp;<\/span>\n\t\t\t\t\t\t\t\t<p class=\"post-date\">\n\t\t\t\tagosto 11, 2026\t\t\t<\/p>\n\t\t<\/div>\n\t\t<p class=\"teaser--title\">\n\t\t\t<a href=\"https:\/\/sonomalandtrust.org\/es\/blog\/como-los-jovenes-del-consejo-de-conservacion-usan-la-tecnologia-como-herramienta-para-conectar-con-la-naturaleza\/\">C\u00f3mo los j\u00f3venes del Consejo de Conservaci\u00f3n usan la tecnolog\u00eda como herramienta para conectar con la naturaleza<\/a>\n\t\t<\/p>\n\t\t<div class=\"teaser--excerpt\">\n\t\t\t\t\t\t\tEn un mundo en el que la tecnolog\u00eda est\u00e1 cambiando a toda velocidad la forma en que aprendemos y trabajamos, Conservation Council es la prueba de que ambas cosas no tienen por qu\u00e9 competir entre s\u00ed, y de que las herramientas adecuadas pueden reforzar nuestro v\u00ednculo con la naturaleza en lugar de sustituir la experiencia de conectar con ella.\t\t<\/div>\n      <div class=\"light-blue-torn-paper\"><\/div>\n\n\t<\/div>\n<\/div>\n<\/div><div class=\"teaser-outer\">\n<div class=\"teaser teaser--post teaser-grid\" id=\"post-16279\">\n\t<div class=\"teaser--featured_image\">\n\t\t<a href=\"https:\/\/sonomalandtrust.org\/es\/blog\/miembro-destacado-del-brahmaputra-a-los-baylands-brad-hall-nos-habla-de-las-aguas-del-mundo\/\" tabindex=\"-1\">\n\t\t\t<img decoding=\"async\" width=\"1024\" height=\"632\" src=\"https:\/\/sonomalandtrust.org\/wp-content\/uploads\/2026\/08\/brad-hall-inset-aerial-baylands-1024x632.jpg\" class=\"attachment-large size-large wp-post-image\" alt=\"\" srcset=\"https:\/\/sonomalandtrust.org\/wp-content\/uploads\/2026\/08\/brad-hall-inset-aerial-baylands-1024x632.jpg 1024w, https:\/\/sonomalandtrust.org\/wp-content\/uploads\/2026\/08\/brad-hall-inset-aerial-baylands-300x185.jpg 300w, https:\/\/sonomalandtrust.org\/wp-content\/uploads\/2026\/08\/brad-hall-inset-aerial-baylands-768x474.jpg 768w, https:\/\/sonomalandtrust.org\/wp-content\/uploads\/2026\/08\/brad-hall-inset-aerial-baylands-1536x948.jpg 1536w, https:\/\/sonomalandtrust.org\/wp-content\/uploads\/2026\/08\/brad-hall-inset-aerial-baylands-2048x1264.jpg 2048w\" sizes=\"(max-width: 1024px) 100vw, 1024px\" \/>\t\t\t<span class=\"sr-only\">Miembro destacado: Del Brahmaputra a los Baylands, Brad Hall nos habla de las aguas del mundo<\/span>\n      <div class=\"light-blue-torn-paper\"><\/div>\n\t\t<\/a>\n\t<\/div>\n\n\t<div class=\"post_content\">\n\t\t<div class=\"teaser--post-meta post-meta\">\n\t\t\t\t\t\t\t\t<p class=\"teaser--category\">eNoticias<\/p>\n\t\t\t\t\t<span class=\"pipe\">&nbsp;|&nbsp;<\/span>\n\t\t\t\t\t\t\t\t<p class=\"post-date\">\n\t\t\t\tagosto 11, 2026\t\t\t<\/p>\n\t\t<\/div>\n\t\t<p class=\"teaser--title\">\n\t\t\t<a href=\"https:\/\/sonomalandtrust.org\/es\/blog\/miembro-destacado-del-brahmaputra-a-los-baylands-brad-hall-nos-habla-de-las-aguas-del-mundo\/\">Miembro destacado: Del Brahmaputra a los Baylands, Brad Hall nos habla de las aguas del mundo<\/a>\n\t\t<\/p>\n\t\t<div class=\"teaser--excerpt\">\n\t\t\t\t\t\t\tBrad Hall lleva cinco d\u00e9cadas siguiendo el curso del agua, desde el r\u00edo Brahmaputra en Banglad\u00e9s hasta el r\u00edo Russian. Ahora ha tra\u00eddo toda esa experiencia a su hogar, en el condado de Sonoma, donde est\u00e1 ayudando a dar forma al futuro de los Sonoma Baylands y de las tierras y aguas que tanto ama. \t\t<\/div>\n      <div class=\"light-blue-torn-paper\"><\/div>\n\n\t<\/div>\n<\/div>\n<\/div><div class=\"teaser-outer\">\n<div class=\"teaser teaser--post teaser-grid\" id=\"post-16272\">\n\t<div class=\"teaser--featured_image\">\n\t\t<a href=\"https:\/\/sonomalandtrust.org\/es\/blog\/atracciones-naturales-explorando-los-antiguos-acantilados-del-parque-estatal-de-salt-point\/\" tabindex=\"-1\">\n\t\t\t<img decoding=\"async\" width=\"1024\" height=\"632\" src=\"https:\/\/sonomalandtrust.org\/wp-content\/uploads\/2026\/08\/riley-scaff-salt-point-state-park-1024x632.jpg\" class=\"attachment-large size-large wp-post-image\" alt=\"\" srcset=\"https:\/\/sonomalandtrust.org\/wp-content\/uploads\/2026\/08\/riley-scaff-salt-point-state-park-1024x632.jpg 1024w, https:\/\/sonomalandtrust.org\/wp-content\/uploads\/2026\/08\/riley-scaff-salt-point-state-park-300x185.jpg 300w, https:\/\/sonomalandtrust.org\/wp-content\/uploads\/2026\/08\/riley-scaff-salt-point-state-park-768x474.jpg 768w, https:\/\/sonomalandtrust.org\/wp-content\/uploads\/2026\/08\/riley-scaff-salt-point-state-park-1536x948.jpg 1536w, https:\/\/sonomalandtrust.org\/wp-content\/uploads\/2026\/08\/riley-scaff-salt-point-state-park-2048x1264.jpg 2048w\" sizes=\"(max-width: 1024px) 100vw, 1024px\" \/>\t\t\t<span class=\"sr-only\">Atracciones naturales: explorando los antiguos acantilados del Parque Estatal de Salt Point<\/span>\n      <div class=\"light-blue-torn-paper\"><\/div>\n\t\t<\/a>\n\t<\/div>\n\n\t<div class=\"post_content\">\n\t\t<div class=\"teaser--post-meta post-meta\">\n\t\t\t\t\t\t\t\t<p class=\"teaser--category\">eNoticias<\/p>\n\t\t\t\t\t<span class=\"pipe\">&nbsp;|&nbsp;<\/span>\n\t\t\t\t\t\t\t\t<p class=\"post-date\">\n\t\t\t\tagosto 11, 2026\t\t\t<\/p>\n\t\t<\/div>\n\t\t<p class=\"teaser--title\">\n\t\t\t<a href=\"https:\/\/sonomalandtrust.org\/es\/blog\/atracciones-naturales-explorando-los-antiguos-acantilados-del-parque-estatal-de-salt-point\/\">Atracciones naturales: explorando los antiguos acantilados del Parque Estatal de Salt Point<\/a>\n\t\t<\/p>\n\t\t<div class=\"teaser--excerpt\">\n\t\t\t\t\t\t\t\u00abNatural Attractions\u00bb es tu gu\u00eda para explorar el condado de Sonoma ahora mismo, con recomendaciones directamente de los expertos de Sonoma Land Trust. Este mes, Riley Scaff, responsable de proyectos de conservaci\u00f3n, nos lleva al norte de Jenner, al Parque Estatal de Salt Point, donde los antiguos acantilados de arenisca esculpidos por el Pac\u00edfico y las pozas de marea junto al mar hacen que el largo trayecto en coche merezca totalmente la pena. \t\t<\/div>\n      <div class=\"light-blue-torn-paper\"><\/div>\n\n\t<\/div>\n<\/div>\n<\/div>    <\/div>\n  <\/div>\n\n\t<div style=\"margin-bottom:var(--wp--preset--spacing--50)\" class=\"section-heading section-divider-vertical has-text-align-center align-text-left align-content-top align wp-block-acf-section-divider-vertical\">\n\n\n  <div class=\"acf-innerblocks-container\">\n\n<h2 class=\"wp-block-heading has-text-align-center has-blue-color has-text-color\">M\u00e1s historias<\/h2>\n\n<\/div>\n\n<\/div>\n\n\n\n\n\n\n\t<div style=\"margin-top:0\" class=\"faceted-teasers-block type-escribe a align wp-block-acf-faceted-teasers-block\">\n\n\n        <div class=\"facetwp-template\">\n      <p class=\"no-results-text\">No results found.<\/p>\n    <\/div>\n          <div class=\"facetwp-facet facetwp-facet-pager_ facetwp-type-pager\" data-name=\"pager_\" data-type=\"pager\"><\/div>            <\/div>\n\n    \n<div class=\"wp-block-group alignfull has-yellow-screened-background-color has-background is-layout-constrained wp-block-group-is-layout-constrained\" style=\"margin-top:var(--wp--preset--spacing--70);margin-bottom:0;padding-top:var(--wp--preset--spacing--70);padding-bottom:var(--wp--preset--spacing--70)\">\n<div class=\"wp-block-group is-layout-constrained wp-block-group-is-layout-constrained\" style=\"padding-bottom:var(--wp--preset--spacing--60)\">\n<figure class=\"wp-block-image aligncenter size-full is-style-circle profile-img\"><img decoding=\"async\" width=\"2560\" height=\"1707\" src=\"https:\/\/sonomalandtrust.org\/wp-content\/uploads\/2026\/02\/Gina-Fabiano-headshot-112025-scaled.png\" alt=\"\" class=\"wp-image-12379\" srcset=\"https:\/\/sonomalandtrust.org\/wp-content\/uploads\/2026\/02\/Gina-Fabiano-headshot-112025-scaled.png 2560w, https:\/\/sonomalandtrust.org\/wp-content\/uploads\/2026\/02\/Gina-Fabiano-headshot-112025-300x200.png 300w, https:\/\/sonomalandtrust.org\/wp-content\/uploads\/2026\/02\/Gina-Fabiano-headshot-112025-1024x683.png 1024w, https:\/\/sonomalandtrust.org\/wp-content\/uploads\/2026\/02\/Gina-Fabiano-headshot-112025-768x512.png 768w, https:\/\/sonomalandtrust.org\/wp-content\/uploads\/2026\/02\/Gina-Fabiano-headshot-112025-1536x1024.png 1536w, https:\/\/sonomalandtrust.org\/wp-content\/uploads\/2026\/02\/Gina-Fabiano-headshot-112025-2048x1365.png 2048w\" sizes=\"(max-width: 2560px) 100vw, 2560px\" \/><\/figure>\n\n\n\n<p class=\"has-text-align-center narrow-paragraph has-green-color has-text-color has-link-color has-large-font-size wp-elements-3 wp-block-paragraph\">\u00bfHay alguna historia sobre la que te gustar\u00eda saber m\u00e1s? Ponte en contacto con nuestro equipo de Marketing y Comunicaciones en info@sonomalandtrust.org <\/p>\n<\/div>\n\n\n\n<div class=\"wp-block-group blog-single-blocks is-layout-grid wp-container-core-group-is-layout-1d17308c wp-block-group-is-layout-grid\">  <div class=\"multicolor-card-with-link multicolor-card  has-teal-background-color\" id=\"a_1859645\">\n          <a href=\"\/blog#all-stories\" target=\"_self\" class=\"card-link-overlay\">\n        <img decoding=\"async\" width=\"768\" height=\"224\" src=\"https:\/\/sonomalandtrust.org\/wp-content\/uploads\/2026\/01\/meadowfoam-wildflower.jpg\" class=\"attachment-large size-large\" alt=\"\" srcset=\"https:\/\/sonomalandtrust.org\/wp-content\/uploads\/2026\/01\/meadowfoam-wildflower.jpg 768w, https:\/\/sonomalandtrust.org\/wp-content\/uploads\/2026\/01\/meadowfoam-wildflower-300x88.jpg 300w\" sizes=\"(max-width: 768px) 100vw, 768px\" \/>    <div class=\"multicolor-card-content wp-block-group has-background\">\n      <h3 class=\"yellow-underline\">Todas las historias de<br><\/h3>\n      <span class=\"green-arrow-no-text\"><\/span>\n    <\/div>\n          <\/a>\n      <\/div>\n\n\n  <div class=\"multicolor-card-with-link multicolor-card  has-green-background-color\" id=\"a_807627\">\n          <a href=\"\/news-room\/?_news-type=press-release#all-news\" target=\"_self\" class=\"card-link-overlay\">\n        <img decoding=\"async\" width=\"1000\" height=\"667\" src=\"https:\/\/sonomalandtrust.org\/wp-content\/uploads\/2025\/12\/levee.jpg\" class=\"attachment-large size-large\" alt=\"Excavator and levee breach.\" srcset=\"https:\/\/sonomalandtrust.org\/wp-content\/uploads\/2025\/12\/levee.jpg 1000w, https:\/\/sonomalandtrust.org\/wp-content\/uploads\/2025\/12\/levee-300x200.jpg 300w, https:\/\/sonomalandtrust.org\/wp-content\/uploads\/2025\/12\/levee-768x512.jpg 768w\" sizes=\"(max-width: 1000px) 100vw, 1000px\" \/>    <div class=\"multicolor-card-content wp-block-group has-background\">\n      <h3 class=\"yellow-underline\">Prensa<br>Comunicados<\/h3>\n      <span class=\"green-arrow-no-text\"><\/span>\n    <\/div>\n          <\/a>\n      <\/div>\n\n\n  <div class=\"multicolor-card-with-link multicolor-card  has-dark-blue-background-color\" id=\"a_4018125\">\n          <a href=\"https:\/\/sonomalandtrust.org\/es\/kit-de-prensa\/\" target=\"_self\" class=\"card-link-overlay\">\n        <img decoding=\"async\" width=\"768\" height=\"224\" src=\"https:\/\/sonomalandtrust.org\/wp-content\/uploads\/2026\/01\/wildflowers-sears-point.jpg\" class=\"attachment-large size-large\" alt=\"\" srcset=\"https:\/\/sonomalandtrust.org\/wp-content\/uploads\/2026\/01\/wildflowers-sears-point.jpg 768w, https:\/\/sonomalandtrust.org\/wp-content\/uploads\/2026\/01\/wildflowers-sears-point-300x88.jpg 300w\" sizes=\"(max-width: 768px) 100vw, 768px\" \/>    <div class=\"multicolor-card-content wp-block-group has-background\">\n      <h3 class=\"yellow-underline\">Media<br>Kit<\/h3>\n      <span class=\"green-arrow-no-text\"><\/span>\n    <\/div>\n          <\/a>\n      <\/div>\n<\/div>\n<\/div>\n","protected":false},"excerpt":{"rendered":"<p>S\u00e9 el primero en enterarte de los pr\u00f3ximos acontecimientos, lee nuevas historias de la tierra que amas y descubre formas de participar. \u00bfHay alguna historia sobre la que te gustar\u00eda saber m\u00e1s? Ponte en contacto con nuestro equipo de Marketing y Comunicaciones en info@sonomalandtrust.org<\/p>\n","protected":false},"author":1,"featured_media":0,"parent":0,"menu_order":0,"comment_status":"closed","ping_status":"closed","template":"","meta":{"_acf_changed":false,"footnotes":""},"class_list":["post-10701","page","type-page","status-publish","hentry"],"acf":[],"yoast_head":"<!-- This site is optimized with the Yoast SEO plugin v28.4 - https:\/\/yoast.com\/product\/yoast-seo-wordpress\/ -->\n<title>eNews mensual &#8212; Sonoma Land Trust<\/title>\n<meta name=\"description\" content=\"Recibe la naturaleza en tu bandeja de entrada. Suscr\u00edbete a nuestro bolet\u00edn gratuito: eventos en Sonoma, historias de la tierra y formas de proteger los lugares que amas.\" \/>\n<meta name=\"robots\" content=\"index, follow, max-snippet:-1, max-image-preview:large, max-video-preview:-1\" \/>\n<link rel=\"canonical\" href=\"https:\/\/sonomalandtrust.org\/es\/enews-mensual\/\" \/>\n<meta property=\"og:locale\" content=\"es_ES\" \/>\n<meta property=\"og:type\" content=\"article\" \/>\n<meta property=\"og:title\" content=\"eNews mensual &#8212; Sonoma Land Trust\" \/>\n<meta property=\"og:description\" content=\"Recibe la naturaleza en tu bandeja de entrada. Suscr\u00edbete a nuestro bolet\u00edn gratuito: eventos en Sonoma, historias de la tierra y formas de proteger los lugares que amas.\" \/>\n<meta property=\"og:url\" content=\"https:\/\/sonomalandtrust.org\/es\/enews-mensual\/\" \/>\n<meta property=\"og:site_name\" content=\"Sonoma Land Trust\" \/>\n<meta property=\"article:publisher\" content=\"http:\/\/www.facebook.com\/Sonoma-Land-Trust\/\" \/>\n<meta property=\"article:modified_time\" content=\"2026-08-11T19:50:51+00:00\" \/>\n<meta property=\"og:image\" content=\"https:\/\/sonomalandtrust.org\/wp-content\/uploads\/2026\/02\/Gina-Fabiano-headshot-112025-scaled.png\" \/>\n<meta name=\"twitter:card\" content=\"summary_large_image\" \/>\n<script type=\"application\/ld+json\" class=\"yoast-schema-graph\">{\"@context\":\"https:\\\/\\\/schema.org\",\"@graph\":[{\"@type\":\"WebPage\",\"@id\":\"https:\\\/\\\/sonomalandtrust.org\\\/es\\\/enews-mensual\\\/\",\"url\":\"https:\\\/\\\/sonomalandtrust.org\\\/es\\\/enews-mensual\\\/\",\"name\":\"eNews mensual &#8212; Sonoma Land Trust\",\"isPartOf\":{\"@id\":\"https:\\\/\\\/slt-2026.eclipse-dev.com\\\/#website\"},\"primaryImageOfPage\":{\"@id\":\"https:\\\/\\\/sonomalandtrust.org\\\/es\\\/enews-mensual\\\/#primaryimage\"},\"image\":{\"@id\":\"https:\\\/\\\/sonomalandtrust.org\\\/es\\\/enews-mensual\\\/#primaryimage\"},\"thumbnailUrl\":\"https:\\\/\\\/sonomalandtrust.org\\\/wp-content\\\/uploads\\\/2026\\\/02\\\/Gina-Fabiano-headshot-112025-scaled.png\",\"datePublished\":\"2025-09-12T00:21:28+00:00\",\"dateModified\":\"2026-08-11T19:50:51+00:00\",\"description\":\"Recibe la naturaleza en tu bandeja de entrada. Suscr\u00edbete a nuestro bolet\u00edn gratuito: eventos en Sonoma, historias de la tierra y formas de proteger los lugares que amas.\",\"breadcrumb\":{\"@id\":\"https:\\\/\\\/sonomalandtrust.org\\\/es\\\/enews-mensual\\\/#breadcrumb\"},\"inLanguage\":\"es\",\"potentialAction\":[{\"@type\":\"ReadAction\",\"target\":[\"https:\\\/\\\/sonomalandtrust.org\\\/es\\\/enews-mensual\\\/\"]}]},{\"@type\":\"ImageObject\",\"inLanguage\":\"es\",\"@id\":\"https:\\\/\\\/sonomalandtrust.org\\\/es\\\/enews-mensual\\\/#primaryimage\",\"url\":\"https:\\\/\\\/sonomalandtrust.org\\\/wp-content\\\/uploads\\\/2026\\\/02\\\/Gina-Fabiano-headshot-112025-scaled.png\",\"contentUrl\":\"https:\\\/\\\/sonomalandtrust.org\\\/wp-content\\\/uploads\\\/2026\\\/02\\\/Gina-Fabiano-headshot-112025-scaled.png\"},{\"@type\":\"BreadcrumbList\",\"@id\":\"https:\\\/\\\/sonomalandtrust.org\\\/es\\\/enews-mensual\\\/#breadcrumb\",\"itemListElement\":[{\"@type\":\"ListItem\",\"position\":1,\"name\":\"Home\",\"item\":\"https:\\\/\\\/sonomalandtrust.org\\\/es\\\/inicio\\\/\"},{\"@type\":\"ListItem\",\"position\":2,\"name\":\"eNews mensual\"}]},{\"@type\":\"WebSite\",\"@id\":\"https:\\\/\\\/slt-2026.eclipse-dev.com\\\/#website\",\"url\":\"https:\\\/\\\/slt-2026.eclipse-dev.com\\\/\",\"name\":\"Sonoma Land Trust\",\"description\":\"\",\"publisher\":{\"@id\":\"https:\\\/\\\/slt-2026.eclipse-dev.com\\\/#organization\"},\"potentialAction\":[{\"@type\":\"SearchAction\",\"target\":{\"@type\":\"EntryPoint\",\"urlTemplate\":\"https:\\\/\\\/slt-2026.eclipse-dev.com\\\/?s={search_term_string}\"},\"query-input\":{\"@type\":\"PropertyValueSpecification\",\"valueRequired\":true,\"valueName\":\"search_term_string\"}}],\"inLanguage\":\"es\"},{\"@type\":\"Organization\",\"@id\":\"https:\\\/\\\/slt-2026.eclipse-dev.com\\\/#organization\",\"name\":\"Fondo de Tierras de Sonoma\",\"url\":\"https:\\\/\\\/slt-2026.eclipse-dev.com\\\/\",\"logo\":{\"@type\":\"ImageObject\",\"inLanguage\":\"es\",\"@id\":\"https:\\\/\\\/slt-2026.eclipse-dev.com\\\/#\\\/schema\\\/logo\\\/image\\\/\",\"url\":\"https:\\\/\\\/sonomalandtrust.org\\\/wp-content\\\/uploads\\\/2025\\\/10\\\/slt-logo.png\",\"contentUrl\":\"https:\\\/\\\/sonomalandtrust.org\\\/wp-content\\\/uploads\\\/2025\\\/10\\\/slt-logo.png\",\"width\":549,\"height\":333,\"caption\":\"Fondo de Tierras de Sonoma\"},\"image\":{\"@id\":\"https:\\\/\\\/slt-2026.eclipse-dev.com\\\/#\\\/schema\\\/logo\\\/image\\\/\"},\"sameAs\":[\"http:\\\/\\\/www.facebook.com\\\/Sonoma-Land-Trust\\\/\",\"https:\\\/\\\/www.instagram.com\\\/sonomalandtrust\\\/\",\"https:\\\/\\\/bsky.app\\\/profile\\\/sonomalandtrust.bsky.social\",\"https:\\\/\\\/www.youtube.com\\\/user\\\/SonomaLandTrust\\\/\",\"http:\\\/\\\/www.linkedin.com\\\/company\\\/1090048?trk=tyah\"]}]}<\/script>\n<!-- \/ Yoast SEO plugin. -->","yoast_head_json":{"title":"eNews mensual &#8212; Sonoma Land Trust","description":"Recibe la naturaleza en tu bandeja de entrada. Suscr\u00edbete a nuestro bolet\u00edn gratuito: eventos en Sonoma, historias de la tierra y formas de proteger los lugares que amas.","robots":{"index":"index","follow":"follow","max-snippet":"max-snippet:-1","max-image-preview":"max-image-preview:large","max-video-preview":"max-video-preview:-1"},"canonical":"https:\/\/sonomalandtrust.org\/es\/enews-mensual\/","og_locale":"es_ES","og_type":"article","og_title":"eNews mensual &#8212; Sonoma Land Trust","og_description":"Recibe la naturaleza en tu bandeja de entrada. Suscr\u00edbete a nuestro bolet\u00edn gratuito: eventos en Sonoma, historias de la tierra y formas de proteger los lugares que amas.","og_url":"https:\/\/sonomalandtrust.org\/es\/enews-mensual\/","og_site_name":"Sonoma Land Trust","article_publisher":"http:\/\/www.facebook.com\/Sonoma-Land-Trust\/","article_modified_time":"2026-08-11T19:50:51+00:00","og_image":[{"url":"https:\/\/sonomalandtrust.org\/wp-content\/uploads\/2026\/02\/Gina-Fabiano-headshot-112025-scaled.png","type":"","width":"","height":""}],"twitter_card":"summary_large_image","schema":{"@context":"https:\/\/schema.org","@graph":[{"@type":"WebPage","@id":"https:\/\/sonomalandtrust.org\/es\/enews-mensual\/","url":"https:\/\/sonomalandtrust.org\/es\/enews-mensual\/","name":"eNews mensual &#8212; Sonoma Land Trust","isPartOf":{"@id":"https:\/\/slt-2026.eclipse-dev.com\/#website"},"primaryImageOfPage":{"@id":"https:\/\/sonomalandtrust.org\/es\/enews-mensual\/#primaryimage"},"image":{"@id":"https:\/\/sonomalandtrust.org\/es\/enews-mensual\/#primaryimage"},"thumbnailUrl":"https:\/\/sonomalandtrust.org\/wp-content\/uploads\/2026\/02\/Gina-Fabiano-headshot-112025-scaled.png","datePublished":"2025-09-12T00:21:28+00:00","dateModified":"2026-08-11T19:50:51+00:00","description":"Recibe la naturaleza en tu bandeja de entrada. Suscr\u00edbete a nuestro bolet\u00edn gratuito: eventos en Sonoma, historias de la tierra y formas de proteger los lugares que amas.","breadcrumb":{"@id":"https:\/\/sonomalandtrust.org\/es\/enews-mensual\/#breadcrumb"},"inLanguage":"es","potentialAction":[{"@type":"ReadAction","target":["https:\/\/sonomalandtrust.org\/es\/enews-mensual\/"]}]},{"@type":"ImageObject","inLanguage":"es","@id":"https:\/\/sonomalandtrust.org\/es\/enews-mensual\/#primaryimage","url":"https:\/\/sonomalandtrust.org\/wp-content\/uploads\/2026\/02\/Gina-Fabiano-headshot-112025-scaled.png","contentUrl":"https:\/\/sonomalandtrust.org\/wp-content\/uploads\/2026\/02\/Gina-Fabiano-headshot-112025-scaled.png"},{"@type":"BreadcrumbList","@id":"https:\/\/sonomalandtrust.org\/es\/enews-mensual\/#breadcrumb","itemListElement":[{"@type":"ListItem","position":1,"name":"Home","item":"https:\/\/sonomalandtrust.org\/es\/inicio\/"},{"@type":"ListItem","position":2,"name":"eNews mensual"}]},{"@type":"WebSite","@id":"https:\/\/slt-2026.eclipse-dev.com\/#website","url":"https:\/\/slt-2026.eclipse-dev.com\/","name":"Sonoma Land Trust","description":"","publisher":{"@id":"https:\/\/slt-2026.eclipse-dev.com\/#organization"},"potentialAction":[{"@type":"SearchAction","target":{"@type":"EntryPoint","urlTemplate":"https:\/\/slt-2026.eclipse-dev.com\/?s={search_term_string}"},"query-input":{"@type":"PropertyValueSpecification","valueRequired":true,"valueName":"search_term_string"}}],"inLanguage":"es"},{"@type":"Organization","@id":"https:\/\/slt-2026.eclipse-dev.com\/#organization","name":"Fondo de Tierras de Sonoma","url":"https:\/\/slt-2026.eclipse-dev.com\/","logo":{"@type":"ImageObject","inLanguage":"es","@id":"https:\/\/slt-2026.eclipse-dev.com\/#\/schema\/logo\/image\/","url":"https:\/\/sonomalandtrust.org\/wp-content\/uploads\/2025\/10\/slt-logo.png","contentUrl":"https:\/\/sonomalandtrust.org\/wp-content\/uploads\/2025\/10\/slt-logo.png","width":549,"height":333,"caption":"Fondo de Tierras de Sonoma"},"image":{"@id":"https:\/\/slt-2026.eclipse-dev.com\/#\/schema\/logo\/image\/"},"sameAs":["http:\/\/www.facebook.com\/Sonoma-Land-Trust\/","https:\/\/www.instagram.com\/sonomalandtrust\/","https:\/\/bsky.app\/profile\/sonomalandtrust.bsky.social","https:\/\/www.youtube.com\/user\/SonomaLandTrust\/","http:\/\/www.linkedin.com\/company\/1090048?trk=tyah"]}]}},"_links":{"self":[{"href":"https:\/\/sonomalandtrust.org\/es\/wp-json\/wp\/v2\/pages\/10701","targetHints":{"allow":["GET"]}}],"collection":[{"href":"https:\/\/sonomalandtrust.org\/es\/wp-json\/wp\/v2\/pages"}],"about":[{"href":"https:\/\/sonomalandtrust.org\/es\/wp-json\/wp\/v2\/types\/page"}],"author":[{"embeddable":true,"href":"https:\/\/sonomalandtrust.org\/es\/wp-json\/wp\/v2\/users\/1"}],"replies":[{"embeddable":true,"href":"https:\/\/sonomalandtrust.org\/es\/wp-json\/wp\/v2\/comments?post=10701"}],"version-history":[{"count":9,"href":"https:\/\/sonomalandtrust.org\/es\/wp-json\/wp\/v2\/pages\/10701\/revisions"}],"predecessor-version":[{"id":16294,"href":"https:\/\/sonomalandtrust.org\/es\/wp-json\/wp\/v2\/pages\/10701\/revisions\/16294"}],"wp:attachment":[{"href":"https:\/\/sonomalandtrust.org\/es\/wp-json\/wp\/v2\/media?parent=10701"}],"curies":[{"name":"wp","href":"https:\/\/api.w.org\/{rel}","templated":true}]}}