{"id":10691,"date":"2025-09-11T17:21:28","date_gmt":"2025-09-12T00:21:28","guid":{"rendered":"https:\/\/sonomalandtrust.org\/sala-de-prensa\/"},"modified":"2026-03-13T10:29:54","modified_gmt":"2026-03-13T17:29:54","slug":"sala-de-prensa","status":"publish","type":"page","link":"https:\/\/sonomalandtrust.org\/es\/sala-de-prensa\/","title":{"rendered":"Sala de prensa"},"content":{"rendered":"\n<div class=\"wp-block-group alignfull default-page-header-group is-layout-constrained wp-block-group-is-layout-constrained\">\n<h1 class=\"wp-block-heading\">Sala de prensa<\/h1>\n<\/div>\n\n\t<div style=\"margin-top:var(--wp--preset--spacing--50);margin-bottom:var(--wp--preset--spacing--60);\" class=\"section-heading section-divider-vertical has-text-align-center  align-text-left align-content-top align wp-block-acf-section-divider-vertical\">\n\n\n  <div class=\"acf-innerblocks-container\">\n\n<h2 class=\"wp-block-heading has-text-align-center has-teal-color has-text-color\">Noticias destacadas<\/h2>\n\n\n\n<p>Desde audaces victorias en conservaci\u00f3n hasta inspiradoras historias comunitarias, Sonoma Land Trust es noticia: \u00a1ven a conocer lo \u00faltimo!<\/p>\n\n<\/div>\n\n<\/div>\n\n\n\n\n<div class=\"featured-blog-posts featured-news-posts\">\n<div class=\"teaser-outer\">\n<div class=\"teaser teaser--news teaser-grid\" id=\"post-11586\">\n\t<div class=\"teaser--featured_image\">\n\t\t\t\t\t<a href=\"https:\/\/www.birds.cornell.edu\/landtrust\/sonoma-land-trust-the-wildlands-conservancy\/\" target=\"_blank\" rel=\"noopener noreferrer\" tabindex=\"-1\">\n\t\t\t\t\t<img decoding=\"async\" width=\"1024\" height=\"683\" src=\"https:\/\/sonomalandtrust.org\/wp-content\/uploads\/2025\/05\/western-bluebird-1024x683.jpg\" class=\"attachment-large size-large wp-post-image\" alt=\"P\u00e1jaro azul posado en una roca\" srcset=\"https:\/\/sonomalandtrust.org\/wp-content\/uploads\/2025\/05\/western-bluebird-1024x683.jpg 1024w, https:\/\/sonomalandtrust.org\/wp-content\/uploads\/2025\/05\/western-bluebird-300x200.jpg 300w, https:\/\/sonomalandtrust.org\/wp-content\/uploads\/2025\/05\/western-bluebird-768x512.jpg 768w, https:\/\/sonomalandtrust.org\/wp-content\/uploads\/2025\/05\/western-bluebird-1536x1024.jpg 1536w, https:\/\/sonomalandtrust.org\/wp-content\/uploads\/2025\/05\/western-bluebird.jpg 1800w\" sizes=\"(max-width: 1024px) 100vw, 1024px\" \/>\t\t\t<span class=\"sr-only\">Un estudio revela que el fuego prescrito es bueno para las aves<\/span>\n      <!-- <div class=\"light-blue-torn-paper\"><\/div> -->\n\t\t<\/a>\n\t<\/div>\n\n\t<div class=\"post_content\">\n\t\t<p class=\"teaser--title\">\n\t\t\t\t\t\t\t<a href=\"https:\/\/www.birds.cornell.edu\/landtrust\/sonoma-land-trust-the-wildlands-conservancy\/\" target=\"_blank\" rel=\"noopener noreferrer\">Un estudio revela que el fuego prescrito es bueno para las aves<\/a>\n\t\t\t\t\t<\/p>\n\t\t<div class=\"teaser--post-meta post-meta\">\n\t\t\t\n\t\t\t\t\t\t\t\t<p class=\"teaser--category\">Medios de comunicaci\u00f3n<\/p>\n\t\t\t\t\t<span class=\"pipe\">&nbsp;|&nbsp;<\/span>\n\t\t\t\t\t\t\t\t<p class=\"post-date\">\n\t\t\t\tabril 25, 2026\t\t\t<\/p>\n\t\t<\/div>\n\t\t\t<div class=\"teaser--excerpt\">\n\t\t\t\t\t\t\tDescubre c\u00f3mo Sonoma Land Trust y The Wildlands Conservancy combinan ciencia, tradici\u00f3n y comunidad para restaurar los bosques, reducir el riesgo de incendios forestales y dejar que las aves tracen el camino hacia un condado de Sonoma m\u00e1s resistente.\t\t<\/div>\n      <!-- <div class=\"light-blue-torn-paper\"><\/div> -->\n\t<\/div>\n<\/div>\n<\/div><div class=\"teaser-outer\">\n<div class=\"teaser teaser--news teaser-grid\" id=\"post-13444\">\n\t<div class=\"teaser--featured_image\">\n\t\t\t\t\t<a href=\"https:\/\/sonomalandtrust.org\/es\/news\/el-regreso-de-los-peces-al-arroyo-stuart-marca-un-hito-en-la-conservacion\/\" tabindex=\"-1\">\n\t\t\t\t\t<img decoding=\"async\" width=\"1024\" height=\"592\" src=\"https:\/\/sonomalandtrust.org\/wp-content\/uploads\/2024\/12\/stuart-creek-chinook-salmon-sonoma-valley-1024x592.jpg\" class=\"attachment-large size-large wp-post-image\" alt=\"Salm\u00f3n chinook en el arroyo Stuart\" srcset=\"https:\/\/sonomalandtrust.org\/wp-content\/uploads\/2024\/12\/stuart-creek-chinook-salmon-sonoma-valley-1024x592.jpg 1024w, https:\/\/sonomalandtrust.org\/wp-content\/uploads\/2024\/12\/stuart-creek-chinook-salmon-sonoma-valley-300x174.jpg 300w, https:\/\/sonomalandtrust.org\/wp-content\/uploads\/2024\/12\/stuart-creek-chinook-salmon-sonoma-valley-768x444.jpg 768w, https:\/\/sonomalandtrust.org\/wp-content\/uploads\/2024\/12\/stuart-creek-chinook-salmon-sonoma-valley-1536x888.jpg 1536w, https:\/\/sonomalandtrust.org\/wp-content\/uploads\/2024\/12\/stuart-creek-chinook-salmon-sonoma-valley.jpg 1556w\" sizes=\"(max-width: 1024px) 100vw, 1024px\" \/>\t\t\t<span class=\"sr-only\">El regreso de los peces a Stuart Creek marca un hito de conservaci\u00f3n<\/span>\n      <!-- <div class=\"light-blue-torn-paper\"><\/div> -->\n\t\t<\/a>\n\t<\/div>\n\n\t<div class=\"post_content\">\n\t\t<p class=\"teaser--title\">\n\t\t\t\t\t\t\t<a href=\"https:\/\/sonomalandtrust.org\/es\/news\/el-regreso-de-los-peces-al-arroyo-stuart-marca-un-hito-en-la-conservacion\/\">El regreso de los peces a Stuart Creek marca un hito de conservaci\u00f3n<\/a>\n\t\t\t\t\t<\/p>\n\t\t<div class=\"teaser--post-meta post-meta\">\n\t\t\t\n\t\t\t\t\t\t\t\t<p class=\"teaser--category\">Comunicado de prensa<\/p>\n\t\t\t\t\t<span class=\"pipe\">&nbsp;|&nbsp;<\/span>\n\t\t\t\t\t\t\t\t<p class=\"post-date\">\n\t\t\t\tdiciembre 5, 2024\t\t\t<\/p>\n\t\t<\/div>\n\t\t\t<div class=\"teaser--excerpt\">\n\t\t\t\t\t\t\tEl salm\u00f3n chinook, tambi\u00e9n conocido como salm\u00f3n &quot;rey&quot;, ha regresado triunfante al arroyo Stuart, en el valle de Sonoma.\t\t<\/div>\n      <!-- <div class=\"light-blue-torn-paper\"><\/div> -->\n\t<\/div>\n<\/div>\n<\/div><div class=\"teaser-outer\">\n<div class=\"teaser teaser--news teaser-grid\" id=\"post-13472\">\n\t<div class=\"teaser--featured_image\">\n\t\t\t\t\t<a href=\"https:\/\/www.kron4.com\/news\/bay-area\/over-1500-acres-added-to-monte-rio-redwoods-regional-park\/\" target=\"_blank\" rel=\"noopener noreferrer\" tabindex=\"-1\">\n\t\t\t\t\t<img decoding=\"async\" width=\"1024\" height=\"684\" src=\"https:\/\/sonomalandtrust.org\/wp-content\/uploads\/2025\/09\/monte-rio-redwoods-grove-treetops-1024x684.jpg\" class=\"attachment-large size-large wp-post-image\" alt=\"\" srcset=\"https:\/\/sonomalandtrust.org\/wp-content\/uploads\/2025\/09\/monte-rio-redwoods-grove-treetops-1024x684.jpg 1024w, https:\/\/sonomalandtrust.org\/wp-content\/uploads\/2025\/09\/monte-rio-redwoods-grove-treetops-300x200.jpg 300w, https:\/\/sonomalandtrust.org\/wp-content\/uploads\/2025\/09\/monte-rio-redwoods-grove-treetops-768x513.jpg 768w, https:\/\/sonomalandtrust.org\/wp-content\/uploads\/2025\/09\/monte-rio-redwoods-grove-treetops-1536x1025.jpg 1536w, https:\/\/sonomalandtrust.org\/wp-content\/uploads\/2025\/09\/monte-rio-redwoods-grove-treetops-2048x1367.jpg 2048w\" sizes=\"(max-width: 1024px) 100vw, 1024px\" \/>\t\t\t<span class=\"sr-only\">M\u00e1s de 1.500 acres a\u00f1adidos al Parque Regional de las Secuoyas de Monte R\u00edo<\/span>\n      <!-- <div class=\"light-blue-torn-paper\"><\/div> -->\n\t\t<\/a>\n\t<\/div>\n\n\t<div class=\"post_content\">\n\t\t<p class=\"teaser--title\">\n\t\t\t\t\t\t\t<a href=\"https:\/\/www.kron4.com\/news\/bay-area\/over-1500-acres-added-to-monte-rio-redwoods-regional-park\/\" target=\"_blank\" rel=\"noopener noreferrer\">M\u00e1s de 1.500 acres a\u00f1adidos al Parque Regional de las Secuoyas de Monte R\u00edo<\/a>\n\t\t\t\t\t<\/p>\n\t\t<div class=\"teaser--post-meta post-meta\">\n\t\t\t\n\t\t\t\t\t\t\t\t<p class=\"teaser--category\">Medios de comunicaci\u00f3n<\/p>\n\t\t\t\t\t<span class=\"pipe\">&nbsp;|&nbsp;<\/span>\n\t\t\t\t\t\t\t\t<p class=\"post-date\">\n\t\t\t\tabril 25, 2026\t\t\t<\/p>\n\t\t<\/div>\n\t\t\t<div class=\"teaser--excerpt\">\n\t\t\t\t\t\t\tUn trozo hist\u00f3rico del bosque de secuoyas del condado de Sonoma est\u00e1 ahora abierto al p\u00fablico: m\u00e1s de 1.500 acres que en su d\u00eda pertenecieron a la Mendocino Redwood Company y se utilizaron para la producci\u00f3n de madera fueron adquiridos para su protecci\u00f3n permanente y a\u00f1adidos al Parque Regional de las Secuoyas de Monte R\u00edo.\t\t<\/div>\n      <!-- <div class=\"light-blue-torn-paper\"><\/div> -->\n\t<\/div>\n<\/div>\n<\/div><\/div>\n<div class=\"wp-block-group alignfull media-contact-cta has-teal-background-color has-background is-layout-constrained wp-block-group-is-layout-constrained\" style=\"margin-top:var(--wp--preset--spacing--70)\">\n<p class=\"has-text-align-center has-white-color has-text-color has-link-color wp-elements-75a16f707a8c61672b637d9e81628493\">Contacto con los medios de comunicaci\u00f3n: Gina Fabiano: <a href=\"mailto:gina@sonomalandtrust.org\">gina@sonomalandtrust.org<\/a><\/p>\n<\/div>\n\n<div class=\"wp-block-group alignfull mt-0 all-news-group has-yellow-screened-background-color has-background is-layout-constrained wp-block-group-is-layout-constrained\" id=\"all-news\" style=\"padding-top:var(--wp--preset--spacing--70);padding-bottom:var(--wp--preset--spacing--70)\">\n\t<div class=\"section-heading section-divider-vertical has-text-align-center  align-text-left align-content-top align wp-block-acf-section-divider-vertical\">\n\n\n  <div class=\"acf-innerblocks-container\">\n\n<h2 class=\"wp-block-heading has-text-align-center has-teal-color has-text-color\">Todas las noticias<\/h2>\n\n<\/div>\n\n<\/div>\n\n\n\n\n\n\n\n\n\t<div class=\"faceted-teasers-block type-news  align wp-block-acf-faceted-teasers-block\">\n\n\n          <p class=\"filter-by\">Filtrar por<\/p>\n      <div class=\"filters\">\n                  \n            <div class=\"facetwp-facet facetwp-facet-news-type facetwp-type-checkboxes\" data-name=\"news-type\" data-type=\"checkboxes\"><\/div>                                  <div class=\"facetwp-selections\"><\/div>      <\/div>\n        <div class=\"facetwp-template\">\n      \n        \n          \n              \n\n<div class=\"teaser teaser-list teaser--news \" id=\"post-14315\">\n\t<div class=\"post_content\">\n\t\t<p class=\"post-date\">\n\t\t\tabril 25, 2026\t\t<\/p>\n\t\t<p class=\"h3 teaser--title\">\n\t\t\t\t\t\t\t\t<a href=\"https:\/\/sonomalandtrust.org\/es\/news\/avances-en-nuestros-esfuerzos-para-alcanzar-los-objetivos-30x30\/\">\n\t\t\t\t\t\t\t\t\t\tAvances en nuestros esfuerzos para alcanzar los objetivos 30&#215;30\t\t\t\t<\/a>\n\t\t<\/p>\n\t\t\t\t\n\t<\/div>\n\t<div class=\"teaser--featured_image\">\n\t\t\t\t\t\t<a href=\"https:\/\/sonomalandtrust.org\/es\/news\/avances-en-nuestros-esfuerzos-para-alcanzar-los-objetivos-30x30\/\" tabindex=\"-1\">\n\t\t\t\t\t\t\t\t\t\t\t\t\t<img decoding=\"async\" src=\"https:\/\/sonomalandtrust.org\/wp-content\/themes\/ems-base\/assets\/images\/slt-default-teaser-image.jpg\"\n\t\t\t\t\t\talt=\"Sonoma Land Trust Logo\">\n\t\t\t\t\t\t\t\t<span class=\"sr-only\">Avances en nuestros esfuerzos para alcanzar los objetivos 30&#215;30<\/span>\n\t\t\t<\/a>\n\t<\/div>\n<\/div>                        \n              \n\n<div class=\"teaser teaser-list teaser--news \" id=\"post-13478\">\n\t<div class=\"post_content\">\n\t\t<p class=\"post-date\">\n\t\t\tabril 25, 2026\t\t<\/p>\n\t\t<p class=\"h3 teaser--title\">\n\t\t\t\t\t\t\t\t<a href=\"https:\/\/sonomalandtrust.org\/es\/news\/bono-climatico-prop-4\/\">\n\t\t\t\t\t\t\t\t\t\tMejora del puente de Tolay para la subida del nivel del mar\t\t\t\t<\/a>\n\t\t<\/p>\n\t\t\t\t\n\t<\/div>\n\t<div class=\"teaser--featured_image\">\n\t\t\t\t\t\t<a href=\"https:\/\/sonomalandtrust.org\/es\/news\/bono-climatico-prop-4\/\" tabindex=\"-1\">\n\t\t\t\t\t\t\t\t<img decoding=\"async\" width=\"1024\" height=\"906\" src=\"https:\/\/sonomalandtrust.org\/wp-content\/uploads\/2026\/01\/aerial-hwy-37-sonoma-baylands-1024x906.jpg\" class=\"attachment-large size-large wp-post-image\" alt=\"Imagen a\u00e9rea de la inundaci\u00f3n de la carretera 37 en Sonoma\" srcset=\"https:\/\/sonomalandtrust.org\/wp-content\/uploads\/2026\/01\/aerial-hwy-37-sonoma-baylands-1024x906.jpg 1024w, https:\/\/sonomalandtrust.org\/wp-content\/uploads\/2026\/01\/aerial-hwy-37-sonoma-baylands-300x266.jpg 300w, https:\/\/sonomalandtrust.org\/wp-content\/uploads\/2026\/01\/aerial-hwy-37-sonoma-baylands-768x680.jpg 768w, https:\/\/sonomalandtrust.org\/wp-content\/uploads\/2026\/01\/aerial-hwy-37-sonoma-baylands-1536x1359.jpg 1536w, https:\/\/sonomalandtrust.org\/wp-content\/uploads\/2026\/01\/aerial-hwy-37-sonoma-baylands.jpg 1618w\" sizes=\"(max-width: 1024px) 100vw, 1024px\" \/>\t\t\t\t<span class=\"sr-only\">Mejora del puente de Tolay para la subida del nivel del mar<\/span>\n\t\t\t<\/a>\n\t<\/div>\n<\/div>                        \n              \n\n<div class=\"teaser teaser-list teaser--news \" id=\"post-13474\">\n\t<div class=\"post_content\">\n\t\t<p class=\"post-date\">\n\t\t\tabril 25, 2026\t\t<\/p>\n\t\t<p class=\"h3 teaser--title\">\n\t\t\t\t\t\t\t\t<a href=\"https:\/\/sonomalandtrust.org\/es\/news\/una-fuerza-para-la-naturaleza-los-fundadores-de-la-via-verde-del-sureste-de-santa-rosa-hablan-de-su-mision\/\">\n\t\t\t\t\t\t\t\t\t\tUna Fuerza para la Naturaleza: Los fundadores de la V\u00eda Verde del Sureste de Santa Rosa hablan de su misi\u00f3n\t\t\t\t<\/a>\n\t\t<\/p>\n\t\t\t\t\t\t\t<div class=\"teaser--post-meta post-meta\">\n\t\t\t\t<span class=\"badge comunicado-de-prensa teaser--category\">Comunicado de prensa<\/span>\n\t\t\t<\/div>\n\t\t\t\t\n\t<\/div>\n\t<div class=\"teaser--featured_image\">\n\t\t\t\t\t\t<a href=\"https:\/\/sonomalandtrust.org\/es\/news\/una-fuerza-para-la-naturaleza-los-fundadores-de-la-via-verde-del-sureste-de-santa-rosa-hablan-de-su-mision\/\" tabindex=\"-1\">\n\t\t\t\t\t\t\t\t<img decoding=\"async\" width=\"1024\" height=\"683\" src=\"https:\/\/sonomalandtrust.org\/wp-content\/uploads\/2024\/06\/linda-proulx-thea-hensel-1024x683.jpg\" class=\"attachment-large size-large wp-post-image\" alt=\"Thea Hensel y Linda Proulx, fundadoras de la V\u00eda Verde del Sureste de Santa Rosa\" srcset=\"https:\/\/sonomalandtrust.org\/wp-content\/uploads\/2024\/06\/linda-proulx-thea-hensel-1024x683.jpg 1024w, https:\/\/sonomalandtrust.org\/wp-content\/uploads\/2024\/06\/linda-proulx-thea-hensel-300x200.jpg 300w, https:\/\/sonomalandtrust.org\/wp-content\/uploads\/2024\/06\/linda-proulx-thea-hensel-768x512.jpg 768w, https:\/\/sonomalandtrust.org\/wp-content\/uploads\/2024\/06\/linda-proulx-thea-hensel-1536x1024.jpg 1536w, https:\/\/sonomalandtrust.org\/wp-content\/uploads\/2024\/06\/linda-proulx-thea-hensel.jpg 1800w\" sizes=\"(max-width: 1024px) 100vw, 1024px\" \/>\t\t\t\t<span class=\"sr-only\">Una Fuerza para la Naturaleza: Los fundadores de la V\u00eda Verde del Sureste de Santa Rosa hablan de su misi\u00f3n<\/span>\n\t\t\t<\/a>\n\t<\/div>\n<\/div>                        \n              \n\n<div class=\"teaser teaser-list teaser--news \" id=\"post-11457\">\n\t<div class=\"post_content\">\n\t\t<p class=\"post-date\">\n\t\t\tnoviembre 10, 2025\t\t<\/p>\n\t\t<p class=\"h3 teaser--title\">\n\t\t\t\t\t\t\t\t<a href=\"https:\/\/sonomalandtrust.org\/es\/news\/grandes-noticias-en-graton\/\">\n\t\t\t\t\t\t\t\t\t\tGrandes noticias en Graton-Un plan para un nuevo parque\t\t\t\t<\/a>\n\t\t<\/p>\n\t\t\t\t\t\t\t<div class=\"teaser--post-meta post-meta\">\n\t\t\t\t<span class=\"badge comunicado-de-prensa teaser--category\">Comunicado de prensa<\/span>\n\t\t\t<\/div>\n\t\t\t\t\n\t<\/div>\n\t<div class=\"teaser--featured_image\">\n\t\t\t\t\t\t<a href=\"https:\/\/sonomalandtrust.org\/es\/news\/grandes-noticias-en-graton\/\" tabindex=\"-1\">\n\t\t\t\t\t\t\t\t<img decoding=\"async\" width=\"1024\" height=\"592\" src=\"https:\/\/sonomalandtrust.org\/wp-content\/uploads\/2025\/11\/graton-town-square-sonoma-county-1024x592.jpg\" class=\"attachment-large size-large wp-post-image\" alt=\"Plaza del pueblo de Graton\" srcset=\"https:\/\/sonomalandtrust.org\/wp-content\/uploads\/2025\/11\/graton-town-square-sonoma-county-1024x592.jpg 1024w, https:\/\/sonomalandtrust.org\/wp-content\/uploads\/2025\/11\/graton-town-square-sonoma-county-300x174.jpg 300w, https:\/\/sonomalandtrust.org\/wp-content\/uploads\/2025\/11\/graton-town-square-sonoma-county-768x444.jpg 768w, https:\/\/sonomalandtrust.org\/wp-content\/uploads\/2025\/11\/graton-town-square-sonoma-county-1536x888.jpg 1536w, https:\/\/sonomalandtrust.org\/wp-content\/uploads\/2025\/11\/graton-town-square-sonoma-county.jpg 1556w\" sizes=\"(max-width: 1024px) 100vw, 1024px\" \/>\t\t\t\t<span class=\"sr-only\">Grandes noticias en Graton-Un plan para un nuevo parque<\/span>\n\t\t\t<\/a>\n\t<\/div>\n<\/div>                        \n    <\/div>\n          <div class=\"facetwp-facet facetwp-facet-pager_ facetwp-type-pager\" data-name=\"pager_\" data-type=\"pager\"><\/div>            <\/div>\n\n    <\/div>\n","protected":false},"excerpt":{"rendered":"<p>Contacto con los medios de comunicaci\u00f3n: Gina Fabiano: gina@sonomalandtrust.org<\/p>\n","protected":false},"author":1,"featured_media":0,"parent":0,"menu_order":0,"comment_status":"open","ping_status":"open","template":"","meta":{"_acf_changed":false,"footnotes":""},"class_list":["post-10691","page","type-page","status-publish","hentry"],"acf":[],"yoast_head":"<!-- This site is optimized with the Yoast SEO plugin v27.3 - https:\/\/yoast.com\/product\/yoast-seo-wordpress\/ -->\n<title>Sala de prensa &#8212; Sonoma Land Trust<\/title>\n<meta name=\"description\" content=\"Explora lo \u00faltimo de Sonoma Land Trust: victorias en conservaci\u00f3n, historias de la comunidad y comunicados de prensa desde la primera l\u00ednea de la protecci\u00f3n de la tierra del condado de Sonoma.\" \/>\n<meta name=\"robots\" content=\"index, follow, max-snippet:-1, max-image-preview:large, max-video-preview:-1\" \/>\n<link rel=\"canonical\" href=\"https:\/\/sonomalandtrust.org\/es\/sala-de-prensa\/\" \/>\n<meta property=\"og:locale\" content=\"es_ES\" \/>\n<meta property=\"og:type\" content=\"article\" \/>\n<meta property=\"og:title\" content=\"Sala de prensa &#8212; Sonoma Land Trust\" \/>\n<meta property=\"og:description\" content=\"Explora lo \u00faltimo de Sonoma Land Trust: victorias en conservaci\u00f3n, historias de la comunidad y comunicados de prensa desde la primera l\u00ednea de la protecci\u00f3n de la tierra del condado de Sonoma.\" \/>\n<meta property=\"og:url\" content=\"https:\/\/sonomalandtrust.org\/es\/sala-de-prensa\/\" \/>\n<meta property=\"og:site_name\" content=\"Sonoma Land Trust\" \/>\n<meta property=\"article:publisher\" content=\"http:\/\/www.facebook.com\/Sonoma-Land-Trust\/\" \/>\n<meta property=\"article:modified_time\" content=\"2026-03-13T17:29:54+00:00\" \/>\n<meta name=\"twitter:card\" content=\"summary_large_image\" \/>\n<script type=\"application\/ld+json\" class=\"yoast-schema-graph\">{\"@context\":\"https:\\\/\\\/schema.org\",\"@graph\":[{\"@type\":\"WebPage\",\"@id\":\"https:\\\/\\\/sonomalandtrust.org\\\/es\\\/sala-de-prensa\\\/\",\"url\":\"https:\\\/\\\/sonomalandtrust.org\\\/es\\\/sala-de-prensa\\\/\",\"name\":\"Sala de prensa &#8212; Sonoma Land Trust\",\"isPartOf\":{\"@id\":\"https:\\\/\\\/slt-2026.eclipse-dev.com\\\/#website\"},\"datePublished\":\"2025-09-12T00:21:28+00:00\",\"dateModified\":\"2026-03-13T17:29:54+00:00\",\"description\":\"Explora lo \u00faltimo de Sonoma Land Trust: victorias en conservaci\u00f3n, historias de la comunidad y comunicados de prensa desde la primera l\u00ednea de la protecci\u00f3n de la tierra del condado de Sonoma.\",\"breadcrumb\":{\"@id\":\"https:\\\/\\\/sonomalandtrust.org\\\/es\\\/sala-de-prensa\\\/#breadcrumb\"},\"inLanguage\":\"es\",\"potentialAction\":[{\"@type\":\"ReadAction\",\"target\":[\"https:\\\/\\\/sonomalandtrust.org\\\/es\\\/sala-de-prensa\\\/\"]}]},{\"@type\":\"BreadcrumbList\",\"@id\":\"https:\\\/\\\/sonomalandtrust.org\\\/es\\\/sala-de-prensa\\\/#breadcrumb\",\"itemListElement\":[{\"@type\":\"ListItem\",\"position\":1,\"name\":\"Home\",\"item\":\"https:\\\/\\\/sonomalandtrust.org\\\/es\\\/inicio\\\/\"},{\"@type\":\"ListItem\",\"position\":2,\"name\":\"Sala de prensa\"}]},{\"@type\":\"WebSite\",\"@id\":\"https:\\\/\\\/slt-2026.eclipse-dev.com\\\/#website\",\"url\":\"https:\\\/\\\/slt-2026.eclipse-dev.com\\\/\",\"name\":\"Sonoma Land Trust\",\"description\":\"\",\"publisher\":{\"@id\":\"https:\\\/\\\/slt-2026.eclipse-dev.com\\\/#organization\"},\"potentialAction\":[{\"@type\":\"SearchAction\",\"target\":{\"@type\":\"EntryPoint\",\"urlTemplate\":\"https:\\\/\\\/slt-2026.eclipse-dev.com\\\/?s={search_term_string}\"},\"query-input\":{\"@type\":\"PropertyValueSpecification\",\"valueRequired\":true,\"valueName\":\"search_term_string\"}}],\"inLanguage\":\"es\"},{\"@type\":\"Organization\",\"@id\":\"https:\\\/\\\/slt-2026.eclipse-dev.com\\\/#organization\",\"name\":\"Fondo de Tierras de Sonoma\",\"url\":\"https:\\\/\\\/slt-2026.eclipse-dev.com\\\/\",\"logo\":{\"@type\":\"ImageObject\",\"inLanguage\":\"es\",\"@id\":\"https:\\\/\\\/slt-2026.eclipse-dev.com\\\/#\\\/schema\\\/logo\\\/image\\\/\",\"url\":\"https:\\\/\\\/sonomalandtrust.org\\\/wp-content\\\/uploads\\\/2025\\\/10\\\/slt-logo.png\",\"contentUrl\":\"https:\\\/\\\/sonomalandtrust.org\\\/wp-content\\\/uploads\\\/2025\\\/10\\\/slt-logo.png\",\"width\":549,\"height\":333,\"caption\":\"Fondo de Tierras de Sonoma\"},\"image\":{\"@id\":\"https:\\\/\\\/slt-2026.eclipse-dev.com\\\/#\\\/schema\\\/logo\\\/image\\\/\"},\"sameAs\":[\"http:\\\/\\\/www.facebook.com\\\/Sonoma-Land-Trust\\\/\",\"https:\\\/\\\/www.instagram.com\\\/sonomalandtrust\\\/\",\"https:\\\/\\\/bsky.app\\\/profile\\\/sonomalandtrust.bsky.social\",\"https:\\\/\\\/www.youtube.com\\\/user\\\/SonomaLandTrust\\\/\",\"http:\\\/\\\/www.linkedin.com\\\/company\\\/1090048?trk=tyah\"]}]}<\/script>\n<!-- \/ Yoast SEO plugin. -->","yoast_head_json":{"title":"Sala de prensa &#8212; Sonoma Land Trust","description":"Explora lo \u00faltimo de Sonoma Land Trust: victorias en conservaci\u00f3n, historias de la comunidad y comunicados de prensa desde la primera l\u00ednea de la protecci\u00f3n de la tierra del condado de Sonoma.","robots":{"index":"index","follow":"follow","max-snippet":"max-snippet:-1","max-image-preview":"max-image-preview:large","max-video-preview":"max-video-preview:-1"},"canonical":"https:\/\/sonomalandtrust.org\/es\/sala-de-prensa\/","og_locale":"es_ES","og_type":"article","og_title":"Sala de prensa &#8212; Sonoma Land Trust","og_description":"Explora lo \u00faltimo de Sonoma Land Trust: victorias en conservaci\u00f3n, historias de la comunidad y comunicados de prensa desde la primera l\u00ednea de la protecci\u00f3n de la tierra del condado de Sonoma.","og_url":"https:\/\/sonomalandtrust.org\/es\/sala-de-prensa\/","og_site_name":"Sonoma Land Trust","article_publisher":"http:\/\/www.facebook.com\/Sonoma-Land-Trust\/","article_modified_time":"2026-03-13T17:29:54+00:00","twitter_card":"summary_large_image","schema":{"@context":"https:\/\/schema.org","@graph":[{"@type":"WebPage","@id":"https:\/\/sonomalandtrust.org\/es\/sala-de-prensa\/","url":"https:\/\/sonomalandtrust.org\/es\/sala-de-prensa\/","name":"Sala de prensa &#8212; Sonoma Land Trust","isPartOf":{"@id":"https:\/\/slt-2026.eclipse-dev.com\/#website"},"datePublished":"2025-09-12T00:21:28+00:00","dateModified":"2026-03-13T17:29:54+00:00","description":"Explora lo \u00faltimo de Sonoma Land Trust: victorias en conservaci\u00f3n, historias de la comunidad y comunicados de prensa desde la primera l\u00ednea de la protecci\u00f3n de la tierra del condado de Sonoma.","breadcrumb":{"@id":"https:\/\/sonomalandtrust.org\/es\/sala-de-prensa\/#breadcrumb"},"inLanguage":"es","potentialAction":[{"@type":"ReadAction","target":["https:\/\/sonomalandtrust.org\/es\/sala-de-prensa\/"]}]},{"@type":"BreadcrumbList","@id":"https:\/\/sonomalandtrust.org\/es\/sala-de-prensa\/#breadcrumb","itemListElement":[{"@type":"ListItem","position":1,"name":"Home","item":"https:\/\/sonomalandtrust.org\/es\/inicio\/"},{"@type":"ListItem","position":2,"name":"Sala de prensa"}]},{"@type":"WebSite","@id":"https:\/\/slt-2026.eclipse-dev.com\/#website","url":"https:\/\/slt-2026.eclipse-dev.com\/","name":"Sonoma Land Trust","description":"","publisher":{"@id":"https:\/\/slt-2026.eclipse-dev.com\/#organization"},"potentialAction":[{"@type":"SearchAction","target":{"@type":"EntryPoint","urlTemplate":"https:\/\/slt-2026.eclipse-dev.com\/?s={search_term_string}"},"query-input":{"@type":"PropertyValueSpecification","valueRequired":true,"valueName":"search_term_string"}}],"inLanguage":"es"},{"@type":"Organization","@id":"https:\/\/slt-2026.eclipse-dev.com\/#organization","name":"Fondo de Tierras de Sonoma","url":"https:\/\/slt-2026.eclipse-dev.com\/","logo":{"@type":"ImageObject","inLanguage":"es","@id":"https:\/\/slt-2026.eclipse-dev.com\/#\/schema\/logo\/image\/","url":"https:\/\/sonomalandtrust.org\/wp-content\/uploads\/2025\/10\/slt-logo.png","contentUrl":"https:\/\/sonomalandtrust.org\/wp-content\/uploads\/2025\/10\/slt-logo.png","width":549,"height":333,"caption":"Fondo de Tierras de Sonoma"},"image":{"@id":"https:\/\/slt-2026.eclipse-dev.com\/#\/schema\/logo\/image\/"},"sameAs":["http:\/\/www.facebook.com\/Sonoma-Land-Trust\/","https:\/\/www.instagram.com\/sonomalandtrust\/","https:\/\/bsky.app\/profile\/sonomalandtrust.bsky.social","https:\/\/www.youtube.com\/user\/SonomaLandTrust\/","http:\/\/www.linkedin.com\/company\/1090048?trk=tyah"]}]}},"_links":{"self":[{"href":"https:\/\/sonomalandtrust.org\/es\/wp-json\/wp\/v2\/pages\/10691","targetHints":{"allow":["GET"]}}],"collection":[{"href":"https:\/\/sonomalandtrust.org\/es\/wp-json\/wp\/v2\/pages"}],"about":[{"href":"https:\/\/sonomalandtrust.org\/es\/wp-json\/wp\/v2\/types\/page"}],"author":[{"embeddable":true,"href":"https:\/\/sonomalandtrust.org\/es\/wp-json\/wp\/v2\/users\/1"}],"replies":[{"embeddable":true,"href":"https:\/\/sonomalandtrust.org\/es\/wp-json\/wp\/v2\/comments?post=10691"}],"version-history":[{"count":0,"href":"https:\/\/sonomalandtrust.org\/es\/wp-json\/wp\/v2\/pages\/10691\/revisions"}],"wp:attachment":[{"href":"https:\/\/sonomalandtrust.org\/es\/wp-json\/wp\/v2\/media?parent=10691"}],"curies":[{"name":"wp","href":"https:\/\/api.w.org\/{rel}","templated":true}]}}