{"id":10683,"date":"2025-09-11T17:21:25","date_gmt":"2025-09-12T00:21:25","guid":{"rendered":"https:\/\/sonomalandtrust.org\/defensa-del-medio-ambiente\/"},"modified":"2026-04-17T10:41:23","modified_gmt":"2026-04-17T17:41:23","slug":"defensa-del-medio-ambiente","status":"publish","type":"page","link":"https:\/\/sonomalandtrust.org\/es\/defensa-del-medio-ambiente\/","title":{"rendered":"Defensa del medio ambiente"},"content":{"rendered":"\n<div class=\"wp-block-group alignfull default-page-header-group is-layout-constrained wp-block-group-is-layout-constrained\">\n<h1 class=\"wp-block-heading\">Defensa del Medio Ambiente en el Condado de Sonoma<\/h1>\n\n\n\n<div class=\"wp-block-cover alignwide is-light has-custom-content-position is-position-bottom-center\"><span aria-hidden=\"true\" class=\"wp-block-cover__background has-background-dim-0 has-background-dim\"><\/span><img decoding=\"async\" width=\"2560\" height=\"1148\" src=\"https:\/\/sonomalandtrust.org\/wp-content\/uploads\/2026\/01\/california-state-flag-capitol-building-scaled.jpg\" class=\"wp-block-cover__image-background wp-post-image\" alt=\"Dome of California state capitol with California state flag blowing in the wind\" data-object-fit=\"cover\" srcset=\"https:\/\/sonomalandtrust.org\/wp-content\/uploads\/2026\/01\/california-state-flag-capitol-building-scaled.jpg 2560w, https:\/\/sonomalandtrust.org\/wp-content\/uploads\/2026\/01\/california-state-flag-capitol-building-300x135.jpg 300w, https:\/\/sonomalandtrust.org\/wp-content\/uploads\/2026\/01\/california-state-flag-capitol-building-1024x459.jpg 1024w, https:\/\/sonomalandtrust.org\/wp-content\/uploads\/2026\/01\/california-state-flag-capitol-building-768x344.jpg 768w, https:\/\/sonomalandtrust.org\/wp-content\/uploads\/2026\/01\/california-state-flag-capitol-building-1536x689.jpg 1536w, https:\/\/sonomalandtrust.org\/wp-content\/uploads\/2026\/01\/california-state-flag-capitol-building-2048x918.jpg 2048w\" sizes=\"(max-width: 2560px) 100vw, 2560px\" \/><div class=\"wp-block-cover__inner-container is-layout-constrained wp-block-cover-is-layout-constrained\">\n<p class=\"has-large-font-size\"><\/p>\n<\/div><\/div>\n\n\n\n<h2 class=\"wp-block-heading has-green-color has-text-color has-link-color wp-elements-aaf8a6933c4e7517d8af05c642323958\">Una voz para la naturaleza<\/h2>\n\n\n\n<p class=\"has-text-align-center header-intro-text has-green-color has-text-color has-link-color wp-elements-f211e1d42165fc9c6191866160020622\">Mediante la defensa de pol\u00edticas s\u00f3lidas, la obtenci\u00f3n de financiaci\u00f3n p\u00fablica y la movilizaci\u00f3n del apoyo de la comunidad, defendemos la tierra a trav\u00e9s de la defensa colaborativa del medio ambiente.<\/p>\n<\/div>\n\n<div class=\"wp-block-group is-layout-constrained wp-block-group-is-layout-constrained\" style=\"margin-top:0;margin-bottom:0;padding-top:var(--wp--preset--spacing--70);padding-bottom:var(--wp--preset--spacing--60)\">\n<div class=\"wp-block-columns is-layout-flex wp-container-core-columns-is-layout-28f84493 wp-block-columns-is-layout-flex\">\n<div class=\"wp-block-column is-layout-flow wp-block-column-is-layout-flow\">\n<figure class=\"wp-block-embed is-type-video is-provider-youtube wp-block-embed-youtube wp-embed-aspect-16-9 wp-has-aspect-ratio\"><div class=\"wp-block-embed__wrapper\">\n<iframe title=\"We are a Voice for Nature: A day in the life of our policy team!\" width=\"500\" height=\"281\" src=\"https:\/\/www.youtube.com\/embed\/n8HhsJAoC8E?feature=oembed\" frameborder=\"0\" allow=\"accelerometer; autoplay; clipboard-write; encrypted-media; gyroscope; picture-in-picture; web-share\" referrerpolicy=\"strict-origin-when-cross-origin\" allowfullscreen><\/iframe>\n<\/div><\/figure>\n<\/div>\n\n\n\n<div class=\"wp-block-column is-vertically-aligned-center is-layout-flow wp-block-column-is-layout-flow\">\n<h2 class=\"wp-block-heading has-blue-color has-text-color has-link-color wp-elements-a60fbf9a3a711e0c37776c77fc724f6e\">Defender la conservaci\u00f3n<\/h2>\n\n\n\n<p>Estamos comprometidos con la defensa del medio ambiente que da voz a la naturaleza en la toma de decisiones legislativas locales, estatales y federales. La naturaleza es una necesidad, no un lujo, y las acciones grandes y peque\u00f1as ayudan a proteger los corredores de vida silvestre, apoyan las iniciativas de resiliencia clim\u00e1tica, fomentan el liderazgo de los j\u00f3venes en la conservaci\u00f3n y promueven la igualdad de acceso a los espacios abiertos. <\/p>\n\n\n\n<div class=\"wp-block-buttons is-layout-flex wp-block-buttons-is-layout-flex\">\n<div class=\"wp-block-button\"><a class=\"wp-block-button__link wp-element-button\" href=\"https:\/\/sonomalandtrust.org\/es\/alerta-de-accion\/\">M\u00e1s informaci\u00f3n<\/a><\/div>\n<\/div>\n<\/div>\n<\/div>\n<\/div>\n\n<div class=\"wp-block-group alignfull has-yellow-screened-background-color has-background is-layout-constrained wp-block-group-is-layout-constrained\" style=\"margin-bottom:0;padding-top:var(--wp--preset--spacing--70);padding-bottom:var(--wp--preset--spacing--70)\">\n<div class=\"wp-block-columns is-layout-flex wp-container-core-columns-is-layout-28f84493 wp-block-columns-is-layout-flex\">\n<div class=\"wp-block-column is-vertically-aligned-center is-layout-flow wp-block-column-is-layout-flow\">\n<h2 class=\"wp-block-heading has-blue-color has-text-color has-link-color wp-elements-3f71f6b76ac68d577e5eb9df10dad8c8\"><strong>Sonoma Land Trust y 30&#215;30<\/strong><\/h2>\n\n\n\n<p>Una piedra angular de la defensa medioambiental de Sonoma Land Trust es nuestro trabajo en nombre de 30&#215;30, una iniciativa mundial que incluye a m\u00e1s de 190 pa\u00edses y que se convirti\u00f3 en un mandato del estado de California en 2020. El objetivo de 30&#215;30 es conservar el 30% de nuestras tierras y aguas costeras para 2030.   <\/p>\n\n\n\n<p>Alcanzar este objetivo nos permitir\u00e1 proteger la biodiversidad, ampliar el acceso a la naturaleza para todos y aumentar la resistencia al cambio clim\u00e1tico. Los cient\u00edficos advierten de que debemos alcanzar el objetivo 30&#215;30 para evitar los peores impactos de un planeta que se calienta. El condado de Sonoma ha alcanzado el 23% de su objetivo del 30%, seg\u00fan <a href=\"https:\/\/www.bayareagreenprint.org\/dashboard\/#!?tabid=Overview&amp;title=Percent%20of%20Land%20Protected\">un informe de la Huella Verde del \u00c1rea de la Bah\u00eda de 2025<\/a>.  <\/p>\n\n\n\n<div class=\"wp-block-buttons is-layout-flex wp-block-buttons-is-layout-flex\">\n<div class=\"wp-block-button\"><a class=\"wp-block-button__link wp-element-button\" href=\"https:\/\/sonomalandtrust.org\/projects\/sonoma-land-trust-and-30x30\/\">M\u00e1s informaci\u00f3n sobre 30&#215;30<\/a><\/div>\n<\/div>\n<\/div>\n\n\n\n<div class=\"wp-block-column is-layout-flow wp-block-column-is-layout-flow\">\n<figure class=\"wp-block-image size-large\"><img decoding=\"async\" width=\"1024\" height=\"775\" src=\"https:\/\/sonomalandtrust.org\/wp-content\/uploads\/2026\/01\/30-by-30-logo-1024x775.jpg\" alt=\"\" class=\"wp-image-9976\" srcset=\"https:\/\/sonomalandtrust.org\/wp-content\/uploads\/2026\/01\/30-by-30-logo-1024x775.jpg 1024w, https:\/\/sonomalandtrust.org\/wp-content\/uploads\/2026\/01\/30-by-30-logo-300x227.jpg 300w, https:\/\/sonomalandtrust.org\/wp-content\/uploads\/2026\/01\/30-by-30-logo-768x581.jpg 768w, https:\/\/sonomalandtrust.org\/wp-content\/uploads\/2026\/01\/30-by-30-logo.jpg 1176w\" sizes=\"(max-width: 1024px) 100vw, 1024px\" \/><\/figure>\n<\/div>\n<\/div>\n<\/div>\n\n<div class=\"wp-block-group alignfull has-green-background-color has-background is-layout-constrained wp-block-group-is-layout-constrained\" style=\"margin-top:0;margin-bottom:0;padding-top:var(--wp--preset--spacing--70);padding-bottom:0\">\n\t<div class=\"section-heading section-divider-vertical has-text-align-center  align-text-left align-content-top align wp-block-acf-section-divider-vertical\">\n\n\n  <div class=\"acf-innerblocks-container\">\n\n<h2 class=\"wp-block-heading has-text-align-center has-white-color has-text-color\">Convertir la defensa en acci\u00f3n<\/h2>\n\n<\/div>\n\n<\/div>\n\n\n\n\n\n\n<div class=\"media-carousel-block carousel-block align-text-left align wp-block-acf-media-carousel\">\n      <div class=\"carousel-slides\">\n              <div class=\"carousel-slide\">\n          <div class=\"media-content\">\n            <div class=\"left\">\n                              <div class=\"media-slide-media image\">\n                  <img decoding=\"async\" width=\"1794\" height=\"1432\" src=\"https:\/\/sonomalandtrust.org\/wp-content\/uploads\/2026\/01\/rendering-hwy-37-redesign.jpg\" class=\"attachment-full size-full\" alt=\"\" srcset=\"https:\/\/sonomalandtrust.org\/wp-content\/uploads\/2026\/01\/rendering-hwy-37-redesign.jpg 1794w, https:\/\/sonomalandtrust.org\/wp-content\/uploads\/2026\/01\/rendering-hwy-37-redesign-300x239.jpg 300w, https:\/\/sonomalandtrust.org\/wp-content\/uploads\/2026\/01\/rendering-hwy-37-redesign-1024x817.jpg 1024w, https:\/\/sonomalandtrust.org\/wp-content\/uploads\/2026\/01\/rendering-hwy-37-redesign-768x613.jpg 768w, https:\/\/sonomalandtrust.org\/wp-content\/uploads\/2026\/01\/rendering-hwy-37-redesign-1536x1226.jpg 1536w\" sizes=\"(max-width: 1794px) 100vw, 1794px\" \/>                <\/div>\n                                        <\/div>\n            <div class=\"right\">\n                                <div class=\"media-text\"><h2>Highway 37 Redesign<\/h2>\n<p>Highway 37 is a vital North Bay route increasingly threatened by sea-level rise. Sonoma Land Trust and our partners in the SR 37\u2013Baylands Group are advancing a redesign that works with nature\u2014restoring tidal wetlands, protecting habitat, and creating a resilient corridor for both people and wildlife.<\/p>\n<\/div>\n                                            <div class=\"wp-block-buttons is-layout-flex wp-block-buttons-is-layout-flex\">\n                  <div class=\"wp-block-button\">\n                    <a class=\"wp-block-button__link wp-element-button\" href=\"https:\/\/sonomalandtrust.org\/project\/highway-37-redesign\/\" >\n                      M\u00e1s informaci\u00f3n                    <\/a>\n                  <\/div>\n                <\/div>\n                                        <\/div>\n          <\/div>\n        <\/div>\n              <div class=\"carousel-slide\">\n          <div class=\"media-content\">\n            <div class=\"left\">\n                              <div class=\"media-slide-media image\">\n                  <img decoding=\"async\" width=\"1794\" height=\"1432\" src=\"https:\/\/sonomalandtrust.org\/wp-content\/uploads\/2026\/01\/sonoma-developmental-center.jpg\" class=\"attachment-full size-full\" alt=\"\" srcset=\"https:\/\/sonomalandtrust.org\/wp-content\/uploads\/2026\/01\/sonoma-developmental-center.jpg 1794w, https:\/\/sonomalandtrust.org\/wp-content\/uploads\/2026\/01\/sonoma-developmental-center-300x239.jpg 300w, https:\/\/sonomalandtrust.org\/wp-content\/uploads\/2026\/01\/sonoma-developmental-center-1024x817.jpg 1024w, https:\/\/sonomalandtrust.org\/wp-content\/uploads\/2026\/01\/sonoma-developmental-center-768x613.jpg 768w, https:\/\/sonomalandtrust.org\/wp-content\/uploads\/2026\/01\/sonoma-developmental-center-1536x1226.jpg 1536w\" sizes=\"(max-width: 1794px) 100vw, 1794px\" \/>                <\/div>\n                                        <\/div>\n            <div class=\"right\">\n                                <div class=\"media-text\"><h2>Sonoma Developmental Center<\/h2>\n<p>Sonoma Land Trust supported protection and studied wildlife movement in the areas surrounding The Sonoma Developmental Center (SCD), situated in the heart of the <a href=\"https:\/\/sonomalandtrust.org\/project\/sonoma-valley-wildlife-corridor\/\">Sonoma Valley Wildlife Corridor<\/a>. We\u2019ve served as an advisor, advocate, and funding partner to ensure habitat connectivity and safeguard the site\u2019s ecological integrity. In the last year alone, 650 acres of the open lands were transferred to Jack London State Park.<\/p>\n<\/div>\n                                            <div class=\"wp-block-buttons is-layout-flex wp-block-buttons-is-layout-flex\">\n                  <div class=\"wp-block-button\">\n                    <a class=\"wp-block-button__link wp-element-button\" href=\"https:\/\/sonomalandtrust.org\/es\/transformar-la-cosude\/\" >\n                      M\u00e1s informaci\u00f3n                    <\/a>\n                  <\/div>\n                <\/div>\n                                        <\/div>\n          <\/div>\n        <\/div>\n              <div class=\"carousel-slide\">\n          <div class=\"media-content\">\n            <div class=\"left\">\n                              <div class=\"media-slide-media image\">\n                  <img decoding=\"async\" width=\"2560\" height=\"1839\" src=\"https:\/\/sonomalandtrust.org\/wp-content\/uploads\/2025\/12\/sears_point-scaled.jpg\" class=\"attachment-full size-full\" alt=\"\" srcset=\"https:\/\/sonomalandtrust.org\/wp-content\/uploads\/2025\/12\/sears_point-scaled.jpg 2560w, https:\/\/sonomalandtrust.org\/wp-content\/uploads\/2025\/12\/sears_point-300x215.jpg 300w, https:\/\/sonomalandtrust.org\/wp-content\/uploads\/2025\/12\/sears_point-1024x735.jpg 1024w, https:\/\/sonomalandtrust.org\/wp-content\/uploads\/2025\/12\/sears_point-768x552.jpg 768w, https:\/\/sonomalandtrust.org\/wp-content\/uploads\/2025\/12\/sears_point-1536x1103.jpg 1536w, https:\/\/sonomalandtrust.org\/wp-content\/uploads\/2025\/12\/sears_point-2048x1471.jpg 2048w\" sizes=\"(max-width: 2560px) 100vw, 2560px\" \/>                <\/div>\n                                        <\/div>\n            <div class=\"right\">\n                                <div class=\"media-text\"><h2>Prop 4<\/h2>\n<p>In 2024, Sonoma Land Trust worked directly with California State Senate Pro Tempore Mike Maguire, and joined a broad coalition, to help pass Proposition 4, a historic $10 billion bond to fund climate resilience, clean water, wildfire prevention, and parks. By informing our community, highlighting local projects that would benefit, and mobilizing support, we helped secure vital resources for protecting biodiversity, expanding public access, and advancing California\u2019s 30\u00d730 goals.<\/p>\n<\/div>\n                                                      <\/div>\n          <\/div>\n        <\/div>\n              <div class=\"carousel-slide\">\n          <div class=\"media-content\">\n            <div class=\"left\">\n                              <div class=\"media-slide-media image\">\n                  <img decoding=\"async\" width=\"1794\" height=\"1432\" src=\"https:\/\/sonomalandtrust.org\/wp-content\/uploads\/2026\/01\/camp-four-sonoma-baylands.jpg\" class=\"attachment-full size-full\" alt=\"\" srcset=\"https:\/\/sonomalandtrust.org\/wp-content\/uploads\/2026\/01\/camp-four-sonoma-baylands.jpg 1794w, https:\/\/sonomalandtrust.org\/wp-content\/uploads\/2026\/01\/camp-four-sonoma-baylands-300x239.jpg 300w, https:\/\/sonomalandtrust.org\/wp-content\/uploads\/2026\/01\/camp-four-sonoma-baylands-1024x817.jpg 1024w, https:\/\/sonomalandtrust.org\/wp-content\/uploads\/2026\/01\/camp-four-sonoma-baylands-768x613.jpg 768w, https:\/\/sonomalandtrust.org\/wp-content\/uploads\/2026\/01\/camp-four-sonoma-baylands-1536x1226.jpg 1536w\" sizes=\"(max-width: 1794px) 100vw, 1794px\" \/>                <\/div>\n                                        <\/div>\n            <div class=\"right\">\n                                <div class=\"media-text\"><h2>Measure AA<\/h2>\n<p>In partnership with the San Francisco Bay Restoration Authority, Sonoma Land Trust secured Measure AA funding and identified Camp 4 Ranch as one of the most critical tidal wetland restoration opportunities in the Bay Area. Just five years later, the first acquisition funded by the measure became a reality, protecting more than 1,000 acres of diked former baylands and moving us closer to restoring over 10,000 acres of wetlands.<\/p>\n<\/div>\n                                                      <\/div>\n          <\/div>\n        <\/div>\n          <\/div>\n    <div class=\"slick-navigation\"><\/div>\n\n  <\/div><\/div>\n\n<div class=\"wp-block-group alignfull has-yellow-screened-background-color has-background is-layout-constrained wp-container-core-group-is-layout-acb7f514 wp-block-group-is-layout-constrained\" style=\"margin-top:0;margin-bottom:0;padding-top:var(--wp--preset--spacing--70);padding-bottom:108px\">\n\t<div style=\"padding-bottom:var(--wp--preset--spacing--40);\" class=\"section-heading section-divider-vertical has-text-align-center  align-text-left align-content-top align wp-block-acf-section-divider-vertical\">\n\n\n  <div class=\"acf-innerblocks-container\">\n\n<h2 class=\"wp-block-heading has-text-align-center has-teal-color has-text-color\">Act\u00faa ya<\/h2>\n\n<\/div>\n\n<\/div>\n\n\n\n\n\n\n\n<div class=\"wp-block-columns take-action-columns is-layout-flex wp-container-core-columns-is-layout-0111f410 wp-block-columns-is-layout-flex\" style=\"padding-right:var(--wp--preset--spacing--50);padding-left:var(--wp--preset--spacing--50)\">\n<div class=\"wp-block-column is-layout-flow wp-block-column-is-layout-flow\">\n<div class=\"wp-block-group take-action-cta has-textured-light-blue-background-color has-background is-layout-constrained wp-block-group-is-layout-constrained\">\n<figure class=\"wp-block-image aligncenter size-full is-style-circle\"><img decoding=\"async\" width=\"404\" height=\"404\" src=\"https:\/\/sonomalandtrust.org\/wp-content\/uploads\/2026\/01\/california-state-capitol-sacramento-1.jpg\" alt=\"\" class=\"wp-image-8790\" srcset=\"https:\/\/sonomalandtrust.org\/wp-content\/uploads\/2026\/01\/california-state-capitol-sacramento-1.jpg 404w, https:\/\/sonomalandtrust.org\/wp-content\/uploads\/2026\/01\/california-state-capitol-sacramento-1-300x300.jpg 300w, https:\/\/sonomalandtrust.org\/wp-content\/uploads\/2026\/01\/california-state-capitol-sacramento-1-150x150.jpg 150w, https:\/\/sonomalandtrust.org\/wp-content\/uploads\/2026\/01\/california-state-capitol-sacramento-1-120x120.jpg 120w\" sizes=\"(max-width: 404px) 100vw, 404px\" \/><\/figure>\n\n\n\n<h2 class=\"wp-block-heading has-text-align-center has-h-1-font-size\">instar a los legisladores de california a dar prioridad a los recursos naturales en el presupuesto estatal<\/h2>\n\n\n\n<p class=\"has-text-align-center\">Desde ahora y hasta el 30 de junio, la legislatura estatal celebra audiencias y estudia las peticiones de los electores sobre las prioridades presupuestarias. Expresa tu apoyo a las asignaciones presupuestarias que respalden nuestra resiliencia clim\u00e1tica y los objetivos del 30\u00d730. <\/p>\n\n\n\n<div class=\"wp-block-buttons is-content-justification-center is-layout-flex wp-container-core-buttons-is-layout-a89b3969 wp-block-buttons-is-layout-flex\">\n<div class=\"wp-block-button\"><a class=\"wp-block-button__link wp-element-button\" href=\"https:\/\/sonomalandtrust.org\/es\/alerta-de-accion\/\">Act\u00faa<\/a><\/div>\n<\/div>\n<\/div>\n<\/div>\n\n\n\n<div class=\"wp-block-column is-layout-flow wp-block-column-is-layout-flow\">\n<div class=\"wp-block-group take-action-cta has-textured-light-blue-background-color has-background is-layout-constrained wp-block-group-is-layout-constrained\">\n<figure class=\"wp-block-image aligncenter size-large is-style-circle\"><img decoding=\"async\" src=\"https:\/\/sonomalandtrust.org\/wp-content\/uploads\/2026\/02\/voting-stations-outdoors.jpg\" alt=\"\"\/><\/figure>\n\n\n\n<h2 class=\"wp-block-heading has-text-align-center has-h-1-font-size\">inscr\u00edbete para votar en las pr\u00f3ximas elecciones<\/h2>\n\n\n\n<p class=\"has-text-align-center\">Comprueba tu estado y actualiza tu inscripci\u00f3n si te has mudado o has cambiado de nombre. Deja que tu voz cuente: es un paso sencillo que ayuda a dar forma al futuro de esta comunidad y de las tierras que todos apreciamos. <\/p>\n\n\n\n<div class=\"wp-block-buttons is-content-justification-center is-layout-flex wp-container-core-buttons-is-layout-a89b3969 wp-block-buttons-is-layout-flex\">\n<div class=\"wp-block-button is-style-primary-external\"><a class=\"wp-block-button__link wp-element-button\" href=\"https:\/\/registertovote.ca.gov\/\" target=\"_blank\" rel=\"noreferrer noopener\">Act\u00faa<\/a><\/div>\n<\/div>\n<\/div>\n<\/div>\n<\/div>\n<\/div>\n\n<div class=\"wp-block-group is-layout-constrained wp-block-group-is-layout-constrained\" style=\"padding-top:var(--wp--preset--spacing--60)\">\n\t<div style=\"margin-bottom:var(--wp--preset--spacing--50);\" class=\"section-heading section-divider-vertical has-text-align-center  align-text-left align-content-top align wp-block-acf-section-divider-vertical\">\n\n\n  <div class=\"acf-innerblocks-container\">\n\n<h2 class=\"wp-block-heading has-text-align-center has-teal-color has-text-color\">Socios en la defensa del medio ambiente<\/h2>\n\n<\/div>\n\n<\/div>\n\n\n\n\n\n\n\n<div class=\"wp-block-group advocacy-grid is-layout-grid wp-container-core-group-is-layout-b757edec wp-block-group-is-layout-grid\">\n<div class=\"wp-block-group is-layout-grid wp-container-core-group-is-layout-b757edec wp-block-group-is-layout-grid\">\n<div class=\"wp-block-group is-style-yellow-border logo-item is-layout-constrained wp-block-group-is-layout-constrained\">\n<figure class=\"wp-block-image size-full is-style-no-border\"><img decoding=\"async\" width=\"655\" height=\"400\" src=\"https:\/\/sonomalandtrust.org\/wp-content\/uploads\/2026\/03\/power-in-nature-logo.jpg\" alt=\"\" class=\"wp-image-13202\" srcset=\"https:\/\/sonomalandtrust.org\/wp-content\/uploads\/2026\/03\/power-in-nature-logo.jpg 655w, https:\/\/sonomalandtrust.org\/wp-content\/uploads\/2026\/03\/power-in-nature-logo-300x183.jpg 300w\" sizes=\"(max-width: 655px) 100vw, 655px\" \/><\/figure>\n<\/div>\n\n\n\n<div class=\"wp-block-group is-style-yellow-border logo-item is-layout-constrained wp-block-group-is-layout-constrained\">\n<figure class=\"wp-block-image size-full is-style-no-border\"><img decoding=\"async\" width=\"655\" height=\"400\" src=\"https:\/\/sonomalandtrust.org\/wp-content\/uploads\/2026\/03\/california-council-of-land-trusts-logo.jpg\" alt=\"\" class=\"wp-image-13208\" srcset=\"https:\/\/sonomalandtrust.org\/wp-content\/uploads\/2026\/03\/california-council-of-land-trusts-logo.jpg 655w, https:\/\/sonomalandtrust.org\/wp-content\/uploads\/2026\/03\/california-council-of-land-trusts-logo-300x183.jpg 300w\" sizes=\"(max-width: 655px) 100vw, 655px\" \/><\/figure>\n<\/div>\n\n\n\n<div class=\"wp-block-group is-style-yellow-border logo-item is-layout-constrained wp-block-group-is-layout-constrained\">\n<figure class=\"wp-block-image size-full is-style-no-border\"><img decoding=\"async\" width=\"655\" height=\"400\" src=\"https:\/\/sonomalandtrust.org\/wp-content\/uploads\/2026\/03\/land-trust-alliance-logo.jpg\" alt=\"\" class=\"wp-image-13207\" srcset=\"https:\/\/sonomalandtrust.org\/wp-content\/uploads\/2026\/03\/land-trust-alliance-logo.jpg 655w, https:\/\/sonomalandtrust.org\/wp-content\/uploads\/2026\/03\/land-trust-alliance-logo-300x183.jpg 300w\" sizes=\"(max-width: 655px) 100vw, 655px\" \/><\/figure>\n<\/div>\n\n\n\n<div class=\"wp-block-group is-style-yellow-border logo-item is-layout-constrained wp-block-group-is-layout-constrained\">\n<figure class=\"wp-block-image size-full is-style-no-border\"><img decoding=\"async\" width=\"655\" height=\"400\" src=\"https:\/\/sonomalandtrust.org\/wp-content\/uploads\/2026\/03\/together-bay-area-logo.jpg\" alt=\"\" class=\"wp-image-13206\" srcset=\"https:\/\/sonomalandtrust.org\/wp-content\/uploads\/2026\/03\/together-bay-area-logo.jpg 655w, https:\/\/sonomalandtrust.org\/wp-content\/uploads\/2026\/03\/together-bay-area-logo-300x183.jpg 300w\" sizes=\"(max-width: 655px) 100vw, 655px\" \/><\/figure>\n<\/div>\n<\/div>\n\n\n\n<div class=\"wp-block-group is-layout-constrained wp-block-group-is-layout-constrained\">\n<p class=\"wp-container-content-69bc4bdf\">Sonoma Land Trust se compromete a llevar la voz de la naturaleza a la mesa de decisiones, pero no podemos hacerlo solos. No somos partidistas, nos dedicamos a crear coaliciones y a forjar asociaciones a escala estatal que hagan avanzar nuestro movimiento conservacionista en su conjunto. Estamos orgullosos de nuestros muchos logros hasta ahora, incluido el esfuerzo coordinado para aprobar con \u00e9xito la Proposici\u00f3n 4 en 2024.  <\/p>\n\n\n\n<h2 class=\"wp-block-heading has-blue-color has-text-color has-link-color wp-elements-86dd85ef744149608c3947215d143b80\">Poder en la Naturaleza<\/h2>\n\n\n\n<p class=\"wp-container-content-69bc4bdf\">Una coalici\u00f3n estatal que incluye a m\u00e1s de 400 grupos miembros y se dedica a impulsar nuestra iniciativa 30&#215;30.<\/p>\n\n\n\n<h2 class=\"wp-block-heading has-blue-color has-text-color has-link-color wp-elements-3bef696e1b29a107d2f0af85bead90a9\">El Consejo de Fideicomisos de Tierras de California<\/h2>\n\n\n\n<p class=\"wp-container-content-69bc4bdf\">El CCLT trabaja para conservar los extraordinarios recursos terrestres e h\u00eddricos de California a trav\u00e9s de una s\u00f3lida red de fideicomisos de tierras.<\/p>\n\n\n\n<h2 class=\"wp-block-heading has-teal-color has-text-color has-link-color wp-elements-f1006f59dfaeba65aafa261ff526d6ad\">La Alianza para el Patrimonio de la Tierra<\/h2>\n\n\n\n<p class=\"wp-container-content-69bc4bdf\">La Land Trust Alliance capacita y moviliza a los fideicomisos de tierras en comunidades de toda Am\u00e9rica para conservar la tierra -y conectar a la gente con la tierra- en beneficio de todos.<\/p>\n\n\n\n<h2 class=\"wp-block-heading has-teal-color has-text-color has-link-color wp-elements-3e1ebdf907b559ca8bbac2dddcf81120\">Juntos \u00c1rea de la Bah\u00eda<\/h2>\n\n\n\n<p class=\"wp-container-content-69bc4bdf\">Una coalici\u00f3n de organizaciones que trabajan en colaboraci\u00f3n para fomentar la resiliencia clim\u00e1tica, la equidad social y la conservaci\u00f3n de la tierra en toda la Bah\u00eda de San Francisco.<\/p>\n<\/div>\n<\/div>\n<\/div>\n\n<p><\/p>\n","protected":false},"excerpt":{"rendered":"<p>Mediante la defensa de pol\u00edticas s\u00f3lidas, la obtenci\u00f3n de financiaci\u00f3n p\u00fablica y la movilizaci\u00f3n del apoyo de la comunidad, defendemos la tierra a trav\u00e9s de la defensa colaborativa del medio ambiente. Estamos comprometidos con la defensa del medio ambiente que da voz a la naturaleza en la toma de decisiones legislativas locales, estatales y federales. [&hellip;]<\/p>\n","protected":false},"author":1,"featured_media":10688,"parent":0,"menu_order":0,"comment_status":"open","ping_status":"open","template":"","meta":{"_acf_changed":false,"footnotes":""},"class_list":["post-10683","page","type-page","status-publish","has-post-thumbnail","hentry"],"acf":[],"yoast_head":"<!-- This site is optimized with the Yoast SEO plugin v27.3 - https:\/\/yoast.com\/product\/yoast-seo-wordpress\/ -->\n<title>Defensa del medio ambiente &#8212; Sonoma Land Trust<\/title>\n<meta name=\"description\" content=\"Convertimos la defensa del medio ambiente en acci\u00f3n defendiendo iniciativas como 30x30, consiguiendo financiaci\u00f3n p\u00fablica y movilizando el apoyo de nuestra comunidad.\" \/>\n<meta name=\"robots\" content=\"index, follow, max-snippet:-1, max-image-preview:large, max-video-preview:-1\" \/>\n<link rel=\"canonical\" href=\"https:\/\/sonomalandtrust.org\/es\/defensa-del-medio-ambiente\/\" \/>\n<meta property=\"og:locale\" content=\"es_ES\" \/>\n<meta property=\"og:type\" content=\"article\" \/>\n<meta property=\"og:title\" content=\"Defensa del medio ambiente &#8212; Sonoma Land Trust\" \/>\n<meta property=\"og:description\" content=\"Convertimos la defensa del medio ambiente en acci\u00f3n defendiendo iniciativas como 30x30, consiguiendo financiaci\u00f3n p\u00fablica y movilizando el apoyo de nuestra comunidad.\" \/>\n<meta property=\"og:url\" content=\"https:\/\/sonomalandtrust.org\/es\/defensa-del-medio-ambiente\/\" \/>\n<meta property=\"og:site_name\" content=\"Sonoma Land Trust\" \/>\n<meta property=\"article:publisher\" content=\"http:\/\/www.facebook.com\/Sonoma-Land-Trust\/\" \/>\n<meta property=\"article:modified_time\" content=\"2026-04-17T17:41:23+00:00\" \/>\n<meta property=\"og:image\" content=\"https:\/\/sonomalandtrust.org\/wp-content\/uploads\/2026\/01\/california-state-flag-capitol-building-scaled.jpg\" \/>\n\t<meta property=\"og:image:width\" content=\"2560\" \/>\n\t<meta property=\"og:image:height\" content=\"1148\" \/>\n\t<meta property=\"og:image:type\" content=\"image\/jpeg\" \/>\n<meta name=\"twitter:card\" content=\"summary_large_image\" \/>\n<meta name=\"twitter:label1\" content=\"Est. reading time\" \/>\n\t<meta name=\"twitter:data1\" content=\"3 minuto\" \/>\n<script type=\"application\/ld+json\" class=\"yoast-schema-graph\">{\"@context\":\"https:\\\/\\\/schema.org\",\"@graph\":[{\"@type\":\"WebPage\",\"@id\":\"https:\\\/\\\/sonomalandtrust.org\\\/es\\\/defensa-del-medio-ambiente\\\/\",\"url\":\"https:\\\/\\\/sonomalandtrust.org\\\/es\\\/defensa-del-medio-ambiente\\\/\",\"name\":\"Defensa del medio ambiente &#8212; Sonoma Land Trust\",\"isPartOf\":{\"@id\":\"https:\\\/\\\/slt-2026.eclipse-dev.com\\\/#website\"},\"primaryImageOfPage\":{\"@id\":\"https:\\\/\\\/sonomalandtrust.org\\\/es\\\/defensa-del-medio-ambiente\\\/#primaryimage\"},\"image\":{\"@id\":\"https:\\\/\\\/sonomalandtrust.org\\\/es\\\/defensa-del-medio-ambiente\\\/#primaryimage\"},\"thumbnailUrl\":\"https:\\\/\\\/sonomalandtrust.org\\\/wp-content\\\/uploads\\\/2026\\\/01\\\/california-state-flag-capitol-building-scaled.jpg\",\"datePublished\":\"2025-09-12T00:21:25+00:00\",\"dateModified\":\"2026-04-17T17:41:23+00:00\",\"description\":\"Convertimos la defensa del medio ambiente en acci\u00f3n defendiendo iniciativas como 30x30, consiguiendo financiaci\u00f3n p\u00fablica y movilizando el apoyo de nuestra comunidad.\",\"breadcrumb\":{\"@id\":\"https:\\\/\\\/sonomalandtrust.org\\\/es\\\/defensa-del-medio-ambiente\\\/#breadcrumb\"},\"inLanguage\":\"es\",\"potentialAction\":[{\"@type\":\"ReadAction\",\"target\":[\"https:\\\/\\\/sonomalandtrust.org\\\/es\\\/defensa-del-medio-ambiente\\\/\"]}]},{\"@type\":\"ImageObject\",\"inLanguage\":\"es\",\"@id\":\"https:\\\/\\\/sonomalandtrust.org\\\/es\\\/defensa-del-medio-ambiente\\\/#primaryimage\",\"url\":\"https:\\\/\\\/sonomalandtrust.org\\\/wp-content\\\/uploads\\\/2026\\\/01\\\/california-state-flag-capitol-building-scaled.jpg\",\"contentUrl\":\"https:\\\/\\\/sonomalandtrust.org\\\/wp-content\\\/uploads\\\/2026\\\/01\\\/california-state-flag-capitol-building-scaled.jpg\",\"width\":2560,\"height\":1148,\"caption\":\"Dome of California state capitol with California state flag blowing in the wind\"},{\"@type\":\"BreadcrumbList\",\"@id\":\"https:\\\/\\\/sonomalandtrust.org\\\/es\\\/defensa-del-medio-ambiente\\\/#breadcrumb\",\"itemListElement\":[{\"@type\":\"ListItem\",\"position\":1,\"name\":\"Home\",\"item\":\"https:\\\/\\\/sonomalandtrust.org\\\/es\\\/inicio\\\/\"},{\"@type\":\"ListItem\",\"position\":2,\"name\":\"Defensa del medio ambiente\"}]},{\"@type\":\"WebSite\",\"@id\":\"https:\\\/\\\/slt-2026.eclipse-dev.com\\\/#website\",\"url\":\"https:\\\/\\\/slt-2026.eclipse-dev.com\\\/\",\"name\":\"Sonoma Land Trust\",\"description\":\"\",\"publisher\":{\"@id\":\"https:\\\/\\\/slt-2026.eclipse-dev.com\\\/#organization\"},\"potentialAction\":[{\"@type\":\"SearchAction\",\"target\":{\"@type\":\"EntryPoint\",\"urlTemplate\":\"https:\\\/\\\/slt-2026.eclipse-dev.com\\\/?s={search_term_string}\"},\"query-input\":{\"@type\":\"PropertyValueSpecification\",\"valueRequired\":true,\"valueName\":\"search_term_string\"}}],\"inLanguage\":\"es\"},{\"@type\":\"Organization\",\"@id\":\"https:\\\/\\\/slt-2026.eclipse-dev.com\\\/#organization\",\"name\":\"Fondo de Tierras de Sonoma\",\"url\":\"https:\\\/\\\/slt-2026.eclipse-dev.com\\\/\",\"logo\":{\"@type\":\"ImageObject\",\"inLanguage\":\"es\",\"@id\":\"https:\\\/\\\/slt-2026.eclipse-dev.com\\\/#\\\/schema\\\/logo\\\/image\\\/\",\"url\":\"https:\\\/\\\/sonomalandtrust.org\\\/wp-content\\\/uploads\\\/2025\\\/10\\\/slt-logo.png\",\"contentUrl\":\"https:\\\/\\\/sonomalandtrust.org\\\/wp-content\\\/uploads\\\/2025\\\/10\\\/slt-logo.png\",\"width\":549,\"height\":333,\"caption\":\"Fondo de Tierras de Sonoma\"},\"image\":{\"@id\":\"https:\\\/\\\/slt-2026.eclipse-dev.com\\\/#\\\/schema\\\/logo\\\/image\\\/\"},\"sameAs\":[\"http:\\\/\\\/www.facebook.com\\\/Sonoma-Land-Trust\\\/\",\"https:\\\/\\\/www.instagram.com\\\/sonomalandtrust\\\/\",\"https:\\\/\\\/bsky.app\\\/profile\\\/sonomalandtrust.bsky.social\",\"https:\\\/\\\/www.youtube.com\\\/user\\\/SonomaLandTrust\\\/\",\"http:\\\/\\\/www.linkedin.com\\\/company\\\/1090048?trk=tyah\"]}]}<\/script>\n<!-- \/ Yoast SEO plugin. -->","yoast_head_json":{"title":"Defensa del medio ambiente &#8212; Sonoma Land Trust","description":"Convertimos la defensa del medio ambiente en acci\u00f3n defendiendo iniciativas como 30x30, consiguiendo financiaci\u00f3n p\u00fablica y movilizando el apoyo de nuestra comunidad.","robots":{"index":"index","follow":"follow","max-snippet":"max-snippet:-1","max-image-preview":"max-image-preview:large","max-video-preview":"max-video-preview:-1"},"canonical":"https:\/\/sonomalandtrust.org\/es\/defensa-del-medio-ambiente\/","og_locale":"es_ES","og_type":"article","og_title":"Defensa del medio ambiente &#8212; Sonoma Land Trust","og_description":"Convertimos la defensa del medio ambiente en acci\u00f3n defendiendo iniciativas como 30x30, consiguiendo financiaci\u00f3n p\u00fablica y movilizando el apoyo de nuestra comunidad.","og_url":"https:\/\/sonomalandtrust.org\/es\/defensa-del-medio-ambiente\/","og_site_name":"Sonoma Land Trust","article_publisher":"http:\/\/www.facebook.com\/Sonoma-Land-Trust\/","article_modified_time":"2026-04-17T17:41:23+00:00","og_image":[{"width":2560,"height":1148,"url":"https:\/\/sonomalandtrust.org\/wp-content\/uploads\/2026\/01\/california-state-flag-capitol-building-scaled.jpg","type":"image\/jpeg"}],"twitter_card":"summary_large_image","twitter_misc":{"Est. reading time":"3 minuto"},"schema":{"@context":"https:\/\/schema.org","@graph":[{"@type":"WebPage","@id":"https:\/\/sonomalandtrust.org\/es\/defensa-del-medio-ambiente\/","url":"https:\/\/sonomalandtrust.org\/es\/defensa-del-medio-ambiente\/","name":"Defensa del medio ambiente &#8212; Sonoma Land Trust","isPartOf":{"@id":"https:\/\/slt-2026.eclipse-dev.com\/#website"},"primaryImageOfPage":{"@id":"https:\/\/sonomalandtrust.org\/es\/defensa-del-medio-ambiente\/#primaryimage"},"image":{"@id":"https:\/\/sonomalandtrust.org\/es\/defensa-del-medio-ambiente\/#primaryimage"},"thumbnailUrl":"https:\/\/sonomalandtrust.org\/wp-content\/uploads\/2026\/01\/california-state-flag-capitol-building-scaled.jpg","datePublished":"2025-09-12T00:21:25+00:00","dateModified":"2026-04-17T17:41:23+00:00","description":"Convertimos la defensa del medio ambiente en acci\u00f3n defendiendo iniciativas como 30x30, consiguiendo financiaci\u00f3n p\u00fablica y movilizando el apoyo de nuestra comunidad.","breadcrumb":{"@id":"https:\/\/sonomalandtrust.org\/es\/defensa-del-medio-ambiente\/#breadcrumb"},"inLanguage":"es","potentialAction":[{"@type":"ReadAction","target":["https:\/\/sonomalandtrust.org\/es\/defensa-del-medio-ambiente\/"]}]},{"@type":"ImageObject","inLanguage":"es","@id":"https:\/\/sonomalandtrust.org\/es\/defensa-del-medio-ambiente\/#primaryimage","url":"https:\/\/sonomalandtrust.org\/wp-content\/uploads\/2026\/01\/california-state-flag-capitol-building-scaled.jpg","contentUrl":"https:\/\/sonomalandtrust.org\/wp-content\/uploads\/2026\/01\/california-state-flag-capitol-building-scaled.jpg","width":2560,"height":1148,"caption":"Dome of California state capitol with California state flag blowing in the wind"},{"@type":"BreadcrumbList","@id":"https:\/\/sonomalandtrust.org\/es\/defensa-del-medio-ambiente\/#breadcrumb","itemListElement":[{"@type":"ListItem","position":1,"name":"Home","item":"https:\/\/sonomalandtrust.org\/es\/inicio\/"},{"@type":"ListItem","position":2,"name":"Defensa del medio ambiente"}]},{"@type":"WebSite","@id":"https:\/\/slt-2026.eclipse-dev.com\/#website","url":"https:\/\/slt-2026.eclipse-dev.com\/","name":"Sonoma Land Trust","description":"","publisher":{"@id":"https:\/\/slt-2026.eclipse-dev.com\/#organization"},"potentialAction":[{"@type":"SearchAction","target":{"@type":"EntryPoint","urlTemplate":"https:\/\/slt-2026.eclipse-dev.com\/?s={search_term_string}"},"query-input":{"@type":"PropertyValueSpecification","valueRequired":true,"valueName":"search_term_string"}}],"inLanguage":"es"},{"@type":"Organization","@id":"https:\/\/slt-2026.eclipse-dev.com\/#organization","name":"Fondo de Tierras de Sonoma","url":"https:\/\/slt-2026.eclipse-dev.com\/","logo":{"@type":"ImageObject","inLanguage":"es","@id":"https:\/\/slt-2026.eclipse-dev.com\/#\/schema\/logo\/image\/","url":"https:\/\/sonomalandtrust.org\/wp-content\/uploads\/2025\/10\/slt-logo.png","contentUrl":"https:\/\/sonomalandtrust.org\/wp-content\/uploads\/2025\/10\/slt-logo.png","width":549,"height":333,"caption":"Fondo de Tierras de Sonoma"},"image":{"@id":"https:\/\/slt-2026.eclipse-dev.com\/#\/schema\/logo\/image\/"},"sameAs":["http:\/\/www.facebook.com\/Sonoma-Land-Trust\/","https:\/\/www.instagram.com\/sonomalandtrust\/","https:\/\/bsky.app\/profile\/sonomalandtrust.bsky.social","https:\/\/www.youtube.com\/user\/SonomaLandTrust\/","http:\/\/www.linkedin.com\/company\/1090048?trk=tyah"]}]}},"_links":{"self":[{"href":"https:\/\/sonomalandtrust.org\/es\/wp-json\/wp\/v2\/pages\/10683","targetHints":{"allow":["GET"]}}],"collection":[{"href":"https:\/\/sonomalandtrust.org\/es\/wp-json\/wp\/v2\/pages"}],"about":[{"href":"https:\/\/sonomalandtrust.org\/es\/wp-json\/wp\/v2\/types\/page"}],"author":[{"embeddable":true,"href":"https:\/\/sonomalandtrust.org\/es\/wp-json\/wp\/v2\/users\/1"}],"replies":[{"embeddable":true,"href":"https:\/\/sonomalandtrust.org\/es\/wp-json\/wp\/v2\/comments?post=10683"}],"version-history":[{"count":0,"href":"https:\/\/sonomalandtrust.org\/es\/wp-json\/wp\/v2\/pages\/10683\/revisions"}],"wp:featuredmedia":[{"embeddable":true,"href":"https:\/\/sonomalandtrust.org\/es\/wp-json\/wp\/v2\/media\/10688"}],"wp:attachment":[{"href":"https:\/\/sonomalandtrust.org\/es\/wp-json\/wp\/v2\/media?parent=10683"}],"curies":[{"name":"wp","href":"https:\/\/api.w.org\/{rel}","templated":true}]}}