{"id":10662,"date":"2025-09-11T17:21:25","date_gmt":"2025-09-12T00:21:25","guid":{"rendered":"https:\/\/sonomalandtrust.org\/participacion-de-la-comunidad\/"},"modified":"2026-03-13T10:28:59","modified_gmt":"2026-03-13T17:28:59","slug":"participacion-de-la-comunidad","status":"publish","type":"page","link":"https:\/\/sonomalandtrust.org\/es\/participacion-de-la-comunidad\/","title":{"rendered":"Participaci\u00f3n de la Comunidad"},"content":{"rendered":"\n<div class=\"wp-block-group alignfull default-page-header-group is-layout-constrained wp-block-group-is-layout-constrained\">\n<h1 class=\"wp-block-heading\">Acceso a la Naturaleza para Todos<\/h1>\n\n\n\n<div class=\"wp-block-cover alignwide is-light has-custom-content-position is-position-bottom-center\"><img decoding=\"async\" width=\"2560\" height=\"1148\" class=\"wp-block-cover__image-background wp-image-9187 size-full\" alt=\"\" src=\"https:\/\/sonomalandtrust.org\/wp-content\/uploads\/2026\/01\/community-group-outing-scaled.jpg\" data-object-fit=\"cover\" srcset=\"https:\/\/sonomalandtrust.org\/wp-content\/uploads\/2026\/01\/community-group-outing-scaled.jpg 2560w, https:\/\/sonomalandtrust.org\/wp-content\/uploads\/2026\/01\/community-group-outing-300x135.jpg 300w, https:\/\/sonomalandtrust.org\/wp-content\/uploads\/2026\/01\/community-group-outing-1024x459.jpg 1024w, https:\/\/sonomalandtrust.org\/wp-content\/uploads\/2026\/01\/community-group-outing-768x344.jpg 768w, https:\/\/sonomalandtrust.org\/wp-content\/uploads\/2026\/01\/community-group-outing-1536x689.jpg 1536w, https:\/\/sonomalandtrust.org\/wp-content\/uploads\/2026\/01\/community-group-outing-2048x918.jpg 2048w\" sizes=\"(max-width: 2560px) 100vw, 2560px\" \/><span aria-hidden=\"true\" class=\"wp-block-cover__background has-background-dim-0 has-background-dim\"><\/span><div class=\"wp-block-cover__inner-container is-layout-constrained wp-block-cover-is-layout-constrained\">\n<p class=\"has-large-font-size\"><\/p>\n<\/div><\/div>\n\n\n\n<h2 class=\"wp-block-heading has-green-color has-text-color has-link-color wp-elements-5901f208beba6f7f344aea480bca3f01\"><a href=\"H2:%20Learn%20how%20you%20can%20help%20us%20protect%20Sonoma%20County%E2%80%99s%20wild%20spaces%C2%A0\"><strong>Construir relaciones aut\u00e9nticas<\/strong><\/a><\/h2>\n\n\n\n<p class=\"has-text-align-center header-intro-text has-green-color has-text-color has-link-color wp-elements-2012442199354a9837181f45c5c002c6\">Sonoma Land Trust da prioridad a un compromiso que sea significativo para las necesidades, valores y culturas de nuestras comunidades.<\/p>\n<\/div>\n\n<div class=\"wp-block-media-text is-stacked-on-mobile\" style=\"margin-top:0;margin-bottom:0;padding-top:var(--wp--preset--spacing--70);padding-bottom:var(--wp--preset--spacing--60)\"><figure class=\"wp-block-media-text__media\"><img decoding=\"async\" width=\"1024\" height=\"775\" src=\"https:\/\/sonomalandtrust.org\/wp-content\/uploads\/2026\/01\/student-learning-in-nature-1024x775.jpg\" alt=\"\" class=\"wp-image-9189 size-full\" srcset=\"https:\/\/sonomalandtrust.org\/wp-content\/uploads\/2026\/01\/student-learning-in-nature-1024x775.jpg 1024w, https:\/\/sonomalandtrust.org\/wp-content\/uploads\/2026\/01\/student-learning-in-nature-300x227.jpg 300w, https:\/\/sonomalandtrust.org\/wp-content\/uploads\/2026\/01\/student-learning-in-nature-768x581.jpg 768w, https:\/\/sonomalandtrust.org\/wp-content\/uploads\/2026\/01\/student-learning-in-nature.jpg 1176w\" sizes=\"(max-width: 1024px) 100vw, 1024px\" \/><\/figure><div class=\"wp-block-media-text__content\">\n<h2 class=\"wp-block-heading has-blue-color has-text-color has-link-color wp-elements-32df7d129d8c500e794646020ea6751e\"><strong>Implicar a las comunidades de todo el condado de Sonoma<\/strong><\/h2>\n\n\n\n<p>Sonoma Land Trust cree que la verdadera implicaci\u00f3n de la comunidad significa construir una agencia y crear oportunidades de conservaci\u00f3n en las que todos se sientan bienvenidos, escuchados y capacitados. Ya sea creando una nueva excursi\u00f3n biling\u00fce, educando a la pr\u00f3xima generaci\u00f3n en estrategias de conservaci\u00f3n o participando en una celebraci\u00f3n cultural, incorporamos nuestros valores de conexi\u00f3n, creatividad y sostenibilidad medioambiental. <\/p>\n\n\n\n<div class=\"wp-block-buttons is-layout-flex wp-block-buttons-is-layout-flex\">\n<div class=\"wp-block-button\"><a class=\"wp-block-button__link wp-element-button\" href=\"https:\/\/sonomalandtrust.org\/es\/compromiso-con-la-equidad\/\">Nuestro compromiso con la equidad<\/a><\/div>\n<\/div>\n<\/div><\/div>\n\n<div class=\"wp-block-group alignfull has-yellow-screened-background-color has-background is-layout-constrained wp-block-group-is-layout-constrained\" style=\"margin-bottom:0;padding-top:var(--wp--preset--spacing--70);padding-bottom:var(--wp--preset--spacing--70)\">\n<div class=\"wp-block-group is-layout-grid wp-container-core-group-is-layout-988b637e wp-block-group-is-layout-grid\">  <div class=\"multicolor-card-without-link multicolor-card  \" id=\"a_8837133\">\n    <div class=\"acf-innerblocks-container\">\n\n<figure class=\"wp-block-image size-full\"><img decoding=\"async\" width=\"768\" height=\"278\" src=\"https:\/\/sonomalandtrust.org\/wp-content\/uploads\/2026\/01\/middle-school-students-exploring-nature.jpg\" alt=\"\" class=\"wp-image-9192\" srcset=\"https:\/\/sonomalandtrust.org\/wp-content\/uploads\/2026\/01\/middle-school-students-exploring-nature.jpg 768w, https:\/\/sonomalandtrust.org\/wp-content\/uploads\/2026\/01\/middle-school-students-exploring-nature-300x109.jpg 300w\" sizes=\"(max-width: 768px) 100vw, 768px\" \/><\/figure>\n\n\n\n<div class=\"wp-block-group has-teal-background-color has-background is-layout-flow wp-block-group-is-layout-flow\">\n<p class=\"has-text-align-center stat-text has-white-color has-text-color\">45<\/p>\n\n\n\n<p class=\"has-text-align-center has-white-color has-text-color\">Aulas acogidas en 2025, que atienden a casi 1.500 alumnos de 4 condados<\/p>\n<\/div>\n\n<\/div>\n<\/div>\n\n\n  <div class=\"multicolor-card-without-link multicolor-card  \" id=\"a_497763\">\n    <div class=\"acf-innerblocks-container\">\n\n<figure class=\"wp-block-image size-full\"><img decoding=\"async\" width=\"768\" height=\"278\" src=\"https:\/\/sonomalandtrust.org\/wp-content\/uploads\/2026\/01\/conservation-council-members-1-1.jpg\" alt=\"\" class=\"wp-image-9882\" srcset=\"https:\/\/sonomalandtrust.org\/wp-content\/uploads\/2026\/01\/conservation-council-members-1-1.jpg 768w, https:\/\/sonomalandtrust.org\/wp-content\/uploads\/2026\/01\/conservation-council-members-1-1-300x109.jpg 300w\" sizes=\"(max-width: 768px) 100vw, 768px\" \/><\/figure>\n\n\n\n<div class=\"wp-block-group has-green-background-color has-background is-layout-flow wp-block-group-is-layout-flow\">\n<p class=\"has-text-align-center stat-text has-white-color has-text-color\">4,560<\/p>\n\n\n\n<p class=\"has-text-align-center has-white-color has-text-color\">Horas de programa completadas en 2025 por nuestra cohorte de 26 miembros del Consejo de Conservaci\u00f3n<\/p>\n<\/div>\n\n<\/div>\n<\/div>\n\n\n  <div class=\"multicolor-card-without-link multicolor-card  \" id=\"a_6208176\">\n    <div class=\"acf-innerblocks-container\">\n\n<figure class=\"wp-block-image size-full\"><img decoding=\"async\" width=\"768\" height=\"278\" src=\"https:\/\/sonomalandtrust.org\/wp-content\/uploads\/2026\/01\/woman-enjoying-nature-glen-oaks-ranch.jpg\" alt=\"\" class=\"wp-image-9194\" srcset=\"https:\/\/sonomalandtrust.org\/wp-content\/uploads\/2026\/01\/woman-enjoying-nature-glen-oaks-ranch.jpg 768w, https:\/\/sonomalandtrust.org\/wp-content\/uploads\/2026\/01\/woman-enjoying-nature-glen-oaks-ranch-300x109.jpg 300w\" sizes=\"(max-width: 768px) 100vw, 768px\" \/><\/figure>\n\n\n\n<div class=\"wp-block-group has-dark-blue-background-color has-background is-layout-flow wp-block-group-is-layout-flow\">\n<p class=\"has-text-align-center stat-text has-white-color has-text-color\">96<\/p>\n\n\n\n<p class=\"has-text-align-center has-white-color has-text-color\">Caminatas guiadas y salidas dirigidas en 2025<\/p>\n<\/div>\n\n<\/div>\n<\/div>\n<\/div>\n<\/div>\n\n<div class=\"wp-block-group alignfull is-layout-constrained wp-block-group-is-layout-constrained\" style=\"margin-top:0;margin-bottom:0;padding-top:var(--wp--preset--spacing--60);padding-bottom:var(--wp--preset--spacing--60)\">\n\t<div style=\"padding-bottom:var(--wp--preset--spacing--30);\" class=\"section-heading section-divider-vertical has-text-align-center  align-text-left align-content-top align wp-block-acf-section-divider-vertical\">\n\n\n  <div class=\"acf-innerblocks-container\">\n\n<h2 class=\"wp-block-heading has-text-align-center has-teal-color has-text-color\">Programas de Participaci\u00f3n Comunitaria<\/h2>\n\n<\/div>\n\n<\/div>\n\n\n\n\n\n\n\n<div class=\"wp-block-group is-layout-grid wp-container-core-group-is-layout-988b637e wp-block-group-is-layout-grid\">  <div class=\"border-box-card-with-link-block featured-program-card \" id=\"a_5465765\">\n          <a href=\"https:\/\/sonomalandtrust.org\/familias-al-aire-libre\/\" target=\"_self\" class=\"card-link-overlay\">\n        <div class=\"image-wrapper\">\n      <img decoding=\"async\" width=\"1024\" height=\"708\" src=\"https:\/\/sonomalandtrust.org\/wp-content\/uploads\/2026\/01\/kids-outing-wildflower-field-jenner-1024x708.jpg\" class=\"attachment-large size-large\" alt=\"\" srcset=\"https:\/\/sonomalandtrust.org\/wp-content\/uploads\/2026\/01\/kids-outing-wildflower-field-jenner-1024x708.jpg 1024w, https:\/\/sonomalandtrust.org\/wp-content\/uploads\/2026\/01\/kids-outing-wildflower-field-jenner-300x207.jpg 300w, https:\/\/sonomalandtrust.org\/wp-content\/uploads\/2026\/01\/kids-outing-wildflower-field-jenner-768x531.jpg 768w, https:\/\/sonomalandtrust.org\/wp-content\/uploads\/2026\/01\/kids-outing-wildflower-field-jenner.jpg 1419w\" sizes=\"(max-width: 1024px) 100vw, 1024px\" \/>      <div class=\"light-blue-torn-paper\"><\/div>\n    <\/div>\n    <div class=\"multicolor-card-content wp-block-group \">\n      <div class=\"card-content\">\n        <h2>Familias al Aire Libre<\/h2>\n<p>Las salidas Familias al Aire Libre de Sonoma Land Trust son excursiones guiadas dise\u00f1adas para familias biling\u00fces. Al eliminar barreras como el idioma, las tasas y el transporte, avanzamos en nuestro compromiso de acceso equitativo a la naturaleza para las familias de nuestra regi\u00f3n. <\/p>\n      <\/div>\n      <div class=\"green-arrow-green-bg\">\n        <span class=\"green-arrow-no-text\"><\/span>\n      <\/div>\n    <\/div>\n          <\/a>\n      <\/div>\n\n\n  <div class=\"border-box-card-with-link-block featured-program-card \" id=\"a_54971\">\n          <a href=\"https:\/\/sonomalandtrust.org\/youth-programs\/\" target=\"_self\" class=\"card-link-overlay\">\n        <div class=\"image-wrapper\">\n      <img decoding=\"async\" width=\"560\" height=\"560\" src=\"https:\/\/sonomalandtrust.org\/wp-content\/uploads\/2026\/01\/middle-school-students-learning-outdoors.jpg\" class=\"attachment-large size-large\" alt=\"\" srcset=\"https:\/\/sonomalandtrust.org\/wp-content\/uploads\/2026\/01\/middle-school-students-learning-outdoors.jpg 560w, https:\/\/sonomalandtrust.org\/wp-content\/uploads\/2026\/01\/middle-school-students-learning-outdoors-300x300.jpg 300w, https:\/\/sonomalandtrust.org\/wp-content\/uploads\/2026\/01\/middle-school-students-learning-outdoors-150x150.jpg 150w, https:\/\/sonomalandtrust.org\/wp-content\/uploads\/2026\/01\/middle-school-students-learning-outdoors-120x120.jpg 120w\" sizes=\"(max-width: 560px) 100vw, 560px\" \/>      <div class=\"light-blue-torn-paper\"><\/div>\n    <\/div>\n    <div class=\"multicolor-card-content wp-block-group \">\n      <div class=\"card-content\">\n        <h2>Programas para j\u00f3venes<\/h2>\n<p>Mediante programas de desarrollo juvenil que fomentan el descubrimiento cient\u00edfico, conducen al amor por la naturaleza y llevan la \u00e9tica de la conservaci\u00f3n a las nuevas generaciones, Sonoma Land Trust ofrece experiencias inclusivas y pr\u00e1cticas que conectan a los j\u00f3venes participantes con los paisajes del condado de Sonoma. Estas oportunidades pretenden educar, inspirar y fomentar la pr\u00f3xima generaci\u00f3n de conservacionistas. <\/p>\n      <\/div>\n      <div class=\"green-arrow-green-bg\">\n        <span class=\"green-arrow-no-text\"><\/span>\n      <\/div>\n    <\/div>\n          <\/a>\n      <\/div>\n\n\n  <div class=\"border-box-card-with-link-block featured-program-card \" id=\"a_3589562\">\n          <a href=\"https:\/\/sonomalandtrust.org\/all-events-outings\/\" target=\"_self\" class=\"card-link-overlay\">\n        <div class=\"image-wrapper\">\n      <img decoding=\"async\" width=\"560\" height=\"560\" src=\"https:\/\/sonomalandtrust.org\/wp-content\/uploads\/2026\/01\/child-in-the-wild-logo.jpg\" class=\"attachment-large size-large\" alt=\"\" srcset=\"https:\/\/sonomalandtrust.org\/wp-content\/uploads\/2026\/01\/child-in-the-wild-logo.jpg 560w, https:\/\/sonomalandtrust.org\/wp-content\/uploads\/2026\/01\/child-in-the-wild-logo-300x300.jpg 300w, https:\/\/sonomalandtrust.org\/wp-content\/uploads\/2026\/01\/child-in-the-wild-logo-150x150.jpg 150w, https:\/\/sonomalandtrust.org\/wp-content\/uploads\/2026\/01\/child-in-the-wild-logo-120x120.jpg 120w\" sizes=\"(max-width: 560px) 100vw, 560px\" \/>      <div class=\"light-blue-torn-paper\"><\/div>\n    <\/div>\n    <div class=\"multicolor-card-content wp-block-group \">\n      <div class=\"card-content\">\n        <h2>Ni\u00f1o salvaje<\/h2>\n<p>Ni\u00f1os en la Naturaleza de Sonoma Land Trust es una celebraci\u00f3n al aire libre, gratuita y familiar, dise\u00f1ada para concienciar a la comunidad y conseguir su apoyo para el futuro parque Santa Rosa Southeast Greenway, con puestos interactivos tem\u00e1ticos sobre la naturaleza, actuaciones multiculturales en directo, casetas hinchables y actividades que conectan a ni\u00f1os y familias con la naturaleza y el proceso de planificaci\u00f3n del parque.<\/p>\n      <\/div>\n      <div class=\"green-arrow-green-bg\">\n        <span class=\"green-arrow-no-text\"><\/span>\n      <\/div>\n    <\/div>\n          <\/a>\n      <\/div>\n<\/div>\n<\/div>\n\n<div class=\"wp-block-group is-layout-constrained wp-block-group-is-layout-constrained\">\n<p class=\"has-text-align-center is-style-size-h2 has-blue-color has-text-color has-link-color wp-elements-f02c7c1928f41521983d667391a30499\">Mira todas las formas en que nos comprometemos con la comunidad del condado de Sonoma.<\/p>\n\n\n\n<div class=\"wp-block-buttons is-content-justification-center is-layout-flex wp-container-core-buttons-is-layout-a89b3969 wp-block-buttons-is-layout-flex\">\n<div class=\"wp-block-button\"><a class=\"wp-block-button__link wp-element-button\" href=\"https:\/\/sonomalandtrust.org\/es\/todos-los-eventos-y-salidas\/\">M\u00e1s informaci\u00f3n<\/a><\/div>\n<\/div>\n<\/div>\n<div style=\"margin-top:0;margin-bottom:0;\" class=\"testimonial-carousel-block carousel-block alignfull align-text-left align wp-block-acf-testimonial-carousel\">\n        <div class=\"carousel-slides\">\n              <div class=\"carousel-slide\">\n          <div class=\"testimonial-item\">\n                          <div class=\"testimonial-image\">\n                <img decoding=\"async\" width=\"2560\" height=\"873\" src=\"https:\/\/sonomalandtrust.org\/wp-content\/uploads\/2026\/03\/three-young-children-enjoying-nature-scaled.jpg\" class=\"attachment-full size-full\" alt=\"Three young children sitting together on a field of grass.\" sizes=\"(max-width: 768px) 700px, (max-width: 1200px) 1400px, 2600px\" srcset=\"https:\/\/sonomalandtrust.org\/wp-content\/uploads\/2026\/03\/three-young-children-enjoying-nature-scaled.jpg 2560w, https:\/\/sonomalandtrust.org\/wp-content\/uploads\/2026\/03\/three-young-children-enjoying-nature-300x102.jpg 300w, https:\/\/sonomalandtrust.org\/wp-content\/uploads\/2026\/03\/three-young-children-enjoying-nature-1024x349.jpg 1024w, https:\/\/sonomalandtrust.org\/wp-content\/uploads\/2026\/03\/three-young-children-enjoying-nature-768x262.jpg 768w, https:\/\/sonomalandtrust.org\/wp-content\/uploads\/2026\/03\/three-young-children-enjoying-nature-1536x524.jpg 1536w, https:\/\/sonomalandtrust.org\/wp-content\/uploads\/2026\/03\/three-young-children-enjoying-nature-2048x698.jpg 2048w\" \/>              <\/div>\n                          <div class=\"testimonial-content\">\n              <div class=\"inner-content show-mobile\">\n                <div class=\"testimonial-text \"><p>\u00abEste programa motiva mucho a mis hijos, y tambi\u00e9n a nosotros como padres. Est\u00e1n muy contentos de saber que pronto habr\u00e1 un paseo al aire libre, y esperan el momento de sentirse libres entre la naturaleza. Mi hija me dice: &#8216;Mami, me encanta sentir el viento&#8217;\u00bb.<\/p>\n<\/div>\n              <\/div>\n              <div class=\"inner-content\">\n                                  <div class=\"left\">\n                    <div class=\"author-image\">\n                      <img decoding=\"async\" width=\"300\" height=\"300\" src=\"https:\/\/sonomalandtrust.org\/wp-content\/uploads\/2026\/03\/three-young-kids-in-nature-300x300.jpg\" class=\"attachment-medium size-medium\" alt=\"Three young children exploring nature.\" srcset=\"https:\/\/sonomalandtrust.org\/wp-content\/uploads\/2026\/03\/three-young-kids-in-nature-300x300.jpg 300w, https:\/\/sonomalandtrust.org\/wp-content\/uploads\/2026\/03\/three-young-kids-in-nature-150x150.jpg 150w, https:\/\/sonomalandtrust.org\/wp-content\/uploads\/2026\/03\/three-young-kids-in-nature-120x120.jpg 120w, https:\/\/sonomalandtrust.org\/wp-content\/uploads\/2026\/03\/three-young-kids-in-nature.jpg 356w\" sizes=\"(max-width: 300px) 100vw, 300px\" \/>                    <\/div>\n                  <\/div>\n                                <div class=\"right\">\n                  <div class=\"testimonial-text hide-mobile\"><p>\u00abEste programa motiva mucho a mis hijos, y tambi\u00e9n a nosotros como padres. Est\u00e1n muy contentos de saber que pronto habr\u00e1 un paseo al aire libre, y esperan el momento de sentirse libres entre la naturaleza. Mi hija me dice: &#8216;Mami, me encanta sentir el viento&#8217;\u00bb.<\/p>\n<\/div>\n                                                          <p class=\"author-name\"><span>&mdash;<\/span>Familias al Aire Libre padre, Lucy D.  <\/p>\n                                                      <\/div>\n              <\/div>\n              <!-- <div class=\"yellow-border\"><\/div> -->\n            <\/div>\n          <\/div>\n        <\/div>\n              <div class=\"carousel-slide\">\n          <div class=\"testimonial-item\">\n                          <div class=\"testimonial-image\">\n                <img decoding=\"async\" width=\"2560\" height=\"990\" src=\"https:\/\/sonomalandtrust.org\/wp-content\/uploads\/2026\/01\/hikers-sonoma-mountain-vernal-pools-scaled.jpg\" class=\"attachment-full size-full\" alt=\"\" sizes=\"(max-width: 768px) 700px, (max-width: 1200px) 1400px, 2600px\" srcset=\"https:\/\/sonomalandtrust.org\/wp-content\/uploads\/2026\/01\/hikers-sonoma-mountain-vernal-pools-scaled.jpg 2560w, https:\/\/sonomalandtrust.org\/wp-content\/uploads\/2026\/01\/hikers-sonoma-mountain-vernal-pools-300x116.jpg 300w, https:\/\/sonomalandtrust.org\/wp-content\/uploads\/2026\/01\/hikers-sonoma-mountain-vernal-pools-1024x396.jpg 1024w, https:\/\/sonomalandtrust.org\/wp-content\/uploads\/2026\/01\/hikers-sonoma-mountain-vernal-pools-768x297.jpg 768w, https:\/\/sonomalandtrust.org\/wp-content\/uploads\/2026\/01\/hikers-sonoma-mountain-vernal-pools-1536x594.jpg 1536w, https:\/\/sonomalandtrust.org\/wp-content\/uploads\/2026\/01\/hikers-sonoma-mountain-vernal-pools-2048x792.jpg 2048w\" \/>              <\/div>\n                          <div class=\"testimonial-content\">\n              <div class=\"inner-content show-mobile\">\n                <div class=\"testimonial-text \"><p>\u00abEsta caminata fue una de las m\u00e1s concurridas de todas nuestras caminatas, y los comentarios que he recibido han sido excepcionales. Gracias por organizar la ruta y por tu interpretaci\u00f3n\u00bb.<\/p>\n<\/div>\n              <\/div>\n              <div class=\"inner-content\">\n                                  <div class=\"left\">\n                    <div class=\"author-image\">\n                      <img decoding=\"async\" width=\"300\" height=\"300\" src=\"https:\/\/sonomalandtrust.org\/wp-content\/uploads\/2026\/01\/sonoma-mountain-vernal-pools-wildflower-300x300.jpg\" class=\"attachment-medium size-medium\" alt=\"\" srcset=\"https:\/\/sonomalandtrust.org\/wp-content\/uploads\/2026\/01\/sonoma-mountain-vernal-pools-wildflower-300x300.jpg 300w, https:\/\/sonomalandtrust.org\/wp-content\/uploads\/2026\/01\/sonoma-mountain-vernal-pools-wildflower-150x150.jpg 150w, https:\/\/sonomalandtrust.org\/wp-content\/uploads\/2026\/01\/sonoma-mountain-vernal-pools-wildflower-120x120.jpg 120w, https:\/\/sonomalandtrust.org\/wp-content\/uploads\/2026\/01\/sonoma-mountain-vernal-pools-wildflower.jpg 356w\" sizes=\"(max-width: 300px) 100vw, 300px\" \/>                    <\/div>\n                  <\/div>\n                                <div class=\"right\">\n                  <div class=\"testimonial-text hide-mobile\"><p>\u00abEsta caminata fue una de las m\u00e1s concurridas de todas nuestras caminatas, y los comentarios que he recibido han sido excepcionales. Gracias por organizar la ruta y por tu interpretaci\u00f3n\u00bb.<\/p>\n<\/div>\n                                                          <p class=\"author-name\"><span>&mdash;<\/span>Participante en la excursi\u00f3n del Grupo Comunitario, Sonoma Mountain Vernal Pools hike  <\/p>\n                                                      <\/div>\n              <\/div>\n              <!-- <div class=\"yellow-border\"><\/div> -->\n            <\/div>\n          <\/div>\n        <\/div>\n              <div class=\"carousel-slide\">\n          <div class=\"testimonial-item\">\n                          <div class=\"testimonial-image\">\n                <img decoding=\"async\" width=\"2560\" height=\"990\" src=\"https:\/\/sonomalandtrust.org\/wp-content\/uploads\/2026\/01\/sea-urchins-tide-pool-scaled.jpg\" class=\"attachment-full size-full\" alt=\"\" sizes=\"(max-width: 768px) 700px, (max-width: 1200px) 1400px, 2600px\" srcset=\"https:\/\/sonomalandtrust.org\/wp-content\/uploads\/2026\/01\/sea-urchins-tide-pool-scaled.jpg 2560w, https:\/\/sonomalandtrust.org\/wp-content\/uploads\/2026\/01\/sea-urchins-tide-pool-300x116.jpg 300w, https:\/\/sonomalandtrust.org\/wp-content\/uploads\/2026\/01\/sea-urchins-tide-pool-1024x396.jpg 1024w, https:\/\/sonomalandtrust.org\/wp-content\/uploads\/2026\/01\/sea-urchins-tide-pool-768x297.jpg 768w, https:\/\/sonomalandtrust.org\/wp-content\/uploads\/2026\/01\/sea-urchins-tide-pool-1536x594.jpg 1536w, https:\/\/sonomalandtrust.org\/wp-content\/uploads\/2026\/01\/sea-urchins-tide-pool-2048x792.jpg 2048w\" \/>              <\/div>\n                          <div class=\"testimonial-content\">\n              <div class=\"inner-content show-mobile\">\n                <div class=\"testimonial-text \"><p>\u00abMi experiencia m\u00e1s memorable fue cuando fuimos a ver las mareas y cuando fuimos al laboratorio marino de Bodega Bay. Nunca supe hasta qu\u00e9 punto me interesaba la vida marina, pero este programa me dio la oportunidad de encontrar nuevas pasiones en ese campo.\u00bb<\/p>\n<\/div>\n              <\/div>\n              <div class=\"inner-content\">\n                                  <div class=\"left\">\n                    <div class=\"author-image\">\n                      <img decoding=\"async\" width=\"300\" height=\"300\" src=\"https:\/\/sonomalandtrust.org\/wp-content\/uploads\/2026\/01\/conservation-council-member-learning-bodega-marine-lab-300x300.jpg\" class=\"attachment-medium size-medium\" alt=\"\" srcset=\"https:\/\/sonomalandtrust.org\/wp-content\/uploads\/2026\/01\/conservation-council-member-learning-bodega-marine-lab-300x300.jpg 300w, https:\/\/sonomalandtrust.org\/wp-content\/uploads\/2026\/01\/conservation-council-member-learning-bodega-marine-lab-150x150.jpg 150w, https:\/\/sonomalandtrust.org\/wp-content\/uploads\/2026\/01\/conservation-council-member-learning-bodega-marine-lab-120x120.jpg 120w, https:\/\/sonomalandtrust.org\/wp-content\/uploads\/2026\/01\/conservation-council-member-learning-bodega-marine-lab.jpg 356w\" sizes=\"(max-width: 300px) 100vw, 300px\" \/>                    <\/div>\n                  <\/div>\n                                <div class=\"right\">\n                  <div class=\"testimonial-text hide-mobile\"><p>\u00abMi experiencia m\u00e1s memorable fue cuando fuimos a ver las mareas y cuando fuimos al laboratorio marino de Bodega Bay. Nunca supe hasta qu\u00e9 punto me interesaba la vida marina, pero este programa me dio la oportunidad de encontrar nuevas pasiones en ese campo.\u00bb<\/p>\n<\/div>\n                                                          <p class=\"author-name\"><span>&mdash;<\/span>Estudiante de d\u00e9cimo curso y participante en el Consejo de Conservaci\u00f3n, Instituto Piner<\/p>\n                                                      <\/div>\n              <\/div>\n              <!-- <div class=\"yellow-border\"><\/div> -->\n            <\/div>\n          <\/div>\n        <\/div>\n            <\/div>\n  <\/div>\n<div class=\"wp-block-group alignfull has-yellow-screened-background-color has-background is-layout-constrained wp-block-group-is-layout-constrained\" style=\"margin-top:0;padding-top:108px;padding-bottom:var(--wp--preset--spacing--70)\">\n<div class=\"wp-block-group is-layout-grid wp-container-core-group-is-layout-29271053 wp-block-group-is-layout-grid\">  <div class=\"border-box-card-with-link-block  taller-img show-torn-paper-on-image no-link\" id=\"a_4742308\">\n        <div class=\"image-wrapper\">\n      <img decoding=\"async\" width=\"1024\" height=\"574\" src=\"https:\/\/sonomalandtrust.org\/wp-content\/uploads\/2026\/01\/staff-tabling-event-1024x574.jpg\" class=\"attachment-large size-large\" alt=\"\" srcset=\"https:\/\/sonomalandtrust.org\/wp-content\/uploads\/2026\/01\/staff-tabling-event-1024x574.jpg 1024w, https:\/\/sonomalandtrust.org\/wp-content\/uploads\/2026\/01\/staff-tabling-event-300x168.jpg 300w, https:\/\/sonomalandtrust.org\/wp-content\/uploads\/2026\/01\/staff-tabling-event-768x431.jpg 768w, https:\/\/sonomalandtrust.org\/wp-content\/uploads\/2026\/01\/staff-tabling-event.jpg 1184w\" sizes=\"(max-width: 1024px) 100vw, 1024px\" \/>      <div class=\"light-blue-torn-paper\"><\/div>\n    <\/div>\n    <div class=\"multicolor-card-content wp-block-group \">\n      <div class=\"card-content\">\n        <h2>Acontecimientos locales<\/h2>\n<p>Conectar con la comunidad es una de nuestras principales prioridades, \u00a1y agradecemos las invitaciones para unirnos a las organizaciones locales en sus eventos! \u00bfTe interesa que Sonoma Land Trust participe en uno de tus pr\u00f3ximos eventos del condado de Sonoma? Ponte en contacto con <a href=\"mailto:Outings@sonomalandtrust.org\">outings@sonomalandtrust.org<\/a>  <\/p>\n      <\/div>\n        <\/div>\n      <\/div>\n\n\n  <div class=\"border-box-card-with-link-block  taller-img show-torn-paper-on-image no-link\" id=\"a_5397284\">\n        <div class=\"image-wrapper\">\n      <img decoding=\"async\" width=\"1024\" height=\"595\" src=\"https:\/\/sonomalandtrust.org\/wp-content\/uploads\/2026\/01\/hikers-tolay-creek-1024x595.jpg\" class=\"attachment-large size-large\" alt=\"\" srcset=\"https:\/\/sonomalandtrust.org\/wp-content\/uploads\/2026\/01\/hikers-tolay-creek-1024x595.jpg 1024w, https:\/\/sonomalandtrust.org\/wp-content\/uploads\/2026\/01\/hikers-tolay-creek-300x174.jpg 300w, https:\/\/sonomalandtrust.org\/wp-content\/uploads\/2026\/01\/hikers-tolay-creek-768x446.jpg 768w, https:\/\/sonomalandtrust.org\/wp-content\/uploads\/2026\/01\/hikers-tolay-creek.jpg 1174w\" sizes=\"(max-width: 1024px) 100vw, 1024px\" \/>      <div class=\"light-blue-torn-paper\"><\/div>\n    <\/div>\n    <div class=\"multicolor-card-content wp-block-group \">\n      <div class=\"card-content\">\n        <h2>Experiencias en grupo<\/h2>\n<p>Sonoma Land Trust se asocia con organizaciones comunitarias para dise\u00f1ar salidas que ofrezcan formas significativas de conectar con la naturaleza.<\/p>\n<p>Si est\u00e1s interesado en una salida a medida para tu organizaci\u00f3n, ponte en contacto con <a href=\"mailto:Outings@sonomalandtrust.org\">outings@sonomalandtrust.org<\/a><\/p>\n      <\/div>\n        <\/div>\n      <\/div>\n<\/div>\n\n\n\n<div class=\"wp-block-buttons mb-med-spacer-2 is-content-justification-center is-layout-flex wp-container-core-buttons-is-layout-05d3bc04 wp-block-buttons-is-layout-flex\" style=\"margin-top:var(--wp--preset--spacing--60);margin-bottom:var(--wp--preset--spacing--80)\">\n<div class=\"wp-block-button\"><a class=\"wp-block-button__link wp-element-button\" href=\"https:\/\/sonomalandtrust.org\/es\/todos-los-eventos-y-salidas\/\">Todos los eventos y salidas<\/a><\/div>\n<\/div>\n\n\n\n<div class=\"wp-block-group is-layout-constrained wp-block-group-is-layout-constrained\" style=\"margin-top:var(--wp--preset--spacing--50);margin-bottom:var(--wp--preset--spacing--50);padding-top:var(--wp--preset--spacing--60)\">\t<div class=\"illustrated-cta-block  redwoods  redwoods wp-block-acf-illustrated-cta-block\">\n    <div class=\"acf-innerblocks-container\">\n\n<div class=\"wp-block-group is-layout-flow wp-block-group-is-layout-flow\">\n<figure class=\"wp-block-image size-full illustration-image\"><img decoding=\"async\" width=\"800\" height=\"786\" src=\"https:\/\/sonomalandtrust.org\/wp-content\/uploads\/2025\/12\/redwoods.png\" alt=\"\" class=\"wp-image-7603\" srcset=\"https:\/\/sonomalandtrust.org\/wp-content\/uploads\/2025\/12\/redwoods.png 800w, https:\/\/sonomalandtrust.org\/wp-content\/uploads\/2025\/12\/redwoods-300x295.png 300w, https:\/\/sonomalandtrust.org\/wp-content\/uploads\/2025\/12\/redwoods-768x755.png 768w\" sizes=\"(max-width: 800px) 100vw, 800px\" \/><\/figure>\n\n\n\n<div class=\"wp-block-group illustration-cta-content is-layout-flow wp-block-group-is-layout-flow\">\n<h2 class=\"wp-block-heading illustration-cta-text has-teal-color has-text-color\">Apoya programas como \u00e9stos<\/h2>\n\n\n\n<div class=\"wp-block-button is-style-tertiary\"><a class=\"wp-block-button__link wp-element-button\" href=\"\/donate-now\/\">Haz un donativo<\/a><\/div>\n<\/div>\n<\/div>\n\n<\/div>\n<\/div>\n\n\n\n<p><\/p>\n<\/div>\n<\/div>\n","protected":false},"excerpt":{"rendered":"<p>Sonoma Land Trust da prioridad a un compromiso que sea significativo para las necesidades, valores y culturas de nuestras comunidades. Mira todas las formas en que nos comprometemos con la comunidad del condado de Sonoma.<\/p>\n","protected":false},"author":1,"featured_media":0,"parent":0,"menu_order":0,"comment_status":"open","ping_status":"open","template":"","meta":{"_acf_changed":false,"footnotes":""},"class_list":["post-10662","page","type-page","status-publish","hentry"],"acf":[],"yoast_head":"<!-- This site is optimized with the Yoast SEO plugin v27.3 - https:\/\/yoast.com\/product\/yoast-seo-wordpress\/ -->\n<title>Participaci\u00f3n de la Comunidad &#8212; Sonoma Land Trust<\/title>\n<meta name=\"description\" content=\"Apoyamos el acceso equitativo a la naturaleza para todos, y nos comprometemos a construir relaciones aut\u00e9nticas mediante el compromiso comunitario en el condado de Sonoma.\" \/>\n<meta name=\"robots\" content=\"index, follow, max-snippet:-1, max-image-preview:large, max-video-preview:-1\" \/>\n<link rel=\"canonical\" href=\"https:\/\/sonomalandtrust.org\/es\/participacion-de-la-comunidad\/\" \/>\n<meta property=\"og:locale\" content=\"es_ES\" \/>\n<meta property=\"og:type\" content=\"article\" \/>\n<meta property=\"og:title\" content=\"Participaci\u00f3n de la Comunidad &#8212; Sonoma Land Trust\" \/>\n<meta property=\"og:description\" content=\"Apoyamos el acceso equitativo a la naturaleza para todos, y nos comprometemos a construir relaciones aut\u00e9nticas mediante el compromiso comunitario en el condado de Sonoma.\" \/>\n<meta property=\"og:url\" content=\"https:\/\/sonomalandtrust.org\/es\/participacion-de-la-comunidad\/\" \/>\n<meta property=\"og:site_name\" content=\"Sonoma Land Trust\" \/>\n<meta property=\"article:publisher\" content=\"http:\/\/www.facebook.com\/Sonoma-Land-Trust\/\" \/>\n<meta property=\"article:modified_time\" content=\"2026-03-13T17:28:59+00:00\" \/>\n<meta property=\"og:image\" content=\"https:\/\/slt-2026.eclipse-dev.com\/wp-content\/uploads\/2026\/01\/community-group-outing-scaled.jpg\" \/>\n<meta name=\"twitter:card\" content=\"summary_large_image\" \/>\n<meta name=\"twitter:label1\" content=\"Est. reading time\" \/>\n\t<meta name=\"twitter:data1\" content=\"2 minuto\" \/>\n<script type=\"application\/ld+json\" class=\"yoast-schema-graph\">{\"@context\":\"https:\\\/\\\/schema.org\",\"@graph\":[{\"@type\":\"WebPage\",\"@id\":\"https:\\\/\\\/sonomalandtrust.org\\\/es\\\/participacion-de-la-comunidad\\\/\",\"url\":\"https:\\\/\\\/sonomalandtrust.org\\\/es\\\/participacion-de-la-comunidad\\\/\",\"name\":\"Participaci\u00f3n de la Comunidad &#8212; Sonoma Land Trust\",\"isPartOf\":{\"@id\":\"https:\\\/\\\/slt-2026.eclipse-dev.com\\\/#website\"},\"primaryImageOfPage\":{\"@id\":\"https:\\\/\\\/sonomalandtrust.org\\\/es\\\/participacion-de-la-comunidad\\\/#primaryimage\"},\"image\":{\"@id\":\"https:\\\/\\\/sonomalandtrust.org\\\/es\\\/participacion-de-la-comunidad\\\/#primaryimage\"},\"thumbnailUrl\":\"https:\\\/\\\/sonomalandtrust.org\\\/wp-content\\\/uploads\\\/2026\\\/01\\\/community-group-outing-scaled.jpg\",\"datePublished\":\"2025-09-12T00:21:25+00:00\",\"dateModified\":\"2026-03-13T17:28:59+00:00\",\"description\":\"Apoyamos el acceso equitativo a la naturaleza para todos, y nos comprometemos a construir relaciones aut\u00e9nticas mediante el compromiso comunitario en el condado de Sonoma.\",\"breadcrumb\":{\"@id\":\"https:\\\/\\\/sonomalandtrust.org\\\/es\\\/participacion-de-la-comunidad\\\/#breadcrumb\"},\"inLanguage\":\"es\",\"potentialAction\":[{\"@type\":\"ReadAction\",\"target\":[\"https:\\\/\\\/sonomalandtrust.org\\\/es\\\/participacion-de-la-comunidad\\\/\"]}]},{\"@type\":\"ImageObject\",\"inLanguage\":\"es\",\"@id\":\"https:\\\/\\\/sonomalandtrust.org\\\/es\\\/participacion-de-la-comunidad\\\/#primaryimage\",\"url\":\"https:\\\/\\\/sonomalandtrust.org\\\/wp-content\\\/uploads\\\/2026\\\/01\\\/community-group-outing-scaled.jpg\",\"contentUrl\":\"https:\\\/\\\/sonomalandtrust.org\\\/wp-content\\\/uploads\\\/2026\\\/01\\\/community-group-outing-scaled.jpg\"},{\"@type\":\"BreadcrumbList\",\"@id\":\"https:\\\/\\\/sonomalandtrust.org\\\/es\\\/participacion-de-la-comunidad\\\/#breadcrumb\",\"itemListElement\":[{\"@type\":\"ListItem\",\"position\":1,\"name\":\"Home\",\"item\":\"https:\\\/\\\/sonomalandtrust.org\\\/es\\\/inicio\\\/\"},{\"@type\":\"ListItem\",\"position\":2,\"name\":\"Participaci\u00f3n de la Comunidad\"}]},{\"@type\":\"WebSite\",\"@id\":\"https:\\\/\\\/slt-2026.eclipse-dev.com\\\/#website\",\"url\":\"https:\\\/\\\/slt-2026.eclipse-dev.com\\\/\",\"name\":\"Sonoma Land Trust\",\"description\":\"\",\"publisher\":{\"@id\":\"https:\\\/\\\/slt-2026.eclipse-dev.com\\\/#organization\"},\"potentialAction\":[{\"@type\":\"SearchAction\",\"target\":{\"@type\":\"EntryPoint\",\"urlTemplate\":\"https:\\\/\\\/slt-2026.eclipse-dev.com\\\/?s={search_term_string}\"},\"query-input\":{\"@type\":\"PropertyValueSpecification\",\"valueRequired\":true,\"valueName\":\"search_term_string\"}}],\"inLanguage\":\"es\"},{\"@type\":\"Organization\",\"@id\":\"https:\\\/\\\/slt-2026.eclipse-dev.com\\\/#organization\",\"name\":\"Fondo de Tierras de Sonoma\",\"url\":\"https:\\\/\\\/slt-2026.eclipse-dev.com\\\/\",\"logo\":{\"@type\":\"ImageObject\",\"inLanguage\":\"es\",\"@id\":\"https:\\\/\\\/slt-2026.eclipse-dev.com\\\/#\\\/schema\\\/logo\\\/image\\\/\",\"url\":\"https:\\\/\\\/sonomalandtrust.org\\\/wp-content\\\/uploads\\\/2025\\\/10\\\/slt-logo.png\",\"contentUrl\":\"https:\\\/\\\/sonomalandtrust.org\\\/wp-content\\\/uploads\\\/2025\\\/10\\\/slt-logo.png\",\"width\":549,\"height\":333,\"caption\":\"Fondo de Tierras de Sonoma\"},\"image\":{\"@id\":\"https:\\\/\\\/slt-2026.eclipse-dev.com\\\/#\\\/schema\\\/logo\\\/image\\\/\"},\"sameAs\":[\"http:\\\/\\\/www.facebook.com\\\/Sonoma-Land-Trust\\\/\",\"https:\\\/\\\/www.instagram.com\\\/sonomalandtrust\\\/\",\"https:\\\/\\\/bsky.app\\\/profile\\\/sonomalandtrust.bsky.social\",\"https:\\\/\\\/www.youtube.com\\\/user\\\/SonomaLandTrust\\\/\",\"http:\\\/\\\/www.linkedin.com\\\/company\\\/1090048?trk=tyah\"]}]}<\/script>\n<!-- \/ Yoast SEO plugin. -->","yoast_head_json":{"title":"Participaci\u00f3n de la Comunidad &#8212; Sonoma Land Trust","description":"Apoyamos el acceso equitativo a la naturaleza para todos, y nos comprometemos a construir relaciones aut\u00e9nticas mediante el compromiso comunitario en el condado de Sonoma.","robots":{"index":"index","follow":"follow","max-snippet":"max-snippet:-1","max-image-preview":"max-image-preview:large","max-video-preview":"max-video-preview:-1"},"canonical":"https:\/\/sonomalandtrust.org\/es\/participacion-de-la-comunidad\/","og_locale":"es_ES","og_type":"article","og_title":"Participaci\u00f3n de la Comunidad &#8212; Sonoma Land Trust","og_description":"Apoyamos el acceso equitativo a la naturaleza para todos, y nos comprometemos a construir relaciones aut\u00e9nticas mediante el compromiso comunitario en el condado de Sonoma.","og_url":"https:\/\/sonomalandtrust.org\/es\/participacion-de-la-comunidad\/","og_site_name":"Sonoma Land Trust","article_publisher":"http:\/\/www.facebook.com\/Sonoma-Land-Trust\/","article_modified_time":"2026-03-13T17:28:59+00:00","og_image":[{"url":"https:\/\/slt-2026.eclipse-dev.com\/wp-content\/uploads\/2026\/01\/community-group-outing-scaled.jpg","type":"","width":"","height":""}],"twitter_card":"summary_large_image","twitter_misc":{"Est. reading time":"2 minuto"},"schema":{"@context":"https:\/\/schema.org","@graph":[{"@type":"WebPage","@id":"https:\/\/sonomalandtrust.org\/es\/participacion-de-la-comunidad\/","url":"https:\/\/sonomalandtrust.org\/es\/participacion-de-la-comunidad\/","name":"Participaci\u00f3n de la Comunidad &#8212; Sonoma Land Trust","isPartOf":{"@id":"https:\/\/slt-2026.eclipse-dev.com\/#website"},"primaryImageOfPage":{"@id":"https:\/\/sonomalandtrust.org\/es\/participacion-de-la-comunidad\/#primaryimage"},"image":{"@id":"https:\/\/sonomalandtrust.org\/es\/participacion-de-la-comunidad\/#primaryimage"},"thumbnailUrl":"https:\/\/sonomalandtrust.org\/wp-content\/uploads\/2026\/01\/community-group-outing-scaled.jpg","datePublished":"2025-09-12T00:21:25+00:00","dateModified":"2026-03-13T17:28:59+00:00","description":"Apoyamos el acceso equitativo a la naturaleza para todos, y nos comprometemos a construir relaciones aut\u00e9nticas mediante el compromiso comunitario en el condado de Sonoma.","breadcrumb":{"@id":"https:\/\/sonomalandtrust.org\/es\/participacion-de-la-comunidad\/#breadcrumb"},"inLanguage":"es","potentialAction":[{"@type":"ReadAction","target":["https:\/\/sonomalandtrust.org\/es\/participacion-de-la-comunidad\/"]}]},{"@type":"ImageObject","inLanguage":"es","@id":"https:\/\/sonomalandtrust.org\/es\/participacion-de-la-comunidad\/#primaryimage","url":"https:\/\/sonomalandtrust.org\/wp-content\/uploads\/2026\/01\/community-group-outing-scaled.jpg","contentUrl":"https:\/\/sonomalandtrust.org\/wp-content\/uploads\/2026\/01\/community-group-outing-scaled.jpg"},{"@type":"BreadcrumbList","@id":"https:\/\/sonomalandtrust.org\/es\/participacion-de-la-comunidad\/#breadcrumb","itemListElement":[{"@type":"ListItem","position":1,"name":"Home","item":"https:\/\/sonomalandtrust.org\/es\/inicio\/"},{"@type":"ListItem","position":2,"name":"Participaci\u00f3n de la Comunidad"}]},{"@type":"WebSite","@id":"https:\/\/slt-2026.eclipse-dev.com\/#website","url":"https:\/\/slt-2026.eclipse-dev.com\/","name":"Sonoma Land Trust","description":"","publisher":{"@id":"https:\/\/slt-2026.eclipse-dev.com\/#organization"},"potentialAction":[{"@type":"SearchAction","target":{"@type":"EntryPoint","urlTemplate":"https:\/\/slt-2026.eclipse-dev.com\/?s={search_term_string}"},"query-input":{"@type":"PropertyValueSpecification","valueRequired":true,"valueName":"search_term_string"}}],"inLanguage":"es"},{"@type":"Organization","@id":"https:\/\/slt-2026.eclipse-dev.com\/#organization","name":"Fondo de Tierras de Sonoma","url":"https:\/\/slt-2026.eclipse-dev.com\/","logo":{"@type":"ImageObject","inLanguage":"es","@id":"https:\/\/slt-2026.eclipse-dev.com\/#\/schema\/logo\/image\/","url":"https:\/\/sonomalandtrust.org\/wp-content\/uploads\/2025\/10\/slt-logo.png","contentUrl":"https:\/\/sonomalandtrust.org\/wp-content\/uploads\/2025\/10\/slt-logo.png","width":549,"height":333,"caption":"Fondo de Tierras de Sonoma"},"image":{"@id":"https:\/\/slt-2026.eclipse-dev.com\/#\/schema\/logo\/image\/"},"sameAs":["http:\/\/www.facebook.com\/Sonoma-Land-Trust\/","https:\/\/www.instagram.com\/sonomalandtrust\/","https:\/\/bsky.app\/profile\/sonomalandtrust.bsky.social","https:\/\/www.youtube.com\/user\/SonomaLandTrust\/","http:\/\/www.linkedin.com\/company\/1090048?trk=tyah"]}]}},"_links":{"self":[{"href":"https:\/\/sonomalandtrust.org\/es\/wp-json\/wp\/v2\/pages\/10662","targetHints":{"allow":["GET"]}}],"collection":[{"href":"https:\/\/sonomalandtrust.org\/es\/wp-json\/wp\/v2\/pages"}],"about":[{"href":"https:\/\/sonomalandtrust.org\/es\/wp-json\/wp\/v2\/types\/page"}],"author":[{"embeddable":true,"href":"https:\/\/sonomalandtrust.org\/es\/wp-json\/wp\/v2\/users\/1"}],"replies":[{"embeddable":true,"href":"https:\/\/sonomalandtrust.org\/es\/wp-json\/wp\/v2\/comments?post=10662"}],"version-history":[{"count":0,"href":"https:\/\/sonomalandtrust.org\/es\/wp-json\/wp\/v2\/pages\/10662\/revisions"}],"wp:attachment":[{"href":"https:\/\/sonomalandtrust.org\/es\/wp-json\/wp\/v2\/media?parent=10662"}],"curies":[{"name":"wp","href":"https:\/\/api.w.org\/{rel}","templated":true}]}}