{"id":10639,"date":"2025-09-11T17:15:38","date_gmt":"2025-09-12T00:15:38","guid":{"rendered":"https:\/\/sonomalandtrust.org\/nuestra-gente\/"},"modified":"2026-03-13T10:34:05","modified_gmt":"2026-03-13T17:34:05","slug":"nuestra-gente","status":"publish","type":"page","link":"https:\/\/sonomalandtrust.org\/es\/nuestra-gente\/","title":{"rendered":"Nuestra gente"},"content":{"rendered":"\n<div class=\"wp-block-group alignfull default-page-header-group is-layout-constrained wp-block-group-is-layout-constrained\">\n<h1 class=\"wp-block-heading\">Nuestro personal y junta directiva<\/h1>\n\n\n\n<div class=\"wp-block-cover alignwide has-custom-content-position is-position-bottom-center\"><img decoding=\"async\" width=\"2560\" height=\"1148\" class=\"wp-block-cover__image-background wp-image-10180 size-full\" alt=\"Sonoma Land Trust staff gathered for a group photo\" src=\"https:\/\/sonomalandtrust.org\/wp-content\/uploads\/2026\/01\/sonoma-land-trust-staff-gathering-scaled.jpg\" style=\"object-position:46% 16%\" data-object-fit=\"cover\" data-object-position=\"46% 16%\" srcset=\"https:\/\/sonomalandtrust.org\/wp-content\/uploads\/2026\/01\/sonoma-land-trust-staff-gathering-scaled.jpg 2560w, https:\/\/sonomalandtrust.org\/wp-content\/uploads\/2026\/01\/sonoma-land-trust-staff-gathering-300x135.jpg 300w, https:\/\/sonomalandtrust.org\/wp-content\/uploads\/2026\/01\/sonoma-land-trust-staff-gathering-1024x459.jpg 1024w, https:\/\/sonomalandtrust.org\/wp-content\/uploads\/2026\/01\/sonoma-land-trust-staff-gathering-768x344.jpg 768w, https:\/\/sonomalandtrust.org\/wp-content\/uploads\/2026\/01\/sonoma-land-trust-staff-gathering-1536x689.jpg 1536w, https:\/\/sonomalandtrust.org\/wp-content\/uploads\/2026\/01\/sonoma-land-trust-staff-gathering-2048x918.jpg 2048w\" sizes=\"(max-width: 2560px) 100vw, 2560px\" \/><span aria-hidden=\"true\" class=\"wp-block-cover__background has-background-dim-0 has-background-dim\"><\/span><div class=\"wp-block-cover__inner-container is-layout-constrained wp-block-cover-is-layout-constrained\">\n\n<p class=\"has-large-font-size\"><\/p>\n\n<\/div><\/div>\n\n\n\n<h2 class=\"wp-block-heading has-green-color has-text-color has-link-color wp-elements-fa3ad71b0f1b3abd60517f720f1693ab\"><strong><strong>Dedicados a proteger el futuro del Condado de Sonoma<\/strong><\/strong><\/h2>\n\n\n\n<p class=\"has-text-align-center header-intro-text has-green-color has-text-color has-link-color wp-elements-ed447710f411df7bce4bac314fdfce74\">Guiados por la pasi\u00f3n por la tierra y dedicados a proteger el futuro del condado de Sonoma, las personas de Sonoma Land Trust impulsan nuestro impacto y fomentan el compromiso de la comunidad.  <br\/><\/p>\n<\/div>\n\n<div class=\"wp-block-group is-layout-constrained wp-block-group-is-layout-constrained\" style=\"padding-top:var(--wp--preset--spacing--60)\">\n\t<div class=\"section-heading section-divider-vertical has-text-align-center  align-text-left align-content-top align wp-block-acf-section-divider-vertical\">\n\n\n  <div class=\"acf-innerblocks-container\">\n\n<h2 class=\"wp-block-heading has-text-align-center has-teal-color has-text-color\"><strong>Consejo de Administraci\u00f3n<\/strong><\/h2>\n\n<\/div>\n\n<\/div>\n\n\n\n\n\n\n\n<div class=\"wp-block-media-text is-stacked-on-mobile\" style=\"margin-top:var(--wp--preset--spacing--50)\"><figure class=\"wp-block-media-text__media\"><img decoding=\"async\" width=\"600\" height=\"450\" src=\"https:\/\/sonomalandtrust.org\/wp-content\/uploads\/2025\/10\/7d4fde0cd9721aac31d8065845968fd04f843085.jpg\" alt=\"\" class=\"wp-image-6084 size-full\" srcset=\"https:\/\/sonomalandtrust.org\/wp-content\/uploads\/2025\/10\/7d4fde0cd9721aac31d8065845968fd04f843085.jpg 600w, https:\/\/sonomalandtrust.org\/wp-content\/uploads\/2025\/10\/7d4fde0cd9721aac31d8065845968fd04f843085-300x225.jpg 300w\" sizes=\"(max-width: 600px) 100vw, 600px\" \/><\/figure><div class=\"wp-block-media-text__content\">\n<h2 class=\"wp-block-heading has-blue-color has-text-color has-link-color wp-elements-27bc2c73bc304675939a5b51fea5a10a\"><strong>Supervisi\u00f3n estrat\u00e9gica<\/strong><\/h2>\n\n\n\n<p>Nuestra junta est\u00e1 formada por miembros din\u00e1micos y apasionados de la comunidad del condado de Sonoma que supervisan estrat\u00e9gicamente nuestro trabajo. Ofrecen voluntariamente su tiempo y experiencia y aportan capital financiero y social mientras abordamos en colaboraci\u00f3n cuestiones como la resistencia al cambio clim\u00e1tico, la p\u00e9rdida de diversidad biol\u00f3gica, la restauraci\u00f3n de h\u00e1bitats, etc. <br\/><\/p>\n<\/div><\/div>\n<\/div>\n\n\t<div style=\"margin-top:var(--wp--preset--spacing--70);margin-bottom:var(--wp--preset--spacing--70);\" class=\"board-members-grid align wp-block-acf-board-members\">\n\n                <a class=\"board-member-teaser team-member-teaser\" tabindex=\"0\" role=\"button\" type=\"button\" data-bs-toggle=\"modal\" data-team-show-image=\"true\" data-team-img-url=\"https:\/\/sonomalandtrust.org\/wp-content\/uploads\/2025\/11\/Board_ScottHafner.jpg\" data-team-name=\"Scott Hafner\" data-team-title=\"Silla\" data-team-bio=\"&lt;p&gt;Scott tiene ra\u00edces en el condado de Sonoma que se remontan a 50 a\u00f1os atr\u00e1s, cuando su familia compr\u00f3 un antiguo huerto de ciruelas y peras en Alexander Valley, al este de Healdsburg. La empresa familiar es ahora un vi\u00f1edo de 100 acres y una peque\u00f1a bodega, donde supervisa el marketing y las finanzas. Los veranos que pas\u00f3 de ni\u00f1o en las Sierras dieron a Scott un profundo aprecio por la belleza natural de California. Apoya a SLT como miembro del consejo y donante desde hace mucho tiempo, siguiendo los pasos de su madre, que fue miembro del consejo durante 10 a\u00f1os. Scott y su c\u00f3nyuge, Bill Glenn, viven en la zona rural de Santa Rosa.    &lt;\/p&gt;\n\" data-team-linkedin-url=\"\" data-bs-target=\"#teamModal\">\n        <div class=\"team-member-lower\">\n          <div class=\"left\">\n            <p class=\"team-member-name\">Scott Hafner<\/p>\n            <p class=\"team-member-title\">Silla<\/p>\n          <\/div>\n          <div class=\"right\">\n            <span class=\"plus-button\"><\/span>\n          <\/div>\n        <\/div>\n      <\/a>\n                <a class=\"board-member-teaser team-member-teaser\" tabindex=\"0\" role=\"button\" type=\"button\" data-bs-toggle=\"modal\" data-team-show-image=\"true\" data-team-img-url=\"https:\/\/sonomalandtrust.org\/wp-content\/uploads\/2025\/11\/GREG_2183-e1614096977831.jpg\" data-team-name=\"Gregory Appling\" data-team-title=\"Vicepresidente\" data-team-bio=\"&lt;p&gt;En la actualidad, Gregory es secretario de la junta del Distrito Escolar Unificado de Gravenstein, donde ha centrado su energ\u00eda y sus esfuerzos en ayudar a proporcionar la mejor educaci\u00f3n posible a todos los alumnos del distrito. Gregory se licenci\u00f3 en Ciencias Marinas y Medioambientales por la Universidad de Hampton y trabaj\u00f3 en ciencias medioambientales hasta 2007, cuando se dedic\u00f3 a la construcci\u00f3n residencial. Actualmente reside en Sebastopol con su familia.  &lt;\/p&gt;\n\" data-team-linkedin-url=\"\" data-bs-target=\"#teamModal\">\n        <div class=\"team-member-lower\">\n          <div class=\"left\">\n            <p class=\"team-member-name\">Gregory Appling<\/p>\n            <p class=\"team-member-title\">Vicepresidente<\/p>\n          <\/div>\n          <div class=\"right\">\n            <span class=\"plus-button\"><\/span>\n          <\/div>\n        <\/div>\n      <\/a>\n                <a class=\"board-member-teaser team-member-teaser\" tabindex=\"0\" role=\"button\" type=\"button\" data-bs-toggle=\"modal\" data-team-show-image=\"true\" data-team-img-url=\"https:\/\/sonomalandtrust.org\/wp-content\/uploads\/2025\/11\/Phil-1.jpg\" data-team-name=\"Philip Jensen\" data-team-title=\"Vicepresidente\" data-team-bio=\"&lt;p&gt;Philip J. Jensen es socio de Paul Capital desde 2001 y aporta m\u00e1s de 35 a\u00f1os de experiencia como alto ejecutivo financiero y contable p\u00fablico titulado. Entre los cargos que ocup\u00f3 anteriormente figuran el de Director Financiero de la Divisi\u00f3n de California de los Planes de Salud y Hospitales de la Fundaci\u00f3n Kaiser, Director Financiero del negocio de distribuci\u00f3n de medicamentos de McKesson Corporation y socio de Deloitte. Jensen es licenciado en Administraci\u00f3n de Empresas por la Universidad Estatal de San Francisco y censor jurado de cuentas de California (inactivo). Jensen reside actualmente en la ciudad de Sonoma.   &lt;\/p&gt;\n\" data-team-linkedin-url=\"\" data-bs-target=\"#teamModal\">\n        <div class=\"team-member-lower\">\n          <div class=\"left\">\n            <p class=\"team-member-name\">Philip Jensen<\/p>\n            <p class=\"team-member-title\">Vicepresidente<\/p>\n          <\/div>\n          <div class=\"right\">\n            <span class=\"plus-button\"><\/span>\n          <\/div>\n        <\/div>\n      <\/a>\n                <a class=\"board-member-teaser team-member-teaser\" tabindex=\"0\" role=\"button\" type=\"button\" data-bs-toggle=\"modal\" data-team-show-image=\"true\" data-team-img-url=\"https:\/\/sonomalandtrust.org\/wp-content\/uploads\/2025\/11\/Board_EllieRilla.jpg\" data-team-name=\"Ellie Rilla\" data-team-title=\"Secretario\" data-team-bio=\"&lt;p&gt;A Ellie siempre le ha gustado trabajar al aire libre, donde combin\u00f3 el trabajo con j\u00f3venes adultos con su formaci\u00f3n profesional en restauraci\u00f3n medioambiental. Licenciada en biolog\u00eda y con un MPA, un proyecto de trabajo con ganaderos en la costa de Sonoma la llev\u00f3 a ocupar durante mucho tiempo un puesto en la Universidad de California en los condados de Marin y Sonoma. Trabaj\u00f3 estrechamente con productores para hacer crecer la agricultura local mediante estrategias de diversificaci\u00f3n: agroturismo, marketing de valor a\u00f1adido, conversi\u00f3n org\u00e1nica y servidumbres de conservaci\u00f3n. Autora de libros pr\u00e1cticos sobre agroturismo y el negocio del queso artesano, Ellie y su marido, Patrick, mantienen una peque\u00f1a granja en las colinas costeras al oeste de Sebastopol.   &lt;\/p&gt;\n\" data-team-linkedin-url=\"\" data-bs-target=\"#teamModal\">\n        <div class=\"team-member-lower\">\n          <div class=\"left\">\n            <p class=\"team-member-name\">Ellie Rilla<\/p>\n            <p class=\"team-member-title\">Secretario<\/p>\n          <\/div>\n          <div class=\"right\">\n            <span class=\"plus-button\"><\/span>\n          <\/div>\n        <\/div>\n      <\/a>\n                <a class=\"board-member-teaser team-member-teaser\" tabindex=\"0\" role=\"button\" type=\"button\" data-bs-toggle=\"modal\" data-team-show-image=\"true\" data-team-img-url=\"https:\/\/sonomalandtrust.org\/wp-content\/uploads\/2025\/11\/WEBSITE_Marie-Andel_CSAA-Insurance-Group_JPG.jpg\" data-team-name=\"Marie Andel\" data-team-title=\"Miembro del Consejo\" data-team-bio=\"&lt;p&gt;El amor de Marie por las actividades al aire libre empez\u00f3 pronto, cuando sus padres, que eran profesores, llevaban a toda la familia de acampada en verano. Est\u00e1 jubilada tras una larga carrera en el sector de los seguros, centrada en todo lo relacionado con las personas, la cultura y las comunicaciones. Defensora durante mucho tiempo de la diversidad y la inclusi\u00f3n, Marie est\u00e1 encantada de aportar su experiencia empresarial y su liderazgo comunitario a Sonoma Land Trust. Marie se siente afortunada de llamar hogar a Sonoma y, como miembro del consejo, de ayudar a desarrollar estrategias de protecci\u00f3n de la tierra a largo plazo para preservar la asombrosa belleza del condado de Sonoma para las generaciones futuras.   &lt;\/p&gt;\n\" data-team-linkedin-url=\"\" data-bs-target=\"#teamModal\">\n        <div class=\"team-member-lower\">\n          <div class=\"left\">\n            <p class=\"team-member-name\">Marie Andel<\/p>\n            <p class=\"team-member-title\">Miembro del Consejo<\/p>\n          <\/div>\n          <div class=\"right\">\n            <span class=\"plus-button\"><\/span>\n          <\/div>\n        <\/div>\n      <\/a>\n                <a class=\"board-member-teaser team-member-teaser\" tabindex=\"0\" role=\"button\" type=\"button\" data-bs-toggle=\"modal\" data-team-show-image=\"true\" data-team-img-url=\"https:\/\/sonomalandtrust.org\/wp-content\/uploads\/2025\/11\/Board_SimonBlattner.jpg\" data-team-name=\"Simon Blattner\" data-team-title=\"Miembro del Consejo\" data-team-bio=\"&lt;p&gt;Durante toda su vida, Simon ha sido partidario de la conservaci\u00f3n de la tierra y Sonoma Land Trust es un lugar perfecto para que haga realidad los espacios abiertos y la conservaci\u00f3n. Durante m\u00e1s de 35 a\u00f1os, Simon fue Presidente y Consejero Delegado de Rittenhouse Paper Company y, m\u00e1s tarde, se dedic\u00f3 a la fabricaci\u00f3n artesanal de papel y a la impresi\u00f3n de libros de arte. En su jubilaci\u00f3n parcial, mantiene una peque\u00f1a pr\u00e1ctica inmobiliaria y de desarrollo inmobiliario. Junto con el Land Trust, Simon sigue colaborando como voluntario con La Luz, el Hospital del Valle de Sonoma y el Museo del Valle de Sonoma.   &lt;\/p&gt;\n\" data-team-linkedin-url=\"\" data-bs-target=\"#teamModal\">\n        <div class=\"team-member-lower\">\n          <div class=\"left\">\n            <p class=\"team-member-name\">Simon Blattner<\/p>\n            <p class=\"team-member-title\">Miembro del Consejo<\/p>\n          <\/div>\n          <div class=\"right\">\n            <span class=\"plus-button\"><\/span>\n          <\/div>\n        <\/div>\n      <\/a>\n                <a class=\"board-member-teaser team-member-teaser\" tabindex=\"0\" role=\"button\" type=\"button\" data-bs-toggle=\"modal\" data-team-show-image=\"true\" data-team-img-url=\"https:\/\/sonomalandtrust.org\/wp-content\/uploads\/2025\/11\/Board_ClayClement.jpg\" data-team-name=\"Clay Clement\" data-team-title=\"Miembro del Consejo\" data-team-bio=\"&lt;p&gt;Clay es un abogado litigante y mediador jubilado, dedicado en gran medida a los litigios inmobiliarios, incluidos el uso del suelo, los impuestos sobre la propiedad y el dominio eminente. Comenz\u00f3 a ejercer en el condado de Sonoma en 1972. Licenciado por la Universidad del Pac\u00edfico y la Facultad de Derecho de la UC Berkeley, Clay ha sido miembro del consejo de la Liga de F\u00fatbol Juvenil de Santa Rosa, la YMCA Familiar del Condado de Sonoma, el Banco de Sangre Redwood Empire y la Fundaci\u00f3n Artemis Wildlife de Helena, MT, adem\u00e1s de Sonoma Land Trust. Vive en Santa Rosa.   &lt;\/p&gt;\n\" data-team-linkedin-url=\"\" data-bs-target=\"#teamModal\">\n        <div class=\"team-member-lower\">\n          <div class=\"left\">\n            <p class=\"team-member-name\">Clay Clement<\/p>\n            <p class=\"team-member-title\">Miembro del Consejo<\/p>\n          <\/div>\n          <div class=\"right\">\n            <span class=\"plus-button\"><\/span>\n          <\/div>\n        <\/div>\n      <\/a>\n                <a class=\"board-member-teaser team-member-teaser\" tabindex=\"0\" role=\"button\" type=\"button\" data-bs-toggle=\"modal\" data-team-show-image=\"true\" data-team-img-url=\"https:\/\/sonomalandtrust.org\/wp-content\/uploads\/2025\/11\/Anita-Das-Headshot-3-681x1024-1.webp\" data-team-name=\"Anita Das\" data-team-title=\"Miembro del Consejo\" data-team-bio=\"&lt;p&gt;Anita Das, natural del \u00c1rea de la Bah\u00eda y profundamente comprometida con la conservaci\u00f3n del medio ambiente, es consultora estad\u00edstica especializada en las industrias biotecnol\u00f3gica y farmac\u00e9utica, y asesora en el dise\u00f1o de ensayos cl\u00ednicos, an\u00e1lisis estad\u00edsticos y asuntos normativos para el desarrollo de productos farmac\u00e9uticos que previenen o tratan infecciones. Con un m\u00e1ster en Estad\u00edstica por la Universidad de Maryland Baltimore County y un doctorado en Epidemiolog\u00eda por la Universidad George Washington, le entusiasma aplicar su formaci\u00f3n cient\u00edfica y su capacidad de interpretaci\u00f3n de datos para promover los objetivos medioambientales en el condado de Sonoma. &lt;\/p&gt;\n&lt;p&gt;Residente en Guerneville, Anita encuentra la alegr\u00eda en la jardiner\u00eda, el cuidado de sus gallinas y la pr\u00e1ctica del yoga. Su mayor felicidad la descubre en la naturaleza mediante actividades como el senderismo y el excursionismo con mochila. A pesar de haber explorado destinos al aire libre en todo el mundo, Anita siente un cari\u00f1o especial por la belleza natural del condado de Sonoma.  &lt;\/p&gt;\n\" data-team-linkedin-url=\"\" data-bs-target=\"#teamModal\">\n        <div class=\"team-member-lower\">\n          <div class=\"left\">\n            <p class=\"team-member-name\">Anita Das<\/p>\n            <p class=\"team-member-title\">Miembro del Consejo<\/p>\n          <\/div>\n          <div class=\"right\">\n            <span class=\"plus-button\"><\/span>\n          <\/div>\n        <\/div>\n      <\/a>\n                <a class=\"board-member-teaser team-member-teaser\" tabindex=\"0\" role=\"button\" type=\"button\" data-bs-toggle=\"modal\" data-team-show-image=\"true\" data-team-img-url=\"https:\/\/sonomalandtrust.org\/wp-content\/uploads\/2025\/11\/frank-681x1024-1.jpg\" data-team-name=\"Frank Dean\" data-team-title=\"Miembro del Consejo\" data-team-bio=\"&lt;p&gt;Frank Dean tiene una amplia experiencia en conservaci\u00f3n y ha sido Presidente y Director General de Yosemite Conservancy. Su apasionante trabajo le ha llevado a guiar importantes proyectos, como la exitosa campa\u00f1a de recaudaci\u00f3n de fondos de 20 millones de d\u00f3lares de Conservancy para restaurar el Bosque de Mariposa de secuoyas gigantes en 2018. Ha trabajado para aumentar las oportunidades de diversas comunidades, incluyendo la conexi\u00f3n de los j\u00f3venes desfavorecidos con los parques y la restauraci\u00f3n de importantes ecosistemas a trav\u00e9s de numerosos proyectos que han marcado un hito. Como parte de sus esfuerzos, se asoci\u00f3 con otras organizaciones sin \u00e1nimo de lucro para crear la Colaboraci\u00f3n Juvenil de Parques, una importante ampliaci\u00f3n de los exitosos programas de acercamiento a los j\u00f3venes de los barrios marginales de Crissy Field, que atend\u00edan anualmente a 70.000 ni\u00f1os cuando era Superintendente General de los Parques Nacionales Golden Gate de San Francisco. Antes de eso, ocup\u00f3 cargos como Jefe de Asociaciones y Programas del Centenario del NPS en el Servicio de Parques Nacionales de Washington, D.C., y Superintendente de Parques en el Parque Hist\u00f3rico Nacional de Saratoga en Stillwater, Nueva York, as\u00ed como Superintendente Adjunto en Point Reyes National Seashore y Asistente de Gesti\u00f3n en el Parque Nacional de Yosemite.    &lt;\/p&gt;\n\" data-team-linkedin-url=\"\" data-bs-target=\"#teamModal\">\n        <div class=\"team-member-lower\">\n          <div class=\"left\">\n            <p class=\"team-member-name\">Frank Dean<\/p>\n            <p class=\"team-member-title\">Miembro del Consejo<\/p>\n          <\/div>\n          <div class=\"right\">\n            <span class=\"plus-button\"><\/span>\n          <\/div>\n        <\/div>\n      <\/a>\n                <a class=\"board-member-teaser team-member-teaser\" tabindex=\"0\" role=\"button\" type=\"button\" data-bs-toggle=\"modal\" data-team-show-image=\"true\" data-team-img-url=\"https:\/\/sonomalandtrust.org\/wp-content\/uploads\/2025\/11\/liz-fisher.jpg\" data-team-name=\"Liz Fisher\" data-team-title=\"Miembro del Consejo\" data-team-bio=\"&lt;p&gt;Liz Fisher es una l\u00edder empresarial innovadora que aporta muchos a\u00f1os de experiencia como profesional en el sector de los servicios financieros. Ha trabajado como consultora organizativa y coach ejecutivo que colabora con equipos de alta direcci\u00f3n y ejecutivos clave. Su experiencia se centra en las \u00e1reas de desarrollo de estrategias, capital humano y diversidad, y su trabajo abarca m\u00e1s de 30 a\u00f1os en el sector de los servicios financieros. Liz ha dirigido equipos para empresas globales como Fidelity Investments, JPMorgan Chase y Spencer Stuart. Es una experimentada asesora de consejos de administraci\u00f3n, y a trav\u00e9s de sus m\u00faltiples funciones ha podido aprovechar con gran \u00e9xito sus a\u00f1os como l\u00edder empresarial y como defensora de la igualdad en el liderazgo.    &lt;\/p&gt;\n\" data-team-linkedin-url=\"\" data-bs-target=\"#teamModal\">\n        <div class=\"team-member-lower\">\n          <div class=\"left\">\n            <p class=\"team-member-name\">Liz Fisher<\/p>\n            <p class=\"team-member-title\">Miembro del Consejo<\/p>\n          <\/div>\n          <div class=\"right\">\n            <span class=\"plus-button\"><\/span>\n          <\/div>\n        <\/div>\n      <\/a>\n                <a class=\"board-member-teaser team-member-teaser\" tabindex=\"0\" role=\"button\" type=\"button\" data-bs-toggle=\"modal\" data-team-show-image=\"true\" data-team-img-url=\"https:\/\/sonomalandtrust.org\/wp-content\/uploads\/2025\/11\/Reno-K-Franklin-Headshot-1.webp\" data-team-name=\"Reno Keoni Franklin\" data-team-title=\"Miembro del Consejo\" data-team-bio=\"&lt;p&gt;Reno Keoni Franklin, presidente em\u00e9rito de la Banda Kashia de Indios Pomo, y defensor durante toda su vida de la soberan\u00eda tribal, la equidad sanitaria y la restauraci\u00f3n de la tierra. Es indio americano y nativo hawaiano (Makaiwi Ohana). Su trayectoria de servicio comenz\u00f3 en el cuerpo de bomberos de Cedarville, California, y continu\u00f3 con cargos electos en organizaciones sanitarias tribales y regionales. Ha ocupado cargos nacionales clave, como el de presidente de la Junta Nacional de Salud Ind\u00edgena y de la Asociaci\u00f3n Nacional de Funcionarios Tribales de Conservaci\u00f3n Hist\u00f3rica, donde impuls\u00f3 la pol\u00edtica sobre salud ind\u00edgena y protecci\u00f3n de lugares sagrados. Nombrado por el Presidente Obama miembro del Consejo Asesor sobre Preservaci\u00f3n Hist\u00f3rica, prest\u00f3 sus servicios a lo largo de tres administraciones, dando forma a la pol\u00edtica nacional de preservaci\u00f3n a trav\u00e9s de una lente tribal y elevando las voces ind\u00edgenas. Tambi\u00e9n dirigi\u00f3 la devoluci\u00f3n a su tribu de 880 acres de tierras costeras ancestrales, ahora conocidas como la Reserva Costera de Kashia, restaurando la propiedad costera por primera vez en 150 a\u00f1os. Reno sigue siendo un respetado l\u00edder en consultas tribales y pol\u00edtica ind\u00edgena, y es tambi\u00e9n un dedicado padre, hijo, hermano y miembro de la tribu Kashia Pomo.      &lt;\/p&gt;\n\" data-team-linkedin-url=\"\" data-bs-target=\"#teamModal\">\n        <div class=\"team-member-lower\">\n          <div class=\"left\">\n            <p class=\"team-member-name\">Reno Keoni Franklin<\/p>\n            <p class=\"team-member-title\">Miembro del Consejo<\/p>\n          <\/div>\n          <div class=\"right\">\n            <span class=\"plus-button\"><\/span>\n          <\/div>\n        <\/div>\n      <\/a>\n                <a class=\"board-member-teaser team-member-teaser\" tabindex=\"0\" role=\"button\" type=\"button\" data-bs-toggle=\"modal\" data-team-show-image=\"true\" data-team-img-url=\"https:\/\/sonomalandtrust.org\/wp-content\/uploads\/2025\/11\/WEBSITE-Duncan-Higgons-head-shot.jpg\" data-team-name=\"Duncan Higgons\" data-team-title=\"Miembro del Consejo\" data-team-bio=\"&lt;p&gt;Tras una exitosa carrera a tiempo completo en biotecnolog\u00eda desarrollando nuevas terapias para pacientes, Duncan se traslad\u00f3 a Sonoma en 2015. Dedica su tiempo a sus tres pasiones: ser mentor de empresas biotecnol\u00f3gicas incipientes, la labor ben\u00e9fica -en concreto la conservaci\u00f3n y preservaci\u00f3n de la tierra- y el aprendizaje permanente, los viajes y las actividades al aire libre. Su participaci\u00f3n en el consejo del Sonoma Land Trust le permite combinar su labor ben\u00e9fica con su amor por la naturaleza. Es un \u00e1vido excursionista y amante de las actividades al aire libre.   &lt;\/p&gt;\n\" data-team-linkedin-url=\"\" data-bs-target=\"#teamModal\">\n        <div class=\"team-member-lower\">\n          <div class=\"left\">\n            <p class=\"team-member-name\">Duncan Higgons<\/p>\n            <p class=\"team-member-title\">Miembro del Consejo<\/p>\n          <\/div>\n          <div class=\"right\">\n            <span class=\"plus-button\"><\/span>\n          <\/div>\n        <\/div>\n      <\/a>\n                <a class=\"board-member-teaser team-member-teaser\" tabindex=\"0\" role=\"button\" type=\"button\" data-bs-toggle=\"modal\" data-team-show-image=\"true\" data-team-img-url=\"https:\/\/sonomalandtrust.org\/wp-content\/uploads\/2025\/11\/Board_StevenHightower.jpg\" data-team-name=\"Steven Hightower *In Memoriam*\" data-team-title=\"Miembro del Consejo\" data-team-bio=\"&lt;p&gt;In Memoriam Julio de 2024. Steven conoci\u00f3 Sonoma por primera vez en un viaje de exploraci\u00f3n vin\u00edcola desde SoCal a principios de los a\u00f1os 60; la parte \u00absobre el terreno\u00bb consist\u00eda en dormir en un prado de vacas, ya que el grupo no ten\u00eda fondos para hoteles. Hightower est\u00e1 jubilado de una carrera como empresario y socio de peque\u00f1as empresas en el \u00e1mbito de la tecnolog\u00eda inmobiliaria. Es un bot\u00e1nico interesado y muy aficionado, siendo Maestro Jardinero &lt;i&gt;em\u00e9rito&lt;\/i&gt; de la UCE, y antiguo docente, miembro de la junta directiva y presidente de la junta directiva del Jard\u00edn Bot\u00e1nico de Sonoma en Glen Ellen. Con su esposa Troy y tres gatos de rescate, vive en las faldas de la monta\u00f1a de Sonoma, con vistas a las Mayacamas, donde el Land Trust ha realizado tan importante labor de conservaci\u00f3n de tierras. El senderismo por los parques de Sonoma y el ciclismo por el Valle le mantienen conectado con la tierra.     &lt;\/p&gt;\n\" data-team-linkedin-url=\"\" data-bs-target=\"#teamModal\">\n        <div class=\"team-member-lower\">\n          <div class=\"left\">\n            <p class=\"team-member-name\">Steven Hightower *In Memoriam*<\/p>\n            <p class=\"team-member-title\">Miembro del Consejo<\/p>\n          <\/div>\n          <div class=\"right\">\n            <span class=\"plus-button\"><\/span>\n          <\/div>\n        <\/div>\n      <\/a>\n                <a class=\"board-member-teaser team-member-teaser\" tabindex=\"0\" role=\"button\" type=\"button\" data-bs-toggle=\"modal\" data-team-show-image=\"true\" data-team-img-url=\"https:\/\/sonomalandtrust.org\/wp-content\/uploads\/2025\/11\/Quincey-Tompkins-Imhoff-photo-scaled-e1626728072880.jpg\" data-team-name=\"Quincey Tompkins Imhoff\" data-team-title=\"Miembro del Consejo\" data-team-bio=\"&lt;p&gt;Quincey es conservacionista y activista comunitaria desde hace mucho tiempo, tanto aqu\u00ed, en el condado de Sonoma, como a escala internacional. Es vicepresidenta y ex directora ejecutiva de la &lt;a href=&quot;http:\/\/deepecology.org\/&quot; target=&quot;_blank&quot; rel=&quot;noopener&quot; data-saferedirecturl=&quot;https:\/\/www.google.com\/url?q=http:\/\/deepecology.org\/&#038;source=gmail&#038;ust=1626804105677000&#038;usg=AFQjCNEiv-ZA0atuBC-thI7UfKJbtDpx5g&quot;&gt;Fundaci\u00f3n para la Ecolog\u00eda Profunda&lt;\/a&gt;, cuya misi\u00f3n es apoyar y defender la naturaleza salvaje. La Fundaci\u00f3n fue fundada por su difunto padre, Doug Tompkins (North Face, Esprit, Reserva de la Patagonia en Chile) y su madre Susie Tompkins Buell (Esprit, fil\u00e1ntropa). Quincey forma parte del Consejo Asesor del Condado Norte del Land Trust y encabez\u00f3 el esfuerzo comunitario para detener la tala en Felta Creek. Ella y su marido, Dan Imhoff, viven en Healdsburg y han criado a dos hijos. Quincey es fot\u00f3grafa y gestora de proyectos muy diversos centrados en la educaci\u00f3n, la comunidad y el medio ambiente. Es licenciada por la Universidad de California, Berkeley.      &lt;\/p&gt;\n\" data-team-linkedin-url=\"\" data-bs-target=\"#teamModal\">\n        <div class=\"team-member-lower\">\n          <div class=\"left\">\n            <p class=\"team-member-name\">Quincey Tompkins Imhoff<\/p>\n            <p class=\"team-member-title\">Miembro del Consejo<\/p>\n          <\/div>\n          <div class=\"right\">\n            <span class=\"plus-button\"><\/span>\n          <\/div>\n        <\/div>\n      <\/a>\n                <a class=\"board-member-teaser team-member-teaser\" tabindex=\"0\" role=\"button\" type=\"button\" data-bs-toggle=\"modal\" data-team-show-image=\"true\" data-team-img-url=\"https:\/\/sonomalandtrust.org\/wp-content\/uploads\/2025\/11\/Claire-Jahns-headshot.webp\" data-team-name=\"Claire Jahns\" data-team-title=\"Miembro del Consejo\" data-team-bio=\"&lt;p&gt;Claire Jahns es la fundadora de Scale, una consultor\u00eda que proporciona orientaci\u00f3n estrat\u00e9gica e investigaci\u00f3n a gobiernos, organizaciones sin \u00e1nimo de lucro e instituciones filantr\u00f3picas para impulsar estrategias clim\u00e1ticas y de conservaci\u00f3n para la agricultura, la silvicultura y la biodiversidad. Anteriormente, trabaj\u00f3 como Secretaria Adjunta para el Clima en la Agencia de Recursos Naturales de California, como directora de proyectos en The Nature Conservancy en California y como economista en el Chicago Climate Exchange. Claire tiene un M\u00e1ster en Gesti\u00f3n Medioambiental por la Escuela de Silvicultura y Estudios Medioambientales de Yale, un MBA por la Escuela de Gesti\u00f3n de Yale y una licenciatura por el Oberlin College. Ella y su familia viven en una peque\u00f1a granja a las afueras de Petaluma, California, que comparten con ovejas, gallinas y abundante fauna salvaje.   &lt;\/p&gt;\n\" data-team-linkedin-url=\"\" data-bs-target=\"#teamModal\">\n        <div class=\"team-member-lower\">\n          <div class=\"left\">\n            <p class=\"team-member-name\">Claire Jahns<\/p>\n            <p class=\"team-member-title\">Miembro del Consejo<\/p>\n          <\/div>\n          <div class=\"right\">\n            <span class=\"plus-button\"><\/span>\n          <\/div>\n        <\/div>\n      <\/a>\n                <a class=\"board-member-teaser team-member-teaser\" tabindex=\"0\" role=\"button\" type=\"button\" data-bs-toggle=\"modal\" data-team-show-image=\"true\" data-team-img-url=\"https:\/\/sonomalandtrust.org\/wp-content\/uploads\/2025\/11\/Nancy-Otto-by-Lance-Kuehne.jpg\" data-team-name=\"Nancy Otto\" data-team-title=\"Miembro del Consejo\" data-team-bio=\"&lt;p&gt;Nancy Otto, consultora senior de Klein and Roth Consulting, aporta a la junta m\u00e1s de 25 a\u00f1os de experiencia en organizaciones sin \u00e1nimo de lucro. Su experiencia previa incluye m\u00e1s de 10 a\u00f1os con la Uni\u00f3n Americana de Libertades Civiles del Norte de California, el Foro Nacional de Inmigraci\u00f3n y Directora Asociada Interina y Directora de Desarrollo de varias organizaciones sin \u00e1nimo de lucro. En la actualidad, trabaja exclusivamente con organizaciones sin \u00e1nimo de lucro, como la Fundaci\u00f3n de Parques del Estado de California y la Land Trust Alliance. Reside en Sereno Del Mar, al norte de Bodega Bay. Cuando no se dedica al trabajo sin \u00e1nimo de lucro, es una artista que trabaja con vidrio soplado.    &lt;\/p&gt;\n\" data-team-linkedin-url=\"\" data-bs-target=\"#teamModal\">\n        <div class=\"team-member-lower\">\n          <div class=\"left\">\n            <p class=\"team-member-name\">Nancy Otto<\/p>\n            <p class=\"team-member-title\">Miembro del Consejo<\/p>\n          <\/div>\n          <div class=\"right\">\n            <span class=\"plus-button\"><\/span>\n          <\/div>\n        <\/div>\n      <\/a>\n                <a class=\"board-member-teaser team-member-teaser\" tabindex=\"0\" role=\"button\" type=\"button\" data-bs-toggle=\"modal\" data-team-show-image=\"true\" data-team-img-url=\"https:\/\/sonomalandtrust.org\/wp-content\/uploads\/2025\/11\/Jeanette-Pantoja-Headshot.webp\" data-team-name=\"Jeanette Pantoja\" data-team-title=\"Miembro del Consejo\" data-team-bio=\"&lt;p&gt;Jeanette Pantoja aporta una d\u00e9cada de experiencia cultivando relaciones entre instituciones y organizaciones comunitarias de distintos sectores para facilitar el intercambio de recursos, el aprendizaje y la acci\u00f3n colectiva. En su cargo m\u00e1s reciente como Directora de las Organizaciones Comunitarias Activas en Cat\u00e1strofes del Condado de Sonoma, Jeanette dirigi\u00f3 una colaboraci\u00f3n de m\u00e1s de 70 organizaciones locales cuyo prop\u00f3sito es ayudar a preparar y coordinar acciones entre organizaciones antes, durante y despu\u00e9s de una cat\u00e1strofe. Antes de COAD, el trabajo de Jeanette se centr\u00f3 en las inversiones del sector sanitario en la estabilidad de la vivienda, la integraci\u00f3n de la salud p\u00fablica en la planificaci\u00f3n del cambio clim\u00e1tico y la defensa y organizaci\u00f3n de la justicia medioambiental en las comunidades rurales. Jeanette y su familia viven en Santa Rosa y disfrutan de la m\u00fasica en directo, la nataci\u00f3n y las acampadas por la Costa Norte.   &lt;\/p&gt;\n\" data-team-linkedin-url=\"\" data-bs-target=\"#teamModal\">\n        <div class=\"team-member-lower\">\n          <div class=\"left\">\n            <p class=\"team-member-name\">Jeanette Pantoja<\/p>\n            <p class=\"team-member-title\">Miembro del Consejo<\/p>\n          <\/div>\n          <div class=\"right\">\n            <span class=\"plus-button\"><\/span>\n          <\/div>\n        <\/div>\n      <\/a>\n                <a class=\"board-member-teaser team-member-teaser\" tabindex=\"0\" role=\"button\" type=\"button\" data-bs-toggle=\"modal\" data-team-show-image=\"true\" data-team-img-url=\"https:\/\/sonomalandtrust.org\/wp-content\/uploads\/2025\/11\/Board_TimPortwood.jpg\" data-team-name=\"Tim Portwood\" data-team-title=\"Miembro del Consejo\" data-team-bio=\"&lt;p&gt;Tim es un profesional y consultor jubilado de recaudaci\u00f3n de fondos. Tuvo una larga carrera en la oficina de desarrollo de la Universidad de Stanford, donde dirigi\u00f3 dos grandes campa\u00f1as y m\u00e1s tarde fue vicepresidente de desarrollo del Hospital de Stanford. En 2008, se incorpor\u00f3 a Marts &#038; Lundy, una consultora internacional de captaci\u00f3n de fondos, donde entre sus clientes se encontraban universidades de primer orden y destacadas organizaciones medioambientales, cient\u00edficas y culturales. Anteriormente, Tim ejerci\u00f3 la abogac\u00eda en San Francisco durante ocho a\u00f1os. Obtuvo una licenciatura en Stanford y un doctorado en Derecho en Duke. Tim y su socio, Jim Lauber, viven en Monte R\u00edo y disfrutan de las diversas maravillas naturales del condado de Sonoma.     &lt;\/p&gt;\n\" data-team-linkedin-url=\"\" data-bs-target=\"#teamModal\">\n        <div class=\"team-member-lower\">\n          <div class=\"left\">\n            <p class=\"team-member-name\">Tim Portwood<\/p>\n            <p class=\"team-member-title\">Miembro del Consejo<\/p>\n          <\/div>\n          <div class=\"right\">\n            <span class=\"plus-button\"><\/span>\n          <\/div>\n        <\/div>\n      <\/a>\n                <a class=\"board-member-teaser team-member-teaser\" tabindex=\"0\" role=\"button\" type=\"button\" data-bs-toggle=\"modal\" data-team-show-image=\"true\" data-team-img-url=\"https:\/\/sonomalandtrust.org\/wp-content\/uploads\/2025\/11\/ALLISON-SANFORD_-037-by-Ed-Aiona-PREFERRED.jpg\" data-team-name=\"Allison Sanford\" data-team-title=\"Miembro del Consejo\" data-team-bio=\"&lt;p&gt;Allison es licenciada por el Whittier College, donde se especializ\u00f3 en comunicaciones y artes esc\u00e9nicas. Tras una carrera en marketing, fue directora de personal del supervisor del condado Tim Smith hasta su jubilaci\u00f3n en 2009. Poco despu\u00e9s, Allison se uni\u00f3 a la junta de Sonoma Land Trust y fue presidenta de la junta de 2018 a 2021. Tambi\u00e9n ha sido miembro del consejo de Tomorrow&#8217;s Leaders Today, que se centra en cuestiones de desarrollo juvenil. Allison reside en Santa Rosa, donde cri\u00f3 a sus hijos y donde ahora alimenta su jard\u00edn y a sus nietos.    &lt;\/p&gt;\n\" data-team-linkedin-url=\"\" data-bs-target=\"#teamModal\">\n        <div class=\"team-member-lower\">\n          <div class=\"left\">\n            <p class=\"team-member-name\">Allison Sanford<\/p>\n            <p class=\"team-member-title\">Miembro del Consejo<\/p>\n          <\/div>\n          <div class=\"right\">\n            <span class=\"plus-button\"><\/span>\n          <\/div>\n        <\/div>\n      <\/a>\n                <a class=\"board-member-teaser team-member-teaser\" tabindex=\"0\" role=\"button\" type=\"button\" data-bs-toggle=\"modal\" data-team-show-image=\"true\" data-team-img-url=\"https:\/\/sonomalandtrust.org\/wp-content\/uploads\/2025\/11\/Board_JudyScotchmoor.jpg\" data-team-name=\"Judy Scotchmoor\" data-team-title=\"Miembro del Consejo\" data-team-bio=\"&lt;p&gt;Judy est\u00e1 jubilada tras una larga carrera en la ense\u00f1anza de las ciencias, primero como profesora y luego como subdirectora del Museo de Paleontolog\u00eda de la Universidad de California. Recibi\u00f3 varios premios nacionales por sus esfuerzos para aumentar la comprensi\u00f3n p\u00fablica de c\u00f3mo funciona la ciencia y su importancia en nuestro mundo. Residente en Sonoma desde hace m\u00e1s de 30 a\u00f1os, Judy se convirti\u00f3 en miembro fundador de Impact100 Sonoma y form\u00f3 parte de su junta durante cinco a\u00f1os como presidenta de comunicaciones. En 2016, se incorpor\u00f3 a la junta de Sonoma Land Trust. En su tiempo libre, le gusta hacer senderismo, navegar en kayak y revolver gatos.    &lt;\/p&gt;\n\" data-team-linkedin-url=\"\" data-bs-target=\"#teamModal\">\n        <div class=\"team-member-lower\">\n          <div class=\"left\">\n            <p class=\"team-member-name\">Judy Scotchmoor<\/p>\n            <p class=\"team-member-title\">Miembro del Consejo<\/p>\n          <\/div>\n          <div class=\"right\">\n            <span class=\"plus-button\"><\/span>\n          <\/div>\n        <\/div>\n      <\/a>\n                <a class=\"board-member-teaser team-member-teaser\" tabindex=\"0\" role=\"button\" type=\"button\" data-bs-toggle=\"modal\" data-team-show-image=\"true\" data-team-img-url=\"https:\/\/sonomalandtrust.org\/wp-content\/uploads\/2025\/11\/Lewis-2-e1550469433817.jpg\" data-team-name=\"Lewis Warren\" data-team-title=\"Miembro del Consejo\" data-team-bio=\"&lt;p&gt;Lewis Warren es accionista del bufete de abogados Abbey, Weitzenberg, Warren &#038; Emery. Warren aporta m\u00e1s de tres d\u00e9cadas de experiencia en el ejercicio de la abogac\u00eda. Su experiencia abarca todas las facetas de los litigios civiles, incluidos los juicios con jurado y ante el tribunal, los arbitrajes vinculantes, el trabajo de apelaci\u00f3n y una amplia gama de pr\u00e1ctica de leyes y mociones. Fue presidente del Colegio de Abogados del Condado de Sonoma, del que form\u00f3 parte del comit\u00e9 ejecutivo de 2007 a 2011.   &lt;\/p&gt;\n\" data-team-linkedin-url=\"\" data-bs-target=\"#teamModal\">\n        <div class=\"team-member-lower\">\n          <div class=\"left\">\n            <p class=\"team-member-name\">Lewis Warren<\/p>\n            <p class=\"team-member-title\">Miembro del Consejo<\/p>\n          <\/div>\n          <div class=\"right\">\n            <span class=\"plus-button\"><\/span>\n          <\/div>\n        <\/div>\n      <\/a>\n                <a class=\"board-member-teaser team-member-teaser\" tabindex=\"0\" role=\"button\" type=\"button\" data-bs-toggle=\"modal\" data-team-show-image=\"true\" data-team-img-url=\"https:\/\/sonomalandtrust.org\/wp-content\/uploads\/2025\/11\/Jennifer-Wong-Hartman-Headshot.webp\" data-team-name=\"Jennifer Wong Hartman\" data-team-title=\"Miembro del Consejo\" data-team-bio=\"&lt;p&gt;Jennifer Wong Hartman es inversora en LGT Capital Partners y se centra en la inversi\u00f3n sostenible y de impacto. Anteriormente trabaj\u00f3 en Goldman Sachs Asset Management, Glenmede Trust Company, Bank of America Merrill Lynch y la Clinton Health Access Initiative. Es licenciada en Econom\u00eda por la Universidad de California, Berkeley, tiene un MBA por la Wharton School de la Universidad de Pensilvania y es Analista Financiera Colegiada. Jennifer reside actualmente en Sebastopol con su familia y le apasiona alinear el capital con el impacto medioambiental y social a largo plazo.   &lt;\/p&gt;\n\" data-team-linkedin-url=\"\" data-bs-target=\"#teamModal\">\n        <div class=\"team-member-lower\">\n          <div class=\"left\">\n            <p class=\"team-member-name\">Jennifer Wong Hartman<\/p>\n            <p class=\"team-member-title\">Miembro del Consejo<\/p>\n          <\/div>\n          <div class=\"right\">\n            <span class=\"plus-button\"><\/span>\n          <\/div>\n        <\/div>\n      <\/a>\n    <\/div>\n\n<div class=\"wp-block-group alignfull has-yellow-screened-background-color has-background is-layout-constrained wp-block-group-is-layout-constrained\" style=\"padding-top:var(--wp--preset--spacing--60)\">\n\t<div class=\"section-heading section-divider-vertical has-text-align-center  align-text-left align-content-top align wp-block-acf-section-divider-vertical\">\n\n\n  <div class=\"acf-innerblocks-container\">\n\n<h2 class=\"wp-block-heading has-text-align-center has-teal-color has-text-color\"><strong><strong>Nuestro personal<\/strong><\/strong><\/h2>\n\n<\/div>\n\n<\/div>\n\n\n\n\n\n\n\n<div class=\"wp-block-media-text is-stacked-on-mobile has-yellow-screened-background-color has-background\" style=\"margin-top:var(--wp--preset--spacing--50);padding-bottom:var(--wp--preset--spacing--60)\"><figure class=\"wp-block-media-text__media\"><img decoding=\"async\" width=\"1024\" height=\"689\" src=\"https:\/\/sonomalandtrust.org\/wp-content\/uploads\/2026\/01\/sonoma-land-trust-staff-with-fire-hose-1024x689.jpg\" alt=\"\" class=\"wp-image-8964 size-full\" srcset=\"https:\/\/sonomalandtrust.org\/wp-content\/uploads\/2026\/01\/sonoma-land-trust-staff-with-fire-hose-1024x689.jpg 1024w, https:\/\/sonomalandtrust.org\/wp-content\/uploads\/2026\/01\/sonoma-land-trust-staff-with-fire-hose-300x202.jpg 300w, https:\/\/sonomalandtrust.org\/wp-content\/uploads\/2026\/01\/sonoma-land-trust-staff-with-fire-hose-768x517.jpg 768w, https:\/\/sonomalandtrust.org\/wp-content\/uploads\/2026\/01\/sonoma-land-trust-staff-with-fire-hose.jpg 1180w\" sizes=\"(max-width: 1024px) 100vw, 1024px\" \/><\/figure><div class=\"wp-block-media-text__content\">\n<h2 class=\"wp-block-heading has-blue-color has-text-color has-link-color wp-elements-71716d08615ff713f744e87dd5478dbb\"><strong><strong>Dedicados a proteger la tierra que amamos<\/strong><\/strong><\/h2>\n\n\n\n<p>Nuestro personal es una comunidad que trabaja unida por el objetivo vital de proteger para siempre la tierra que amamos. Cada uno de nuestros dedicados empleados desempe\u00f1a un papel importante en la adquisici\u00f3n y conservaci\u00f3n de los paisajes m\u00e1s preciados del condado de Sonoma. <br\/><\/p>\n\n\n\n<div class=\"wp-block-buttons is-layout-flex wp-block-buttons-is-layout-flex\">\n<div class=\"wp-block-button\"><a class=\"wp-block-button__link wp-element-button\" href=\"https:\/\/sonomalandtrust.org\/es\/empleo\/\">\u00danete a nuestro equipo<\/a><\/div>\n<\/div>\n<\/div><\/div>\n\n\n\n  <div class=\"faceted-team-block team-grid align wp-block-acf-faceted-team\">\n  \n          <p class=\"filter-by\">Filtrar por<\/p>\n      <div class=\"filters team-filters\">\n                  <div class=\"facetwp-facet facetwp-facet-people_search facetwp-type-search\" data-name=\"people_search\" data-type=\"search\"><\/div>                          <div class=\"facetwp-facet facetwp-facet-people_sort facetwp-type-sort\" data-name=\"people_sort\" data-type=\"sort\"><\/div>                <button class=\"facetwp-reset\" onclick=\"FWP.reset()\">Restablece<\/button>\n      <\/div>\n    \n    <div class=\"facetwp-template\">\n                        <a class=\"staff-teaser team-member-teaser department-executive-team\" tabindex=\"0\" role=\"button\" type=\"button\" data-bs-toggle=\"modal\" data-team-show-image=\"true\" data-team-img-url=\"\" data-team-name=\"Eamon O&#8217;Byrne\" data-team-title=\"Director Ejecutivo\" data-team-phone=\"\" data-team-email=\"\" data-team-pronouns=\"\u00c9l\/ella\" data-team-bio=\"&lt;p&gt;Natural de Dubl\u00edn (Irlanda), Eamon es licenciado con honores en Ingl\u00e9s e Historia por el University College de Dubl\u00edn. Antes de incorporarse al Sonoma Land Trust, Eamon fue director del Programa de las Islas de California de The Nature Conservancy. Dirigi\u00f3 un equipo multidisciplinar de cient\u00edficos, profesionales de la conservaci\u00f3n y socios centrados en la restauraci\u00f3n ecol\u00f3gica y la recuperaci\u00f3n de la Reserva de la Isla Santa Cruz de TNC. La carrera sin \u00e1nimo de lucro de Eamon comenz\u00f3 en 2000 en la Asociaci\u00f3n del Parque Nacional Mar\u00edtimo de San Francisco, primero como director del programa educativo y luego como director ejecutivo. Eamon es un \u00e1vido navegante y est\u00e1 casado con Stephanie Linder, Directora Ejecutiva de los Jardines del Golden Gate.    &lt;\/p&gt;\n\" data-team-linkedin-url=\"https:\/\/www.linkedin.com\/in\/eamon-o-byrne-61188017\/\" data-bs-target=\"#teamModal\">\n            <!-- <div class=\"department-tag\"><\/div> -->\n            <div class=\"team-member-lower\">\n              <div class=\"left\">\n                <p class=\"team-member-name\">Eamon O&#8217;Byrne<\/p>\n                                  <p class=\"team-member-title\">Director Ejecutivo<\/p>\n                                                  <p class=\"team-member-pronouns\">\u00c9l\/ella<\/p>\n                              <\/div>\n              <div class=\"right\">\n                <span class=\"plus-button\"><\/span>\n              <\/div>\n            <\/div>\n          <\/a>\n                  <a class=\"staff-teaser team-member-teaser department-executive-team\" tabindex=\"0\" role=\"button\" type=\"button\" data-bs-toggle=\"modal\" data-team-show-image=\"true\" data-team-img-url=\"\" data-team-name=\"Merrill Hallett\" data-team-title=\"Jefe de Gabinete\" data-team-phone=\"(707) 526-6930 x 838\" data-team-email=\"bWVycmlsbEBzb25vbWFsYW5kdHJ1c3Qub3Jn\" data-team-pronouns=\"Ella\/El\" data-team-bio=\"&lt;p&gt;Merrill llega a su puesto de Jefa de Personal con una amplia experiencia en funciones de liderazgo en operaciones, recaudaci\u00f3n de fondos y desarrollo de asociaciones. Comenz\u00f3 su formaci\u00f3n de liderazgo en la \u00aboficina al aire libre\u00bb como aventurera, empacadora de caballos y adiestradora de perros de trineo, y luego pas\u00f3 al sector no lucrativo para promover soluciones clim\u00e1ticas y de conservaci\u00f3n. Ha formado parte de numerosos consejos sin \u00e1nimo de lucro y destaca en la creaci\u00f3n de equipos y sistemas. Merrill posee un Certificado en Liderazgo Ejecutivo de la Escuela de Negocios de Stanford, un M\u00e1ster en Gesti\u00f3n Medioambiental de la Universidad del Oeste de Colorado y una Licenciatura en Antropolog\u00eda de la Universidad de Colorado, Boulder, y m\u00e1s recientemente ha recibido un Certificado en Resoluci\u00f3n de Conflictos de Cornell. Adem\u00e1s del condado de Sonoma, Merrill tiene ra\u00edces en las estribaciones de la Sierra, las Monta\u00f1as Rocosas del Norte y el Canal Norte del lago Hur\u00f3n. Vive en Santa Rosa con su marido, su hijo y dos perros muy buenos.     &lt;\/p&gt;\n\" data-team-linkedin-url=\"\" data-bs-target=\"#teamModal\">\n            <!-- <div class=\"department-tag\"><\/div> -->\n            <div class=\"team-member-lower\">\n              <div class=\"left\">\n                <p class=\"team-member-name\">Merrill Hallett<\/p>\n                                  <p class=\"team-member-title\">Jefe de Gabinete<\/p>\n                                                  <p class=\"team-member-pronouns\">Ella\/El<\/p>\n                              <\/div>\n              <div class=\"right\">\n                <span class=\"plus-button\"><\/span>\n              <\/div>\n            <\/div>\n          <\/a>\n                  <a class=\"staff-teaser team-member-teaser department-executive-team\" tabindex=\"0\" role=\"button\" type=\"button\" data-bs-toggle=\"modal\" data-team-show-image=\"true\" data-team-img-url=\"\" data-team-name=\"Alison Rodrigues\" data-team-title=\"Administrador Ejecutivo\" data-team-phone=\"(707) 526-6930 x 863\" data-team-email=\"YWxpc29uQHNvbm9tYWxhbmR0cnVzdC5vcmc=\" data-team-pronouns=\"Ella\/El\" data-team-bio=\"&lt;p&gt;Alison aporta m\u00e1s de 15 a\u00f1os de experiencia en liderazgo administrativo, operaciones y coordinaci\u00f3n de juntas directivas en organizaciones impulsadas por una misi\u00f3n. Al crecer en el \u00c1rea de la Bah\u00eda y vivir en Maine, Carolina del Norte, Katmand\u00fa (Nepal), Hawai, Ohio y Hastings (Reino Unido), Alison desarroll\u00f3 un aprecio por los diversos paisajes, las plantas aut\u00f3ctonas y la vida salvaje, as\u00ed como por la belleza natural. Esa conexi\u00f3n la llev\u00f3 a cursar estudios de ciencias biol\u00f3gicas y medioambientales, as\u00ed como un m\u00e1ster en gesti\u00f3n medioambiental. Tambi\u00e9n fund\u00f3 el club medioambiental de su instituto. Alison se une a Sonoma Land Trust en su 50 aniversario y se compromete a apoyar los esfuerzos de la organizaci\u00f3n por conservar la biodiversidad y crear resiliencia clim\u00e1tica para que las tierras del condado de Sonoma sigan protegidas para la comunidad y las generaciones futuras.    &lt;span style=&quot;display: inline-block; width: 0px; overflow: hidden; line-height: 0;&quot; data-mce-type=&quot;bookmark&quot; class=&quot;mce_SELRES_start&quot;&gt;&lt;\/span&gt;&lt;\/p&gt;\n\" data-team-linkedin-url=\"\" data-bs-target=\"#teamModal\">\n            <!-- <div class=\"department-tag\"><\/div> -->\n            <div class=\"team-member-lower\">\n              <div class=\"left\">\n                <p class=\"team-member-name\">Alison Rodrigues<\/p>\n                                  <p class=\"team-member-title\">Administrador Ejecutivo<\/p>\n                                                  <p class=\"team-member-pronouns\">Ella\/El<\/p>\n                              <\/div>\n              <div class=\"right\">\n                <span class=\"plus-button\"><\/span>\n              <\/div>\n            <\/div>\n          <\/a>\n                  <a class=\"staff-teaser team-member-teaser department-acquisitions-team\" tabindex=\"0\" role=\"button\" type=\"button\" data-bs-toggle=\"modal\" data-team-show-image=\"true\" data-team-img-url=\"\" data-team-name=\"Georgiana Hale\" data-team-title=\"Gestor del Programa de Adquisici\u00f3n de Terrenos (en todo el condado)\" data-team-phone=\"(707) 526-6930 x 854\" data-team-email=\"Z2VvcmdpYW5hQHNvbm9tYWxhbmR0cnVzdC5vcmc=\" data-team-pronouns=\"Ella\/El\" data-team-bio=\"&lt;p&gt;&lt;span data-contrast=&quot;auto&quot;&gt;Georgiana aporta su experiencia en el desarrollo de relaciones de confianza y en la aplicaci\u00f3n de estrategias inmobiliarias para impulsar proyectos de conservaci\u00f3n de tierras para organizaciones locales y nacionales. Hace veinte a\u00f1os, comenz\u00f3 su carrera en Sonoma Land Trust, donde supervis\u00f3 el programa de seguimiento de servidumbres y contribuy\u00f3 a muchos proyectos de administraci\u00f3n y adquisici\u00f3n en todo el condado. Tras once a\u00f1os en el Land Trust, Georgiana obtuvo un m\u00e1ster en planificaci\u00f3n urbana por la Universidad Estatal de San Diego y dirigi\u00f3 transacciones inmobiliarias para el National Trust for Historic Preservation en Washington, D.C. M\u00e1s recientemente, coordin\u00f3 la redacci\u00f3n de pol\u00edticas a nivel nacional para la Divisi\u00f3n de Programas de Servidumbre del Servicio de Conservaci\u00f3n de Recursos Naturales. Como nativa del condado de Sonoma, Georgiana est\u00e1 deseando entablar relaciones con los propietarios de tierras y nuestros socios para colaborar en la protecci\u00f3n de los recursos naturales de la regi\u00f3n.   &lt;\/span&gt;&lt;span data-ccp-props=&quot;{}&quot;&gt; &lt;\/span&gt;&lt;\/p&gt;\n\" data-team-linkedin-url=\"\" data-bs-target=\"#teamModal\">\n            <!-- <div class=\"department-tag\"><\/div> -->\n            <div class=\"team-member-lower\">\n              <div class=\"left\">\n                <p class=\"team-member-name\">Georgiana Hale<\/p>\n                                  <p class=\"team-member-title\">Gestor del Programa de Adquisici\u00f3n de Terrenos (en todo el condado)<\/p>\n                                                  <p class=\"team-member-pronouns\">Ella\/El<\/p>\n                              <\/div>\n              <div class=\"right\">\n                <span class=\"plus-button\"><\/span>\n              <\/div>\n            <\/div>\n          <\/a>\n                  <a class=\"staff-teaser team-member-teaser department-acquisitions-team\" tabindex=\"0\" role=\"button\" type=\"button\" data-bs-toggle=\"modal\" data-team-show-image=\"true\" data-team-img-url=\"\" data-team-name=\"Melodie Grubbs\" data-team-title=\"Director de Conservaci\u00f3n\" data-team-phone=\"(707) 526-6930 x 862\" data-team-email=\"IG1lbG9kaWVAc29ub21hbGFuZHRydXN0Lm9yZw==\" data-team-pronouns=\"Ella\/El\" data-team-bio=\"&lt;p&gt;Melodie se une a Sonoma Land Trust como directora de conservaci\u00f3n con m\u00e1s de una d\u00e9cada de experiencia dirigiendo iniciativas de conservaci\u00f3n de cuencas hidrogr\u00e1ficas y costas a lo largo de la costa de California. Su carrera comenz\u00f3 en el mar, a bordo de buques de investigaci\u00f3n oceanogr\u00e1fica, donde desarroll\u00f3 su aprecio por la ciencia, el trabajo en equipo y la administraci\u00f3n. M\u00e1s recientemente, fue directora ejecutiva del Programa Nacional del Estuario de la Bah\u00eda de Morro, donde dirigi\u00f3 la restauraci\u00f3n de h\u00e1bitats, el control de la calidad del agua y las iniciativas de participaci\u00f3n comunitaria basadas en la resiliencia clim\u00e1tica y la gesti\u00f3n a largo plazo. Su trabajo se ha centrado en promover soluciones basadas en la naturaleza, reforzar las asociaciones con las comunidades locales y colaborar con organismos estatales y federales para aplicar estrategias de conservaci\u00f3n duraderas. Melodie posee un M\u00e1ster en Sistemas y Tecnolog\u00edas de la Informaci\u00f3n Geogr\u00e1fica por la Universidad del Sur de California y una licenciatura en Meteorolog\u00eda por la Universidad de Hawai en Manoa. Vive en el condado de Sonoma con su familia y pasa el tiempo al aire libre explorando paisajes que conectan la tierra, el agua y la comunidad.     &lt;\/p&gt;\n\" data-team-linkedin-url=\"\" data-bs-target=\"#teamModal\">\n            <!-- <div class=\"department-tag\"><\/div> -->\n            <div class=\"team-member-lower\">\n              <div class=\"left\">\n                <p class=\"team-member-name\">Melodie Grubbs<\/p>\n                                  <p class=\"team-member-title\">Director de Conservaci\u00f3n<\/p>\n                                                  <p class=\"team-member-pronouns\">Ella\/El<\/p>\n                              <\/div>\n              <div class=\"right\">\n                <span class=\"plus-button\"><\/span>\n              <\/div>\n            <\/div>\n          <\/a>\n                  <a class=\"staff-teaser team-member-teaser department-acquisitions-team\" tabindex=\"0\" role=\"button\" type=\"button\" data-bs-toggle=\"modal\" data-team-show-image=\"true\" data-team-img-url=\"\" data-team-name=\"John McCaull\" data-team-title=\"Director de Adquisici\u00f3n de Terrenos\" data-team-phone=\"(707) 526-6930 x 151\" data-team-email=\"am9obm1Ac29ub21hbGFuZHRydXN0Lm9yZw==\" data-team-pronouns=\"\u00c9l\/ella\" data-team-bio=\"&lt;div&gt;\n&lt;p&gt;John tiene m\u00e1s de 35 a\u00f1os de experiencia como director de programas, portavoz de campa\u00f1as, recaudador de fondos, gestor, defensor legislativo y abogado. Se licenci\u00f3 en Derecho por la Facultad de Derecho de la Universidad de California, Davis, en 1990, y comenz\u00f3 su carrera en Sacramento ejerciendo presi\u00f3n para la Sociedad Nacional Audubon, American Farmland Trust y numerosos clientes en los campos del medio ambiente, la justicia social y las energ\u00edas renovables. &lt;\/p&gt;\n&lt;\/div&gt;\n&lt;div&gt;\n&lt;p data-start=&quot;488&quot; data-end=&quot;840&quot;&gt;Tras mudarse a Sonoma en 2005, puso en marcha su propio negocio de consultor\u00eda y desarroll\u00f3 su experiencia jur\u00eddica y t\u00e9cnica en el uso del suelo, derecho de propiedad, transacciones inmobiliarias y obtenci\u00f3n de financiaci\u00f3n para la conservaci\u00f3n. Se incorpor\u00f3 a Sonoma Land Trust en 2013, aplicando las lecciones aprendidas en numerosas historias de \u00e9xito en conservaci\u00f3n para beneficiar a comunidades de todo el condado de Sonoma. &lt;\/p&gt;\n&lt;\/div&gt;\n\" data-team-linkedin-url=\"\" data-bs-target=\"#teamModal\">\n            <!-- <div class=\"department-tag\"><\/div> -->\n            <div class=\"team-member-lower\">\n              <div class=\"left\">\n                <p class=\"team-member-name\">John McCaull<\/p>\n                                  <p class=\"team-member-title\">Director de Adquisici\u00f3n de Terrenos<\/p>\n                                                  <p class=\"team-member-pronouns\">\u00c9l\/ella<\/p>\n                              <\/div>\n              <div class=\"right\">\n                <span class=\"plus-button\"><\/span>\n              <\/div>\n            <\/div>\n          <\/a>\n                  <a class=\"staff-teaser team-member-teaser department-acquisitions-team\" tabindex=\"0\" role=\"button\" type=\"button\" data-bs-toggle=\"modal\" data-team-show-image=\"true\" data-team-img-url=\"\" data-team-name=\"Kate Freeman\" data-team-title=\"Director del Programa de Adquisici\u00f3n de Tierras\" data-team-phone=\"(707) 526-6930 x 852\" data-team-email=\"a2F0ZUBzb25vbWFsYW5kdHJ1c3Qub3Jn\" data-team-pronouns=\"Ella\/El\" data-team-bio=\"&lt;p&gt;Kate es una bi\u00f3loga con m\u00e1s de nueve a\u00f1os de experiencia en la aplicaci\u00f3n de planes de conservaci\u00f3n y en la supervisi\u00f3n de la vigilancia biol\u00f3gica, el control de las servidumbres de conservaci\u00f3n y las estrategias de participaci\u00f3n p\u00fablica. Aporta a su funci\u00f3n una gran riqueza de conocimientos y un compromiso personal con el cuidado del entorno natural: al crecer en una peque\u00f1a granja de Vermont, Kate se sinti\u00f3 profundamente vinculada a la tierra. Kate se describe a s\u00ed misma como una \u00abempollona de los p\u00e1jaros\u00bb, y cofund\u00f3 el Club Feminista de P\u00e1jaros del Condado de Sonoma en 2022 para crear un espacio seguro y acogedor en el que todo el mundo pudiera aprender sobre los p\u00e1jaros y su entorno.  &lt;\/p&gt;\n\" data-team-linkedin-url=\"\" data-bs-target=\"#teamModal\">\n            <!-- <div class=\"department-tag\"><\/div> -->\n            <div class=\"team-member-lower\">\n              <div class=\"left\">\n                <p class=\"team-member-name\">Kate Freeman<\/p>\n                                  <p class=\"team-member-title\">Director del Programa de Adquisici\u00f3n de Tierras<\/p>\n                                                  <p class=\"team-member-pronouns\">Ella\/El<\/p>\n                              <\/div>\n              <div class=\"right\">\n                <span class=\"plus-button\"><\/span>\n              <\/div>\n            <\/div>\n          <\/a>\n                  <a class=\"staff-teaser team-member-teaser department-stewardship-team\" tabindex=\"0\" role=\"button\" type=\"button\" data-bs-toggle=\"modal\" data-team-show-image=\"true\" data-team-img-url=\"\" data-team-name=\"Maryrose Kulick\" data-team-title=\"Gestor del Programa SIG\" data-team-phone=\"(707) 526-6930 x 860\" data-team-email=\"bWFyeXJvc2VAc29ub21hbGFuZHRydXN0Lm9yZw==\" data-team-pronouns=\"Ella\/El\" data-team-bio=\"&lt;p&gt;Maryrose aporta ocho a\u00f1os de experiencia geoespacial en el Servicio de Parques Nacionales y en el Distrito de Parques Regionales de East Bay, junto con una doble licenciatura en Geograf\u00eda e Ingl\u00e9s por la UCLA. Impulsada por su amor a la naturaleza y los mapas, valora el SIG como herramienta para comprender la tierra y las conexiones entre las personas, la vida salvaje y los sistemas naturales, y est\u00e1 deseando apoyar los esfuerzos de conservaci\u00f3n aqu\u00ed en el condado de Sonoma. &lt;\/p&gt;\n\" data-team-linkedin-url=\"\" data-bs-target=\"#teamModal\">\n            <!-- <div class=\"department-tag\"><\/div> -->\n            <div class=\"team-member-lower\">\n              <div class=\"left\">\n                <p class=\"team-member-name\">Maryrose Kulick<\/p>\n                                  <p class=\"team-member-title\">Gestor del Programa SIG<\/p>\n                                                  <p class=\"team-member-pronouns\">Ella\/El<\/p>\n                              <\/div>\n              <div class=\"right\">\n                <span class=\"plus-button\"><\/span>\n              <\/div>\n            <\/div>\n          <\/a>\n                  <a class=\"staff-teaser team-member-teaser department-communications-team\" tabindex=\"0\" role=\"button\" type=\"button\" data-bs-toggle=\"modal\" data-team-show-image=\"true\" data-team-img-url=\"\" data-team-name=\"Gina Fabiano\" data-team-title=\"Director de Marketing y Relaciones con los Medios\" data-team-phone=\"\" data-team-email=\"\" data-team-pronouns=\"Ella\/El\" data-team-bio=\"&lt;p&gt;Emprendedora, creativa y estrat\u00e9gica, Gina tiene una amplia experiencia en la elaboraci\u00f3n de exitosas campa\u00f1as de marketing, comunicaci\u00f3n, imagen de marca y relaciones p\u00fablicas y con los medios de comunicaci\u00f3n en una amplia gama de sectores que van desde las organizaciones sin \u00e1nimo de lucro al entretenimiento, pasando por Wall Street. Gina es una h\u00e1bil comunicadora y estratega que despliega t\u00e1cticas que conectan de forma natural con las partes interesadas, y destaca en la traducci\u00f3n de ideas complejas en historias comprensibles que llegan a p\u00fablicos amplios y diversos. Cree que la construcci\u00f3n de relaciones es la clave para fomentar conexiones aut\u00e9nticas, inspirar acciones positivas y crear cambios duraderos. Gina, una chica de Jersey que ahora vive en Petaluma, es una ferviente ecologista, ciclista y amante del jazz que encuentra consuelo y alegr\u00eda en la belleza de la naturaleza.   &lt;\/p&gt;\n\" data-team-linkedin-url=\"\" data-bs-target=\"#teamModal\">\n            <!-- <div class=\"department-tag\"><\/div> -->\n            <div class=\"team-member-lower\">\n              <div class=\"left\">\n                <p class=\"team-member-name\">Gina Fabiano<\/p>\n                                  <p class=\"team-member-title\">Director de Marketing y Relaciones con los Medios<\/p>\n                                                  <p class=\"team-member-pronouns\">Ella\/El<\/p>\n                              <\/div>\n              <div class=\"right\">\n                <span class=\"plus-button\"><\/span>\n              <\/div>\n            <\/div>\n          <\/a>\n                  <a class=\"staff-teaser team-member-teaser department-acquisitions-team\" tabindex=\"0\" role=\"button\" type=\"button\" data-bs-toggle=\"modal\" data-team-show-image=\"true\" data-team-img-url=\"\" data-team-name=\"Mel Lozano\" data-team-title=\"Gestor de Proyectos de Adquisici\u00f3n\" data-team-phone=\"(707) 526-6930 x 835\" data-team-email=\"bWVsQHNvbm9tYWxhbmR0cnVzdC5vcmc=\" data-team-pronouns=\"Ella\/ellos\" data-team-bio=\"&lt;p&gt;Mel llega a Sonoma Land Trust con una amplia experiencia, que incluye la gesti\u00f3n de programas sin \u00e1nimo de lucro, la restauraci\u00f3n medioambiental, la planificaci\u00f3n de la conservaci\u00f3n de tierras, la recopilaci\u00f3n de datos de campo y el trabajo de salud comunitaria. Naci\u00f3 y creci\u00f3 en el condado de Sonoma y le entusiasma trabajar para apoyar proyectos en su propio patio trasero. Su licenciatura en An\u00e1lisis y Planificaci\u00f3n de Pol\u00edticas Medioambientales por la Universidad de California en Davis les permite aportar sus habilidades de an\u00e1lisis de datos, organizaci\u00f3n y colaboraci\u00f3n a su papel en el equipo de adquisiciones. Adem\u00e1s de su pasi\u00f3n por la conservaci\u00f3n de los recursos naturales, a Mel le encanta coser, tejer y pasear con su perro.   &lt;\/p&gt;\n\" data-team-linkedin-url=\"\" data-bs-target=\"#teamModal\">\n            <!-- <div class=\"department-tag\"><\/div> -->\n            <div class=\"team-member-lower\">\n              <div class=\"left\">\n                <p class=\"team-member-name\">Mel Lozano<\/p>\n                                  <p class=\"team-member-title\">Gestor de Proyectos de Adquisici\u00f3n<\/p>\n                                                  <p class=\"team-member-pronouns\">Ella\/ellos<\/p>\n                              <\/div>\n              <div class=\"right\">\n                <span class=\"plus-button\"><\/span>\n              <\/div>\n            <\/div>\n          <\/a>\n                  <a class=\"staff-teaser team-member-teaser department-community-engagement-team\" tabindex=\"0\" role=\"button\" type=\"button\" data-bs-toggle=\"modal\" data-team-show-image=\"true\" data-team-img-url=\"\" data-team-name=\"Alayza Cervantes\" data-team-title=\"Responsable de Relaciones con la Comunidad\" data-team-phone=\"(707) 526-6930 x 847\" data-team-email=\"YWxheXphQHNvbm9tYWxhbmR0cnVzdC5vcmc=\" data-team-pronouns=\"Ella\/El\" data-team-bio=\"&lt;p&gt;Alayza se incorpora a Sonoma Land Trust con una amplia experiencia en el desarrollo y la aplicaci\u00f3n de diversas iniciativas program\u00e1ticas centradas en la divulgaci\u00f3n, el compromiso c\u00edvico y la colaboraci\u00f3n con socios, voluntarios y miembros de la comunidad. Alayza posee una doble licenciatura en psicolog\u00eda y estudios chicanos por la UC Davis y es natural del condado de Sonoma. Cree que el acceso a la naturaleza y a los espacios abiertos es vital para todas las comunidades y le entusiasma encontrar nuevas oportunidades para que los miembros de la comunidad trabajen con nosotros.  &lt;\/p&gt;\n\" data-team-linkedin-url=\"\" data-bs-target=\"#teamModal\">\n            <!-- <div class=\"department-tag\"><\/div> -->\n            <div class=\"team-member-lower\">\n              <div class=\"left\">\n                <p class=\"team-member-name\">Alayza Cervantes<\/p>\n                                  <p class=\"team-member-title\">Responsable de Relaciones con la Comunidad<\/p>\n                                                  <p class=\"team-member-pronouns\">Ella\/El<\/p>\n                              <\/div>\n              <div class=\"right\">\n                <span class=\"plus-button\"><\/span>\n              <\/div>\n            <\/div>\n          <\/a>\n                  <a class=\"staff-teaser team-member-teaser department-acquisitions-team\" tabindex=\"0\" role=\"button\" type=\"button\" data-bs-toggle=\"modal\" data-team-show-image=\"true\" data-team-img-url=\"\" data-team-name=\"Julia Elkin *In Memoriam*\" data-team-title=\"Director del Programa de Adquisici\u00f3n de Tierras\" data-team-phone=\"\" data-team-email=\"\" data-team-pronouns=\"Ella\/El\" data-team-bio=\"&lt;p&gt;Honramos la vida y el legado de &lt;span class=&quot;hover:entity-accent entity-underline inline cursor-pointer align-baseline&quot;&gt;&lt;span class=&quot;whitespace-normal&quot;&gt;Julia Elkin&lt;\/span&gt;&lt;\/span&gt;que falleci\u00f3 en febrero de 2024, record\u00e1ndola con gratitud por el cuidado, la generosidad y el impacto duradero que aport\u00f3 a nuestra comunidad.&lt;br \/&gt;\nJulia se incorpor\u00f3 a Sonoma Land Trust en 2023, con m\u00e1s de una d\u00e9cada de experiencia y una profunda pasi\u00f3n por hacer que nuestras comunidades humanas y naturales sean m\u00e1s resistentes al cambio clim\u00e1tico. Facilit\u00f3 proyectos de adaptaci\u00f3n clim\u00e1tica con comunidades costeras de toda California, como Planificadora Superior de la Subida del Nivel del Mar en el condado de Marin y como gestora de proyectos en State Coastal Conservancy. Julia ten\u00eda un m\u00e1ster en Pol\u00edtica Medioambiental y Ecolog\u00eda de la Conservaci\u00f3n por la Universidad de Michigan, y en su tiempo libre le encantaba ir de mochilera a las monta\u00f1as, ba\u00f1arse en la costa, pintar, dibujar y tocar la flauta.&lt;br \/&gt;\nNo hay palabras para expresar lo mucho que echamos de menos a Julia y honrar su legado con nuestro trabajo.  &lt;\/p&gt;\n\" data-team-linkedin-url=\"\" data-bs-target=\"#teamModal\">\n            <!-- <div class=\"department-tag\"><\/div> -->\n            <div class=\"team-member-lower\">\n              <div class=\"left\">\n                <p class=\"team-member-name\">Julia Elkin *In Memoriam*<\/p>\n                                  <p class=\"team-member-title\">Director del Programa de Adquisici\u00f3n de Tierras<\/p>\n                                                  <p class=\"team-member-pronouns\">Ella\/El<\/p>\n                              <\/div>\n              <div class=\"right\">\n                <span class=\"plus-button\"><\/span>\n              <\/div>\n            <\/div>\n          <\/a>\n                  <a class=\"staff-teaser team-member-teaser department-communications-team\" tabindex=\"0\" role=\"button\" type=\"button\" data-bs-toggle=\"modal\" data-team-show-image=\"true\" data-team-img-url=\"\" data-team-name=\"Emily Harwitz\" data-team-title=\"Responsable de Comunicaci\u00f3n\" data-team-phone=\"(707) 595-7460 x 857\" data-team-email=\"ZW1pbHloQHNvbm9tYWxhbmR0cnVzdC5vcmc=\" data-team-pronouns=\"Ella\/El\" data-team-bio=\"&lt;p&gt;Emily aporta su experiencia en ciencia, periodismo y narraci\u00f3n multimedia a su funci\u00f3n de gestora de comunicaciones. Desde la conservaci\u00f3n sin \u00e1nimo de lucro hasta el trabajo editorial, tiene una amplia experiencia en la elaboraci\u00f3n de historias convincentes que hacen que las ideas complejas sean accesibles, atractivas y procesables. Impulsada por su curiosidad y su amor por la naturaleza, le apasiona ayudar a los dem\u00e1s a establecer relaciones significativas con el mundo que les rodea. Emily tiene un M\u00e1ster en Comunicaci\u00f3n Cient\u00edfica por la Universidad de California, Santa Cruz, y una licenciatura en Qu\u00edmica por la Universidad Carnegie Mellon, adem\u00e1s de experiencia de campo estudiando e investigando la ecolog\u00eda en los tr\u00f3picos. Cuando no est\u00e1 metida, en sentido figurado o literal, en la maleza para su trabajo, Emily puede encontrarse leyendo un buen libro, tocando la flauta o explorando alguna forma de arte. Con ra\u00edces en Miami, Pek\u00edn y la zona de la bah\u00eda, ahora est\u00e1 encantada de llamar hogar al condado de Sonoma.     &lt;\/p&gt;\n\" data-team-linkedin-url=\"\" data-bs-target=\"#teamModal\">\n            <!-- <div class=\"department-tag\"><\/div> -->\n            <div class=\"team-member-lower\">\n              <div class=\"left\">\n                <p class=\"team-member-name\">Emily Harwitz<\/p>\n                                  <p class=\"team-member-title\">Responsable de Comunicaci\u00f3n<\/p>\n                                                  <p class=\"team-member-pronouns\">Ella\/El<\/p>\n                              <\/div>\n              <div class=\"right\">\n                <span class=\"plus-button\"><\/span>\n              <\/div>\n            <\/div>\n          <\/a>\n                  <a class=\"staff-teaser team-member-teaser department-community-engagement-team\" tabindex=\"0\" role=\"button\" type=\"button\" data-bs-toggle=\"modal\" data-team-show-image=\"true\" data-team-img-url=\"\" data-team-name=\"Chloe Howard\" data-team-title=\"Asistente de Programas de Participaci\u00f3n Comunitaria\" data-team-phone=\"(707) 526-6930 x 856\" data-team-email=\"Y2hsb2VAc29ub21hbGFuZHRydXN0Lm9yZw==\" data-team-pronouns=\"Ella\/El\" data-team-bio=\"&lt;p&gt;Chloe aporta su pasi\u00f3n por la ciencia y la conservaci\u00f3n a Sonoma Land Trust, donde puede compartir con el mundo su profundo amor por la naturaleza. Es licenciada por la Universidad Estatal de Sonoma, donde estudi\u00f3 biolog\u00eda y estad\u00edstica aplicada. Chloe ha participado y contribuido a numerosos programas de educaci\u00f3n cient\u00edfica, como el TeenNat de Pepperwood, el Intensivo de Ciencias de la Conservaci\u00f3n de Audubon Canyon Ranch, el programa de Educaci\u00f3n al Aire Libre de Yosemite y el prestigioso Instituto Sistem\u00e1tico de Verano de la Academia de Ciencias de California. Ha trabajado como Ayudante de Instrucci\u00f3n de Laboratorio en el SRJC y como Ayudante de Educaci\u00f3n en Pepperwood. En su tiempo libre, a Chloe le encanta leer, ir al gimnasio, pasar tiempo con su perro y entusiasmar a la gente con la idea de estar al aire libre.    &lt;\/p&gt;\n\" data-team-linkedin-url=\"\" data-bs-target=\"#teamModal\">\n            <!-- <div class=\"department-tag\"><\/div> -->\n            <div class=\"team-member-lower\">\n              <div class=\"left\">\n                <p class=\"team-member-name\">Chloe Howard<\/p>\n                                  <p class=\"team-member-title\">Asistente de Programas de Participaci\u00f3n Comunitaria<\/p>\n                                                  <p class=\"team-member-pronouns\">Ella\/El<\/p>\n                              <\/div>\n              <div class=\"right\">\n                <span class=\"plus-button\"><\/span>\n              <\/div>\n            <\/div>\n          <\/a>\n                  <a class=\"staff-teaser team-member-teaser department-community-engagement-team\" tabindex=\"0\" role=\"button\" type=\"button\" data-bs-toggle=\"modal\" data-team-show-image=\"true\" data-team-img-url=\"\" data-team-name=\"Mirella Ramos\" data-team-title=\"Responsable de Programas Juveniles Biling\u00fces\" data-team-phone=\"(707) 526-6930 x 146\" data-team-email=\"bWlyZWxsYUBzb25vbWFsYW5kdHJ1c3Qub3Jn\" data-team-pronouns=\"Ellos\/Ellas\" data-team-bio=\"&lt;p&gt;En el Land Trust, el papel de Mirella es desarrollar y coordinar programas dentro y fuera del horario escolar para el p\u00fablico juvenil mediante una programaci\u00f3n culturalmente relevante y accesible. Tambi\u00e9n desempe\u00f1a un papel importante para llegar a las comunidades latinas e hispanohablantes mediante asociaciones y colaboraciones. Mirella est\u00e1 volviendo a conectar con las ra\u00edces ind\u00edgenas de su familia en El Salvador y es graduada universitaria de primera generaci\u00f3n con una licenciatura en Comunicaci\u00f3n de Masas por la Universidad Estatal de Sam Houston. Antes de unirse al Land Trust, trabaj\u00f3 en equipos de senderos para el Cuerpo de Conservaci\u00f3n de California, el Servicio de Parques Nacionales y el Servicio Forestal, m\u00e1s recientemente en el Parque Nacional Saguaro, donde coordin\u00f3 el trabajo de campo, la educaci\u00f3n medioambiental y el desarrollo juvenil para el Cuerpo de Conservaci\u00f3n Juvenil de Saguaro.   &lt;\/p&gt;\n\" data-team-linkedin-url=\"\" data-bs-target=\"#teamModal\">\n            <!-- <div class=\"department-tag\"><\/div> -->\n            <div class=\"team-member-lower\">\n              <div class=\"left\">\n                <p class=\"team-member-name\">Mirella Ramos<\/p>\n                                  <p class=\"team-member-title\">Responsable de Programas Juveniles Biling\u00fces<\/p>\n                                                  <p class=\"team-member-pronouns\">Ellos\/Ellas<\/p>\n                              <\/div>\n              <div class=\"right\">\n                <span class=\"plus-button\"><\/span>\n              <\/div>\n            <\/div>\n          <\/a>\n                  <a class=\"staff-teaser team-member-teaser department-community-engagement-team\" tabindex=\"0\" role=\"button\" type=\"button\" data-bs-toggle=\"modal\" data-team-show-image=\"true\" data-team-img-url=\"\" data-team-name=\"Kylie Kerr\" data-team-title=\"Coordinadora de Programas Juveniles Biling\u00fces\" data-team-phone=\"(707) 596-6930 x 837\" data-team-email=\"a3lsaWVAc29ub21hbGFuZHRydXN0Lm9yZw==\" data-team-pronouns=\"Ella\/El\" data-team-bio=\"&lt;p style=&quot;font-weight: 400;&quot;&gt;Kylie aporta una s\u00f3lida formaci\u00f3n cient\u00edfica, pasi\u00f3n por el mundo natural y una variada experiencia en educaci\u00f3n juvenil a su papel en el equipo de participaci\u00f3n comunitaria. Ha sido ayudante de c\u00e1tedra, voluntaria de investigaci\u00f3n y presidenta juvenil de la Comisi\u00f3n Juvenil de la ciudad de Petaluma, y est\u00e1 profundamente arraigada en nuestra comunidad. Se licenci\u00f3 en Cal Poly San Luis Obispo con dos licenciaturas en Ciencias Medioambientales de la Tierra y el Suelo y en Ciencias Marinas. Sus conocimientos de cartograf\u00eda SIG, gesti\u00f3n de datos y an\u00e1lisis de suelos mejorar\u00e1n el rigor cient\u00edfico de nuestro programa del Consejo de Conservaci\u00f3n. Kylie posee el Sello de Biling\u00fcismo del Estado de California en espa\u00f1ol, y en su tiempo libre le gusta leer, hornear, hacer senderismo, ir de picnic y viajar.    &lt;\/p&gt;\n\" data-team-linkedin-url=\"\" data-bs-target=\"#teamModal\">\n            <!-- <div class=\"department-tag\"><\/div> -->\n            <div class=\"team-member-lower\">\n              <div class=\"left\">\n                <p class=\"team-member-name\">Kylie Kerr<\/p>\n                                  <p class=\"team-member-title\">Coordinadora de Programas Juveniles Biling\u00fces<\/p>\n                                                  <p class=\"team-member-pronouns\">Ella\/El<\/p>\n                              <\/div>\n              <div class=\"right\">\n                <span class=\"plus-button\"><\/span>\n              <\/div>\n            <\/div>\n          <\/a>\n                  <a class=\"staff-teaser team-member-teaser department-community-engagement-team\" tabindex=\"0\" role=\"button\" type=\"button\" data-bs-toggle=\"modal\" data-team-show-image=\"true\" data-team-img-url=\"\" data-team-name=\"Neal Ramus\" data-team-title=\"Director de Participaci\u00f3n Comunitaria y Educaci\u00f3n\" data-team-phone=\"\" data-team-email=\"\" data-team-pronouns=\"\u00c9l\/ella\" data-team-bio=\"&lt;p&gt;Neal dirige los esfuerzos organizativos para ampliar el p\u00fablico, atender las necesidades de la comunidad e incluir una multitud de voces e intereses en el trabajo de Sonoma Land Trust. Como petaluman de nacimiento y criado, Neal tiene una profunda conexi\u00f3n con las tierras, las gentes y la diversidad del condado de Sonoma, que informa su enfoque y su trabajo para implicar a la comunidad. Anteriormente, Neal dirigi\u00f3 el desarrollo de programas comunitarios en la Academia de Ciencias de California, el Museo de la Fauna de Petaluma y el Centro de Investigaci\u00f3n Medioambiental de la Universidad Estatal de Sonoma. Es licenciado en biolog\u00eda, con especializaci\u00f3n en paleontolog\u00eda, y posee un m\u00e1ster en administraci\u00f3n de empresas por la Universidad Estatal de Sonoma.   &lt;\/p&gt;\n\" data-team-linkedin-url=\"\" data-bs-target=\"#teamModal\">\n            <!-- <div class=\"department-tag\"><\/div> -->\n            <div class=\"team-member-lower\">\n              <div class=\"left\">\n                <p class=\"team-member-name\">Neal Ramus<\/p>\n                                  <p class=\"team-member-title\">Director de Participaci\u00f3n Comunitaria y Educaci\u00f3n<\/p>\n                                                  <p class=\"team-member-pronouns\">\u00c9l\/ella<\/p>\n                              <\/div>\n              <div class=\"right\">\n                <span class=\"plus-button\"><\/span>\n              <\/div>\n            <\/div>\n          <\/a>\n                  <a class=\"staff-teaser team-member-teaser department-community-engagement-team\" tabindex=\"0\" role=\"button\" type=\"button\" data-bs-toggle=\"modal\" data-team-show-image=\"true\" data-team-img-url=\"\" data-team-name=\"Ingrid Stearns\" data-team-title=\"Responsable de Programas P\u00fablicos\" data-team-phone=\"(707) 526-6930 x 114\" data-team-email=\"aW5ncmlkQHNvbm9tYWxhbmR0cnVzdC5vcmc=\" data-team-pronouns=\"Ella\/El\" data-team-bio=\"&lt;p style=&quot;font-weight: 400;&quot;&gt;Ingrid dise\u00f1a y gestiona los programas p\u00fablicos de Sonoma Land Trust, conectando a la gente con diversas tierras protegidas en toda una gama de ecosistemas. Empez\u00f3 como becaria en 2010 y lleva en la Fundaci\u00f3n desde entonces. Puede que la veas dirigiendo excursiones, explorando flores silvestres e identificando plantas aut\u00f3ctonas en el paisaje, o compartiendo historias sobre proyectos de protecci\u00f3n de tierras a lo largo del tiempo. Es licenciada en Estudios y Planificaci\u00f3n Medioambientales por la Universidad Estatal de Sonoma y diplomada en Empresariales por el Shasta College.   &lt;\/p&gt;\n\" data-team-linkedin-url=\"\" data-bs-target=\"#teamModal\">\n            <!-- <div class=\"department-tag\"><\/div> -->\n            <div class=\"team-member-lower\">\n              <div class=\"left\">\n                <p class=\"team-member-name\">Ingrid Stearns<\/p>\n                                  <p class=\"team-member-title\">Responsable de Programas P\u00fablicos<\/p>\n                                                  <p class=\"team-member-pronouns\">Ella\/El<\/p>\n                              <\/div>\n              <div class=\"right\">\n                <span class=\"plus-button\"><\/span>\n              <\/div>\n            <\/div>\n          <\/a>\n                  <a class=\"staff-teaser team-member-teaser department-community-engagement-team\" tabindex=\"0\" role=\"button\" type=\"button\" data-bs-toggle=\"modal\" data-team-show-image=\"true\" data-team-img-url=\"\" data-team-name=\"Carlos Rivas\" data-team-title=\"Coordinador de Salidas\" data-team-phone=\"(707) 526-6930 x 845\" data-team-email=\"Y2FybG9zQHNvbm9tYWxhbmR0cnVzdC5vcmc=\" data-team-pronouns=\"\u00c9l\/ella\" data-team-bio=\"&lt;div&gt;\n&lt;p&gt;Carlos Rivas, coordinador biling\u00fce de salidas, se incorpor\u00f3 a Sonoma Land Trust en 2024. Tiene una licenciatura en estudios chicanos y latinos y t\u00edtulos de asociado en matem\u00e1ticas e ingenier\u00eda. Anteriormente trabaj\u00f3 en LandPaths como parte de su equipo de educaci\u00f3n juvenil. Ha ampliado la oferta y la participaci\u00f3n en el programa de salidas familiares biling\u00fces de SLT y ha dirigido muchas salidas con organizaciones asociadas y grupos comunitarios. Tambi\u00e9n gu\u00eda cada a\u00f1o varias salidas de becarios para ayudarles a aprender a interpretar la conservaci\u00f3n para el p\u00fablico.    &lt;\/p&gt;\n&lt;\/div&gt;\n\" data-team-linkedin-url=\"\" data-bs-target=\"#teamModal\">\n            <!-- <div class=\"department-tag\"><\/div> -->\n            <div class=\"team-member-lower\">\n              <div class=\"left\">\n                <p class=\"team-member-name\">Carlos Rivas<\/p>\n                                  <p class=\"team-member-title\">Coordinador de Salidas<\/p>\n                                                  <p class=\"team-member-pronouns\">\u00c9l\/ella<\/p>\n                              <\/div>\n              <div class=\"right\">\n                <span class=\"plus-button\"><\/span>\n              <\/div>\n            <\/div>\n          <\/a>\n                  <a class=\"staff-teaser team-member-teaser department-finance-team\" tabindex=\"0\" role=\"button\" type=\"button\" data-bs-toggle=\"modal\" data-team-show-image=\"true\" data-team-img-url=\"\" data-team-name=\"Sonya Sirrs\" data-team-title=\"Responsable de contabilidad\" data-team-phone=\"(707) 526-6930 x 853\" data-team-email=\"c29ueWFAc29ub21hbGFuZHRydXN0Lm9yZw==\" data-team-pronouns=\"Ella\/El\" data-team-bio=\"&lt;p&gt;Sonya aporta una amplia experiencia financiera y contable a su puesto en el equipo de Finanzas y Administraci\u00f3n, incluidos m\u00e1s de 15 a\u00f1os en el mundo de las organizaciones sin \u00e1nimo de lucro. En su carrera ha trabajado en diversos sectores, desde servicios sociales y organizaciones sin \u00e1nimo de lucro de salud mental hasta un instituto de investigaci\u00f3n biom\u00e9dica. Sonya se traslad\u00f3 a Penngrove en 2017 desde el sur de California y disfruta del ambiente de pueblo peque\u00f1o y unido de la comunidad. Sonya est\u00e1 agradecida de vivir cerca de tantos espacios abiertos y vida salvaje.   &lt;\/p&gt;\n\" data-team-linkedin-url=\"\" data-bs-target=\"#teamModal\">\n            <!-- <div class=\"department-tag\"><\/div> -->\n            <div class=\"team-member-lower\">\n              <div class=\"left\">\n                <p class=\"team-member-name\">Sonya Sirrs<\/p>\n                                  <p class=\"team-member-title\">Responsable de contabilidad<\/p>\n                                                  <p class=\"team-member-pronouns\">Ella\/El<\/p>\n                              <\/div>\n              <div class=\"right\">\n                <span class=\"plus-button\"><\/span>\n              <\/div>\n            <\/div>\n          <\/a>\n                  <a class=\"staff-teaser team-member-teaser department-finance-team\" tabindex=\"0\" role=\"button\" type=\"button\" data-bs-toggle=\"modal\" data-team-show-image=\"true\" data-team-img-url=\"\" data-team-name=\"Joe Rizzo\" data-team-title=\"Director de Finanzas y Administraci\u00f3n\" data-team-phone=\"(707) 526-6930, ext. 107\" data-team-email=\"am9lQHNvbm9tYWxhbmR0cnVzdC5vcmc=\" data-team-pronouns=\"\u00c9l\/ella\" data-team-bio=\"&lt;p&gt;Joe dirige las finanzas y la administraci\u00f3n de SLT y cuenta con m\u00e1s de 20 a\u00f1os de experiencia en operaciones financieras, contables, inform\u00e1ticas y de recursos humanos en el sector sin \u00e1nimo de lucro. Ha ocupado puestos directivos en varias organizaciones sin \u00e1nimo de lucro, como Easterseals Midwest y Buckelew Programs, y se incorpor\u00f3 a SLT en 2019. Es licenciado en contabilidad por la Universidad de Saint Louis y tiene un m\u00e1ster en administraci\u00f3n de empresas por la Universidad de Webster. Vive en Petaluma con su mujer y muchos perros.   &lt;\/p&gt;\n\" data-team-linkedin-url=\"\" data-bs-target=\"#teamModal\">\n            <!-- <div class=\"department-tag\"><\/div> -->\n            <div class=\"team-member-lower\">\n              <div class=\"left\">\n                <p class=\"team-member-name\">Joe Rizzo<\/p>\n                                  <p class=\"team-member-title\">Director de Finanzas y Administraci\u00f3n<\/p>\n                                                  <p class=\"team-member-pronouns\">\u00c9l\/ella<\/p>\n                              <\/div>\n              <div class=\"right\">\n                <span class=\"plus-button\"><\/span>\n              <\/div>\n            <\/div>\n          <\/a>\n                  <a class=\"staff-teaser team-member-teaser department-finance-team\" tabindex=\"0\" role=\"button\" type=\"button\" data-bs-toggle=\"modal\" data-team-show-image=\"true\" data-team-img-url=\"\" data-team-name=\"Kirti Bavdekar\" data-team-title=\"Contable superior\" data-team-phone=\"(707) 526-6930 x 121\" data-team-email=\"a2lydGlAc29ub21hbGFuZHRydXN0Lm9yZw==\" data-team-pronouns=\"Ella\/El\" data-team-bio=\"&lt;p&gt;Kirti es responsable de una serie de tareas financieras y contables esenciales para el mantenimiento y la fiabilidad de nuestros sistemas contables. Antes de incorporarse a Sonoma Land Trust, trabaj\u00f3 con organizaciones sin \u00e1nimo de lucro en los sectores de la atenci\u00f3n infantil, la salud mental y la asistencia sanitaria. Tiene un m\u00e1ster en contabilidad y finanzas, y un diploma en gesti\u00f3n de RRHH. Kirti es natural de Mumbai (India) y vive en Santa Rosa desde hace 15 a\u00f1os. Le encanta nuestro condado de Sonoma, rico en naturaleza.    &lt;\/p&gt;\n\" data-team-linkedin-url=\"\" data-bs-target=\"#teamModal\">\n            <!-- <div class=\"department-tag\"><\/div> -->\n            <div class=\"team-member-lower\">\n              <div class=\"left\">\n                <p class=\"team-member-name\">Kirti Bavdekar<\/p>\n                                  <p class=\"team-member-title\">Contable superior<\/p>\n                                                  <p class=\"team-member-pronouns\">Ella\/El<\/p>\n                              <\/div>\n              <div class=\"right\">\n                <span class=\"plus-button\"><\/span>\n              <\/div>\n            <\/div>\n          <\/a>\n                  <a class=\"staff-teaser team-member-teaser department-finance-team\" tabindex=\"0\" role=\"button\" type=\"button\" data-bs-toggle=\"modal\" data-team-show-image=\"true\" data-team-img-url=\"\" data-team-name=\"Amy Swanson\" data-team-title=\"Contable\" data-team-phone=\"(707) 526-6930 x 841\" data-team-email=\"YW15QHNvbm9tYWxhbmR0cnVzdC5vcmc=\" data-team-pronouns=\"Ella\/El\" data-team-bio=\"&lt;p style=&quot;font-weight: 400;&quot;&gt;Amy aporta m\u00e1s de siete a\u00f1os de experiencia profesional en contabilidad a su puesto en el equipo financiero. Nacida y criada en el condado de Sonoma, se enorgullece de aportar su experiencia y su pasi\u00f3n por el paisaje local en apoyo de la misi\u00f3n de la organizaci\u00f3n. Se licenci\u00f3 en Econom\u00eda Empresarial por la Universidad de California, Davis. Fuera del trabajo, es entrenadora de voleibol y le gusta pasar tiempo en la naturaleza con sus perros.   &lt;\/p&gt;\n\" data-team-linkedin-url=\"\" data-bs-target=\"#teamModal\">\n            <!-- <div class=\"department-tag\"><\/div> -->\n            <div class=\"team-member-lower\">\n              <div class=\"left\">\n                <p class=\"team-member-name\">Amy Swanson<\/p>\n                                  <p class=\"team-member-title\">Contable<\/p>\n                                                  <p class=\"team-member-pronouns\">Ella\/El<\/p>\n                              <\/div>\n              <div class=\"right\">\n                <span class=\"plus-button\"><\/span>\n              <\/div>\n            <\/div>\n          <\/a>\n                  <a class=\"staff-teaser team-member-teaser department-operations-team\" tabindex=\"0\" role=\"button\" type=\"button\" data-bs-toggle=\"modal\" data-team-show-image=\"true\" data-team-img-url=\"\" data-team-name=\"Annya Maskey\" data-team-title=\"Director Asociado de Operaciones\" data-team-phone=\"707-526-6930 x 154\" data-team-email=\"YW5ueWFAc29ub21hbGFuZHRydXN0Lm9yZw==\" data-team-pronouns=\"Ella\/El\" data-team-bio=\"&lt;p&gt;Annya lleva m\u00e1s de 20 a\u00f1os viviendo en el condado de Sonoma. Durante m\u00e1s de 10 a\u00f1os trabaj\u00f3 en peque\u00f1as granjas del norte de Santa Rosa y del valle de Dry Creek, adem\u00e1s de contar con muchos a\u00f1os de experiencia aplicando esos conocimientos en restaurantes locales de la granja a la mesa. Antes de trabajar en Sonoma Land Trust, fue asistente ejecutiva del Director Ejecutivo de una organizaci\u00f3n de vivienda justa. Le apasiona mitigar el cambio clim\u00e1tico desde una perspectiva de justicia social y conservar la belleza de nuestros ecosistemas locales. Dedica su tiempo a criar a su hija, a la jardiner\u00eda y a la pintura.    &lt;\/p&gt;\n\" data-team-linkedin-url=\"\" data-bs-target=\"#teamModal\">\n            <!-- <div class=\"department-tag\"><\/div> -->\n            <div class=\"team-member-lower\">\n              <div class=\"left\">\n                <p class=\"team-member-name\">Annya Maskey<\/p>\n                                  <p class=\"team-member-title\">Director Asociado de Operaciones<\/p>\n                                                  <p class=\"team-member-pronouns\">Ella\/El<\/p>\n                              <\/div>\n              <div class=\"right\">\n                <span class=\"plus-button\"><\/span>\n              <\/div>\n            <\/div>\n          <\/a>\n                  <a class=\"staff-teaser team-member-teaser department-operations-team\" tabindex=\"0\" role=\"button\" type=\"button\" data-bs-toggle=\"modal\" data-team-show-image=\"true\" data-team-img-url=\"\" data-team-name=\"Carl Gboney\" data-team-title=\"Jefe de Proyecto de Operaciones\" data-team-phone=\"(707) 526-6930 x 850\" data-team-email=\"Y2FybEBzb25vbWFsYW5kdHJ1c3Qub3Jn\" data-team-pronouns=\"\u00c9l\/ella\" data-team-bio=\"&lt;p&gt;&lt;span class=&quot;outlook-search-highlight&quot; data-markjs=&quot;true&quot;&gt;Carl&lt;\/span&gt; aporta a su papel en el equipo de operaciones un enfoque orientado a las soluciones y casi una d\u00e9cada de experiencia dirigiendo proyectos y programas interfuncionales. Es ScrumMaster\u00ae Certificado y destaca en la colaboraci\u00f3n con una amplia variedad de socios internos y externos, con experiencia en todo tipo de tareas, desde dirigir lanzamientos de productos hasta mejorar procesos de planificaci\u00f3n o dise\u00f1ar eventos para crear un sentimiento de pertenencia. Originario de Ghana, &lt;span class=&quot;outlook-search-highlight&quot; data-markjs=&quot;true&quot;&gt;Carl&lt;\/span&gt; se traslad\u00f3 a EE.UU. para ir a la universidad y vivi\u00f3 en varios estados del pa\u00eds antes de mudarse a la zona de la Bah\u00eda, y luego a Napa con su esposa. Fuera del trabajo, puedes encontrar a &lt;span class=&quot;outlook-search-highlight&quot; data-markjs=&quot;true&quot;&gt;Carl&lt;\/span&gt; en un estudio de Pilates, haciendo senderismo por nuestros senderos locales, catando vinos o viendo una pel\u00edcula en un cine local.   &lt;\/p&gt;\n\" data-team-linkedin-url=\"\" data-bs-target=\"#teamModal\">\n            <!-- <div class=\"department-tag\"><\/div> -->\n            <div class=\"team-member-lower\">\n              <div class=\"left\">\n                <p class=\"team-member-name\">Carl Gboney<\/p>\n                                  <p class=\"team-member-title\">Jefe de Proyecto de Operaciones<\/p>\n                                                  <p class=\"team-member-pronouns\">\u00c9l\/ella<\/p>\n                              <\/div>\n              <div class=\"right\">\n                <span class=\"plus-button\"><\/span>\n              <\/div>\n            <\/div>\n          <\/a>\n                  <a class=\"staff-teaser team-member-teaser department-operations-team\" tabindex=\"0\" role=\"button\" type=\"button\" data-bs-toggle=\"modal\" data-team-show-image=\"true\" data-team-img-url=\"\" data-team-name=\"Ellen Vel\u00e1zquez Muralles\" data-team-title=\"Director de Operaciones\" data-team-phone=\"(707) 526-6930 x 851\" data-team-email=\"ZWxsZW5Ac29ub21hbGFuZHRydXN0Lm9yZw==\" data-team-pronouns=\"Ella\/El\" data-team-bio=\"&lt;div class=&quot;ewa-rteLine&quot;&gt;Ellen se une a Sonoma Land Trust con una pasi\u00f3n por la eficiencia, el deseo de contribuir a un entorno de trabajo colaborativo y una inversi\u00f3n en el \u00e9xito y el crecimiento continuos de la organizaci\u00f3n. Aporta a su puesto en el equipo de operaciones una amplia experiencia en la planificaci\u00f3n de eventos y una gran capacidad de organizaci\u00f3n y comunicaci\u00f3n. Le mueve el deseo de trabajar con y para su comunidad.   Fuera del trabajo, puedes encontrar a Ellen inmersa en un buen libro, disfrutando del calor del sol del condado de Sonoma y explorando el aire libre con su beagle.&lt;\/div&gt;\n\" data-team-linkedin-url=\"\" data-bs-target=\"#teamModal\">\n            <!-- <div class=\"department-tag\"><\/div> -->\n            <div class=\"team-member-lower\">\n              <div class=\"left\">\n                <p class=\"team-member-name\">Ellen Vel\u00e1zquez Muralles<\/p>\n                                  <p class=\"team-member-title\">Director de Operaciones<\/p>\n                                                  <p class=\"team-member-pronouns\">Ella\/El<\/p>\n                              <\/div>\n              <div class=\"right\">\n                <span class=\"plus-button\"><\/span>\n              <\/div>\n            <\/div>\n          <\/a>\n                  <a class=\"staff-teaser team-member-teaser department-philanthropy-team\" tabindex=\"0\" role=\"button\" type=\"button\" data-bs-toggle=\"modal\" data-team-show-image=\"true\" data-team-img-url=\"\" data-team-name=\"Shannon Nichols\" data-team-title=\"Directora de Filantrop\u00eda\" data-team-phone=\"(707) 526-6930 x 140\" data-team-email=\"c2hhbm5vbkBzb25vbWFsYW5kdHJ1c3Qub3Jn\" data-team-pronouns=\"Ella\/El\" data-team-bio=\"&lt;p data-start=&quot;87&quot; data-end=&quot;311&quot;&gt;Shannon trabaja en estrecha colaboraci\u00f3n con los miembros de la junta directiva, el director ejecutivo y el personal para establecer relaciones con los donantes arraigadas en valores compartidos. Disfruta conectando redes y desarrollando soluciones creativas a retos complejos. Como directora de filantrop\u00eda, dirige la estrategia para desarrollar, asegurar y mantener los ingresos filantr\u00f3picos de la organizaci\u00f3n, incluidos los grandes donativos, las donaciones planificadas, el fondo anual y las subvenciones. Shannon dirigi\u00f3 la primera campa\u00f1a integral de la organizaci\u00f3n, \u00abUna Fuerza para la Naturaleza\u00bb, que recaud\u00f3 m\u00e1s de 109 millones de d\u00f3lares hasta marzo de 2024.   &lt;\/p&gt;\n\" data-team-linkedin-url=\"\" data-bs-target=\"#teamModal\">\n            <!-- <div class=\"department-tag\"><\/div> -->\n            <div class=\"team-member-lower\">\n              <div class=\"left\">\n                <p class=\"team-member-name\">Shannon Nichols<\/p>\n                                  <p class=\"team-member-title\">Directora de Filantrop\u00eda<\/p>\n                                                  <p class=\"team-member-pronouns\">Ella\/El<\/p>\n                              <\/div>\n              <div class=\"right\">\n                <span class=\"plus-button\"><\/span>\n              <\/div>\n            <\/div>\n          <\/a>\n                  <a class=\"staff-teaser team-member-teaser department-philanthropy-team\" tabindex=\"0\" role=\"button\" type=\"button\" data-bs-toggle=\"modal\" data-team-show-image=\"true\" data-team-img-url=\"\" data-team-name=\"Hillary Jarcik\" data-team-title=\"Directora Adjunta de Filantrop\u00eda\" data-team-phone=\"(707) 526-6930 x 859\" data-team-email=\"aGlsbGFyeUBzb25vbWFsYW5kdHJ1c3Qub3Jn\" data-team-pronouns=\"Ella\/El\" data-team-bio=\"&lt;p&gt;&lt;span class=&quot;outlook-search-highlight&quot; data-markjs=&quot;true&quot;&gt;Hillary&lt;\/span&gt; aporta m\u00e1s de 15 a\u00f1os de experiencia en filantrop\u00eda y un m\u00e1ster en gesti\u00f3n de organizaciones sin \u00e1nimo de lucro, con una carrera dedicada a recaudar fondos para causas que le importan profundamente. Desde trabajar con organizaciones locales del condado de Sonoma hasta con organizaciones sin \u00e1nimo de lucro nacionales, encuentra la mayor satisfacci\u00f3n en conectar las pasiones de los donantes con programas que dan vida a objetivos significativos. Lo que m\u00e1s la motiva es crear asociaciones bien pensadas entre la filantrop\u00eda y los esfuerzos comunitarios, y ver el impacto positivo y duradero que se produce. Residente en Petaluma desde 2010, &lt;span class=&quot;outlook-search-highlight&quot; data-markjs=&quot;true&quot;&gt;Hillary&lt;\/span&gt; se enorgullece de llamar hogar al condado de Sonoma. Se siente continuamente inspirada por la belleza y la diversidad de la regi\u00f3n, y aprecia la oportunidad de criar a su familia mientras explora las colinas, los r\u00edos y la costa del condado de Sonoma.    &lt;\/p&gt;\n\" data-team-linkedin-url=\"\" data-bs-target=\"#teamModal\">\n            <!-- <div class=\"department-tag\"><\/div> -->\n            <div class=\"team-member-lower\">\n              <div class=\"left\">\n                <p class=\"team-member-name\">Hillary Jarcik<\/p>\n                                  <p class=\"team-member-title\">Directora Adjunta de Filantrop\u00eda<\/p>\n                                                  <p class=\"team-member-pronouns\">Ella\/El<\/p>\n                              <\/div>\n              <div class=\"right\">\n                <span class=\"plus-button\"><\/span>\n              <\/div>\n            <\/div>\n          <\/a>\n                  <a class=\"staff-teaser team-member-teaser department-philanthropy-team\" tabindex=\"0\" role=\"button\" type=\"button\" data-bs-toggle=\"modal\" data-team-show-image=\"true\" data-team-img-url=\"\" data-team-name=\"Camille Matson\" data-team-title=\"Director de Planificaci\u00f3n de Donaciones y Relaciones con Donantes\" data-team-phone=\"(707) 582-8950 x 848\" data-team-email=\"Y2FtaWxsZUBzb25vbWFsYW5kdHJ1c3Qub3Jn\" data-team-pronouns=\"Ella\/El\" data-team-bio=\"&lt;p&gt;Camille se une a Sonoma Land Trust para establecer relaciones de colaboraci\u00f3n duraderas que ayuden a conservar la belleza y la biodiversidad del condado de Sonoma y garanticen un futuro resistente al cambio clim\u00e1tico para las generaciones venideras. En su anterior puesto en el Fondo Mundial para la Mujer, adquiri\u00f3 12 a\u00f1os de experiencia en recaudaci\u00f3n de fondos y defensa del cambio transformador en la intersecci\u00f3n de los derechos de la mujer y la justicia de g\u00e9nero, econ\u00f3mica y medioambiental. Fuera del trabajo, encontrar\u00e1s a Camille cultivando un huerto, buscando setas y visitando los parques de patinaje del condado de Sonoma con su marido y sus dos hijos peque\u00f1os.  &lt;\/p&gt;\n\" data-team-linkedin-url=\"\" data-bs-target=\"#teamModal\">\n            <!-- <div class=\"department-tag\"><\/div> -->\n            <div class=\"team-member-lower\">\n              <div class=\"left\">\n                <p class=\"team-member-name\">Camille Matson<\/p>\n                                  <p class=\"team-member-title\">Director de Planificaci\u00f3n de Donaciones y Relaciones con Donantes<\/p>\n                                                  <p class=\"team-member-pronouns\">Ella\/El<\/p>\n                              <\/div>\n              <div class=\"right\">\n                <span class=\"plus-button\"><\/span>\n              <\/div>\n            <\/div>\n          <\/a>\n                  <a class=\"staff-teaser team-member-teaser department-philanthropy-team\" tabindex=\"0\" role=\"button\" type=\"button\" data-bs-toggle=\"modal\" data-team-show-image=\"true\" data-team-img-url=\"\" data-team-name=\"Natasha Bacci\" data-team-title=\"Responsable de Grandes Donaciones\" data-team-phone=\"(707) 526-6930 x 130\" data-team-email=\"bmF0YXNoYUBzb25vbWFsYW5kdHJ1c3Qub3Jn\" data-team-pronouns=\"Ella\/El\" data-team-bio=\"&lt;p&gt;En su puesto, Natasha involucra a simpatizantes y amigos de Sonoma Land Trust en nuestro trabajo, ya sea a trav\u00e9s de actos y comunicaciones o en el terreno. Antes de trabajar en Sonoma Land Trust, Natasha trabaj\u00f3 en The Trust for Public Land, donde ayud\u00f3 a gestionar la junta consultiva de California y el programa estatal de recaudaci\u00f3n de fondos de la organizaci\u00f3n nacional para proteger la tierra y crear parques. Como nativa del condado de Sonoma, est\u00e1 encantada de aportar su experiencia a su comunidad local y ayudar a la regi\u00f3n a ser m\u00e1s resistente al cambio clim\u00e1tico. En su tiempo libre, a Natasha le gusta navegar, hacer paddle surf, ir de excursi\u00f3n, viajar y visitar todos los bellos lugares que ofrece el condado de Sonoma.   &lt;\/p&gt;\n\" data-team-linkedin-url=\"\" data-bs-target=\"#teamModal\">\n            <!-- <div class=\"department-tag\"><\/div> -->\n            <div class=\"team-member-lower\">\n              <div class=\"left\">\n                <p class=\"team-member-name\">Natasha Bacci<\/p>\n                                  <p class=\"team-member-title\">Responsable de Grandes Donaciones<\/p>\n                                                  <p class=\"team-member-pronouns\">Ella\/El<\/p>\n                              <\/div>\n              <div class=\"right\">\n                <span class=\"plus-button\"><\/span>\n              <\/div>\n            <\/div>\n          <\/a>\n                  <a class=\"staff-teaser team-member-teaser department-philanthropy-team\" tabindex=\"0\" role=\"button\" type=\"button\" data-bs-toggle=\"modal\" data-team-show-image=\"true\" data-team-img-url=\"\" data-team-name=\"Melissa Bennett\" data-team-title=\"Responsable del Programa de Filantrop\u00eda\" data-team-phone=\"(707) 526-6930 x 108\" data-team-email=\"bWVsaXNzYWJAc29ub21hbGFuZHRydXN0Lm9yZw==\" data-team-pronouns=\"Ella\/El\" data-team-bio=\"&lt;div&gt;\n&lt;p&gt;Melissa, directora del programa de filantrop\u00eda, dirige los esfuerzos para hacer crecer y mantener el programa de socios de Sonoma Land Trust. Aporta m\u00e1s de 15 a\u00f1os de experiencia en recaudaci\u00f3n de fondos en organizaciones medioambientales sin \u00e1nimo de lucro de toda la zona de la Bah\u00eda, incluyendo la redacci\u00f3n y gesti\u00f3n de subvenciones, donaciones individuales y asociaciones institucionales en organizaciones como Golden Gate National Parks Conservancy. Nativa del condado de Sonoma y criada en Bodega Bay, se enorgullece de apoyar a la comunidad que forj\u00f3 su amor por la naturaleza. Le gusta ir de excursi\u00f3n, acampar, trabajar en el jard\u00edn y pasar tiempo con amigos y familiares.   &lt;\/p&gt;\n&lt;\/div&gt;\n\" data-team-linkedin-url=\"\" data-bs-target=\"#teamModal\">\n            <!-- <div class=\"department-tag\"><\/div> -->\n            <div class=\"team-member-lower\">\n              <div class=\"left\">\n                <p class=\"team-member-name\">Melissa Bennett<\/p>\n                                  <p class=\"team-member-title\">Responsable del Programa de Filantrop\u00eda<\/p>\n                                                  <p class=\"team-member-pronouns\">Ella\/El<\/p>\n                              <\/div>\n              <div class=\"right\">\n                <span class=\"plus-button\"><\/span>\n              <\/div>\n            <\/div>\n          <\/a>\n                  <a class=\"staff-teaser team-member-teaser department-philanthropy-team\" tabindex=\"0\" role=\"button\" type=\"button\" data-bs-toggle=\"modal\" data-team-show-image=\"true\" data-team-img-url=\"\" data-team-name=\"Shawnalee Pusey\" data-team-title=\"Administrador de bases de datos CRM\" data-team-phone=\"(707) 526-6930 x 832\" data-team-email=\"c2hhd25hbGVlQHNvbm9tYWxhbmR0cnVzdC5vcmc=\" data-team-pronouns=\"Ella\/El\" data-team-bio=\"&lt;p&gt;Shawnalee aporta a Sonoma Land Trust m\u00e1s de 15 a\u00f1os de experiencia en sistemas de desarrollo y operaciones. Destaca en la creaci\u00f3n y ejecuci\u00f3n de exitosas campa\u00f1as de recaudaci\u00f3n de fondos, en la implantaci\u00f3n de herramientas para mejorar las operaciones y en la renovaci\u00f3n de los programas de captaci\u00f3n y gesti\u00f3n de simpatizantes. Con amplios conocimientos y dominio de los sistemas de gesti\u00f3n de contenidos, ha aportado sus mejores pr\u00e1cticas y su sofisticada experiencia en elaboraci\u00f3n de informes de sus anteriores empleos en los sectores de la ense\u00f1anza superior, la sanidad y los servicios sociales. Shawnalee apoya a varias organizaciones cuya misi\u00f3n es atender las necesidades de los ni\u00f1os, incluidas la vivienda y la inseguridad alimentaria. Le gusta la m\u00fasica en directo, el tenis, la jardiner\u00eda, viajar y pasar tiempo con sus \u00abpeque\u00f1os\u00bb a trav\u00e9s de la organizaci\u00f3n Big Brothers Big Sisters.    &lt;\/p&gt;\n\" data-team-linkedin-url=\"\" data-bs-target=\"#teamModal\">\n            <!-- <div class=\"department-tag\"><\/div> -->\n            <div class=\"team-member-lower\">\n              <div class=\"left\">\n                <p class=\"team-member-name\">Shawnalee Pusey<\/p>\n                                  <p class=\"team-member-title\">Administrador de bases de datos CRM<\/p>\n                                                  <p class=\"team-member-pronouns\">Ella\/El<\/p>\n                              <\/div>\n              <div class=\"right\">\n                <span class=\"plus-button\"><\/span>\n              <\/div>\n            <\/div>\n          <\/a>\n                  <a class=\"staff-teaser team-member-teaser department-philanthropy-team\" tabindex=\"0\" role=\"button\" type=\"button\" data-bs-toggle=\"modal\" data-team-show-image=\"true\" data-team-img-url=\"\" data-team-name=\"Grace Martino\" data-team-title=\"Responsable de Experiencias Filantr\u00f3picas\" data-team-phone=\"(707) 526-6930 x 840\" data-team-email=\"Z3JhY2VAc29ub21hbGFuZHRydXN0Lm9yZw==\" data-team-pronouns=\"Ella\/ellos\" data-team-bio=\"&lt;p&gt;Grace aporta a su cargo una experiencia diversa en m\u00fasica, gesti\u00f3n art\u00edstica, planificaci\u00f3n de eventos y agricultura sostenible, y se compromete a tener un impacto positivo a trav\u00e9s de su trabajo. Su experiencia abarca desde, m\u00e1s recientemente, la realizaci\u00f3n de un aprendizaje en una granja ecol\u00f3gica, a la supervisi\u00f3n de producciones y programas educativos para el Coro de Ni\u00f1as de San Francisco, pasando por la direcci\u00f3n de los Cantantes de la Camerata de Long Beach. Grace organiza el Sonoma Queer Folks Food Club, y en su tiempo libre disfruta cocinando, haciendo senderismo, pirag\u00fcismo y fotograf\u00eda cinematogr\u00e1fica.  &lt;\/p&gt;\n\" data-team-linkedin-url=\"\" data-bs-target=\"#teamModal\">\n            <!-- <div class=\"department-tag\"><\/div> -->\n            <div class=\"team-member-lower\">\n              <div class=\"left\">\n                <p class=\"team-member-name\">Grace Martino<\/p>\n                                  <p class=\"team-member-title\">Responsable de Experiencias Filantr\u00f3picas<\/p>\n                                                  <p class=\"team-member-pronouns\">Ella\/ellos<\/p>\n                              <\/div>\n              <div class=\"right\">\n                <span class=\"plus-button\"><\/span>\n              <\/div>\n            <\/div>\n          <\/a>\n                  <a class=\"staff-teaser team-member-teaser department-philanthropy-team\" tabindex=\"0\" role=\"button\" type=\"button\" data-bs-toggle=\"modal\" data-team-show-image=\"true\" data-team-img-url=\"\" data-team-name=\"Matthew Cadigan\" data-team-title=\"Asociado de Operaciones Filantr\u00f3picas\" data-team-phone=\"(707) 526-6930 x 858\" data-team-email=\"bWF0dGhld0Bzb25vbWFsYW5kdHJ1c3Qub3Jn\" data-team-pronouns=\"\u00c9l\/ella\" data-team-bio=\"&lt;p&gt;Nacido y criado en el condado de Sonoma, Matt aporta una amplia experiencia trabajando con organizaciones sin \u00e1nimo de lucro, gestionando programas de voluntariado, manteniendo bases de datos complejas e incluso fundando una organizaci\u00f3n sin \u00e1nimo de lucro en 2017. Combina su experiencia sin \u00e1nimo de lucro con una s\u00f3lida formaci\u00f3n en administraci\u00f3n de bases de datos y una pasi\u00f3n por el trabajo orientado a la misi\u00f3n. Fuera de la oficina, se le puede encontrar montando en bicicleta, haciendo pirag\u00fcismo o sumergi\u00e9ndose en la vibrante escena teatral y cinematogr\u00e1fica del \u00c1rea de la Bah\u00eda, tanto actuando como dirigiendo.  &lt;\/p&gt;\n\" data-team-linkedin-url=\"\" data-bs-target=\"#teamModal\">\n            <!-- <div class=\"department-tag\"><\/div> -->\n            <div class=\"team-member-lower\">\n              <div class=\"left\">\n                <p class=\"team-member-name\">Matthew Cadigan<\/p>\n                                  <p class=\"team-member-title\">Asociado de Operaciones Filantr\u00f3picas<\/p>\n                                                  <p class=\"team-member-pronouns\">\u00c9l\/ella<\/p>\n                              <\/div>\n              <div class=\"right\">\n                <span class=\"plus-button\"><\/span>\n              <\/div>\n            <\/div>\n          <\/a>\n                  <a class=\"staff-teaser team-member-teaser department-policy-team\" tabindex=\"0\" role=\"button\" type=\"button\" data-bs-toggle=\"modal\" data-team-show-image=\"true\" data-team-img-url=\"\" data-team-name=\"Ariana Rickard\" data-team-title=\"Director de Pol\u00edtica\" data-team-phone=\"(707) 526-6930 x 153\" data-team-email=\"YXJpYW5hQHNvbm9tYWxhbmR0cnVzdC5vcmc=\" data-team-pronouns=\"Ella\/El\" data-team-bio=\"&lt;p&gt;Ariana trabaja con organismos y legisladores estatales y federales para garantizar que los programas y proyectos del Land Trust reciban financiaci\u00f3n y apoyo adecuados. Ariana ha trabajado para varios organismos del gobierno federal, entre ellos los Cuerpos de Paz en Ecuador, y para numerosas organizaciones medioambientales sin \u00e1nimo de lucro, como Audubon California y San Francisco Bay Joint Venture. Se licenci\u00f3 en Ciencias Medioambientales y Pol\u00edticas P\u00fablicas por el Harvard College y obtuvo un m\u00e1ster en Ecolog\u00eda por la Universidad de Michigan, Ann Arbor. En 2020, cofund\u00f3 la secci\u00f3n del \u00c1rea de la Bah\u00eda de Profesionales Medioambientales de Color para aumentar la equidad, la diversidad y la inclusi\u00f3n dentro de la comunidad medioambiental del \u00c1rea de la Bah\u00eda.   &lt;\/p&gt;\n\" data-team-linkedin-url=\"\" data-bs-target=\"#teamModal\">\n            <!-- <div class=\"department-tag\"><\/div> -->\n            <div class=\"team-member-lower\">\n              <div class=\"left\">\n                <p class=\"team-member-name\">Ariana Rickard<\/p>\n                                  <p class=\"team-member-title\">Director de Pol\u00edtica<\/p>\n                                                  <p class=\"team-member-pronouns\">Ella\/El<\/p>\n                              <\/div>\n              <div class=\"right\">\n                <span class=\"plus-button\"><\/span>\n              <\/div>\n            <\/div>\n          <\/a>\n                  <a class=\"staff-teaser team-member-teaser department-stewardship-team\" tabindex=\"0\" role=\"button\" type=\"button\" data-bs-toggle=\"modal\" data-team-show-image=\"true\" data-team-img-url=\"\" data-team-name=\"Kyle Pinjuv\" data-team-title=\"Director de Corresponsabilidad  \" data-team-phone=\"(707) 526-6930 x 123\" data-team-email=\"a3lsZUBzb25vbWFsYW5kdHJ1c3Qub3Jn\" data-team-pronouns=\"\u00c9l\/ella\" data-team-bio=\"&lt;p&gt;Con m\u00e1s de dos d\u00e9cadas de experiencia en conservaci\u00f3n, Kyle ejerce de director de administraci\u00f3n, guiando el cuidado y la administraci\u00f3n a largo plazo de las tierras protegidas de Sonoma Land Trust. Dirige un equipo que trabaja con la tierra y la comunidad para proteger y restaurar los h\u00e1bitats aut\u00f3ctonos, los arroyos y los corredores de la fauna salvaje, reforzando al mismo tiempo la salud de los bosques y la resistencia a los incendios forestales en todo el condado de Sonoma.&lt;br \/&gt;\nEl camino de Kyle hacia la conservaci\u00f3n comenz\u00f3 con un trabajo temporal eliminando especies invasoras en el estado de Washington, una experiencia que despert\u00f3 un inter\u00e9s duradero por la administraci\u00f3n de la tierra y le llev\u00f3 a cursar estudios de postgrado en el campo medioambiental. Su carrera le ha llevado por todo el pa\u00eds, incluidos cuatro a\u00f1os en Alaska estudiando osos, as\u00ed como trabajo en Nuevo M\u00e9xico y Maine, antes de regresar a la Costa Oeste para seguir protegiendo los paisajes que ama.&lt;br \/&gt;\nImpulsado por un profundo aprecio por los lugares salvajes y las personas vinculadas a ellos, Kyle es un apasionado de la gesti\u00f3n reflexiva de la tierra que apoya tanto la salud ecol\u00f3gica como la resiliencia de la comunidad.  &lt;\/p&gt;\n\" data-team-linkedin-url=\"\" data-bs-target=\"#teamModal\">\n            <!-- <div class=\"department-tag\"><\/div> -->\n            <div class=\"team-member-lower\">\n              <div class=\"left\">\n                <p class=\"team-member-name\">Kyle Pinjuv<\/p>\n                                  <p class=\"team-member-title\">Director de Corresponsabilidad  <\/p>\n                                                  <p class=\"team-member-pronouns\">\u00c9l\/ella<\/p>\n                              <\/div>\n              <div class=\"right\">\n                <span class=\"plus-button\"><\/span>\n              <\/div>\n            <\/div>\n          <\/a>\n                  <a class=\"staff-teaser team-member-teaser department-stewardship-team\" tabindex=\"0\" role=\"button\" type=\"button\" data-bs-toggle=\"modal\" data-team-show-image=\"true\" data-team-img-url=\"\" data-team-name=\"Chris Carlson\" data-team-title=\"Director del Programa de Administraci\u00f3n del Valle de Sonoma\" data-team-phone=\"(707) 526-6930 x 120\" data-team-email=\"Y2hyaXNAc29ub21hbGFuZHRydXN0Lm9yZw==\" data-team-pronouns=\"\u00c9l\/ella\" data-team-bio=\"&lt;p&gt;Chris gestiona las reservas del Valle de Sonoma y dirige los esfuerzos de SLT para convivir con los incendios forestales, manteniendo seguros los bosques y las comunidades. Chris se incorpor\u00f3 a la fundaci\u00f3n en 2022, tras trabajar como gestor de proyectos de restauraci\u00f3n en la regi\u00f3n del delta de Sacramento. Ha trabajado en todo el oeste de EE.UU. supervisando y estudiando los recursos naturales, incluida la respuesta de los incendios forestales al clareo en Sierra Nevada. Cuando no est\u00e1 cultivando un huerto o buscando setas, Chris se mantiene ocupado persiguiendo a sus dos hijos gemelos y explorando la biodiversidad del condado de Sonoma con su pareja. Chris es licenciado en Geograf\u00eda por la Universidad de Oreg\u00f3n y posee un m\u00e1ster en Silvicultura por la Universidad de Montana.    &lt;\/p&gt;\n\" data-team-linkedin-url=\"\" data-bs-target=\"#teamModal\">\n            <!-- <div class=\"department-tag\"><\/div> -->\n            <div class=\"team-member-lower\">\n              <div class=\"left\">\n                <p class=\"team-member-name\">Chris Carlson<\/p>\n                                  <p class=\"team-member-title\">Director del Programa de Administraci\u00f3n del Valle de Sonoma<\/p>\n                                                  <p class=\"team-member-pronouns\">\u00c9l\/ella<\/p>\n                              <\/div>\n              <div class=\"right\">\n                <span class=\"plus-button\"><\/span>\n              <\/div>\n            <\/div>\n          <\/a>\n                  <a class=\"staff-teaser team-member-teaser department-stewardship-team\" tabindex=\"0\" role=\"button\" type=\"button\" data-bs-toggle=\"modal\" data-team-show-image=\"true\" data-team-img-url=\"\" data-team-name=\"Shanti Edwards\" data-team-title=\"Director del Programa de la Costa de Sonoma\" data-team-phone=\"(707) 526-6930 x 116\" data-team-email=\"c2hhbnRpQHNvbm9tYWxhbmR0cnVzdC5vcmc=\" data-team-pronouns=\"Ella\/El\" data-team-bio=\"&lt;p&gt;Shanti Edwards gestiona las reservas costeras de Sonoma Land Trust. Los proyectos actuales de gesti\u00f3n de tierras implican colaboraciones con grupos asociados, productores agr\u00edcolas, fundaciones privadas, vecinos y voluntarios para llevar a cabo diversas actividades de gesti\u00f3n de recursos naturales, mantenimiento de infraestructuras, planificaci\u00f3n recreativa y participaci\u00f3n comunitaria. Shanti se licenci\u00f3 en Estudios Medioambientales por la Universidad Estatal de Sonoma. Nacida y criada en el norte de California, vive en el condado de Sonoma desde hace m\u00e1s de 20 a\u00f1os. Cuando no est\u00e1 ocupada administrando nuestras emblem\u00e1ticas propiedades costeras, disfruta del tiempo con su hijo y de las ricas experiencias que conlleva la vida familiar.    &lt;\/p&gt;\n\" data-team-linkedin-url=\"\" data-bs-target=\"#teamModal\">\n            <!-- <div class=\"department-tag\"><\/div> -->\n            <div class=\"team-member-lower\">\n              <div class=\"left\">\n                <p class=\"team-member-name\">Shanti Edwards<\/p>\n                                  <p class=\"team-member-title\">Director del Programa de la Costa de Sonoma<\/p>\n                                                  <p class=\"team-member-pronouns\">Ella\/El<\/p>\n                              <\/div>\n              <div class=\"right\">\n                <span class=\"plus-button\"><\/span>\n              <\/div>\n            <\/div>\n          <\/a>\n                  <a class=\"staff-teaser team-member-teaser department-stewardship-team\" tabindex=\"0\" role=\"button\" type=\"button\" data-bs-toggle=\"modal\" data-team-show-image=\"true\" data-team-img-url=\"\" data-team-name=\"Melina Hammar\" data-team-title=\"Director del Programa de Corresponsabilidad\" data-team-phone=\"(707) 526-6930 x 115\" data-team-email=\"bWVsaW5hQHNvbm9tYWxhbmR0cnVzdC5vcmc=\" data-team-pronouns=\"Ella\/El\" data-team-bio=\"&lt;p&gt;Melina tiene casi una d\u00e9cada de experiencia en el campo de la gesti\u00f3n de recursos. Antes de incorporarse a Sonoma Land Trust, trabaj\u00f3 en los sectores p\u00fablico y sin \u00e1nimo de lucro gestionando reservas ecol\u00f3gicas, ayudando a los propietarios a desarrollar planes de gesti\u00f3n para la conservaci\u00f3n de los recursos y colaborando en la supervisi\u00f3n y el cumplimiento de las servidumbres de conservaci\u00f3n. Melina se licenci\u00f3 en Estudios y Planificaci\u00f3n Medioambientales por la Universidad Estatal de Sonoma, especializ\u00e1ndose en conservaci\u00f3n y restauraci\u00f3n, con especializaci\u00f3n en biolog\u00eda. Su profundo amor por el condado de Sonoma, sus paisajes abiertos y su patrimonio agr\u00edcola la inspiran y refuerzan su compromiso de conservar y administrar la tierra para las generaciones futuras. En su tiempo libre, Melina disfruta experimentando con nuevas recetas en la cocina, dedicando tiempo a cuidar su jard\u00edn de flores y verduras, y explorando nuevos lugares con su familia.    &lt;\/p&gt;\n\" data-team-linkedin-url=\"\" data-bs-target=\"#teamModal\">\n            <!-- <div class=\"department-tag\"><\/div> -->\n            <div class=\"team-member-lower\">\n              <div class=\"left\">\n                <p class=\"team-member-name\">Melina Hammar<\/p>\n                                  <p class=\"team-member-title\">Director del Programa de Corresponsabilidad<\/p>\n                                                  <p class=\"team-member-pronouns\">Ella\/El<\/p>\n                              <\/div>\n              <div class=\"right\">\n                <span class=\"plus-button\"><\/span>\n              <\/div>\n            <\/div>\n          <\/a>\n                  <a class=\"staff-teaser team-member-teaser department-stewardship-team\" tabindex=\"0\" role=\"button\" type=\"button\" data-bs-toggle=\"modal\" data-team-show-image=\"true\" data-team-img-url=\"\" data-team-name=\"Julian Meisler\" data-team-title=\"Director Asociado de Corresponsabilidad\" data-team-phone=\"(707) 526-6930 x 109\" data-team-email=\"anVsaWFuQHNvbm9tYWxhbmR0cnVzdC5vcmc=\" data-team-pronouns=\"\u00c9l\/ella\" data-team-bio=\"&lt;p&gt;Julian se centra en la conservaci\u00f3n de la regi\u00f3n de Baylands, al sur del condado de Sonoma. Est\u00e1 especialmente interesado en comprender y conectar los paisajes de las mareas y las tierras altas para adaptarse a la futura subida del nivel del mar, labor que le permite trabajar con muchos socios de la conservaci\u00f3n, el transporte, la agricultura y m\u00e1s. Julian vive en Santa Rosa con su familia y, cuando no est\u00e1 trabajando, le encanta montar a caballo, hacer senderismo, esquiar y surfear todo lo que puede. Julian es licenciado por la Universidad Estatal de Colorado y tiene un m\u00e1ster por la Universidad de Vermont.   &lt;\/p&gt;\n\" data-team-linkedin-url=\"\" data-bs-target=\"#teamModal\">\n            <!-- <div class=\"department-tag\"><\/div> -->\n            <div class=\"team-member-lower\">\n              <div class=\"left\">\n                <p class=\"team-member-name\">Julian Meisler<\/p>\n                                  <p class=\"team-member-title\">Director Asociado de Corresponsabilidad<\/p>\n                                                  <p class=\"team-member-pronouns\">\u00c9l\/ella<\/p>\n                              <\/div>\n              <div class=\"right\">\n                <span class=\"plus-button\"><\/span>\n              <\/div>\n            <\/div>\n          <\/a>\n                  <a class=\"staff-teaser team-member-teaser department-stewardship-team\" tabindex=\"0\" role=\"button\" type=\"button\" data-bs-toggle=\"modal\" data-team-show-image=\"true\" data-team-img-url=\"\" data-team-name=\"Joe Plaugher\" data-team-title=\"Director del Programa de Corresponsabilidad\" data-team-phone=\"(707) 526-6930 x 152\" data-team-email=\"anBsYXVnaGVyQHNvbm9tYWxhbmR0cnVzdC5vcmc=\" data-team-pronouns=\"\u00c9l\/ella\" data-team-bio=\"&lt;div&gt;\n&lt;p&gt;Nativo del oeste del condado de Sonoma y criado entre secuoyas, Joe dirige la ejecuci\u00f3n de las quemas prescritas en las reservas de SLT y es coordinador de la Colaboraci\u00f3n de Tierras Silvestres del Valle de Sonoma. Es licenciado en Ciencias Pol\u00edticas por la Universidad del Pac\u00edfico y est\u00e1 cursando un m\u00e1ster en Recursos Naturales en Ecolog\u00eda del Fuego en la Universidad de Idaho. Forma parte del comit\u00e9 directivo de la Alianza Good Fire.  &lt;\/p&gt;\n&lt;\/div&gt;\n&lt;div&gt;\n&lt;p data-start=&quot;496&quot; data-end=&quot;789&quot;&gt;Antes de incorporarse a la fundaci\u00f3n, trabaj\u00f3 en campa\u00f1as pol\u00edticas y pol\u00edticas p\u00fablicas, \u00faltimamente como representante de campo del diputado Mike Thompson. Ha recorrido la ruta Pacific Crest Trail, ha trabajado como gu\u00eda de rafting en aguas bravas, es un \u00e1vido ciclista y es feliz durmiendo bajo las estrellas. &lt;\/p&gt;\n&lt;\/div&gt;\n\" data-team-linkedin-url=\"\" data-bs-target=\"#teamModal\">\n            <!-- <div class=\"department-tag\"><\/div> -->\n            <div class=\"team-member-lower\">\n              <div class=\"left\">\n                <p class=\"team-member-name\">Joe Plaugher<\/p>\n                                  <p class=\"team-member-title\">Director del Programa de Corresponsabilidad<\/p>\n                                                  <p class=\"team-member-pronouns\">\u00c9l\/ella<\/p>\n                              <\/div>\n              <div class=\"right\">\n                <span class=\"plus-button\"><\/span>\n              <\/div>\n            <\/div>\n          <\/a>\n                  <a class=\"staff-teaser team-member-teaser department-stewardship-team\" tabindex=\"0\" role=\"button\" type=\"button\" data-bs-toggle=\"modal\" data-team-show-image=\"true\" data-team-img-url=\"\" data-team-name=\"Tom Tolliver\" data-team-title=\"Director del Programa de Corresponsabilidad\" data-team-phone=\"(707) 526-6930 x 148\" data-team-email=\"dG9tQHNvbm9tYWxhbmR0cnVzdC5vcmc=\" data-team-pronouns=\"\u00c9l\/ella\" data-team-bio=\"&lt;p&gt;El temprano inter\u00e9s de Tom por todas las cosas al aire libre le llev\u00f3 a iniciar su educaci\u00f3n universitaria en las ciencias naturales y luego a serpentear hacia las ciencias sociales para obtener una licenciatura en sociolog\u00eda en Cal State Long Beach. Su trabajo de administraci\u00f3n sin \u00e1nimo de lucro se centr\u00f3 en el desarrollo de la juventud, pero, m\u00e1s tarde, encontr\u00f3 mayor satisfacci\u00f3n en la construcci\u00f3n y la gesti\u00f3n de proyectos. Eso, unido a un profundo inter\u00e9s por la vida salvaje y sus h\u00e1bitats, le llev\u00f3 a trabajar durante muchos a\u00f1os como contratista independiente realizando numerosos proyectos para Sonoma Land Trust. Hoy dirige proyectos de infraestructuras que incluyen la restauraci\u00f3n del granero del Rancho Laufenburg, que se complet\u00f3 en 2025.   &lt;\/p&gt;\n\" data-team-linkedin-url=\"\" data-bs-target=\"#teamModal\">\n            <!-- <div class=\"department-tag\"><\/div> -->\n            <div class=\"team-member-lower\">\n              <div class=\"left\">\n                <p class=\"team-member-name\">Tom Tolliver<\/p>\n                                  <p class=\"team-member-title\">Director del Programa de Corresponsabilidad<\/p>\n                                                  <p class=\"team-member-pronouns\">\u00c9l\/ella<\/p>\n                              <\/div>\n              <div class=\"right\">\n                <span class=\"plus-button\"><\/span>\n              <\/div>\n            <\/div>\n          <\/a>\n                  <a class=\"staff-teaser team-member-teaser department-stewardship-team\" tabindex=\"0\" role=\"button\" type=\"button\" data-bs-toggle=\"modal\" data-team-show-image=\"true\" data-team-img-url=\"\" data-team-name=\"Riley Scaff\" data-team-title=\"Gestor de Proyectos de Corresponsabilidad\" data-team-phone=\"(707) 526-6930 x 843\" data-team-email=\"cmlsZXlAc29ub21hbGFuZHRydXN0Lm9yZw==\" data-team-pronouns=\"Ella\/ellos\" data-team-bio=\"&lt;p style=&quot;font-weight: 400;&quot;&gt;Riley Scaff es la gestora de proyectos de administraci\u00f3n de Baylands de Sonoma Land Trust. Aplica su formaci\u00f3n en ecolog\u00eda vegetal y geociencia a diversas iniciativas de gesti\u00f3n del territorio, como la restauraci\u00f3n del agua dulce, la gesti\u00f3n de pastizales y la vigilancia ecol\u00f3gica. En su tiempo libre, suele estar al aire libre, admirando plantas o elaborando nuevas recetas en la cocina.  &lt;\/p&gt;\n\" data-team-linkedin-url=\"\" data-bs-target=\"#teamModal\">\n            <!-- <div class=\"department-tag\"><\/div> -->\n            <div class=\"team-member-lower\">\n              <div class=\"left\">\n                <p class=\"team-member-name\">Riley Scaff<\/p>\n                                  <p class=\"team-member-title\">Gestor de Proyectos de Corresponsabilidad<\/p>\n                                                  <p class=\"team-member-pronouns\">Ella\/ellos<\/p>\n                              <\/div>\n              <div class=\"right\">\n                <span class=\"plus-button\"><\/span>\n              <\/div>\n            <\/div>\n          <\/a>\n                  <a class=\"staff-teaser team-member-teaser department-stewardship-team\" tabindex=\"0\" role=\"button\" type=\"button\" data-bs-toggle=\"modal\" data-team-show-image=\"true\" data-team-img-url=\"\" data-team-name=\"Grant Coleman\" data-team-title=\"T\u00e9cnico de Corresponsabilidad\" data-team-phone=\"(707) 526-6930 x 835\" data-team-email=\"Z3JhbnRAc29ub21hbGFuZHRydXN0Lm9yZw==\" data-team-pronouns=\"\u00c9l\/ella\" data-team-bio=\"&lt;div class=&quot;ewa-rteLine&quot;&gt;Grant aporta una amplia experiencia en gesti\u00f3n de recursos naturales, habiendo trabajado con organizaciones sin \u00e1nimo de lucro y organismos estatales de toda California y Nevada en restauraci\u00f3n de ecosistemas, construcci\u00f3n de senderos, vigilancia de la fauna salvaje, gesti\u00f3n de especies invasoras y planificaci\u00f3n de la salud forestal.&lt;\/div&gt;\n&lt;div class=&quot;ewa-rteLine&quot;&gt;&lt;\/div&gt;\n&lt;div class=&quot;ewa-rteLine&quot;&gt;Le apasiona restaurar las tierras afectadas por incendios forestales y crear zonas silvestres m\u00e1s resistentes a los incendios. En su tiempo libre, puedes encontrar a Grant explorando senderos a pie o en bicicleta, fotografiando la naturaleza o visitando una cervecer\u00eda local. &lt;\/div&gt;\n\" data-team-linkedin-url=\"\" data-bs-target=\"#teamModal\">\n            <!-- <div class=\"department-tag\"><\/div> -->\n            <div class=\"team-member-lower\">\n              <div class=\"left\">\n                <p class=\"team-member-name\">Grant Coleman<\/p>\n                                  <p class=\"team-member-title\">T\u00e9cnico de Corresponsabilidad<\/p>\n                                                  <p class=\"team-member-pronouns\">\u00c9l\/ella<\/p>\n                              <\/div>\n              <div class=\"right\">\n                <span class=\"plus-button\"><\/span>\n              <\/div>\n            <\/div>\n          <\/a>\n                  <a class=\"staff-teaser team-member-teaser department-stewardship-team\" tabindex=\"0\" role=\"button\" type=\"button\" data-bs-toggle=\"modal\" data-team-show-image=\"true\" data-team-img-url=\"\" data-team-name=\"Bianca Vargas\" data-team-title=\"T\u00e9cnico de Corresponsabilidad\" data-team-phone=\"(707) 595-7386 x 844\" data-team-email=\"YmlhbmNhQHNvbm9tYWxhbmR0cnVzdC5vcmc=\" data-team-pronouns=\"Ella\/El\" data-team-bio=\"&lt;p&gt;Bianca aporta su pasi\u00f3n por la justicia medioambiental y la ecolog\u00eda del fuego a su funci\u00f3n en Sonoma Land Trust. Recientemente se ha graduado en la Universidad de Minnesota con una licenciatura en gesti\u00f3n forestal y de recursos naturales, y como estudiante realiz\u00f3 investigaciones en el laboratorio de silvicultura de la universidad, recopilando e interpretando datos de campo. Bianca ha ocupado cargos directivos en varias organizaciones sin \u00e1nimo de lucro centradas en la conservaci\u00f3n y la silvicultura, como Conservation Corps Minnesota &#038; Iowa y The Great Basin Institute, y en su tiempo libre les gusta viajar e identificar \u00e1rboles.  &lt;\/p&gt;\n\" data-team-linkedin-url=\"\" data-bs-target=\"#teamModal\">\n            <!-- <div class=\"department-tag\"><\/div> -->\n            <div class=\"team-member-lower\">\n              <div class=\"left\">\n                <p class=\"team-member-name\">Bianca Vargas<\/p>\n                                  <p class=\"team-member-title\">T\u00e9cnico de Corresponsabilidad<\/p>\n                                                  <p class=\"team-member-pronouns\">Ella\/El<\/p>\n                              <\/div>\n              <div class=\"right\">\n                <span class=\"plus-button\"><\/span>\n              <\/div>\n            <\/div>\n          <\/a>\n                  <\/div>\n\n        <\/div><\/div>\n","protected":false},"excerpt":{"rendered":"<p>Guiados por la pasi\u00f3n por la tierra y dedicados a proteger el futuro del condado de Sonoma, las personas de Sonoma Land Trust impulsan nuestro impacto y fomentan el compromiso de la comunidad. Nuestra junta est\u00e1 formada por miembros din\u00e1micos y apasionados de la comunidad del condado de Sonoma que supervisan estrat\u00e9gicamente nuestro trabajo. Ofrecen [&hellip;]<\/p>\n","protected":false},"author":1,"featured_media":0,"parent":0,"menu_order":0,"comment_status":"closed","ping_status":"closed","template":"","meta":{"_acf_changed":false,"footnotes":""},"class_list":["post-10639","page","type-page","status-publish","hentry"],"acf":[],"yoast_head":"<!-- This site is optimized with the Yoast SEO plugin v27.3 - https:\/\/yoast.com\/product\/yoast-seo-wordpress\/ -->\n<title>Nuestra gente &#8212; Sonoma Land Trust<\/title>\n<meta name=\"description\" content=\"Conoce a nuestro personal y a los l\u00edderes voluntarios que se dedican a proteger el futuro del condado de Sonoma mediante la conservaci\u00f3n, la supervisi\u00f3n y la participaci\u00f3n de la comunidad.\" \/>\n<meta name=\"robots\" content=\"index, follow, max-snippet:-1, max-image-preview:large, max-video-preview:-1\" \/>\n<link rel=\"canonical\" href=\"https:\/\/sonomalandtrust.org\/es\/nuestra-gente\/\" \/>\n<meta property=\"og:locale\" content=\"es_ES\" \/>\n<meta property=\"og:type\" content=\"article\" \/>\n<meta property=\"og:title\" content=\"Nuestra gente &#8212; Sonoma Land Trust\" \/>\n<meta property=\"og:description\" content=\"Conoce a nuestro personal y a los l\u00edderes voluntarios que se dedican a proteger el futuro del condado de Sonoma mediante la conservaci\u00f3n, la supervisi\u00f3n y la participaci\u00f3n de la comunidad.\" \/>\n<meta property=\"og:url\" content=\"https:\/\/sonomalandtrust.org\/es\/nuestra-gente\/\" \/>\n<meta property=\"og:site_name\" content=\"Sonoma Land Trust\" \/>\n<meta property=\"article:publisher\" content=\"http:\/\/www.facebook.com\/Sonoma-Land-Trust\/\" \/>\n<meta property=\"article:modified_time\" content=\"2026-03-13T17:34:05+00:00\" \/>\n<meta property=\"og:image\" content=\"https:\/\/slt-2026.eclipse-dev.com\/wp-content\/uploads\/2026\/01\/sonoma-land-trust-staff-gathering-scaled.jpg\" \/>\n<meta name=\"twitter:card\" content=\"summary_large_image\" \/>\n<meta name=\"twitter:label1\" content=\"Est. reading time\" \/>\n\t<meta name=\"twitter:data1\" content=\"1 minuto\" \/>\n<script type=\"application\/ld+json\" class=\"yoast-schema-graph\">{\"@context\":\"https:\\\/\\\/schema.org\",\"@graph\":[{\"@type\":\"WebPage\",\"@id\":\"https:\\\/\\\/sonomalandtrust.org\\\/es\\\/nuestra-gente\\\/\",\"url\":\"https:\\\/\\\/sonomalandtrust.org\\\/es\\\/nuestra-gente\\\/\",\"name\":\"Nuestra gente &#8212; Sonoma Land Trust\",\"isPartOf\":{\"@id\":\"https:\\\/\\\/slt-2026.eclipse-dev.com\\\/#website\"},\"primaryImageOfPage\":{\"@id\":\"https:\\\/\\\/sonomalandtrust.org\\\/es\\\/nuestra-gente\\\/#primaryimage\"},\"image\":{\"@id\":\"https:\\\/\\\/sonomalandtrust.org\\\/es\\\/nuestra-gente\\\/#primaryimage\"},\"thumbnailUrl\":\"https:\\\/\\\/sonomalandtrust.org\\\/wp-content\\\/uploads\\\/2026\\\/01\\\/sonoma-land-trust-staff-gathering-scaled.jpg\",\"datePublished\":\"2025-09-12T00:15:38+00:00\",\"dateModified\":\"2026-03-13T17:34:05+00:00\",\"description\":\"Conoce a nuestro personal y a los l\u00edderes voluntarios que se dedican a proteger el futuro del condado de Sonoma mediante la conservaci\u00f3n, la supervisi\u00f3n y la participaci\u00f3n de la comunidad.\",\"breadcrumb\":{\"@id\":\"https:\\\/\\\/sonomalandtrust.org\\\/es\\\/nuestra-gente\\\/#breadcrumb\"},\"inLanguage\":\"es\",\"potentialAction\":[{\"@type\":\"ReadAction\",\"target\":[\"https:\\\/\\\/sonomalandtrust.org\\\/es\\\/nuestra-gente\\\/\"]}]},{\"@type\":\"ImageObject\",\"inLanguage\":\"es\",\"@id\":\"https:\\\/\\\/sonomalandtrust.org\\\/es\\\/nuestra-gente\\\/#primaryimage\",\"url\":\"https:\\\/\\\/sonomalandtrust.org\\\/wp-content\\\/uploads\\\/2026\\\/01\\\/sonoma-land-trust-staff-gathering-scaled.jpg\",\"contentUrl\":\"https:\\\/\\\/sonomalandtrust.org\\\/wp-content\\\/uploads\\\/2026\\\/01\\\/sonoma-land-trust-staff-gathering-scaled.jpg\"},{\"@type\":\"BreadcrumbList\",\"@id\":\"https:\\\/\\\/sonomalandtrust.org\\\/es\\\/nuestra-gente\\\/#breadcrumb\",\"itemListElement\":[{\"@type\":\"ListItem\",\"position\":1,\"name\":\"Home\",\"item\":\"https:\\\/\\\/sonomalandtrust.org\\\/es\\\/inicio\\\/\"},{\"@type\":\"ListItem\",\"position\":2,\"name\":\"Nuestra gente\"}]},{\"@type\":\"WebSite\",\"@id\":\"https:\\\/\\\/slt-2026.eclipse-dev.com\\\/#website\",\"url\":\"https:\\\/\\\/slt-2026.eclipse-dev.com\\\/\",\"name\":\"Sonoma Land Trust\",\"description\":\"\",\"publisher\":{\"@id\":\"https:\\\/\\\/slt-2026.eclipse-dev.com\\\/#organization\"},\"potentialAction\":[{\"@type\":\"SearchAction\",\"target\":{\"@type\":\"EntryPoint\",\"urlTemplate\":\"https:\\\/\\\/slt-2026.eclipse-dev.com\\\/?s={search_term_string}\"},\"query-input\":{\"@type\":\"PropertyValueSpecification\",\"valueRequired\":true,\"valueName\":\"search_term_string\"}}],\"inLanguage\":\"es\"},{\"@type\":\"Organization\",\"@id\":\"https:\\\/\\\/slt-2026.eclipse-dev.com\\\/#organization\",\"name\":\"Fondo de Tierras de Sonoma\",\"url\":\"https:\\\/\\\/slt-2026.eclipse-dev.com\\\/\",\"logo\":{\"@type\":\"ImageObject\",\"inLanguage\":\"es\",\"@id\":\"https:\\\/\\\/slt-2026.eclipse-dev.com\\\/#\\\/schema\\\/logo\\\/image\\\/\",\"url\":\"https:\\\/\\\/sonomalandtrust.org\\\/wp-content\\\/uploads\\\/2025\\\/10\\\/slt-logo.png\",\"contentUrl\":\"https:\\\/\\\/sonomalandtrust.org\\\/wp-content\\\/uploads\\\/2025\\\/10\\\/slt-logo.png\",\"width\":549,\"height\":333,\"caption\":\"Fondo de Tierras de Sonoma\"},\"image\":{\"@id\":\"https:\\\/\\\/slt-2026.eclipse-dev.com\\\/#\\\/schema\\\/logo\\\/image\\\/\"},\"sameAs\":[\"http:\\\/\\\/www.facebook.com\\\/Sonoma-Land-Trust\\\/\",\"https:\\\/\\\/www.instagram.com\\\/sonomalandtrust\\\/\",\"https:\\\/\\\/bsky.app\\\/profile\\\/sonomalandtrust.bsky.social\",\"https:\\\/\\\/www.youtube.com\\\/user\\\/SonomaLandTrust\\\/\",\"http:\\\/\\\/www.linkedin.com\\\/company\\\/1090048?trk=tyah\"]}]}<\/script>\n<!-- \/ Yoast SEO plugin. -->","yoast_head_json":{"title":"Nuestra gente &#8212; Sonoma Land Trust","description":"Conoce a nuestro personal y a los l\u00edderes voluntarios que se dedican a proteger el futuro del condado de Sonoma mediante la conservaci\u00f3n, la supervisi\u00f3n y la participaci\u00f3n de la comunidad.","robots":{"index":"index","follow":"follow","max-snippet":"max-snippet:-1","max-image-preview":"max-image-preview:large","max-video-preview":"max-video-preview:-1"},"canonical":"https:\/\/sonomalandtrust.org\/es\/nuestra-gente\/","og_locale":"es_ES","og_type":"article","og_title":"Nuestra gente &#8212; Sonoma Land Trust","og_description":"Conoce a nuestro personal y a los l\u00edderes voluntarios que se dedican a proteger el futuro del condado de Sonoma mediante la conservaci\u00f3n, la supervisi\u00f3n y la participaci\u00f3n de la comunidad.","og_url":"https:\/\/sonomalandtrust.org\/es\/nuestra-gente\/","og_site_name":"Sonoma Land Trust","article_publisher":"http:\/\/www.facebook.com\/Sonoma-Land-Trust\/","article_modified_time":"2026-03-13T17:34:05+00:00","og_image":[{"url":"https:\/\/slt-2026.eclipse-dev.com\/wp-content\/uploads\/2026\/01\/sonoma-land-trust-staff-gathering-scaled.jpg","type":"","width":"","height":""}],"twitter_card":"summary_large_image","twitter_misc":{"Est. reading time":"1 minuto"},"schema":{"@context":"https:\/\/schema.org","@graph":[{"@type":"WebPage","@id":"https:\/\/sonomalandtrust.org\/es\/nuestra-gente\/","url":"https:\/\/sonomalandtrust.org\/es\/nuestra-gente\/","name":"Nuestra gente &#8212; Sonoma Land Trust","isPartOf":{"@id":"https:\/\/slt-2026.eclipse-dev.com\/#website"},"primaryImageOfPage":{"@id":"https:\/\/sonomalandtrust.org\/es\/nuestra-gente\/#primaryimage"},"image":{"@id":"https:\/\/sonomalandtrust.org\/es\/nuestra-gente\/#primaryimage"},"thumbnailUrl":"https:\/\/sonomalandtrust.org\/wp-content\/uploads\/2026\/01\/sonoma-land-trust-staff-gathering-scaled.jpg","datePublished":"2025-09-12T00:15:38+00:00","dateModified":"2026-03-13T17:34:05+00:00","description":"Conoce a nuestro personal y a los l\u00edderes voluntarios que se dedican a proteger el futuro del condado de Sonoma mediante la conservaci\u00f3n, la supervisi\u00f3n y la participaci\u00f3n de la comunidad.","breadcrumb":{"@id":"https:\/\/sonomalandtrust.org\/es\/nuestra-gente\/#breadcrumb"},"inLanguage":"es","potentialAction":[{"@type":"ReadAction","target":["https:\/\/sonomalandtrust.org\/es\/nuestra-gente\/"]}]},{"@type":"ImageObject","inLanguage":"es","@id":"https:\/\/sonomalandtrust.org\/es\/nuestra-gente\/#primaryimage","url":"https:\/\/sonomalandtrust.org\/wp-content\/uploads\/2026\/01\/sonoma-land-trust-staff-gathering-scaled.jpg","contentUrl":"https:\/\/sonomalandtrust.org\/wp-content\/uploads\/2026\/01\/sonoma-land-trust-staff-gathering-scaled.jpg"},{"@type":"BreadcrumbList","@id":"https:\/\/sonomalandtrust.org\/es\/nuestra-gente\/#breadcrumb","itemListElement":[{"@type":"ListItem","position":1,"name":"Home","item":"https:\/\/sonomalandtrust.org\/es\/inicio\/"},{"@type":"ListItem","position":2,"name":"Nuestra gente"}]},{"@type":"WebSite","@id":"https:\/\/slt-2026.eclipse-dev.com\/#website","url":"https:\/\/slt-2026.eclipse-dev.com\/","name":"Sonoma Land Trust","description":"","publisher":{"@id":"https:\/\/slt-2026.eclipse-dev.com\/#organization"},"potentialAction":[{"@type":"SearchAction","target":{"@type":"EntryPoint","urlTemplate":"https:\/\/slt-2026.eclipse-dev.com\/?s={search_term_string}"},"query-input":{"@type":"PropertyValueSpecification","valueRequired":true,"valueName":"search_term_string"}}],"inLanguage":"es"},{"@type":"Organization","@id":"https:\/\/slt-2026.eclipse-dev.com\/#organization","name":"Fondo de Tierras de Sonoma","url":"https:\/\/slt-2026.eclipse-dev.com\/","logo":{"@type":"ImageObject","inLanguage":"es","@id":"https:\/\/slt-2026.eclipse-dev.com\/#\/schema\/logo\/image\/","url":"https:\/\/sonomalandtrust.org\/wp-content\/uploads\/2025\/10\/slt-logo.png","contentUrl":"https:\/\/sonomalandtrust.org\/wp-content\/uploads\/2025\/10\/slt-logo.png","width":549,"height":333,"caption":"Fondo de Tierras de Sonoma"},"image":{"@id":"https:\/\/slt-2026.eclipse-dev.com\/#\/schema\/logo\/image\/"},"sameAs":["http:\/\/www.facebook.com\/Sonoma-Land-Trust\/","https:\/\/www.instagram.com\/sonomalandtrust\/","https:\/\/bsky.app\/profile\/sonomalandtrust.bsky.social","https:\/\/www.youtube.com\/user\/SonomaLandTrust\/","http:\/\/www.linkedin.com\/company\/1090048?trk=tyah"]}]}},"_links":{"self":[{"href":"https:\/\/sonomalandtrust.org\/es\/wp-json\/wp\/v2\/pages\/10639","targetHints":{"allow":["GET"]}}],"collection":[{"href":"https:\/\/sonomalandtrust.org\/es\/wp-json\/wp\/v2\/pages"}],"about":[{"href":"https:\/\/sonomalandtrust.org\/es\/wp-json\/wp\/v2\/types\/page"}],"author":[{"embeddable":true,"href":"https:\/\/sonomalandtrust.org\/es\/wp-json\/wp\/v2\/users\/1"}],"replies":[{"embeddable":true,"href":"https:\/\/sonomalandtrust.org\/es\/wp-json\/wp\/v2\/comments?post=10639"}],"version-history":[{"count":0,"href":"https:\/\/sonomalandtrust.org\/es\/wp-json\/wp\/v2\/pages\/10639\/revisions"}],"wp:attachment":[{"href":"https:\/\/sonomalandtrust.org\/es\/wp-json\/wp\/v2\/media?parent=10639"}],"curies":[{"name":"wp","href":"https:\/\/api.w.org\/{rel}","templated":true}]}}