{"id":10632,"date":"2025-09-11T17:21:25","date_gmt":"2025-09-12T00:21:25","guid":{"rendered":"https:\/\/sonomalandtrust.org\/experiencias-en-la-naturaleza-accesibles\/"},"modified":"2026-04-17T10:40:43","modified_gmt":"2026-04-17T17:40:43","slug":"experiencias-en-la-naturaleza-accesibles","status":"publish","type":"page","link":"https:\/\/sonomalandtrust.org\/es\/experiencias-en-la-naturaleza-accesibles\/","title":{"rendered":"Experiencias en la Naturaleza Accesibles"},"content":{"rendered":"\n<div class=\"wp-block-group alignfull default-page-header-group is-layout-constrained wp-block-group-is-layout-constrained\">\n<h1 class=\"wp-block-heading\">Experiencias en la Naturaleza Accesibles<\/h1>\n\n\n\n<div class=\"wp-block-cover alignwide has-custom-content-position is-position-bottom-center\"><span aria-hidden=\"true\" class=\"wp-block-cover__background has-background-dim-0 has-background-dim\"><\/span><img decoding=\"async\" width=\"2560\" height=\"1148\" src=\"https:\/\/sonomalandtrust.org\/wp-content\/uploads\/2026\/01\/sound-healing-outdoors-scaled.jpg\" class=\"wp-block-cover__image-background wp-post-image\" alt=\"Three people participating in a sound healing activity outdoors\" data-object-fit=\"cover\" srcset=\"https:\/\/sonomalandtrust.org\/wp-content\/uploads\/2026\/01\/sound-healing-outdoors-scaled.jpg 2560w, https:\/\/sonomalandtrust.org\/wp-content\/uploads\/2026\/01\/sound-healing-outdoors-300x135.jpg 300w, https:\/\/sonomalandtrust.org\/wp-content\/uploads\/2026\/01\/sound-healing-outdoors-1024x459.jpg 1024w, https:\/\/sonomalandtrust.org\/wp-content\/uploads\/2026\/01\/sound-healing-outdoors-768x344.jpg 768w, https:\/\/sonomalandtrust.org\/wp-content\/uploads\/2026\/01\/sound-healing-outdoors-1536x689.jpg 1536w, https:\/\/sonomalandtrust.org\/wp-content\/uploads\/2026\/01\/sound-healing-outdoors-2048x918.jpg 2048w\" sizes=\"(max-width: 2560px) 100vw, 2560px\" \/><div class=\"wp-block-cover__inner-container is-layout-constrained wp-block-cover-is-layout-constrained\">\n<p class=\"has-large-font-size\"><\/p>\n<\/div><\/div>\n\n\n\n<h2 class=\"wp-block-heading has-green-color has-text-color has-link-color wp-elements-7f69be3706e681f084a521da3f3186c1\">Comunidad en la Naturaleza: desde ba\u00f1os en el bosque hasta yoga y mucho m\u00e1s<\/h2>\n\n\n\n<p class=\"has-text-align-center header-intro-text has-green-color has-text-color has-link-color wp-elements-8b71bfb5eb439f28c2d3d21333b71e75\">Nuestro programa Comunidad en la Naturaleza ofrece experiencias interactivas, atractivas y envolventes al aire libre. Sea cual sea tu capacidad f\u00edsica, \u00fanete a nosotros para conectar con la naturaleza y con nuestra comunidad. <\/p>\n<\/div>\n\n\t<div style=\"margin-bottom:var(--wp--preset--spacing--50);\" class=\"section-heading section-divider-vertical has-text-align-center  align-text-left align-content-top align wp-block-acf-section-divider-vertical\">\n\n\n  <div class=\"acf-innerblocks-container\">\n\n<h2 class=\"wp-block-heading has-text-align-center has-teal-color has-text-color\">Pr\u00f3ximas actividades de la Comunidad en la Naturaleza<\/h2>\n\n<\/div>\n\n<\/div>\n\n\n\n\n  <div style=\"margin-top:0;\" class=\"event-category-accessible-nature-experiences align wp-block-acf-event-category-grid\">\n            <div class=\"grid\" data-post-count=\"7\" >\n                  <div class=\"g-col-12 g-col-lg-6\">\n            \n<div class=\"teaser teaser--event teaser-grid type-experiencias-en-la-naturaleza-accesibles\" id=\"post-14310\">\n\t<div class=\"teaser--featured_image\">\n\t\t<a href=\"https:\/\/sonomalandtrust.org\/es\/event\/sanacion-por-sonido-con-amelia-belle-y-bob-rudorf-2\/\" tabindex=\"-1\">\n\t\t\t<img decoding=\"async\" width=\"1024\" height=\"512\" src=\"https:\/\/sonomalandtrust.org\/wp-content\/uploads\/2026\/03\/eventbrite-image-1773380428-1024x512.jpg\" class=\"attachment-large size-large wp-post-image\" alt=\"\" srcset=\"https:\/\/sonomalandtrust.org\/wp-content\/uploads\/2026\/03\/eventbrite-image-1773380428-1024x512.jpg 1024w, https:\/\/sonomalandtrust.org\/wp-content\/uploads\/2026\/03\/eventbrite-image-1773380428-300x150.jpg 300w, https:\/\/sonomalandtrust.org\/wp-content\/uploads\/2026\/03\/eventbrite-image-1773380428-768x384.jpg 768w, https:\/\/sonomalandtrust.org\/wp-content\/uploads\/2026\/03\/eventbrite-image-1773380428-1536x768.jpg 1536w, https:\/\/sonomalandtrust.org\/wp-content\/uploads\/2026\/03\/eventbrite-image-1773380428-2048x1024.jpg 2048w\" sizes=\"(max-width: 1024px) 100vw, 1024px\" \/>\t\t\t<span class=\"sr-only\">Sanaci\u00f3n por Sonido con Amelia Belle y Bob Rudorf<\/span>\n\t\t\t\t\t\t<div class=\"event-date-circle\">\n\t\t\t\tmi\u00e9rcoles<br>May 6\t\t\t<\/div>\n\t\t\t\t\t<\/a>\n\t<\/div>\n\n\t<div class=\"post_content\">\n\t\t\t\t\t<p class=\"category torn-paper\">\n\t\t\t\tExperiencias en la Naturaleza Accesibles\t\t\t<\/p>\n\t\t\t\t\t\t<p class=\"teaser--title\">\n\t\t\t\t<a href=\"https:\/\/sonomalandtrust.org\/es\/event\/sanacion-por-sonido-con-amelia-belle-y-bob-rudorf-2\/\">\n\t\t\t\t\tSanaci\u00f3n por Sonido con Amelia Belle y Bob Rudorf\t\t\t\t<\/a>\n\t\t<\/p>\n\t\t\t\t\t\t\t<p class=\"event-location\">\n\t\t\t\t\t\t\t\t\t<a href=\"https:\/\/www.google.com\/maps\/search\/4676+Mayette+Ave%2C+Santa+Rosa%2C+CA+95405\" target=\"_blank\" rel=\"noopener\">V\u00eda Verde del Sureste de Santa Rosa<\/a>\n\t\t\t\t\t\t\t<\/p>\n\t\t\t\t\n\t\t\t\t\t<p class=\"event-date\">\n\t\t\t\tmi\u00e9rcoles, mayo 6, 3pm-4pm\t\t\t<\/p>\n\t\t\t\t\t\t\t<p class=\"event-difficulty\">\n\t\t\t\tLevel: Suave\t\t\t<\/p>\n\t\t\t\t<div class=\"teaser-excerpt\">\n\t\t\tMediante el uso de cuencos sonoros de cristal y otros poderosos instrumentos, enriquecidos por los sonidos naturales del entorno, Amelia y Bob te guiar\u00e1n en un viaje transformador, ofreci\u00e9ndote una conexi\u00f3n m\u00e1s profunda con la&#8230;\t\t<\/div>\n\t\t\t\t\t<div class=\"d-none eventbrite-event-data\" data-eventbrite-id=\"1985116840909\"><\/div>\n\t\t\t\t<div class=\"wp-block-buttons is-layout-flex wp-block-buttons-is-layout-flex\">\n\t\t\t\t\t\t\t<div class=\"wp-block-button\">\n\t\t\t\t\t<button class=\"wp-block-button__link wp-element-button eventbrite-register-trigger\" \n\t\t\t\t\t\t\tdata-event-id=\"1985116840909\" \n\t\t\t\t\t\t\tdata-trigger-id=\"eventbrite-trigger-14310\"\n\t\t\t\t\t\t\tid=\"eventbrite-trigger-14310\"\n\t\t\t\t\t\t\ttype=\"button\">\n\t\t\t\t\t\tReg\u00edstrate en\t\t\t\t\t<\/button>\n\t\t\t\t<\/div>\n\t\t\t\n\t\t\t<div class=\"wp-block-button is-style-secondary\">\n\t\t\t\t\t\t\t\t<a class=\"wp-block-button__link wp-element-button\" tabindex=\"-1\" href=\"https:\/\/sonomalandtrust.org\/es\/event\/sanacion-por-sonido-con-amelia-belle-y-bob-rudorf-2\/\">M\u00e1s informaci\u00f3n<\/a>\n\t\t\t<\/div>\n\t\t<\/div>\n\t<\/div>\n<\/div>\n          <\/div>\n                    <div class=\"g-col-12 g-col-lg-6\">\n            \n<div class=\"teaser teaser--event teaser-grid type-experiencias-en-la-naturaleza-accesibles\" id=\"post-14819\">\n\t<div class=\"teaser--featured_image\">\n\t\t<a href=\"https:\/\/sonomalandtrust.org\/es\/event\/bano-en-el-bosque-con-jenny-harrow-keeler-2\/\" tabindex=\"-1\">\n\t\t\t<img decoding=\"async\" width=\"1024\" height=\"635\" src=\"https:\/\/sonomalandtrust.org\/wp-content\/uploads\/2026\/03\/eventbrite-image-1773804067-1024x635.jpg\" class=\"attachment-large size-large wp-post-image\" alt=\"\" srcset=\"https:\/\/sonomalandtrust.org\/wp-content\/uploads\/2026\/03\/eventbrite-image-1773804067-1024x635.jpg 1024w, https:\/\/sonomalandtrust.org\/wp-content\/uploads\/2026\/03\/eventbrite-image-1773804067-300x186.jpg 300w, https:\/\/sonomalandtrust.org\/wp-content\/uploads\/2026\/03\/eventbrite-image-1773804067-768x476.jpg 768w, https:\/\/sonomalandtrust.org\/wp-content\/uploads\/2026\/03\/eventbrite-image-1773804067.jpg 1216w\" sizes=\"(max-width: 1024px) 100vw, 1024px\" \/>\t\t\t<span class=\"sr-only\">Ba\u00f1o en el bosque con Jenny Harrow-Keeler<\/span>\n\t\t\t\t\t\t<div class=\"event-date-circle\">\n\t\t\t\tmi\u00e9rcoles<br>May 20\t\t\t<\/div>\n\t\t\t\t\t<\/a>\n\t<\/div>\n\n\t<div class=\"post_content\">\n\t\t\t\t\t<p class=\"category torn-paper\">\n\t\t\t\tExperiencias en la Naturaleza Accesibles\t\t\t<\/p>\n\t\t\t\t\t\t<p class=\"teaser--title\">\n\t\t\t\t<a href=\"https:\/\/sonomalandtrust.org\/es\/event\/bano-en-el-bosque-con-jenny-harrow-keeler-2\/\">\n\t\t\t\t\tBa\u00f1o en el bosque con Jenny Harrow-Keeler\t\t\t\t<\/a>\n\t\t<\/p>\n\t\t\t\t\t\t\t<p class=\"event-location\">\n\t\t\t\t\t\t\t\t\t<a href=\"https:\/\/www.google.com\/maps\/search\/4676+Mayette+Ave%2C+Santa+Rosa%2C+CA+95405\" target=\"_blank\" rel=\"noopener\">V\u00eda Verde del Sureste de Santa Rosa<\/a>\n\t\t\t\t\t\t\t<\/p>\n\t\t\t\t\n\t\t\t\t\t<p class=\"event-date\">\n\t\t\t\tmi\u00e9rcoles, mayo 20, 3pm-4pm\t\t\t<\/p>\n\t\t\t\t\t\t\t<p class=\"event-difficulty\">\n\t\t\t\tLevel: Suave\t\t\t<\/p>\n\t\t\t\t<div class=\"teaser-excerpt\">\n\t\t\tUna sesi\u00f3n guiada de ba\u00f1o de bosque es una pr\u00e1ctica basada en la atenci\u00f3n plena que invita a los participantes a reducir la velocidad y conectar profundamente con la naturaleza. Dirigida por un gu\u00eda formado&#8230;\t\t<\/div>\n\t\t\t\t\t<div class=\"d-none eventbrite-event-data\" data-eventbrite-id=\"1985176898543\"><\/div>\n\t\t\t\t<div class=\"wp-block-buttons is-layout-flex wp-block-buttons-is-layout-flex\">\n\t\t\t\t\t\t\t<div class=\"wp-block-button\">\n\t\t\t\t\t<button class=\"wp-block-button__link wp-element-button eventbrite-register-trigger\" \n\t\t\t\t\t\t\tdata-event-id=\"1985176898543\" \n\t\t\t\t\t\t\tdata-trigger-id=\"eventbrite-trigger-14819\"\n\t\t\t\t\t\t\tid=\"eventbrite-trigger-14819\"\n\t\t\t\t\t\t\ttype=\"button\">\n\t\t\t\t\t\tReg\u00edstrate en\t\t\t\t\t<\/button>\n\t\t\t\t<\/div>\n\t\t\t\n\t\t\t<div class=\"wp-block-button is-style-secondary\">\n\t\t\t\t\t\t\t\t<a class=\"wp-block-button__link wp-element-button\" tabindex=\"-1\" href=\"https:\/\/sonomalandtrust.org\/es\/event\/bano-en-el-bosque-con-jenny-harrow-keeler-2\/\">M\u00e1s informaci\u00f3n<\/a>\n\t\t\t<\/div>\n\t\t<\/div>\n\t<\/div>\n<\/div>\n          <\/div>\n                    <div class=\"g-col-12 g-col-lg-6\">\n            \n<div class=\"teaser teaser--event teaser-grid type-experiencias-en-la-naturaleza-accesibles\" id=\"post-14821\">\n\t<div class=\"teaser--featured_image\">\n\t\t<a href=\"https:\/\/sonomalandtrust.org\/es\/event\/yoga-suave-con-devorah-blum-2\/\" tabindex=\"-1\">\n\t\t\t<img decoding=\"async\" width=\"1024\" height=\"635\" src=\"https:\/\/sonomalandtrust.org\/wp-content\/uploads\/2026\/03\/eventbrite-image-1773804071-1024x635.jpg\" class=\"attachment-large size-large wp-post-image\" alt=\"\" srcset=\"https:\/\/sonomalandtrust.org\/wp-content\/uploads\/2026\/03\/eventbrite-image-1773804071-1024x635.jpg 1024w, https:\/\/sonomalandtrust.org\/wp-content\/uploads\/2026\/03\/eventbrite-image-1773804071-300x186.jpg 300w, https:\/\/sonomalandtrust.org\/wp-content\/uploads\/2026\/03\/eventbrite-image-1773804071-768x476.jpg 768w, https:\/\/sonomalandtrust.org\/wp-content\/uploads\/2026\/03\/eventbrite-image-1773804071.jpg 1216w\" sizes=\"(max-width: 1024px) 100vw, 1024px\" \/>\t\t\t<span class=\"sr-only\">Yoga suave con Devorah Blum<\/span>\n\t\t\t\t\t\t<div class=\"event-date-circle\">\n\t\t\t\tmi\u00e9rcoles<br>May 27\t\t\t<\/div>\n\t\t\t\t\t<\/a>\n\t<\/div>\n\n\t<div class=\"post_content\">\n\t\t\t\t\t<p class=\"category torn-paper\">\n\t\t\t\tExperiencias en la Naturaleza Accesibles\t\t\t<\/p>\n\t\t\t\t\t\t<p class=\"teaser--title\">\n\t\t\t\t<a href=\"https:\/\/sonomalandtrust.org\/es\/event\/yoga-suave-con-devorah-blum-2\/\">\n\t\t\t\t\tYoga suave con Devorah Blum\t\t\t\t<\/a>\n\t\t<\/p>\n\t\t\t\t\t\t\t<p class=\"event-location\">\n\t\t\t\t\t\t\t\t\t<a href=\"https:\/\/www.google.com\/maps\/search\/4676+Mayette+Ave%2C+Santa+Rosa%2C+CA+95405\" target=\"_blank\" rel=\"noopener\">V\u00eda Verde del Sureste de Santa Rosa<\/a>\n\t\t\t\t\t\t\t<\/p>\n\t\t\t\t\n\t\t\t\t\t<p class=\"event-date\">\n\t\t\t\tmi\u00e9rcoles, mayo 27, 3pm-4pm\t\t\t<\/p>\n\t\t\t\t\t\t\t<p class=\"event-difficulty\">\n\t\t\t\tLevel: Suave\t\t\t<\/p>\n\t\t\t\t<div class=\"teaser-excerpt\">\n\t\t\tExperimenta el yoga suave con Devorah Blum. En sus divertidas y suaves clases, Devorah ense\u00f1a formas saludables de estirarse, fortalecerse y equilibrarse en las posturas de yoga. La profunda comprensi\u00f3n de las posturas por parte&#8230;\t\t<\/div>\n\t\t\t\t\t<div class=\"d-none eventbrite-event-data\" data-eventbrite-id=\"1985176739066\"><\/div>\n\t\t\t\t<div class=\"wp-block-buttons is-layout-flex wp-block-buttons-is-layout-flex\">\n\t\t\t\t\t\t\t<div class=\"wp-block-button\">\n\t\t\t\t\t<button class=\"wp-block-button__link wp-element-button eventbrite-register-trigger\" \n\t\t\t\t\t\t\tdata-event-id=\"1985176739066\" \n\t\t\t\t\t\t\tdata-trigger-id=\"eventbrite-trigger-14821\"\n\t\t\t\t\t\t\tid=\"eventbrite-trigger-14821\"\n\t\t\t\t\t\t\ttype=\"button\">\n\t\t\t\t\t\tReg\u00edstrate en\t\t\t\t\t<\/button>\n\t\t\t\t<\/div>\n\t\t\t\n\t\t\t<div class=\"wp-block-button is-style-secondary\">\n\t\t\t\t\t\t\t\t<a class=\"wp-block-button__link wp-element-button\" tabindex=\"-1\" href=\"https:\/\/sonomalandtrust.org\/es\/event\/yoga-suave-con-devorah-blum-2\/\">M\u00e1s informaci\u00f3n<\/a>\n\t\t\t<\/div>\n\t\t<\/div>\n\t<\/div>\n<\/div>\n          <\/div>\n                    <div class=\"g-col-12 g-col-lg-6\">\n            \n<div class=\"teaser teaser--event teaser-grid type-experiencias-en-la-naturaleza-accesibles\" id=\"post-14857\">\n\t<div class=\"teaser--featured_image\">\n\t\t<a href=\"https:\/\/sonomalandtrust.org\/es\/event\/nino-salvaje\/\" tabindex=\"-1\">\n\t\t\t<img decoding=\"async\" width=\"1024\" height=\"647\" src=\"https:\/\/sonomalandtrust.org\/wp-content\/uploads\/2026\/04\/child-in-the-wild-2026-1024x647.jpg\" class=\"attachment-large size-large wp-post-image\" alt=\"Logotipo del evento Ni\u00f1o en la Naturaleza e ilustraciones de ni\u00f1os con texto que dice castillo hinchable, pintura de caras, actividades en la naturaleza, camiones de comida y diversi\u00f3n gratuita para toda la familia.\" srcset=\"https:\/\/sonomalandtrust.org\/wp-content\/uploads\/2026\/04\/child-in-the-wild-2026-1024x647.jpg 1024w, https:\/\/sonomalandtrust.org\/wp-content\/uploads\/2026\/04\/child-in-the-wild-2026-300x189.jpg 300w, https:\/\/sonomalandtrust.org\/wp-content\/uploads\/2026\/04\/child-in-the-wild-2026-768x485.jpg 768w, https:\/\/sonomalandtrust.org\/wp-content\/uploads\/2026\/04\/child-in-the-wild-2026-1536x970.jpg 1536w, https:\/\/sonomalandtrust.org\/wp-content\/uploads\/2026\/04\/child-in-the-wild-2026-2048x1294.jpg 2048w\" sizes=\"(max-width: 1024px) 100vw, 1024px\" \/>\t\t\t<span class=\"sr-only\">Ni\u00f1os en la naturaleza<\/span>\n\t\t\t\t\t\t<div class=\"event-date-circle\">\n\t\t\t\tdomingo<br>May 31\t\t\t<\/div>\n\t\t\t\t\t<\/a>\n\t<\/div>\n\n\t<div class=\"post_content\">\n\t\t\t\t\t<p class=\"category torn-paper\">\n\t\t\t\tExperiencias en la Naturaleza Accesibles\t\t\t<\/p>\n\t\t\t\t\t\t<p class=\"teaser--title\">\n\t\t\t\t<a href=\"https:\/\/sonomalandtrust.org\/es\/event\/nino-salvaje\/\">\n\t\t\t\t\tNi\u00f1os en la naturaleza\t\t\t\t<\/a>\n\t\t<\/p>\n\t\t\t\t\t\t\t<p class=\"event-location\">\n\t\t\t\t\t\t\t\t\t<a href=\"http:\/\/google.com\/maps\/place\/howarth+park+santa+rosa\/data=!4m2!3m1!1s0x8084383b84375edb:0x60b635443f69b1b0?sa=X&#038;ved=1t:155783&#038;ictx=111\" target=\"_blank\" rel=\"noopener\">Parque Howarth, C\u00e9sped Inferior<\/a>\n\t\t\t\t\t\t\t<\/p>\n\t\t\t\t\n\t\t\t\t\t<p class=\"event-date\">\n\t\t\t\tdomingo, mayo 31, 12pm-4pm\t\t\t<\/p>\n\t\t\t\t\t\t<div class=\"teaser-excerpt\">\n\t\t\tNi\u00f1o en la Naturaleza es una celebraci\u00f3n familiar multicultural en la naturaleza para concienciar y participar en la creaci\u00f3n del futuro parque de la V\u00eda Verde del Sureste de Santa Rosa. Disfruta de m\u00e1s de&#8230;\t\t<\/div>\n\t\t\t\t<div class=\"wp-block-buttons is-layout-flex wp-block-buttons-is-layout-flex\">\n\t\t\t\n\t\t\t<div class=\"wp-block-button is-style-secondary\">\n\t\t\t\t\t\t\t\t<a class=\"wp-block-button__link wp-element-button\" tabindex=\"-1\" href=\"https:\/\/sonomalandtrust.org\/es\/event\/nino-salvaje\/\">M\u00e1s informaci\u00f3n<\/a>\n\t\t\t<\/div>\n\t\t<\/div>\n\t<\/div>\n<\/div>\n          <\/div>\n                    <div class=\"g-col-12 g-col-lg-6\">\n            \n<div class=\"teaser teaser--event teaser-grid type-experiencias-en-la-naturaleza-accesibles\" id=\"post-14824\">\n\t<div class=\"teaser--featured_image\">\n\t\t<a href=\"https:\/\/sonomalandtrust.org\/es\/event\/yoga-suave-con-devorah-blum-3\/\" tabindex=\"-1\">\n\t\t\t<img decoding=\"async\" width=\"1024\" height=\"635\" src=\"https:\/\/sonomalandtrust.org\/wp-content\/uploads\/2026\/03\/eventbrite-image-1773804074-1024x635.jpg\" class=\"attachment-large size-large wp-post-image\" alt=\"\" srcset=\"https:\/\/sonomalandtrust.org\/wp-content\/uploads\/2026\/03\/eventbrite-image-1773804074-1024x635.jpg 1024w, https:\/\/sonomalandtrust.org\/wp-content\/uploads\/2026\/03\/eventbrite-image-1773804074-300x186.jpg 300w, https:\/\/sonomalandtrust.org\/wp-content\/uploads\/2026\/03\/eventbrite-image-1773804074-768x476.jpg 768w, https:\/\/sonomalandtrust.org\/wp-content\/uploads\/2026\/03\/eventbrite-image-1773804074.jpg 1216w\" sizes=\"(max-width: 1024px) 100vw, 1024px\" \/>\t\t\t<span class=\"sr-only\">Yoga suave con Devorah Blum<\/span>\n\t\t\t\t\t\t<div class=\"event-date-circle\">\n\t\t\t\tmi\u00e9rcoles<br>Jun 3\t\t\t<\/div>\n\t\t\t\t\t<\/a>\n\t<\/div>\n\n\t<div class=\"post_content\">\n\t\t\t\t\t<p class=\"category torn-paper\">\n\t\t\t\tExperiencias en la Naturaleza Accesibles\t\t\t<\/p>\n\t\t\t\t\t\t<p class=\"teaser--title\">\n\t\t\t\t<a href=\"https:\/\/sonomalandtrust.org\/es\/event\/yoga-suave-con-devorah-blum-3\/\">\n\t\t\t\t\tYoga suave con Devorah Blum\t\t\t\t<\/a>\n\t\t<\/p>\n\t\t\t\t\t\t\t<p class=\"event-location\">\n\t\t\t\t\t\t\t\t\t<a href=\"https:\/\/www.google.com\/maps\/search\/4676+Mayette+Ave%2C+Santa+Rosa%2C+CA+95405\" target=\"_blank\" rel=\"noopener\">V\u00eda Verde del Sureste de Santa Rosa<\/a>\n\t\t\t\t\t\t\t<\/p>\n\t\t\t\t\n\t\t\t\t\t<p class=\"event-date\">\n\t\t\t\tmi\u00e9rcoles, junio 3, 3pm-4pm\t\t\t<\/p>\n\t\t\t\t\t\t\t<p class=\"event-difficulty\">\n\t\t\t\tLevel: Suave\t\t\t<\/p>\n\t\t\t\t<div class=\"teaser-excerpt\">\n\t\t\tExperimenta una sesi\u00f3n de yoga suave con Devorah Blum. En sus divertidas y suaves clases, Devorah ense\u00f1a formas saludables de estirarse, fortalecerse y equilibrarse en las posturas de yoga. La profunda comprensi\u00f3n de las posturas&#8230;\t\t<\/div>\n\t\t\t\t\t<div class=\"d-none eventbrite-event-data\" data-eventbrite-id=\"1985176775174\"><\/div>\n\t\t\t\t<div class=\"wp-block-buttons is-layout-flex wp-block-buttons-is-layout-flex\">\n\t\t\t\t\t\t\t<div class=\"wp-block-button\">\n\t\t\t\t\t<button class=\"wp-block-button__link wp-element-button eventbrite-register-trigger\" \n\t\t\t\t\t\t\tdata-event-id=\"1985176775174\" \n\t\t\t\t\t\t\tdata-trigger-id=\"eventbrite-trigger-14824\"\n\t\t\t\t\t\t\tid=\"eventbrite-trigger-14824\"\n\t\t\t\t\t\t\ttype=\"button\">\n\t\t\t\t\t\tReg\u00edstrate en\t\t\t\t\t<\/button>\n\t\t\t\t<\/div>\n\t\t\t\n\t\t\t<div class=\"wp-block-button is-style-secondary\">\n\t\t\t\t\t\t\t\t<a class=\"wp-block-button__link wp-element-button\" tabindex=\"-1\" href=\"https:\/\/sonomalandtrust.org\/es\/event\/yoga-suave-con-devorah-blum-3\/\">M\u00e1s informaci\u00f3n<\/a>\n\t\t\t<\/div>\n\t\t<\/div>\n\t<\/div>\n<\/div>\n          <\/div>\n                    <div class=\"g-col-12 g-col-lg-6\">\n            \n<div class=\"teaser teaser--event teaser-grid type-experiencias-en-la-naturaleza-accesibles\" id=\"post-14827\">\n\t<div class=\"teaser--featured_image\">\n\t\t<a href=\"https:\/\/sonomalandtrust.org\/es\/event\/bano-en-el-bosque-con-jenny-harrow-keeler-3\/\" tabindex=\"-1\">\n\t\t\t<img decoding=\"async\" width=\"1024\" height=\"635\" src=\"https:\/\/sonomalandtrust.org\/wp-content\/uploads\/2026\/03\/eventbrite-image-1773804077-1024x635.jpg\" class=\"attachment-large size-large wp-post-image\" alt=\"\" srcset=\"https:\/\/sonomalandtrust.org\/wp-content\/uploads\/2026\/03\/eventbrite-image-1773804077-1024x635.jpg 1024w, https:\/\/sonomalandtrust.org\/wp-content\/uploads\/2026\/03\/eventbrite-image-1773804077-300x186.jpg 300w, https:\/\/sonomalandtrust.org\/wp-content\/uploads\/2026\/03\/eventbrite-image-1773804077-768x476.jpg 768w, https:\/\/sonomalandtrust.org\/wp-content\/uploads\/2026\/03\/eventbrite-image-1773804077.jpg 1216w\" sizes=\"(max-width: 1024px) 100vw, 1024px\" \/>\t\t\t<span class=\"sr-only\">Ba\u00f1o en el bosque con Jenny Harrow-Keeler<\/span>\n\t\t\t\t\t\t<div class=\"event-date-circle\">\n\t\t\t\tmi\u00e9rcoles<br>Jun 10\t\t\t<\/div>\n\t\t\t\t\t<\/a>\n\t<\/div>\n\n\t<div class=\"post_content\">\n\t\t\t\t\t<p class=\"category torn-paper\">\n\t\t\t\tExperiencias en la Naturaleza Accesibles\t\t\t<\/p>\n\t\t\t\t\t\t<p class=\"teaser--title\">\n\t\t\t\t<a href=\"https:\/\/sonomalandtrust.org\/es\/event\/bano-en-el-bosque-con-jenny-harrow-keeler-3\/\">\n\t\t\t\t\tBa\u00f1o en el bosque con Jenny Harrow-Keeler\t\t\t\t<\/a>\n\t\t<\/p>\n\t\t\t\t\t\t\t<p class=\"event-location\">\n\t\t\t\t\t\t\t\t\t<a href=\"https:\/\/www.google.com\/maps\/search\/4676+Mayette+Ave%2C+Santa+Rosa%2C+CA+95405\" target=\"_blank\" rel=\"noopener\">V\u00eda Verde del Sureste de Santa Rosa<\/a>\n\t\t\t\t\t\t\t<\/p>\n\t\t\t\t\n\t\t\t\t\t<p class=\"event-date\">\n\t\t\t\tmi\u00e9rcoles, junio 10, 3pm-4pm\t\t\t<\/p>\n\t\t\t\t\t\t\t<p class=\"event-difficulty\">\n\t\t\t\tLevel: Suave\t\t\t<\/p>\n\t\t\t\t<div class=\"teaser-excerpt\">\n\t\t\tUna sesi\u00f3n guiada de ba\u00f1o de bosque es una pr\u00e1ctica basada en la atenci\u00f3n plena que invita a los participantes a reducir la velocidad y conectar profundamente con la naturaleza. Dirigida por un gu\u00eda formado&#8230;\t\t<\/div>\n\t\t\t\t\t<div class=\"d-none eventbrite-event-data\" data-eventbrite-id=\"1985177207467\"><\/div>\n\t\t\t\t<div class=\"wp-block-buttons is-layout-flex wp-block-buttons-is-layout-flex\">\n\t\t\t\t\t\t\t<div class=\"wp-block-button\">\n\t\t\t\t\t<button class=\"wp-block-button__link wp-element-button eventbrite-register-trigger\" \n\t\t\t\t\t\t\tdata-event-id=\"1985177207467\" \n\t\t\t\t\t\t\tdata-trigger-id=\"eventbrite-trigger-14827\"\n\t\t\t\t\t\t\tid=\"eventbrite-trigger-14827\"\n\t\t\t\t\t\t\ttype=\"button\">\n\t\t\t\t\t\tReg\u00edstrate en\t\t\t\t\t<\/button>\n\t\t\t\t<\/div>\n\t\t\t\n\t\t\t<div class=\"wp-block-button is-style-secondary\">\n\t\t\t\t\t\t\t\t<a class=\"wp-block-button__link wp-element-button\" tabindex=\"-1\" href=\"https:\/\/sonomalandtrust.org\/es\/event\/bano-en-el-bosque-con-jenny-harrow-keeler-3\/\">M\u00e1s informaci\u00f3n<\/a>\n\t\t\t<\/div>\n\t\t<\/div>\n\t<\/div>\n<\/div>\n          <\/div>\n                    <div class=\"g-col-12 g-col-lg-6\">\n            \n<div class=\"teaser teaser--event teaser-grid type-experiencias-en-la-naturaleza-accesibles\" id=\"post-14833\">\n\t<div class=\"teaser--featured_image\">\n\t\t<a href=\"https:\/\/sonomalandtrust.org\/es\/event\/sanacion-por-sonido-con-amelia-belle-y-bob-rudorf-3\/\" tabindex=\"-1\">\n\t\t\t<img decoding=\"async\" width=\"1024\" height=\"512\" src=\"https:\/\/sonomalandtrust.org\/wp-content\/uploads\/2026\/03\/eventbrite-image-1773380428-1024x512.jpg\" class=\"attachment-large size-large wp-post-image\" alt=\"\" srcset=\"https:\/\/sonomalandtrust.org\/wp-content\/uploads\/2026\/03\/eventbrite-image-1773380428-1024x512.jpg 1024w, https:\/\/sonomalandtrust.org\/wp-content\/uploads\/2026\/03\/eventbrite-image-1773380428-300x150.jpg 300w, https:\/\/sonomalandtrust.org\/wp-content\/uploads\/2026\/03\/eventbrite-image-1773380428-768x384.jpg 768w, https:\/\/sonomalandtrust.org\/wp-content\/uploads\/2026\/03\/eventbrite-image-1773380428-1536x768.jpg 1536w, https:\/\/sonomalandtrust.org\/wp-content\/uploads\/2026\/03\/eventbrite-image-1773380428-2048x1024.jpg 2048w\" sizes=\"(max-width: 1024px) 100vw, 1024px\" \/>\t\t\t<span class=\"sr-only\">Sanaci\u00f3n por Sonido con Amelia Belle y Bob Rudorf<\/span>\n\t\t\t\t\t\t<div class=\"event-date-circle\">\n\t\t\t\tmi\u00e9rcoles<br>Jun 17\t\t\t<\/div>\n\t\t\t\t\t<\/a>\n\t<\/div>\n\n\t<div class=\"post_content\">\n\t\t\t\t\t<p class=\"category torn-paper\">\n\t\t\t\tExperiencias en la Naturaleza Accesibles\t\t\t<\/p>\n\t\t\t\t\t\t<p class=\"teaser--title\">\n\t\t\t\t<a href=\"https:\/\/sonomalandtrust.org\/es\/event\/sanacion-por-sonido-con-amelia-belle-y-bob-rudorf-3\/\">\n\t\t\t\t\tSanaci\u00f3n por Sonido con Amelia Belle y Bob Rudorf\t\t\t\t<\/a>\n\t\t<\/p>\n\t\t\t\t\t\t\t<p class=\"event-location\">\n\t\t\t\t\t\t\t\t\t<a href=\"https:\/\/www.google.com\/maps\/search\/4676+Mayette+Ave%2C+Santa+Rosa%2C+CA+95405\" target=\"_blank\" rel=\"noopener\">V\u00eda Verde del Sureste de Santa Rosa<\/a>\n\t\t\t\t\t\t\t<\/p>\n\t\t\t\t\n\t\t\t\t\t<p class=\"event-date\">\n\t\t\t\tmi\u00e9rcoles, junio 17, 3pm-4pm\t\t\t<\/p>\n\t\t\t\t\t\t\t<p class=\"event-difficulty\">\n\t\t\t\tLevel: Suave\t\t\t<\/p>\n\t\t\t\t<div class=\"teaser-excerpt\">\n\t\t\tMediante el uso de cuencos sonoros de cristal y otros poderosos instrumentos, enriquecidos por los sonidos naturales del entorno, Amelia y Bob te guiar\u00e1n en un viaje transformador, ofreci\u00e9ndote una conexi\u00f3n m\u00e1s profunda con la&#8230;\t\t<\/div>\n\t\t\t\t\t<div class=\"d-none eventbrite-event-data\" data-eventbrite-id=\"1985176655817\"><\/div>\n\t\t\t\t<div class=\"wp-block-buttons is-layout-flex wp-block-buttons-is-layout-flex\">\n\t\t\t\t\t\t\t<div class=\"wp-block-button\">\n\t\t\t\t\t<button class=\"wp-block-button__link wp-element-button eventbrite-register-trigger\" \n\t\t\t\t\t\t\tdata-event-id=\"1985176655817\" \n\t\t\t\t\t\t\tdata-trigger-id=\"eventbrite-trigger-14833\"\n\t\t\t\t\t\t\tid=\"eventbrite-trigger-14833\"\n\t\t\t\t\t\t\ttype=\"button\">\n\t\t\t\t\t\tReg\u00edstrate en\t\t\t\t\t<\/button>\n\t\t\t\t<\/div>\n\t\t\t\n\t\t\t<div class=\"wp-block-button is-style-secondary\">\n\t\t\t\t\t\t\t\t<a class=\"wp-block-button__link wp-element-button\" tabindex=\"-1\" href=\"https:\/\/sonomalandtrust.org\/es\/event\/sanacion-por-sonido-con-amelia-belle-y-bob-rudorf-3\/\">M\u00e1s informaci\u00f3n<\/a>\n\t\t\t<\/div>\n\t\t<\/div>\n\t<\/div>\n<\/div>\n          <\/div>\n                <\/div>\n            <div class=\"post-event-grid-wrapper\">\n              <div style=\"margin-top:0;\" class=\"questions-circle-block  align wp-block-acf-event-category-grid\">\n      <div class=\"curved-text-wrapper\">\n        <div id=\"curvedText\" class=\"curved-text\">\n            \u00bfTienes preguntas? Queremos que nos las plantees.           <\/div>\n    <\/div>\n    <div class=\"question-circle\">\n      <div class=\"inner\">?<\/div>\n      <div class=\"inner-content\">\n        Dirige tus preguntas sobre nuestros actos y salidas a: outings@sonomalandtrust.org      <\/div>\n    <\/div>\n  <\/div>\n      <\/div>\n      <\/div>\n<div class=\"wp-block-group alignfull has-yellow-screened-background-color has-background is-layout-constrained wp-block-group-is-layout-constrained\" style=\"margin-bottom:0;padding-top:var(--wp--preset--spacing--70);padding-bottom:var(--wp--preset--spacing--70)\">\n<div class=\"wp-block-group is-layout-constrained wp-container-core-group-is-layout-069b2b65 wp-block-group-is-layout-constrained\" style=\"margin-bottom:var(--wp--preset--spacing--50)\">\n<h2 class=\"wp-block-heading has-text-align-center\" style=\"padding-bottom:var(--wp--preset--spacing--20)\">Hacer posible la programaci\u00f3n inmersiva en la naturaleza<\/h2>\n\n\n\n<p class=\"has-text-align-center has-large-font-size\">El programa Comunidad en la Naturaleza de Sonoma Land Trust ofrece experiencias \u00fanicas al aire libre que re\u00fanen a la gente a la vez que profundizan su relaci\u00f3n con la tierra.<\/p>\n<\/div>\n\n\n\n<div class=\"wp-block-group is-layout-grid wp-container-core-group-is-layout-988b637e wp-block-group-is-layout-grid\">  <div class=\"multicolor-card-without-link multicolor-card  \" id=\"a_5970442\">\n    <div class=\"acf-innerblocks-container\">\n\n<figure class=\"wp-block-image size-full\"><img decoding=\"async\" width=\"768\" height=\"278\" src=\"https:\/\/sonomalandtrust.org\/wp-content\/uploads\/2026\/01\/relaxing-in-nature.jpg\" alt=\"\" class=\"wp-image-8454\" srcset=\"https:\/\/sonomalandtrust.org\/wp-content\/uploads\/2026\/01\/relaxing-in-nature.jpg 768w, https:\/\/sonomalandtrust.org\/wp-content\/uploads\/2026\/01\/relaxing-in-nature-300x109.jpg 300w\" sizes=\"(max-width: 768px) 100vw, 768px\" \/><\/figure>\n\n\n\n<div class=\"wp-block-group has-teal-background-color has-background is-layout-flow wp-block-group-is-layout-flow\">\n<p class=\"has-text-align-center stat-text has-white-color has-text-color\">26<\/p>\n\n\n\n<p class=\"has-text-align-center has-white-color has-text-color\">Diferentes lugares del condado de Sonoma  <\/p>\n<\/div>\n\n<\/div>\n<\/div>\n\n\n  <div class=\"multicolor-card-without-link multicolor-card  \" id=\"a_6237885\">\n    <div class=\"acf-innerblocks-container\">\n\n<figure class=\"wp-block-image size-full\"><img decoding=\"async\" width=\"768\" height=\"278\" src=\"https:\/\/sonomalandtrust.org\/wp-content\/uploads\/2026\/01\/nature-journaling.jpg\" alt=\"\" class=\"wp-image-8453\" srcset=\"https:\/\/sonomalandtrust.org\/wp-content\/uploads\/2026\/01\/nature-journaling.jpg 768w, https:\/\/sonomalandtrust.org\/wp-content\/uploads\/2026\/01\/nature-journaling-300x109.jpg 300w\" sizes=\"(max-width: 768px) 100vw, 768px\" \/><\/figure>\n\n\n\n<div class=\"wp-block-group has-green-background-color has-background is-layout-flow wp-block-group-is-layout-flow\">\n<p class=\"has-text-align-center stat-text has-white-color has-text-color\">1,350<\/p>\n\n\n\n<p class=\"has-text-align-center has-white-color has-text-color\">Participantes en la salida en 2025<\/p>\n<\/div>\n\n<\/div>\n<\/div>\n\n\n  <div class=\"multicolor-card-without-link multicolor-card  \" id=\"a_4984049\">\n    <div class=\"acf-innerblocks-container\">\n\n<figure class=\"wp-block-image size-full\"><img decoding=\"async\" width=\"768\" height=\"278\" src=\"https:\/\/sonomalandtrust.org\/wp-content\/uploads\/2026\/01\/meditation-yoga-nature.jpg\" alt=\"\" class=\"wp-image-8452\" srcset=\"https:\/\/sonomalandtrust.org\/wp-content\/uploads\/2026\/01\/meditation-yoga-nature.jpg 768w, https:\/\/sonomalandtrust.org\/wp-content\/uploads\/2026\/01\/meditation-yoga-nature-300x109.jpg 300w\" sizes=\"(max-width: 768px) 100vw, 768px\" \/><\/figure>\n\n\n\n<div class=\"wp-block-group has-dark-blue-background-color has-background is-layout-flow wp-block-group-is-layout-flow\">\n<p class=\"has-text-align-center stat-text has-white-color has-text-color\">96<\/p>\n\n\n\n<p class=\"has-text-align-center has-white-color has-text-color\">  Experiencias accesibles y gratuitas en 2025  <\/p>\n<\/div>\n\n<\/div>\n<\/div>\n<\/div>\n<\/div>\n<div style=\"margin-top:0;\" class=\"testimonial-carousel-block carousel-block alignfull align-text-left align wp-block-acf-testimonial-carousel\">\n        <div class=\"carousel-slides\">\n              <div class=\"carousel-slide\">\n          <div class=\"testimonial-item\">\n                          <div class=\"testimonial-image\">\n                <img decoding=\"async\" width=\"2560\" height=\"882\" src=\"https:\/\/sonomalandtrust.org\/wp-content\/uploads\/2026\/01\/yoga-participants-pose-outdoors-scaled.jpg\" class=\"attachment-full size-full\" alt=\"\" sizes=\"(max-width: 768px) 700px, (max-width: 1200px) 1400px, 2600px\" srcset=\"https:\/\/sonomalandtrust.org\/wp-content\/uploads\/2026\/01\/yoga-participants-pose-outdoors-scaled.jpg 2560w, https:\/\/sonomalandtrust.org\/wp-content\/uploads\/2026\/01\/yoga-participants-pose-outdoors-300x103.jpg 300w, https:\/\/sonomalandtrust.org\/wp-content\/uploads\/2026\/01\/yoga-participants-pose-outdoors-1024x353.jpg 1024w, https:\/\/sonomalandtrust.org\/wp-content\/uploads\/2026\/01\/yoga-participants-pose-outdoors-768x265.jpg 768w, https:\/\/sonomalandtrust.org\/wp-content\/uploads\/2026\/01\/yoga-participants-pose-outdoors-1536x529.jpg 1536w, https:\/\/sonomalandtrust.org\/wp-content\/uploads\/2026\/01\/yoga-participants-pose-outdoors-2048x705.jpg 2048w\" \/>              <\/div>\n                          <div class=\"testimonial-content\">\n              <div class=\"inner-content show-mobile\">\n                <div class=\"testimonial-text \"><p>\u00abRealmente es una experiencia m\u00e1gica tumbarse bajo un \u00e1rbol y escuchar preciosas campanadas y cuencos, o\u00edr piar a los p\u00e1jaros y conectar con la tierra\u00bb.<\/p>\n<\/div>\n              <\/div>\n              <div class=\"inner-content\">\n                                  <div class=\"left\">\n                    <div class=\"author-image\">\n                      <img decoding=\"async\" width=\"300\" height=\"300\" src=\"https:\/\/sonomalandtrust.org\/wp-content\/uploads\/2026\/01\/sound-bowls-outdoors-300x300.jpg\" class=\"attachment-medium size-medium\" alt=\"\" srcset=\"https:\/\/sonomalandtrust.org\/wp-content\/uploads\/2026\/01\/sound-bowls-outdoors-300x300.jpg 300w, https:\/\/sonomalandtrust.org\/wp-content\/uploads\/2026\/01\/sound-bowls-outdoors-150x150.jpg 150w, https:\/\/sonomalandtrust.org\/wp-content\/uploads\/2026\/01\/sound-bowls-outdoors-120x120.jpg 120w, https:\/\/sonomalandtrust.org\/wp-content\/uploads\/2026\/01\/sound-bowls-outdoors.jpg 356w\" sizes=\"(max-width: 300px) 100vw, 300px\" \/>                    <\/div>\n                  <\/div>\n                                <div class=\"right\">\n                  <div class=\"testimonial-text hide-mobile\"><p>\u00abRealmente es una experiencia m\u00e1gica tumbarse bajo un \u00e1rbol y escuchar preciosas campanadas y cuencos, o\u00edr piar a los p\u00e1jaros y conectar con la tierra\u00bb.<\/p>\n<\/div>\n                                                          <p class=\"author-name\"><span>&mdash;<\/span>Participante en curaci\u00f3n por sonido  <\/p>\n                                                      <\/div>\n              <\/div>\n              <!-- <div class=\"yellow-border\"><\/div> -->\n            <\/div>\n          <\/div>\n        <\/div>\n              <div class=\"carousel-slide\">\n          <div class=\"testimonial-item\">\n                          <div class=\"testimonial-image\">\n                <img decoding=\"async\" width=\"2560\" height=\"878\" src=\"https:\/\/sonomalandtrust.org\/wp-content\/uploads\/2026\/01\/yoga-class-outdoors-scaled.jpg\" class=\"attachment-full size-full\" alt=\"\" sizes=\"(max-width: 768px) 700px, (max-width: 1200px) 1400px, 2600px\" srcset=\"https:\/\/sonomalandtrust.org\/wp-content\/uploads\/2026\/01\/yoga-class-outdoors-scaled.jpg 2560w, https:\/\/sonomalandtrust.org\/wp-content\/uploads\/2026\/01\/yoga-class-outdoors-300x103.jpg 300w, https:\/\/sonomalandtrust.org\/wp-content\/uploads\/2026\/01\/yoga-class-outdoors-1024x351.jpg 1024w, https:\/\/sonomalandtrust.org\/wp-content\/uploads\/2026\/01\/yoga-class-outdoors-768x263.jpg 768w, https:\/\/sonomalandtrust.org\/wp-content\/uploads\/2026\/01\/yoga-class-outdoors-1536x527.jpg 1536w, https:\/\/sonomalandtrust.org\/wp-content\/uploads\/2026\/01\/yoga-class-outdoors-2048x703.jpg 2048w\" \/>              <\/div>\n                          <div class=\"testimonial-content\">\n              <div class=\"inner-content show-mobile\">\n                <div class=\"testimonial-text \"><p>\u00abMe gusta la direcci\u00f3n que est\u00e1 tomando SLT con la oferta de clases en la naturaleza\u00bb.<\/p>\n<\/div>\n              <\/div>\n              <div class=\"inner-content\">\n                                  <div class=\"left\">\n                    <div class=\"author-image\">\n                      <img decoding=\"async\" width=\"300\" height=\"300\" src=\"https:\/\/sonomalandtrust.org\/wp-content\/uploads\/2026\/01\/yoga-participants-outdoors-300x300.jpg\" class=\"attachment-medium size-medium\" alt=\"\" srcset=\"https:\/\/sonomalandtrust.org\/wp-content\/uploads\/2026\/01\/yoga-participants-outdoors-300x300.jpg 300w, https:\/\/sonomalandtrust.org\/wp-content\/uploads\/2026\/01\/yoga-participants-outdoors-150x150.jpg 150w, https:\/\/sonomalandtrust.org\/wp-content\/uploads\/2026\/01\/yoga-participants-outdoors-120x120.jpg 120w, https:\/\/sonomalandtrust.org\/wp-content\/uploads\/2026\/01\/yoga-participants-outdoors.jpg 356w\" sizes=\"(max-width: 300px) 100vw, 300px\" \/>                    <\/div>\n                  <\/div>\n                                <div class=\"right\">\n                  <div class=\"testimonial-text hide-mobile\"><p>\u00abMe gusta la direcci\u00f3n que est\u00e1 tomando SLT con la oferta de clases en la naturaleza\u00bb.<\/p>\n<\/div>\n                                                          <p class=\"author-name\"><span>&mdash;<\/span>Participante en yoga<\/p>\n                                                      <\/div>\n              <\/div>\n              <!-- <div class=\"yellow-border\"><\/div> -->\n            <\/div>\n          <\/div>\n        <\/div>\n              <div class=\"carousel-slide\">\n          <div class=\"testimonial-item\">\n                          <div class=\"testimonial-image\">\n                <img decoding=\"async\" width=\"2560\" height=\"885\" src=\"https:\/\/sonomalandtrust.org\/wp-content\/uploads\/2026\/01\/forest-sunlight-scaled.jpg\" class=\"attachment-full size-full\" alt=\"\" sizes=\"(max-width: 768px) 700px, (max-width: 1200px) 1400px, 2600px\" srcset=\"https:\/\/sonomalandtrust.org\/wp-content\/uploads\/2026\/01\/forest-sunlight-scaled.jpg 2560w, https:\/\/sonomalandtrust.org\/wp-content\/uploads\/2026\/01\/forest-sunlight-300x104.jpg 300w, https:\/\/sonomalandtrust.org\/wp-content\/uploads\/2026\/01\/forest-sunlight-1024x354.jpg 1024w, https:\/\/sonomalandtrust.org\/wp-content\/uploads\/2026\/01\/forest-sunlight-768x266.jpg 768w, https:\/\/sonomalandtrust.org\/wp-content\/uploads\/2026\/01\/forest-sunlight-1536x531.jpg 1536w, https:\/\/sonomalandtrust.org\/wp-content\/uploads\/2026\/01\/forest-sunlight-2048x708.jpg 2048w\" \/>              <\/div>\n                          <div class=\"testimonial-content\">\n              <div class=\"inner-content show-mobile\">\n                <div class=\"testimonial-text \"><p>\u00abNo hay palabras para describir lo beneficioso y apreciado que fue para m\u00ed este evento. Estoy deseando ir a<br \/>\npara el pr\u00f3ximo\u00bb.<\/p>\n<\/div>\n              <\/div>\n              <div class=\"inner-content\">\n                                  <div class=\"left\">\n                    <div class=\"author-image\">\n                      <img decoding=\"async\" width=\"300\" height=\"239\" src=\"https:\/\/sonomalandtrust.org\/wp-content\/uploads\/2026\/01\/monte-rio-redwoods-300x239.jpg\" class=\"attachment-medium size-medium\" alt=\"\" srcset=\"https:\/\/sonomalandtrust.org\/wp-content\/uploads\/2026\/01\/monte-rio-redwoods-300x239.jpg 300w, https:\/\/sonomalandtrust.org\/wp-content\/uploads\/2026\/01\/monte-rio-redwoods-1024x817.jpg 1024w, https:\/\/sonomalandtrust.org\/wp-content\/uploads\/2026\/01\/monte-rio-redwoods-768x613.jpg 768w, https:\/\/sonomalandtrust.org\/wp-content\/uploads\/2026\/01\/monte-rio-redwoods-1536x1226.jpg 1536w, https:\/\/sonomalandtrust.org\/wp-content\/uploads\/2026\/01\/monte-rio-redwoods.jpg 1794w\" sizes=\"(max-width: 300px) 100vw, 300px\" \/>                    <\/div>\n                  <\/div>\n                                <div class=\"right\">\n                  <div class=\"testimonial-text hide-mobile\"><p>\u00abNo hay palabras para describir lo beneficioso y apreciado que fue para m\u00ed este evento. Estoy deseando ir a<br \/>\npara el pr\u00f3ximo\u00bb.<\/p>\n<\/div>\n                                                          <p class=\"author-name\"><span>&mdash;<\/span>Participante en el ba\u00f1o forestal<\/p>\n                                                      <\/div>\n              <\/div>\n              <!-- <div class=\"yellow-border\"><\/div> -->\n            <\/div>\n          <\/div>\n        <\/div>\n            <\/div>\n  <\/div>\n<div class=\"wp-block-media-text is-stacked-on-mobile is-style-circle bio-block\" style=\"margin-top:var(--wp--preset--spacing--70);margin-bottom:var(--wp--preset--spacing--70)\"><figure class=\"wp-block-media-text__media\"><img decoding=\"async\" width=\"356\" height=\"356\" src=\"https:\/\/sonomalandtrust.org\/wp-content\/uploads\/2026\/01\/ingrid-stearns-1.jpg\" alt=\"\" class=\"wp-image-8945 size-full\" srcset=\"https:\/\/sonomalandtrust.org\/wp-content\/uploads\/2026\/01\/ingrid-stearns-1.jpg 356w, https:\/\/sonomalandtrust.org\/wp-content\/uploads\/2026\/01\/ingrid-stearns-1-300x300.jpg 300w, https:\/\/sonomalandtrust.org\/wp-content\/uploads\/2026\/01\/ingrid-stearns-1-150x150.jpg 150w, https:\/\/sonomalandtrust.org\/wp-content\/uploads\/2026\/01\/ingrid-stearns-1-120x120.jpg 120w\" sizes=\"(max-width: 356px) 100vw, 356px\" \/><\/figure><div class=\"wp-block-media-text__content\">\n<p class=\"bio-block-name has-green-color has-text-color has-link-color wp-elements-ae7de08fb6be2dc7fca62eb71a3ef0ba\">Ingrid Stearns<\/p>\n\n\n\n<p class=\"bio-block-role has-green-color has-text-color has-link-color wp-elements-451cc0365241c7019d2afc70af32679b\">Responsable de Programas P\u00fablicos<\/p>\n\n\n\n<p>Ingrid dise\u00f1a y gestiona los programas p\u00fablicos de Sonoma Land Trust, que conectan a la gente con nuestra diversidad de tierras protegidas a trav\u00e9s de una variedad de ecosistemas. A menudo la ver\u00e1s de excursi\u00f3n explorando las flores silvestres e identificando las plantas aut\u00f3ctonas del paisaje. Dedicada madre de un ni\u00f1o peque\u00f1o, Ingrid lleva su amor por el mundo natural a sus interacciones cotidianas con los dem\u00e1s. Es licenciada en Estudios Ambientales y Planificaci\u00f3n por la Universidad Estatal de Sonoma y diplomada en Empresariales por el Shasta College.   <\/p>\n<\/div><\/div>\n\n<div class=\"wp-block-group alignfull is-style-default has-yellow-screened-background-color has-background is-layout-constrained wp-block-group-is-layout-constrained\" style=\"margin-top:var(--wp--preset--spacing--70);padding-top:var(--wp--preset--spacing--70);padding-bottom:0\">\n<div class=\"wp-block-group is-layout-constrained wp-block-group-is-layout-constrained\" style=\"padding-top:var(--wp--preset--spacing--40);padding-bottom:var(--wp--preset--spacing--60)\">\t<div class=\"illustrated-cta-block  bird-of-prey  bird-of-prey wp-block-acf-illustrated-cta-block\">\n    <div class=\"acf-innerblocks-container\">\n\n<div class=\"wp-block-group is-layout-flow wp-block-group-is-layout-flow\">\n<figure class=\"wp-block-image size-full illustration-image\"><img decoding=\"async\" width=\"800\" height=\"659\" src=\"https:\/\/sonomalandtrust.org\/wp-content\/uploads\/2025\/12\/bird-of-prey_cropped.png\" alt=\"\" class=\"wp-image-7594\" srcset=\"https:\/\/sonomalandtrust.org\/wp-content\/uploads\/2025\/12\/bird-of-prey_cropped.png 800w, https:\/\/sonomalandtrust.org\/wp-content\/uploads\/2025\/12\/bird-of-prey_cropped-300x247.png 300w, https:\/\/sonomalandtrust.org\/wp-content\/uploads\/2025\/12\/bird-of-prey_cropped-768x633.png 768w\" sizes=\"(max-width: 800px) 100vw, 800px\" \/><\/figure>\n\n\n\n<div class=\"wp-block-group illustration-cta-content is-layout-flow wp-block-group-is-layout-flow\">\n<h2 class=\"wp-block-heading illustration-cta-text has-teal-color has-text-color\">Salidas posibles gracias a gente como t\u00fa<\/h2>\n\n\n\n<div class=\"wp-block-button is-style-tertiary\"><a class=\"wp-block-button__link wp-element-button\" href=\"https:\/\/sonomalandtrust.org\/donate-now\/\">Haz un donativo hoy<\/a><\/div>\n<\/div>\n<\/div>\n\n<\/div>\n<\/div>\n<\/div>\n\n\n\n<div class=\"wp-block-group has-yellow-screened-background-color has-background is-layout-grid wp-container-core-group-is-layout-ff63d0fe wp-block-group-is-layout-grid\" style=\"margin-top:0;padding-top:var(--wp--preset--spacing--50)\">  <div class=\"multicolor-card-with-link multicolor-card  is-style-short-image has-teal-background-color\" id=\"a_619261\">\n          <a href=\"https:\/\/sonomalandtrust.org\/es\/mapas-y-guias\/\" target=\"_self\" class=\"card-link-overlay\">\n        <img decoding=\"async\" width=\"768\" height=\"224\" src=\"https:\/\/sonomalandtrust.org\/wp-content\/uploads\/2026\/01\/hikers.jpg\" class=\"attachment-large size-large\" alt=\"\" srcset=\"https:\/\/sonomalandtrust.org\/wp-content\/uploads\/2026\/01\/hikers.jpg 768w, https:\/\/sonomalandtrust.org\/wp-content\/uploads\/2026\/01\/hikers-300x88.jpg 300w\" sizes=\"(max-width: 768px) 100vw, 768px\" \/>    <div class=\"multicolor-card-content wp-block-group has-background\">\n      <h3 class=\"yellow-underline\">Mapas y<br>Gu\u00edas<\/h3>\n      <span class=\"green-arrow-no-text\"><\/span>\n    <\/div>\n          <\/a>\n      <\/div>\n\n\n  <div class=\"multicolor-card-with-link multicolor-card  is-style-short-image has-green-background-color\" id=\"a_2622911\">\n          <a href=\"https:\/\/sonomalandtrust.org\/es\/tierras-protegidas\/\" target=\"_self\" class=\"card-link-overlay\">\n        <img decoding=\"async\" width=\"768\" height=\"224\" src=\"https:\/\/sonomalandtrust.org\/wp-content\/uploads\/2026\/01\/sonoma-creek-wildflowers.jpg\" class=\"attachment-large size-large\" alt=\"\" srcset=\"https:\/\/sonomalandtrust.org\/wp-content\/uploads\/2026\/01\/sonoma-creek-wildflowers.jpg 768w, https:\/\/sonomalandtrust.org\/wp-content\/uploads\/2026\/01\/sonoma-creek-wildflowers-300x88.jpg 300w\" sizes=\"(max-width: 768px) 100vw, 768px\" \/>    <div class=\"multicolor-card-content wp-block-group has-background\">\n      <h3 class=\"yellow-underline\">Tierras protegidas<br><\/h3>\n      <span class=\"green-arrow-no-text\"><\/span>\n    <\/div>\n          <\/a>\n      <\/div>\n\n\n  <div class=\"multicolor-card-with-link multicolor-card  is-style-short-image has-dark-blue-background-color\" id=\"a_2969103\">\n          <a href=\"https:\/\/sonomalandtrust.org\/es\/todos-los-eventos-y-salidas\/\" target=\"_self\" class=\"card-link-overlay\">\n        <img decoding=\"async\" width=\"768\" height=\"224\" src=\"https:\/\/sonomalandtrust.org\/wp-content\/uploads\/2026\/01\/hikers-sunset.jpg\" class=\"attachment-large size-large\" alt=\"\" srcset=\"https:\/\/sonomalandtrust.org\/wp-content\/uploads\/2026\/01\/hikers-sunset.jpg 768w, https:\/\/sonomalandtrust.org\/wp-content\/uploads\/2026\/01\/hikers-sunset-300x88.jpg 300w\" sizes=\"(max-width: 768px) 100vw, 768px\" \/>    <div class=\"multicolor-card-content wp-block-group has-background\">\n      <h3 class=\"yellow-underline\">Todos los eventos<br>y salidas<\/h3>\n      <span class=\"green-arrow-no-text\"><\/span>\n    <\/div>\n          <\/a>\n      <\/div>\n<\/div>\n<\/div>\n","protected":false},"excerpt":{"rendered":"<p>Nuestro programa Comunidad en la Naturaleza ofrece experiencias interactivas, atractivas y envolventes al aire libre. Sea cual sea tu capacidad f\u00edsica, \u00fanete a nosotros para conectar con la naturaleza y con nuestra comunidad. El programa Comunidad en la Naturaleza de Sonoma Land Trust ofrece experiencias \u00fanicas al aire libre que re\u00fanen a la gente a [&hellip;]<\/p>\n","protected":false},"author":1,"featured_media":10638,"parent":0,"menu_order":0,"comment_status":"open","ping_status":"open","template":"","meta":{"_acf_changed":false,"footnotes":""},"class_list":["post-10632","page","type-page","status-publish","has-post-thumbnail","hentry"],"acf":[],"yoast_head":"<!-- This site is optimized with the Yoast SEO plugin v27.3 - https:\/\/yoast.com\/product\/yoast-seo-wordpress\/ -->\n<title>Experiencias en la Naturaleza Accesibles &#8212; Sonoma Land Trust<\/title>\n<meta name=\"description\" content=\"Sonoma Land Trust garantiza el acceso a la naturaleza para todos a trav\u00e9s de una variedad de programas centrados en la comunidad, como ba\u00f1os de bosque y yoga.\" \/>\n<meta name=\"robots\" content=\"index, follow, max-snippet:-1, max-image-preview:large, max-video-preview:-1\" \/>\n<link rel=\"canonical\" href=\"https:\/\/sonomalandtrust.org\/es\/experiencias-en-la-naturaleza-accesibles\/\" \/>\n<meta property=\"og:locale\" content=\"es_ES\" \/>\n<meta property=\"og:type\" content=\"article\" \/>\n<meta property=\"og:title\" content=\"Experiencias en la Naturaleza Accesibles &#8212; Sonoma Land Trust\" \/>\n<meta property=\"og:description\" content=\"Sonoma Land Trust garantiza el acceso a la naturaleza para todos a trav\u00e9s de una variedad de programas centrados en la comunidad, como ba\u00f1os de bosque y yoga.\" \/>\n<meta property=\"og:url\" content=\"https:\/\/sonomalandtrust.org\/es\/experiencias-en-la-naturaleza-accesibles\/\" \/>\n<meta property=\"og:site_name\" content=\"Sonoma Land Trust\" \/>\n<meta property=\"article:publisher\" content=\"http:\/\/www.facebook.com\/Sonoma-Land-Trust\/\" \/>\n<meta property=\"article:modified_time\" content=\"2026-04-17T17:40:43+00:00\" \/>\n<meta property=\"og:image\" content=\"https:\/\/sonomalandtrust.org\/wp-content\/uploads\/2026\/01\/sound-healing-outdoors-scaled.jpg\" \/>\n\t<meta property=\"og:image:width\" content=\"2560\" \/>\n\t<meta property=\"og:image:height\" content=\"1148\" \/>\n\t<meta property=\"og:image:type\" content=\"image\/jpeg\" \/>\n<meta name=\"twitter:card\" content=\"summary_large_image\" \/>\n<meta name=\"twitter:label1\" content=\"Est. reading time\" \/>\n\t<meta name=\"twitter:data1\" content=\"1 minuto\" \/>\n<script type=\"application\/ld+json\" class=\"yoast-schema-graph\">{\"@context\":\"https:\\\/\\\/schema.org\",\"@graph\":[{\"@type\":\"WebPage\",\"@id\":\"https:\\\/\\\/sonomalandtrust.org\\\/es\\\/experiencias-en-la-naturaleza-accesibles\\\/\",\"url\":\"https:\\\/\\\/sonomalandtrust.org\\\/es\\\/experiencias-en-la-naturaleza-accesibles\\\/\",\"name\":\"Experiencias en la Naturaleza Accesibles &#8212; Sonoma Land Trust\",\"isPartOf\":{\"@id\":\"https:\\\/\\\/slt-2026.eclipse-dev.com\\\/#website\"},\"primaryImageOfPage\":{\"@id\":\"https:\\\/\\\/sonomalandtrust.org\\\/es\\\/experiencias-en-la-naturaleza-accesibles\\\/#primaryimage\"},\"image\":{\"@id\":\"https:\\\/\\\/sonomalandtrust.org\\\/es\\\/experiencias-en-la-naturaleza-accesibles\\\/#primaryimage\"},\"thumbnailUrl\":\"https:\\\/\\\/sonomalandtrust.org\\\/wp-content\\\/uploads\\\/2026\\\/01\\\/sound-healing-outdoors-scaled.jpg\",\"datePublished\":\"2025-09-12T00:21:25+00:00\",\"dateModified\":\"2026-04-17T17:40:43+00:00\",\"description\":\"Sonoma Land Trust garantiza el acceso a la naturaleza para todos a trav\u00e9s de una variedad de programas centrados en la comunidad, como ba\u00f1os de bosque y yoga.\",\"breadcrumb\":{\"@id\":\"https:\\\/\\\/sonomalandtrust.org\\\/es\\\/experiencias-en-la-naturaleza-accesibles\\\/#breadcrumb\"},\"inLanguage\":\"es\",\"potentialAction\":[{\"@type\":\"ReadAction\",\"target\":[\"https:\\\/\\\/sonomalandtrust.org\\\/es\\\/experiencias-en-la-naturaleza-accesibles\\\/\"]}]},{\"@type\":\"ImageObject\",\"inLanguage\":\"es\",\"@id\":\"https:\\\/\\\/sonomalandtrust.org\\\/es\\\/experiencias-en-la-naturaleza-accesibles\\\/#primaryimage\",\"url\":\"https:\\\/\\\/sonomalandtrust.org\\\/wp-content\\\/uploads\\\/2026\\\/01\\\/sound-healing-outdoors-scaled.jpg\",\"contentUrl\":\"https:\\\/\\\/sonomalandtrust.org\\\/wp-content\\\/uploads\\\/2026\\\/01\\\/sound-healing-outdoors-scaled.jpg\",\"width\":2560,\"height\":1148,\"caption\":\"Three people participating in a sound healing activity outdoors\"},{\"@type\":\"BreadcrumbList\",\"@id\":\"https:\\\/\\\/sonomalandtrust.org\\\/es\\\/experiencias-en-la-naturaleza-accesibles\\\/#breadcrumb\",\"itemListElement\":[{\"@type\":\"ListItem\",\"position\":1,\"name\":\"Home\",\"item\":\"https:\\\/\\\/sonomalandtrust.org\\\/es\\\/inicio\\\/\"},{\"@type\":\"ListItem\",\"position\":2,\"name\":\"Experiencias en la Naturaleza Accesibles\"}]},{\"@type\":\"WebSite\",\"@id\":\"https:\\\/\\\/slt-2026.eclipse-dev.com\\\/#website\",\"url\":\"https:\\\/\\\/slt-2026.eclipse-dev.com\\\/\",\"name\":\"Sonoma Land Trust\",\"description\":\"\",\"publisher\":{\"@id\":\"https:\\\/\\\/slt-2026.eclipse-dev.com\\\/#organization\"},\"potentialAction\":[{\"@type\":\"SearchAction\",\"target\":{\"@type\":\"EntryPoint\",\"urlTemplate\":\"https:\\\/\\\/slt-2026.eclipse-dev.com\\\/?s={search_term_string}\"},\"query-input\":{\"@type\":\"PropertyValueSpecification\",\"valueRequired\":true,\"valueName\":\"search_term_string\"}}],\"inLanguage\":\"es\"},{\"@type\":\"Organization\",\"@id\":\"https:\\\/\\\/slt-2026.eclipse-dev.com\\\/#organization\",\"name\":\"Fondo de Tierras de Sonoma\",\"url\":\"https:\\\/\\\/slt-2026.eclipse-dev.com\\\/\",\"logo\":{\"@type\":\"ImageObject\",\"inLanguage\":\"es\",\"@id\":\"https:\\\/\\\/slt-2026.eclipse-dev.com\\\/#\\\/schema\\\/logo\\\/image\\\/\",\"url\":\"https:\\\/\\\/sonomalandtrust.org\\\/wp-content\\\/uploads\\\/2025\\\/10\\\/slt-logo.png\",\"contentUrl\":\"https:\\\/\\\/sonomalandtrust.org\\\/wp-content\\\/uploads\\\/2025\\\/10\\\/slt-logo.png\",\"width\":549,\"height\":333,\"caption\":\"Fondo de Tierras de Sonoma\"},\"image\":{\"@id\":\"https:\\\/\\\/slt-2026.eclipse-dev.com\\\/#\\\/schema\\\/logo\\\/image\\\/\"},\"sameAs\":[\"http:\\\/\\\/www.facebook.com\\\/Sonoma-Land-Trust\\\/\",\"https:\\\/\\\/www.instagram.com\\\/sonomalandtrust\\\/\",\"https:\\\/\\\/bsky.app\\\/profile\\\/sonomalandtrust.bsky.social\",\"https:\\\/\\\/www.youtube.com\\\/user\\\/SonomaLandTrust\\\/\",\"http:\\\/\\\/www.linkedin.com\\\/company\\\/1090048?trk=tyah\"]}]}<\/script>\n<!-- \/ Yoast SEO plugin. -->","yoast_head_json":{"title":"Experiencias en la Naturaleza Accesibles &#8212; Sonoma Land Trust","description":"Sonoma Land Trust garantiza el acceso a la naturaleza para todos a trav\u00e9s de una variedad de programas centrados en la comunidad, como ba\u00f1os de bosque y yoga.","robots":{"index":"index","follow":"follow","max-snippet":"max-snippet:-1","max-image-preview":"max-image-preview:large","max-video-preview":"max-video-preview:-1"},"canonical":"https:\/\/sonomalandtrust.org\/es\/experiencias-en-la-naturaleza-accesibles\/","og_locale":"es_ES","og_type":"article","og_title":"Experiencias en la Naturaleza Accesibles &#8212; Sonoma Land Trust","og_description":"Sonoma Land Trust garantiza el acceso a la naturaleza para todos a trav\u00e9s de una variedad de programas centrados en la comunidad, como ba\u00f1os de bosque y yoga.","og_url":"https:\/\/sonomalandtrust.org\/es\/experiencias-en-la-naturaleza-accesibles\/","og_site_name":"Sonoma Land Trust","article_publisher":"http:\/\/www.facebook.com\/Sonoma-Land-Trust\/","article_modified_time":"2026-04-17T17:40:43+00:00","og_image":[{"width":2560,"height":1148,"url":"https:\/\/sonomalandtrust.org\/wp-content\/uploads\/2026\/01\/sound-healing-outdoors-scaled.jpg","type":"image\/jpeg"}],"twitter_card":"summary_large_image","twitter_misc":{"Est. reading time":"1 minuto"},"schema":{"@context":"https:\/\/schema.org","@graph":[{"@type":"WebPage","@id":"https:\/\/sonomalandtrust.org\/es\/experiencias-en-la-naturaleza-accesibles\/","url":"https:\/\/sonomalandtrust.org\/es\/experiencias-en-la-naturaleza-accesibles\/","name":"Experiencias en la Naturaleza Accesibles &#8212; Sonoma Land Trust","isPartOf":{"@id":"https:\/\/slt-2026.eclipse-dev.com\/#website"},"primaryImageOfPage":{"@id":"https:\/\/sonomalandtrust.org\/es\/experiencias-en-la-naturaleza-accesibles\/#primaryimage"},"image":{"@id":"https:\/\/sonomalandtrust.org\/es\/experiencias-en-la-naturaleza-accesibles\/#primaryimage"},"thumbnailUrl":"https:\/\/sonomalandtrust.org\/wp-content\/uploads\/2026\/01\/sound-healing-outdoors-scaled.jpg","datePublished":"2025-09-12T00:21:25+00:00","dateModified":"2026-04-17T17:40:43+00:00","description":"Sonoma Land Trust garantiza el acceso a la naturaleza para todos a trav\u00e9s de una variedad de programas centrados en la comunidad, como ba\u00f1os de bosque y yoga.","breadcrumb":{"@id":"https:\/\/sonomalandtrust.org\/es\/experiencias-en-la-naturaleza-accesibles\/#breadcrumb"},"inLanguage":"es","potentialAction":[{"@type":"ReadAction","target":["https:\/\/sonomalandtrust.org\/es\/experiencias-en-la-naturaleza-accesibles\/"]}]},{"@type":"ImageObject","inLanguage":"es","@id":"https:\/\/sonomalandtrust.org\/es\/experiencias-en-la-naturaleza-accesibles\/#primaryimage","url":"https:\/\/sonomalandtrust.org\/wp-content\/uploads\/2026\/01\/sound-healing-outdoors-scaled.jpg","contentUrl":"https:\/\/sonomalandtrust.org\/wp-content\/uploads\/2026\/01\/sound-healing-outdoors-scaled.jpg","width":2560,"height":1148,"caption":"Three people participating in a sound healing activity outdoors"},{"@type":"BreadcrumbList","@id":"https:\/\/sonomalandtrust.org\/es\/experiencias-en-la-naturaleza-accesibles\/#breadcrumb","itemListElement":[{"@type":"ListItem","position":1,"name":"Home","item":"https:\/\/sonomalandtrust.org\/es\/inicio\/"},{"@type":"ListItem","position":2,"name":"Experiencias en la Naturaleza Accesibles"}]},{"@type":"WebSite","@id":"https:\/\/slt-2026.eclipse-dev.com\/#website","url":"https:\/\/slt-2026.eclipse-dev.com\/","name":"Sonoma Land Trust","description":"","publisher":{"@id":"https:\/\/slt-2026.eclipse-dev.com\/#organization"},"potentialAction":[{"@type":"SearchAction","target":{"@type":"EntryPoint","urlTemplate":"https:\/\/slt-2026.eclipse-dev.com\/?s={search_term_string}"},"query-input":{"@type":"PropertyValueSpecification","valueRequired":true,"valueName":"search_term_string"}}],"inLanguage":"es"},{"@type":"Organization","@id":"https:\/\/slt-2026.eclipse-dev.com\/#organization","name":"Fondo de Tierras de Sonoma","url":"https:\/\/slt-2026.eclipse-dev.com\/","logo":{"@type":"ImageObject","inLanguage":"es","@id":"https:\/\/slt-2026.eclipse-dev.com\/#\/schema\/logo\/image\/","url":"https:\/\/sonomalandtrust.org\/wp-content\/uploads\/2025\/10\/slt-logo.png","contentUrl":"https:\/\/sonomalandtrust.org\/wp-content\/uploads\/2025\/10\/slt-logo.png","width":549,"height":333,"caption":"Fondo de Tierras de Sonoma"},"image":{"@id":"https:\/\/slt-2026.eclipse-dev.com\/#\/schema\/logo\/image\/"},"sameAs":["http:\/\/www.facebook.com\/Sonoma-Land-Trust\/","https:\/\/www.instagram.com\/sonomalandtrust\/","https:\/\/bsky.app\/profile\/sonomalandtrust.bsky.social","https:\/\/www.youtube.com\/user\/SonomaLandTrust\/","http:\/\/www.linkedin.com\/company\/1090048?trk=tyah"]}]}},"_links":{"self":[{"href":"https:\/\/sonomalandtrust.org\/es\/wp-json\/wp\/v2\/pages\/10632","targetHints":{"allow":["GET"]}}],"collection":[{"href":"https:\/\/sonomalandtrust.org\/es\/wp-json\/wp\/v2\/pages"}],"about":[{"href":"https:\/\/sonomalandtrust.org\/es\/wp-json\/wp\/v2\/types\/page"}],"author":[{"embeddable":true,"href":"https:\/\/sonomalandtrust.org\/es\/wp-json\/wp\/v2\/users\/1"}],"replies":[{"embeddable":true,"href":"https:\/\/sonomalandtrust.org\/es\/wp-json\/wp\/v2\/comments?post=10632"}],"version-history":[{"count":0,"href":"https:\/\/sonomalandtrust.org\/es\/wp-json\/wp\/v2\/pages\/10632\/revisions"}],"wp:featuredmedia":[{"embeddable":true,"href":"https:\/\/sonomalandtrust.org\/es\/wp-json\/wp\/v2\/media\/10638"}],"wp:attachment":[{"href":"https:\/\/sonomalandtrust.org\/es\/wp-json\/wp\/v2\/media?parent=10632"}],"curies":[{"name":"wp","href":"https:\/\/api.w.org\/{rel}","templated":true}]}}