{"id":13888,"date":"2025-09-09T23:16:28","date_gmt":"2025-09-10T06:16:28","guid":{"rendered":"https:\/\/sonomalandtrust.org\/protected-land\/reserva-de-secuoyas-freezeout\/"},"modified":"2026-03-12T11:22:42","modified_gmt":"2026-03-12T18:22:42","slug":"reserva-de-secuoyas-freezeout","status":"publish","type":"land","link":"https:\/\/sonomalandtrust.org\/es\/protected-land\/reserva-de-secuoyas-freezeout\/","title":{"rendered":"Reserva de secuoyas Freezeout"},"content":{"rendered":"\n<h2 class=\"wp-block-heading has-h-1-font-size\">Proteger un bosque de secuoyas<\/h2>\n\n<p>John Steinbeck describi\u00f3 una vez las secuoyas como \u00abno se parecen a ning\u00fan \u00e1rbol que conozcamos; son embajadoras de otro tiempo\u00bb.<\/p>\n\n<p>Las gigantescas y antiguas secuoyas de California han cautivado a los humanos desde que vivimos aqu\u00ed. Como escribe Steinbeck, son como embajadores de otro tiempo, casi primordiales en su existencia, con una vida media de 2.000 a\u00f1os o m\u00e1s. Seg\u00fan <a href=\"https:\/\/www.savetheredwoods.org\/protect\/save-the-redwoods-league-scientists-reveal-significant-need-for-forest-conservation-efforts-in-new-report\/\" target=\"_blank\" rel=\"noreferrer noopener\">la Liga para Salvar las Secuoyas (Save the Redwoods League)<\/a>, s\u00f3lo el cinco por ciento del bosque original de secuoyas costeras de crecimiento antiguo perdura, quedando la mayor parte de la superficie restante de secuoyas en todo el estado compuesta por \u00e1rboles de segundo y tercer crecimiento. Dado que nuestros bosques de secuoyas son cada vez m\u00e1s j\u00f3venes y menguantes, es vital que protejamos sus ecosistemas.   <\/p>\n<div class=\"property-map-no-data\"><p>No ArcGIS data found for this property: \u00abReserva de secuoyas Freezeout\u00bb<\/p><\/div>\n<p>En 1992, compramos una propiedad de 89 acres cerca de Duncans Mills, ahora llamada Freezeout Redwoods, para proteger valiosas secuoyas y h\u00e1bitats ribere\u00f1os. Situada junto al r\u00edo Ruso, esta propiedad nos fue vendida con la intenci\u00f3n de preservar este terreno \u00fanico de futuras talas, subdivisiones o urbanizaciones. La compra fue posible gracias a la veterana fil\u00e1ntropa y ecologista Iva Warner, que don\u00f3 su casa de Santa Rosa a Sonoma Land Trust en 1989, lo que nos permiti\u00f3 utilizar los ingresos para comprar entonces Freezeout Redwoods.  <\/p>\n\n<p>Adem\u00e1s de proteger las secuoyas de segundo crecimiento y los abetos de Douglas, los \u00e1rboles y arbustos aut\u00f3ctonos de la ribera proporcionar\u00e1n para siempre cobijo a p\u00e1jaros cantores, rapaces, animales terrestres y acu\u00e1ticos.<\/p>\n\n  <div style=\"margin-bottom:var(--wp--preset--spacing--50);\" class=\"simple-carousel-block align-text-left align wp-block-acf-simple-carousel\">\n      <div class=\"carousel-slides\">\n              <img fetchpriority=\"high\" decoding=\"async\" width=\"1584\" height=\"1072\" src=\"https:\/\/sonomalandtrust.org\/wp-content\/uploads\/2026\/01\/landscape-view-freezeout-redwoods.jpg\" class=\"no-lazyload\" alt=\"Trees lining the river at the Freezeout Redwoods.\" loading=\"eager\" srcset=\"https:\/\/sonomalandtrust.org\/wp-content\/uploads\/2026\/01\/landscape-view-freezeout-redwoods.jpg 1584w, https:\/\/sonomalandtrust.org\/wp-content\/uploads\/2026\/01\/landscape-view-freezeout-redwoods-300x203.jpg 300w, https:\/\/sonomalandtrust.org\/wp-content\/uploads\/2026\/01\/landscape-view-freezeout-redwoods-1024x693.jpg 1024w, https:\/\/sonomalandtrust.org\/wp-content\/uploads\/2026\/01\/landscape-view-freezeout-redwoods-768x520.jpg 768w, https:\/\/sonomalandtrust.org\/wp-content\/uploads\/2026\/01\/landscape-view-freezeout-redwoods-1536x1040.jpg 1536w\" sizes=\"(max-width: 1584px) 100vw, 1584px\" \/>              <img decoding=\"async\" width=\"1584\" height=\"1072\" src=\"https:\/\/sonomalandtrust.org\/wp-content\/uploads\/2026\/01\/freezeout-redwoords-river.jpg\" class=\"no-lazyload\" alt=\"The sun shines down on a stunning blue river at Freezeout Redwoods.\" loading=\"eager\" srcset=\"https:\/\/sonomalandtrust.org\/wp-content\/uploads\/2026\/01\/freezeout-redwoords-river.jpg 1584w, https:\/\/sonomalandtrust.org\/wp-content\/uploads\/2026\/01\/freezeout-redwoords-river-300x203.jpg 300w, https:\/\/sonomalandtrust.org\/wp-content\/uploads\/2026\/01\/freezeout-redwoords-river-1024x693.jpg 1024w, https:\/\/sonomalandtrust.org\/wp-content\/uploads\/2026\/01\/freezeout-redwoords-river-768x520.jpg 768w, https:\/\/sonomalandtrust.org\/wp-content\/uploads\/2026\/01\/freezeout-redwoords-river-1536x1040.jpg 1536w\" sizes=\"(max-width: 1584px) 100vw, 1584px\" \/>              <img decoding=\"async\" width=\"1584\" height=\"1072\" src=\"https:\/\/sonomalandtrust.org\/wp-content\/uploads\/2026\/01\/freezeout-redwoods.jpg\" class=\"no-lazyload\" alt=\"Denso bosque de secuoyas en las secuoyas Freezeout.\" loading=\"eager\" srcset=\"https:\/\/sonomalandtrust.org\/wp-content\/uploads\/2026\/01\/freezeout-redwoods.jpg 1584w, https:\/\/sonomalandtrust.org\/wp-content\/uploads\/2026\/01\/freezeout-redwoods-300x203.jpg 300w, https:\/\/sonomalandtrust.org\/wp-content\/uploads\/2026\/01\/freezeout-redwoods-1024x693.jpg 1024w, https:\/\/sonomalandtrust.org\/wp-content\/uploads\/2026\/01\/freezeout-redwoods-768x520.jpg 768w, https:\/\/sonomalandtrust.org\/wp-content\/uploads\/2026\/01\/freezeout-redwoods-1536x1040.jpg 1536w\" sizes=\"(max-width: 1584px) 100vw, 1584px\" \/>              <img decoding=\"async\" width=\"1584\" height=\"1072\" src=\"https:\/\/sonomalandtrust.org\/wp-content\/uploads\/2026\/01\/freezeout-redwoords-forest.jpg\" class=\"no-lazyload\" alt=\"Sunlight filters through redwood trees at the Freezeout Redwoods.\" loading=\"eager\" srcset=\"https:\/\/sonomalandtrust.org\/wp-content\/uploads\/2026\/01\/freezeout-redwoords-forest.jpg 1584w, https:\/\/sonomalandtrust.org\/wp-content\/uploads\/2026\/01\/freezeout-redwoords-forest-300x203.jpg 300w, https:\/\/sonomalandtrust.org\/wp-content\/uploads\/2026\/01\/freezeout-redwoords-forest-1024x693.jpg 1024w, https:\/\/sonomalandtrust.org\/wp-content\/uploads\/2026\/01\/freezeout-redwoords-forest-768x520.jpg 768w, https:\/\/sonomalandtrust.org\/wp-content\/uploads\/2026\/01\/freezeout-redwoords-forest-1536x1040.jpg 1536w\" sizes=\"(max-width: 1584px) 100vw, 1584px\" \/>          <\/div>\n    <div class=\"slick-navigation\"><\/div>\n  <\/div>","protected":false},"featured_media":13889,"template":"","meta":{"_acf_changed":false},"land-type":[102],"class_list":["post-13888","land","type-land","status-publish","has-post-thumbnail","hentry","land-type-reserva-ecologica"],"acf":[],"yoast_head":"<!-- This site is optimized with the Yoast SEO plugin v27.3 - https:\/\/yoast.com\/product\/yoast-seo-wordpress\/ -->\n<title>Reserva de secuoyas Freezeout &#8212; Sonoma Land Trust<\/title>\n<meta name=\"robots\" content=\"index, follow, max-snippet:-1, max-image-preview:large, max-video-preview:-1\" \/>\n<link rel=\"canonical\" href=\"https:\/\/sonomalandtrust.org\/es\/protected-land\/reserva-de-secuoyas-freezeout\/\" \/>\n<meta property=\"og:locale\" content=\"es_ES\" \/>\n<meta property=\"og:type\" content=\"article\" \/>\n<meta property=\"og:title\" content=\"Reserva de secuoyas Freezeout &#8212; Sonoma Land Trust\" \/>\n<meta property=\"og:description\" content=\"John Steinbeck describi\u00f3 una vez las secuoyas como \u00abno se parecen a ning\u00fan \u00e1rbol que conozcamos; son embajadoras de otro tiempo\u00bb. Las gigantescas y antiguas secuoyas de California han cautivado a los humanos desde que vivimos aqu\u00ed. Como escribe Steinbeck, son como embajadores de otro tiempo, casi primordiales en su existencia, con una vida media [&hellip;]\" \/>\n<meta property=\"og:url\" content=\"https:\/\/sonomalandtrust.org\/es\/protected-land\/reserva-de-secuoyas-freezeout\/\" \/>\n<meta property=\"og:site_name\" content=\"Sonoma Land Trust\" \/>\n<meta property=\"article:publisher\" content=\"http:\/\/www.facebook.com\/Sonoma-Land-Trust\/\" \/>\n<meta property=\"article:modified_time\" content=\"2026-03-12T18:22:42+00:00\" \/>\n<meta property=\"og:image\" content=\"https:\/\/slt-2026.eclipse-dev.com\/wp-content\/uploads\/2025\/09\/redwood-trees-forest-scaled.jpg\" \/>\n\t<meta property=\"og:image:width\" content=\"2560\" \/>\n\t<meta property=\"og:image:height\" content=\"1174\" \/>\n\t<meta property=\"og:image:type\" content=\"image\/jpeg\" \/>\n<meta name=\"twitter:card\" content=\"summary_large_image\" \/>\n<meta name=\"twitter:label1\" content=\"Est. reading time\" \/>\n\t<meta name=\"twitter:data1\" content=\"1 minuto\" \/>\n<script type=\"application\/ld+json\" class=\"yoast-schema-graph\">{\"@context\":\"https:\\\/\\\/schema.org\",\"@graph\":[{\"@type\":\"WebPage\",\"@id\":\"https:\\\/\\\/sonomalandtrust.org\\\/es\\\/protected-land\\\/reserva-de-secuoyas-freezeout\\\/\",\"url\":\"https:\\\/\\\/sonomalandtrust.org\\\/es\\\/protected-land\\\/reserva-de-secuoyas-freezeout\\\/\",\"name\":\"Reserva de secuoyas Freezeout &#8212; Sonoma Land Trust\",\"isPartOf\":{\"@id\":\"https:\\\/\\\/slt-2026.eclipse-dev.com\\\/#website\"},\"primaryImageOfPage\":{\"@id\":\"https:\\\/\\\/sonomalandtrust.org\\\/es\\\/protected-land\\\/reserva-de-secuoyas-freezeout\\\/#primaryimage\"},\"image\":{\"@id\":\"https:\\\/\\\/sonomalandtrust.org\\\/es\\\/protected-land\\\/reserva-de-secuoyas-freezeout\\\/#primaryimage\"},\"thumbnailUrl\":\"https:\\\/\\\/sonomalandtrust.org\\\/wp-content\\\/uploads\\\/2025\\\/09\\\/redwood-trees-forest-scaled.jpg\",\"datePublished\":\"2025-09-10T06:16:28+00:00\",\"dateModified\":\"2026-03-12T18:22:42+00:00\",\"breadcrumb\":{\"@id\":\"https:\\\/\\\/sonomalandtrust.org\\\/es\\\/protected-land\\\/reserva-de-secuoyas-freezeout\\\/#breadcrumb\"},\"inLanguage\":\"es\",\"potentialAction\":[{\"@type\":\"ReadAction\",\"target\":[\"https:\\\/\\\/sonomalandtrust.org\\\/es\\\/protected-land\\\/reserva-de-secuoyas-freezeout\\\/\"]}]},{\"@type\":\"ImageObject\",\"inLanguage\":\"es\",\"@id\":\"https:\\\/\\\/sonomalandtrust.org\\\/es\\\/protected-land\\\/reserva-de-secuoyas-freezeout\\\/#primaryimage\",\"url\":\"https:\\\/\\\/sonomalandtrust.org\\\/wp-content\\\/uploads\\\/2025\\\/09\\\/redwood-trees-forest-scaled.jpg\",\"contentUrl\":\"https:\\\/\\\/sonomalandtrust.org\\\/wp-content\\\/uploads\\\/2025\\\/09\\\/redwood-trees-forest-scaled.jpg\",\"width\":2560,\"height\":1174,\"caption\":\"Secuoyas en un bosque\"},{\"@type\":\"BreadcrumbList\",\"@id\":\"https:\\\/\\\/sonomalandtrust.org\\\/es\\\/protected-land\\\/reserva-de-secuoyas-freezeout\\\/#breadcrumb\",\"itemListElement\":[{\"@type\":\"ListItem\",\"position\":1,\"name\":\"Home\",\"item\":\"https:\\\/\\\/sonomalandtrust.org\\\/es\\\/inicio\\\/\"},{\"@type\":\"ListItem\",\"position\":2,\"name\":\"Reserva de secuoyas Freezeout\"}]},{\"@type\":\"WebSite\",\"@id\":\"https:\\\/\\\/slt-2026.eclipse-dev.com\\\/#website\",\"url\":\"https:\\\/\\\/slt-2026.eclipse-dev.com\\\/\",\"name\":\"Sonoma Land Trust\",\"description\":\"\",\"publisher\":{\"@id\":\"https:\\\/\\\/slt-2026.eclipse-dev.com\\\/#organization\"},\"potentialAction\":[{\"@type\":\"SearchAction\",\"target\":{\"@type\":\"EntryPoint\",\"urlTemplate\":\"https:\\\/\\\/slt-2026.eclipse-dev.com\\\/?s={search_term_string}\"},\"query-input\":{\"@type\":\"PropertyValueSpecification\",\"valueRequired\":true,\"valueName\":\"search_term_string\"}}],\"inLanguage\":\"es\"},{\"@type\":\"Organization\",\"@id\":\"https:\\\/\\\/slt-2026.eclipse-dev.com\\\/#organization\",\"name\":\"Fondo de Tierras de Sonoma\",\"url\":\"https:\\\/\\\/slt-2026.eclipse-dev.com\\\/\",\"logo\":{\"@type\":\"ImageObject\",\"inLanguage\":\"es\",\"@id\":\"https:\\\/\\\/slt-2026.eclipse-dev.com\\\/#\\\/schema\\\/logo\\\/image\\\/\",\"url\":\"https:\\\/\\\/sonomalandtrust.org\\\/wp-content\\\/uploads\\\/2025\\\/10\\\/slt-logo.png\",\"contentUrl\":\"https:\\\/\\\/sonomalandtrust.org\\\/wp-content\\\/uploads\\\/2025\\\/10\\\/slt-logo.png\",\"width\":549,\"height\":333,\"caption\":\"Fondo de Tierras de Sonoma\"},\"image\":{\"@id\":\"https:\\\/\\\/slt-2026.eclipse-dev.com\\\/#\\\/schema\\\/logo\\\/image\\\/\"},\"sameAs\":[\"http:\\\/\\\/www.facebook.com\\\/Sonoma-Land-Trust\\\/\",\"https:\\\/\\\/www.instagram.com\\\/sonomalandtrust\\\/\",\"https:\\\/\\\/bsky.app\\\/profile\\\/sonomalandtrust.bsky.social\",\"https:\\\/\\\/www.youtube.com\\\/user\\\/SonomaLandTrust\\\/\",\"http:\\\/\\\/www.linkedin.com\\\/company\\\/1090048?trk=tyah\"]}]}<\/script>\n<!-- \/ Yoast SEO plugin. -->","yoast_head_json":{"title":"Reserva de secuoyas Freezeout &#8212; Sonoma Land Trust","robots":{"index":"index","follow":"follow","max-snippet":"max-snippet:-1","max-image-preview":"max-image-preview:large","max-video-preview":"max-video-preview:-1"},"canonical":"https:\/\/sonomalandtrust.org\/es\/protected-land\/reserva-de-secuoyas-freezeout\/","og_locale":"es_ES","og_type":"article","og_title":"Reserva de secuoyas Freezeout &#8212; Sonoma Land Trust","og_description":"John Steinbeck describi\u00f3 una vez las secuoyas como \u00abno se parecen a ning\u00fan \u00e1rbol que conozcamos; son embajadoras de otro tiempo\u00bb. Las gigantescas y antiguas secuoyas de California han cautivado a los humanos desde que vivimos aqu\u00ed. Como escribe Steinbeck, son como embajadores de otro tiempo, casi primordiales en su existencia, con una vida media [&hellip;]","og_url":"https:\/\/sonomalandtrust.org\/es\/protected-land\/reserva-de-secuoyas-freezeout\/","og_site_name":"Sonoma Land Trust","article_publisher":"http:\/\/www.facebook.com\/Sonoma-Land-Trust\/","article_modified_time":"2026-03-12T18:22:42+00:00","og_image":[{"width":2560,"height":1174,"url":"https:\/\/slt-2026.eclipse-dev.com\/wp-content\/uploads\/2025\/09\/redwood-trees-forest-scaled.jpg","type":"image\/jpeg"}],"twitter_card":"summary_large_image","twitter_misc":{"Est. reading time":"1 minuto"},"schema":{"@context":"https:\/\/schema.org","@graph":[{"@type":"WebPage","@id":"https:\/\/sonomalandtrust.org\/es\/protected-land\/reserva-de-secuoyas-freezeout\/","url":"https:\/\/sonomalandtrust.org\/es\/protected-land\/reserva-de-secuoyas-freezeout\/","name":"Reserva de secuoyas Freezeout &#8212; Sonoma Land Trust","isPartOf":{"@id":"https:\/\/slt-2026.eclipse-dev.com\/#website"},"primaryImageOfPage":{"@id":"https:\/\/sonomalandtrust.org\/es\/protected-land\/reserva-de-secuoyas-freezeout\/#primaryimage"},"image":{"@id":"https:\/\/sonomalandtrust.org\/es\/protected-land\/reserva-de-secuoyas-freezeout\/#primaryimage"},"thumbnailUrl":"https:\/\/sonomalandtrust.org\/wp-content\/uploads\/2025\/09\/redwood-trees-forest-scaled.jpg","datePublished":"2025-09-10T06:16:28+00:00","dateModified":"2026-03-12T18:22:42+00:00","breadcrumb":{"@id":"https:\/\/sonomalandtrust.org\/es\/protected-land\/reserva-de-secuoyas-freezeout\/#breadcrumb"},"inLanguage":"es","potentialAction":[{"@type":"ReadAction","target":["https:\/\/sonomalandtrust.org\/es\/protected-land\/reserva-de-secuoyas-freezeout\/"]}]},{"@type":"ImageObject","inLanguage":"es","@id":"https:\/\/sonomalandtrust.org\/es\/protected-land\/reserva-de-secuoyas-freezeout\/#primaryimage","url":"https:\/\/sonomalandtrust.org\/wp-content\/uploads\/2025\/09\/redwood-trees-forest-scaled.jpg","contentUrl":"https:\/\/sonomalandtrust.org\/wp-content\/uploads\/2025\/09\/redwood-trees-forest-scaled.jpg","width":2560,"height":1174,"caption":"Secuoyas en un bosque"},{"@type":"BreadcrumbList","@id":"https:\/\/sonomalandtrust.org\/es\/protected-land\/reserva-de-secuoyas-freezeout\/#breadcrumb","itemListElement":[{"@type":"ListItem","position":1,"name":"Home","item":"https:\/\/sonomalandtrust.org\/es\/inicio\/"},{"@type":"ListItem","position":2,"name":"Reserva de secuoyas Freezeout"}]},{"@type":"WebSite","@id":"https:\/\/slt-2026.eclipse-dev.com\/#website","url":"https:\/\/slt-2026.eclipse-dev.com\/","name":"Sonoma Land Trust","description":"","publisher":{"@id":"https:\/\/slt-2026.eclipse-dev.com\/#organization"},"potentialAction":[{"@type":"SearchAction","target":{"@type":"EntryPoint","urlTemplate":"https:\/\/slt-2026.eclipse-dev.com\/?s={search_term_string}"},"query-input":{"@type":"PropertyValueSpecification","valueRequired":true,"valueName":"search_term_string"}}],"inLanguage":"es"},{"@type":"Organization","@id":"https:\/\/slt-2026.eclipse-dev.com\/#organization","name":"Fondo de Tierras de Sonoma","url":"https:\/\/slt-2026.eclipse-dev.com\/","logo":{"@type":"ImageObject","inLanguage":"es","@id":"https:\/\/slt-2026.eclipse-dev.com\/#\/schema\/logo\/image\/","url":"https:\/\/sonomalandtrust.org\/wp-content\/uploads\/2025\/10\/slt-logo.png","contentUrl":"https:\/\/sonomalandtrust.org\/wp-content\/uploads\/2025\/10\/slt-logo.png","width":549,"height":333,"caption":"Fondo de Tierras de Sonoma"},"image":{"@id":"https:\/\/slt-2026.eclipse-dev.com\/#\/schema\/logo\/image\/"},"sameAs":["http:\/\/www.facebook.com\/Sonoma-Land-Trust\/","https:\/\/www.instagram.com\/sonomalandtrust\/","https:\/\/bsky.app\/profile\/sonomalandtrust.bsky.social","https:\/\/www.youtube.com\/user\/SonomaLandTrust\/","http:\/\/www.linkedin.com\/company\/1090048?trk=tyah"]}]}},"_links":{"self":[{"href":"https:\/\/sonomalandtrust.org\/es\/wp-json\/wp\/v2\/land\/13888","targetHints":{"allow":["GET"]}}],"collection":[{"href":"https:\/\/sonomalandtrust.org\/es\/wp-json\/wp\/v2\/land"}],"about":[{"href":"https:\/\/sonomalandtrust.org\/es\/wp-json\/wp\/v2\/types\/land"}],"wp:featuredmedia":[{"embeddable":true,"href":"https:\/\/sonomalandtrust.org\/es\/wp-json\/wp\/v2\/media\/13889"}],"wp:attachment":[{"href":"https:\/\/sonomalandtrust.org\/es\/wp-json\/wp\/v2\/media?parent=13888"}],"wp:term":[{"taxonomy":"land-type","embeddable":true,"href":"https:\/\/sonomalandtrust.org\/es\/wp-json\/wp\/v2\/land-type?post=13888"}],"curies":[{"name":"wp","href":"https:\/\/api.w.org\/{rel}","templated":true}]}}