{"id":14299,"date":"2026-03-11T19:44:09","date_gmt":"2026-03-12T02:44:09","guid":{"rendered":"https:\/\/sonomalandtrust.org\/event\/flores-silvestres-de-primavera-en-las-charcas-vernales-de-la-montana-de-sonoma-2\/"},"modified":"2026-04-17T10:42:19","modified_gmt":"2026-04-17T17:42:19","slug":"flores-silvestres-de-primavera-en-las-charcas-vernales-de-la-montana-de-sonoma-2","status":"publish","type":"event","link":"https:\/\/sonomalandtrust.org\/es\/event\/flores-silvestres-de-primavera-en-las-charcas-vernales-de-la-montana-de-sonoma-2\/","title":{"rendered":"Flores silvestres de primavera en las charcas vernales de la monta\u00f1a de Sonoma"},"content":{"rendered":"<div>\n<div>\n<p>  Caminaremos por los robledales y praderas para ver las charcas vernales y disfrutar de la belleza de esta reserva ecol\u00f3gica. \u00danete a Sonoma Land Trust y a Ag + Open Space del condado de Sonoma para dar un paseo primaveral por las Pozas Vernales de la Monta\u00f1a de Sonoma. Esta reserva de 174 acres protege especies vegetales raras y amenazadas y conserva una parte importante de un corredor de fauna salvaje.  <\/p>\n<p>La propiedad Sonoma Mountain Vernal Pools fue adquirida por Sonoma Land Trust en marzo de 2023. Como socio del proyecto, Sonoma County Ag + Open Space posee una servidumbre de conservaci\u00f3n sobre la propiedad. Otros socios financiadores son la Fundaci\u00f3n Gordon y Betty Moore, la State Coastal Conservancy y la Agencia de Recursos Naturales de California. Esta protecci\u00f3n del terreno garantizar\u00e1 la salud permanente de las caracter\u00edsticas naturales de la propiedad, incluidas dos raras charcas vernales, bosques de robles maduros, praderas intactas y partes del arroyo Yulupa.   <\/p>\n<p>Nivel: Moderado<\/p>\n<p><em><em>Sonoma Mountain Vernal Pools fue protegida en 2023 por Ag + Open Space para recreo y preservaci\u00f3n de sus recursos naturales. Este acto es gratuito y ha sido posible gracias a los contribuyentes del condado de Sonoma, que financian el trabajo de Ag + Open Space con un impuesto sobre las ventas de un cuarto de c\u00e9ntimo. <\/em><\/em><\/p>\n<\/div>\n<\/div>\n","protected":false},"featured_media":14302,"template":"","meta":{"_acf_changed":false},"event-type":[83],"guided-walks-and-hikes-difficult":[84],"class_list":["post-14299","event","type-event","status-publish","has-post-thumbnail","hentry","event-type-paseos-por-la-naturaleza-y-caminatas-guiadas","guided-walks-and-hikes-difficult-moderado"],"acf":[],"yoast_head":"<!-- This site is optimized with the Yoast SEO plugin v27.3 - https:\/\/yoast.com\/product\/yoast-seo-wordpress\/ -->\n<title>Flores silvestres de primavera en las charcas vernales de la monta\u00f1a de Sonoma &#8212; Sonoma Land Trust<\/title>\n<meta name=\"robots\" content=\"index, follow, max-snippet:-1, max-image-preview:large, max-video-preview:-1\" \/>\n<link rel=\"canonical\" href=\"https:\/\/sonomalandtrust.org\/es\/event\/flores-silvestres-de-primavera-en-las-charcas-vernales-de-la-montana-de-sonoma-2\/\" \/>\n<meta property=\"og:locale\" content=\"es_ES\" \/>\n<meta property=\"og:type\" content=\"article\" \/>\n<meta property=\"og:title\" content=\"Flores silvestres de primavera en las charcas vernales de la monta\u00f1a de Sonoma &#8212; Sonoma Land Trust\" \/>\n<meta property=\"og:description\" content=\"Caminaremos por los robledales y praderas para ver las charcas vernales y disfrutar de la belleza de esta reserva ecol\u00f3gica. \u00danete a Sonoma Land Trust y a Ag + Open Space del condado de Sonoma para dar un paseo primaveral por las Pozas Vernales de la Monta\u00f1a de Sonoma. Esta reserva de 174 acres protege [&hellip;]\" \/>\n<meta property=\"og:url\" content=\"https:\/\/sonomalandtrust.org\/es\/event\/flores-silvestres-de-primavera-en-las-charcas-vernales-de-la-montana-de-sonoma-2\/\" \/>\n<meta property=\"og:site_name\" content=\"Sonoma Land Trust\" \/>\n<meta property=\"article:publisher\" content=\"http:\/\/www.facebook.com\/Sonoma-Land-Trust\/\" \/>\n<meta property=\"article:modified_time\" content=\"2026-04-17T17:42:19+00:00\" \/>\n<meta property=\"og:image\" content=\"https:\/\/sonomalandtrust.org\/wp-content\/uploads\/2026\/03\/eventbrite-image-1773369849.jpg\" \/>\n\t<meta property=\"og:image:width\" content=\"2160\" \/>\n\t<meta property=\"og:image:height\" content=\"1080\" \/>\n\t<meta property=\"og:image:type\" content=\"image\/jpeg\" \/>\n<meta name=\"twitter:card\" content=\"summary_large_image\" \/>\n<meta name=\"twitter:label1\" content=\"Est. reading time\" \/>\n\t<meta name=\"twitter:data1\" content=\"1 minuto\" \/>\n<script type=\"application\/ld+json\" class=\"yoast-schema-graph\">{\"@context\":\"https:\\\/\\\/schema.org\",\"@graph\":[{\"@type\":\"WebPage\",\"@id\":\"https:\\\/\\\/sonomalandtrust.org\\\/es\\\/event\\\/flores-silvestres-de-primavera-en-las-charcas-vernales-de-la-montana-de-sonoma-2\\\/\",\"url\":\"https:\\\/\\\/sonomalandtrust.org\\\/es\\\/event\\\/flores-silvestres-de-primavera-en-las-charcas-vernales-de-la-montana-de-sonoma-2\\\/\",\"name\":\"Flores silvestres de primavera en las charcas vernales de la monta\u00f1a de Sonoma &#8212; Sonoma Land Trust\",\"isPartOf\":{\"@id\":\"https:\\\/\\\/slt-2026.eclipse-dev.com\\\/#website\"},\"primaryImageOfPage\":{\"@id\":\"https:\\\/\\\/sonomalandtrust.org\\\/es\\\/event\\\/flores-silvestres-de-primavera-en-las-charcas-vernales-de-la-montana-de-sonoma-2\\\/#primaryimage\"},\"image\":{\"@id\":\"https:\\\/\\\/sonomalandtrust.org\\\/es\\\/event\\\/flores-silvestres-de-primavera-en-las-charcas-vernales-de-la-montana-de-sonoma-2\\\/#primaryimage\"},\"thumbnailUrl\":\"https:\\\/\\\/sonomalandtrust.org\\\/wp-content\\\/uploads\\\/2026\\\/03\\\/eventbrite-image-1773369849.jpg\",\"datePublished\":\"2026-03-12T02:44:09+00:00\",\"dateModified\":\"2026-04-17T17:42:19+00:00\",\"breadcrumb\":{\"@id\":\"https:\\\/\\\/sonomalandtrust.org\\\/es\\\/event\\\/flores-silvestres-de-primavera-en-las-charcas-vernales-de-la-montana-de-sonoma-2\\\/#breadcrumb\"},\"inLanguage\":\"es\",\"potentialAction\":[{\"@type\":\"ReadAction\",\"target\":[\"https:\\\/\\\/sonomalandtrust.org\\\/es\\\/event\\\/flores-silvestres-de-primavera-en-las-charcas-vernales-de-la-montana-de-sonoma-2\\\/\"]}]},{\"@type\":\"ImageObject\",\"inLanguage\":\"es\",\"@id\":\"https:\\\/\\\/sonomalandtrust.org\\\/es\\\/event\\\/flores-silvestres-de-primavera-en-las-charcas-vernales-de-la-montana-de-sonoma-2\\\/#primaryimage\",\"url\":\"https:\\\/\\\/sonomalandtrust.org\\\/wp-content\\\/uploads\\\/2026\\\/03\\\/eventbrite-image-1773369849.jpg\",\"contentUrl\":\"https:\\\/\\\/sonomalandtrust.org\\\/wp-content\\\/uploads\\\/2026\\\/03\\\/eventbrite-image-1773369849.jpg\",\"width\":2160,\"height\":1080},{\"@type\":\"BreadcrumbList\",\"@id\":\"https:\\\/\\\/sonomalandtrust.org\\\/es\\\/event\\\/flores-silvestres-de-primavera-en-las-charcas-vernales-de-la-montana-de-sonoma-2\\\/#breadcrumb\",\"itemListElement\":[{\"@type\":\"ListItem\",\"position\":1,\"name\":\"Home\",\"item\":\"https:\\\/\\\/sonomalandtrust.org\\\/es\\\/inicio\\\/\"},{\"@type\":\"ListItem\",\"position\":2,\"name\":\"Flores silvestres de primavera en las charcas vernales de la monta\u00f1a de Sonoma\"}]},{\"@type\":\"WebSite\",\"@id\":\"https:\\\/\\\/slt-2026.eclipse-dev.com\\\/#website\",\"url\":\"https:\\\/\\\/slt-2026.eclipse-dev.com\\\/\",\"name\":\"Sonoma Land Trust\",\"description\":\"\",\"publisher\":{\"@id\":\"https:\\\/\\\/slt-2026.eclipse-dev.com\\\/#organization\"},\"potentialAction\":[{\"@type\":\"SearchAction\",\"target\":{\"@type\":\"EntryPoint\",\"urlTemplate\":\"https:\\\/\\\/slt-2026.eclipse-dev.com\\\/?s={search_term_string}\"},\"query-input\":{\"@type\":\"PropertyValueSpecification\",\"valueRequired\":true,\"valueName\":\"search_term_string\"}}],\"inLanguage\":\"es\"},{\"@type\":\"Organization\",\"@id\":\"https:\\\/\\\/slt-2026.eclipse-dev.com\\\/#organization\",\"name\":\"Fondo de Tierras de Sonoma\",\"url\":\"https:\\\/\\\/slt-2026.eclipse-dev.com\\\/\",\"logo\":{\"@type\":\"ImageObject\",\"inLanguage\":\"es\",\"@id\":\"https:\\\/\\\/slt-2026.eclipse-dev.com\\\/#\\\/schema\\\/logo\\\/image\\\/\",\"url\":\"https:\\\/\\\/sonomalandtrust.org\\\/wp-content\\\/uploads\\\/2025\\\/10\\\/slt-logo.png\",\"contentUrl\":\"https:\\\/\\\/sonomalandtrust.org\\\/wp-content\\\/uploads\\\/2025\\\/10\\\/slt-logo.png\",\"width\":549,\"height\":333,\"caption\":\"Fondo de Tierras de Sonoma\"},\"image\":{\"@id\":\"https:\\\/\\\/slt-2026.eclipse-dev.com\\\/#\\\/schema\\\/logo\\\/image\\\/\"},\"sameAs\":[\"http:\\\/\\\/www.facebook.com\\\/Sonoma-Land-Trust\\\/\",\"https:\\\/\\\/www.instagram.com\\\/sonomalandtrust\\\/\",\"https:\\\/\\\/bsky.app\\\/profile\\\/sonomalandtrust.bsky.social\",\"https:\\\/\\\/www.youtube.com\\\/user\\\/SonomaLandTrust\\\/\",\"http:\\\/\\\/www.linkedin.com\\\/company\\\/1090048?trk=tyah\"]}]}<\/script>\n<!-- \/ Yoast SEO plugin. -->","yoast_head_json":{"title":"Flores silvestres de primavera en las charcas vernales de la monta\u00f1a de Sonoma &#8212; Sonoma Land Trust","robots":{"index":"index","follow":"follow","max-snippet":"max-snippet:-1","max-image-preview":"max-image-preview:large","max-video-preview":"max-video-preview:-1"},"canonical":"https:\/\/sonomalandtrust.org\/es\/event\/flores-silvestres-de-primavera-en-las-charcas-vernales-de-la-montana-de-sonoma-2\/","og_locale":"es_ES","og_type":"article","og_title":"Flores silvestres de primavera en las charcas vernales de la monta\u00f1a de Sonoma &#8212; Sonoma Land Trust","og_description":"Caminaremos por los robledales y praderas para ver las charcas vernales y disfrutar de la belleza de esta reserva ecol\u00f3gica. \u00danete a Sonoma Land Trust y a Ag + Open Space del condado de Sonoma para dar un paseo primaveral por las Pozas Vernales de la Monta\u00f1a de Sonoma. Esta reserva de 174 acres protege [&hellip;]","og_url":"https:\/\/sonomalandtrust.org\/es\/event\/flores-silvestres-de-primavera-en-las-charcas-vernales-de-la-montana-de-sonoma-2\/","og_site_name":"Sonoma Land Trust","article_publisher":"http:\/\/www.facebook.com\/Sonoma-Land-Trust\/","article_modified_time":"2026-04-17T17:42:19+00:00","og_image":[{"width":2160,"height":1080,"url":"https:\/\/sonomalandtrust.org\/wp-content\/uploads\/2026\/03\/eventbrite-image-1773369849.jpg","type":"image\/jpeg"}],"twitter_card":"summary_large_image","twitter_misc":{"Est. reading time":"1 minuto"},"schema":{"@context":"https:\/\/schema.org","@graph":[{"@type":"WebPage","@id":"https:\/\/sonomalandtrust.org\/es\/event\/flores-silvestres-de-primavera-en-las-charcas-vernales-de-la-montana-de-sonoma-2\/","url":"https:\/\/sonomalandtrust.org\/es\/event\/flores-silvestres-de-primavera-en-las-charcas-vernales-de-la-montana-de-sonoma-2\/","name":"Flores silvestres de primavera en las charcas vernales de la monta\u00f1a de Sonoma &#8212; Sonoma Land Trust","isPartOf":{"@id":"https:\/\/slt-2026.eclipse-dev.com\/#website"},"primaryImageOfPage":{"@id":"https:\/\/sonomalandtrust.org\/es\/event\/flores-silvestres-de-primavera-en-las-charcas-vernales-de-la-montana-de-sonoma-2\/#primaryimage"},"image":{"@id":"https:\/\/sonomalandtrust.org\/es\/event\/flores-silvestres-de-primavera-en-las-charcas-vernales-de-la-montana-de-sonoma-2\/#primaryimage"},"thumbnailUrl":"https:\/\/sonomalandtrust.org\/wp-content\/uploads\/2026\/03\/eventbrite-image-1773369849.jpg","datePublished":"2026-03-12T02:44:09+00:00","dateModified":"2026-04-17T17:42:19+00:00","breadcrumb":{"@id":"https:\/\/sonomalandtrust.org\/es\/event\/flores-silvestres-de-primavera-en-las-charcas-vernales-de-la-montana-de-sonoma-2\/#breadcrumb"},"inLanguage":"es","potentialAction":[{"@type":"ReadAction","target":["https:\/\/sonomalandtrust.org\/es\/event\/flores-silvestres-de-primavera-en-las-charcas-vernales-de-la-montana-de-sonoma-2\/"]}]},{"@type":"ImageObject","inLanguage":"es","@id":"https:\/\/sonomalandtrust.org\/es\/event\/flores-silvestres-de-primavera-en-las-charcas-vernales-de-la-montana-de-sonoma-2\/#primaryimage","url":"https:\/\/sonomalandtrust.org\/wp-content\/uploads\/2026\/03\/eventbrite-image-1773369849.jpg","contentUrl":"https:\/\/sonomalandtrust.org\/wp-content\/uploads\/2026\/03\/eventbrite-image-1773369849.jpg","width":2160,"height":1080},{"@type":"BreadcrumbList","@id":"https:\/\/sonomalandtrust.org\/es\/event\/flores-silvestres-de-primavera-en-las-charcas-vernales-de-la-montana-de-sonoma-2\/#breadcrumb","itemListElement":[{"@type":"ListItem","position":1,"name":"Home","item":"https:\/\/sonomalandtrust.org\/es\/inicio\/"},{"@type":"ListItem","position":2,"name":"Flores silvestres de primavera en las charcas vernales de la monta\u00f1a de Sonoma"}]},{"@type":"WebSite","@id":"https:\/\/slt-2026.eclipse-dev.com\/#website","url":"https:\/\/slt-2026.eclipse-dev.com\/","name":"Sonoma Land Trust","description":"","publisher":{"@id":"https:\/\/slt-2026.eclipse-dev.com\/#organization"},"potentialAction":[{"@type":"SearchAction","target":{"@type":"EntryPoint","urlTemplate":"https:\/\/slt-2026.eclipse-dev.com\/?s={search_term_string}"},"query-input":{"@type":"PropertyValueSpecification","valueRequired":true,"valueName":"search_term_string"}}],"inLanguage":"es"},{"@type":"Organization","@id":"https:\/\/slt-2026.eclipse-dev.com\/#organization","name":"Fondo de Tierras de Sonoma","url":"https:\/\/slt-2026.eclipse-dev.com\/","logo":{"@type":"ImageObject","inLanguage":"es","@id":"https:\/\/slt-2026.eclipse-dev.com\/#\/schema\/logo\/image\/","url":"https:\/\/sonomalandtrust.org\/wp-content\/uploads\/2025\/10\/slt-logo.png","contentUrl":"https:\/\/sonomalandtrust.org\/wp-content\/uploads\/2025\/10\/slt-logo.png","width":549,"height":333,"caption":"Fondo de Tierras de Sonoma"},"image":{"@id":"https:\/\/slt-2026.eclipse-dev.com\/#\/schema\/logo\/image\/"},"sameAs":["http:\/\/www.facebook.com\/Sonoma-Land-Trust\/","https:\/\/www.instagram.com\/sonomalandtrust\/","https:\/\/bsky.app\/profile\/sonomalandtrust.bsky.social","https:\/\/www.youtube.com\/user\/SonomaLandTrust\/","http:\/\/www.linkedin.com\/company\/1090048?trk=tyah"]}]}},"_links":{"self":[{"href":"https:\/\/sonomalandtrust.org\/es\/wp-json\/wp\/v2\/event\/14299","targetHints":{"allow":["GET"]}}],"collection":[{"href":"https:\/\/sonomalandtrust.org\/es\/wp-json\/wp\/v2\/event"}],"about":[{"href":"https:\/\/sonomalandtrust.org\/es\/wp-json\/wp\/v2\/types\/event"}],"wp:featuredmedia":[{"embeddable":true,"href":"https:\/\/sonomalandtrust.org\/es\/wp-json\/wp\/v2\/media\/14302"}],"wp:attachment":[{"href":"https:\/\/sonomalandtrust.org\/es\/wp-json\/wp\/v2\/media?parent=14299"}],"wp:term":[{"taxonomy":"event-type","embeddable":true,"href":"https:\/\/sonomalandtrust.org\/es\/wp-json\/wp\/v2\/event-type?post=14299"},{"taxonomy":"guided-walks-and-hikes-difficult","embeddable":true,"href":"https:\/\/sonomalandtrust.org\/es\/wp-json\/wp\/v2\/guided-walks-and-hikes-difficult?post=14299"}],"curies":[{"name":"wp","href":"https:\/\/api.w.org\/{rel}","templated":true}]}}